{"id":426,"date":"2019-11-29T12:29:00","date_gmt":"2019-11-29T12:29:00","guid":{"rendered":"https:\/\/mutti-parma.com\/fr\/?post_type=product&#038;p=426"},"modified":"2024-10-16T12:29:39","modified_gmt":"2024-10-16T12:29:39","slug":"polpa","status":"publish","type":"product","link":"https:\/\/mutti-parma.com\/can-fr\/produits\/polpa\/","title":{"rendered":"Polpa"},"content":{"rendered":"\n<div style=\"--media-width: 50\" class=\"wp-block-media-text alignwide has-media-on-the-right is-stacked-on-mobile is-style-hero has-background-image\"><img loading=\"lazy\" decoding=\"async\" class=\"wp-block-media-text__background\" alt=\"\" data-spai-crop=\"true\" src=\"https:\/\/mutti-parma.com\/app\/uploads\/sites\/3\/2019\/12\/polpa-background-1200x1200-1-1024x1024.jpg\" \/><div class=\"wp-block-media-text__content\"><div class=\"acf-breadcrumb my-4 md:my-8 text-center md:text-left\">\n  <nav>\n  <ol class=\"list-none text-md\">\n                  <li class=\"inline\">\n                      <a class=\"text-inherit\" href=\"https:\/\/mutti-parma.com\/can-fr\/\">\n              Accueil\n            <\/a>\n                                <span aria-hidden=\"true\">\/&nbsp;<\/span>\n                  <\/li>\n                        <li class=\"inline\">\n                      <a class=\"text-inherit\" href=\"https:\/\/mutti-parma.com\/can-fr\/produits\/\">\n              Products\n            <\/a>\n                            <\/li>\n            <\/ol>\n<\/nav>\n<\/div>\n\n\n\n<h1 class=\"wp-block-heading has-primary-color has-text-color\">Polpa<\/h1>\n\n\n\n<p class=\"is-style-cursive has-xxl-font-size\">Tomates Concass\u00e9es Fines<\/p>\n\n\n\n<p>La Polpa Mutti conserve toute la fra\u00eecheur des tomates qui viennent d\u2019\u00eatre cueillies. Ce produit unique combine la pulpe finement d\u00e9coup\u00e9e et le jus de la tomate.<\/p>\n\n\n\n\n<div class=\"acf-characteristics\">\n  <div class=\"flex flex-wrap -m-2 justify-center sm:justify-between\">\n          <div class=\"m-2 w-24 text-center\">\n        <div style=\"height: 41px; width: 80px;\" class=\"mx-auto flex items-end justify-center mx-auto\">\n                      <img decoding=\"async\" width=\"591\" height=\"591\" src=\"https:\/\/mutti-parma.com\/app\/uploads\/sites\/21\/2023\/12\/stella-k-1.png\" class=\"w-full wp-image-2046\" alt=\"\" style=\"max-height: 43px; max-width: 80px;\" srcset=\"https:\/\/mutti-parma.com\/app\/uploads\/sites\/21\/2023\/12\/stella-k-1.png 591w, https:\/\/mutti-parma.com\/app\/uploads\/sites\/21\/2023\/12\/stella-k-1-500x500.png 500w, https:\/\/mutti-parma.com\/app\/uploads\/sites\/21\/2023\/12\/stella-k-1-200x200.png 200w, https:\/\/mutti-parma.com\/app\/uploads\/sites\/21\/2023\/12\/stella-k-1-150x150.png 150w, https:\/\/mutti-parma.com\/app\/uploads\/sites\/21\/2023\/12\/stella-k-1-50x50.png 50w\" sizes=\"auto, (max-width: 591px) 100vw, 591px\" loading=\"lazy\" \/>\n                  <\/div>\n        <p class=\"h6 text-inherit mt-3\">Star K &#8211; Kosher<\/p>\n      <\/div>\n          <div class=\"m-2 w-24 text-center\">\n        <div style=\"height: 41px; width: 80px;\" class=\"mx-auto flex items-end justify-center mx-auto\">\n                      <img decoding=\"async\" width=\"85\" height=\"45\" src=\"https:\/\/mutti-parma.com\/app\/uploads\/sites\/3\/2019\/09\/icon-characteristics-flavor-fresh.svg\" class=\"w-full wp-image-300000108 attachment-full size-full\" alt=\"fresco\" style=\"max-height: 43px; max-width: 80px;\" loading=\"lazy\" \/>\n                  <\/div>\n        <p class=\"h6 text-inherit mt-3\">Saveur fra\u00eeche<\/p>\n      <\/div>\n          <div class=\"m-2 w-24 text-center\">\n        <div style=\"height: 41px; width: 80px;\" class=\"mx-auto flex items-end justify-center mx-auto\">\n                      <img decoding=\"async\" width=\"90\" height=\"24\" src=\"https:\/\/mutti-parma.com\/app\/uploads\/sites\/3\/2021\/04\/icon-characteristics-color-vibrant-red-v2.svg\" class=\"w-full wp-image-300000416 attachment-full size-full\" alt=\"cooking symbol\" style=\"max-height: 43px; max-width: 80px;\" loading=\"lazy\" \/>\n                  <\/div>\n        <p class=\"h6 text-inherit mt-3\">Couleur rouge vibrant<\/p>\n      <\/div>\n          <div class=\"m-2 w-24 text-center\">\n        <div style=\"height: 41px; width: 80px;\" class=\"mx-auto flex items-end justify-center mx-auto\">\n                      <img decoding=\"async\" width=\"300\" height=\"154\" src=\"https:\/\/mutti-parma.com\/app\/uploads\/sites\/3\/2019\/09\/icon-characteristics-cooking-time-long.svg\" class=\"w-full wp-image-300000112 attachment-full size-full\" alt=\"\" style=\"max-height: 43px; max-width: 80px;\" loading=\"lazy\" \/>\n                  <\/div>\n        <p class=\"h6 text-inherit mt-3\">\u00c9galement adapt\u00e9es aux cuissons longues<\/p>\n      <\/div>\n          <div class=\"m-2 w-24 text-center\">\n        <div style=\"height: 41px; width: 80px;\" class=\"mx-auto flex items-end justify-center mx-auto\">\n                      <img decoding=\"async\" width=\"220\" height=\"168\" src=\"https:\/\/mutti-parma.com\/app\/uploads\/sites\/3\/2019\/09\/icon-characteristics-texture-rich.svg\" class=\"w-full wp-image-300000104 attachment-full size-full\" alt=\"cooking symbol\" style=\"max-height: 43px; max-width: 80px;\" loading=\"lazy\" \/>\n                  <\/div>\n        <p class=\"h6 text-inherit mt-3\">Texture riche<\/p>\n      <\/div>\n      <\/div>\n<\/div>\n\n\n<div class=\"acf-product-find-store\">\n      <a href=\"https:\/\/mutti-parma.com\/can-fr\/store-locator\/\" class=\"btn-solid\" target=\"_blank\">\n      <i class=\"fa-solid fa-map-marker-alt mr-1\" aria-hidden=\"true\"><\/i>\n      O\u00f9 acheter\n    <\/a>\n  <\/div>\n<\/div><figure class=\"wp-block-media-text__media\"><img loading=\"lazy\" decoding=\"async\" width=\"404\" height=\"766\" src=\"https:\/\/mutti-parma.com\/app\/uploads\/sites\/21\/2019\/12\/canadafr-polpa-400.png\" alt=\"\" class=\"wp-image-695 size-full\" sizes=\"(min-width: 1440px) 528px,37vw\" data-spai-crop=\"false\" srcset=\"https:\/\/mutti-parma.com\/app\/uploads\/sites\/21\/2019\/12\/canadafr-polpa-400.png 404w, https:\/\/mutti-parma.com\/app\/uploads\/sites\/21\/2019\/12\/canadafr-polpa-400-105x200.png 105w, https:\/\/mutti-parma.com\/app\/uploads\/sites\/21\/2019\/12\/canadafr-polpa-400-264x500.png 264w, https:\/\/mutti-parma.com\/app\/uploads\/sites\/21\/2019\/12\/canadafr-polpa-400-150x284.png 150w\" \/><\/figure><\/div>\n\n\n<div class=\"acf-product-nutrition-tabs alignwide\">\n  <div class=\"\">\n    <ul class=\"list-none flex justify-center sm:justify-left\">\n              <li class=\"mr-4\">\n          <a href=\"javascript: void(0)\" data-toggle=\"nutrition\" class=\"btn-outline \" data-gtm-track data-gtm-event=\"GAevent\" data-gtm-event-id=\"13\" data-gtm-category=\"recipe_information\" data-gtm-action=\"nutrition\" data-gtm-label=\"polpa\">\n            Informations nutritionnelles\n          <\/a>\n        <\/li>\n                    <li>\n          <a href=\"#howtouse\" class=\"btn-outline \" data-gtm-track data-gtm-event=\"GAevent\" data-gtm-event-id=\"13\" data-gtm-category=\"recipe_information\" data-gtm-action=\"how_to_use\" data-gtm-label=\"polpa\">\n            Comment cuisiner ce produit ? \n          <\/a>\n        <\/li>\n      \n          <\/ul>\n  <\/div>\n\n      <div class=\"flex flex-wrap mt-8 mb-4 hidden\" id=\"nutrition\">\n      <div class=\"w-full sm:w-1\/2\">\n        <p><strong>Ingr\u00e9dients<\/strong>: Tomate 99,8%, Sel.<\/p>\n\n      <\/div>\n      <div class=\"w-full mt-8 sm:mt-0 sm:w-1\/2 sm:pl-8 md:pl-16\">\n        \n          <table class=\"w-full\">\n            <thead>\n              <tr class=\"border-b\">\n                <th colspan=\"2\" class=\"py-2 text-left\">Nutritional values \/ pour 1\/2 tasse (125 mL)<\/thead>\n              <\/tr>\n            <\/thead>\n            <tbody>\n                              <tr class=\"border-b\">\n                  <th class=\"py-2 text-left font-normal\"><\/th>\n                  <td class=\"py-2 text-right\">% valeur quotidienne*<\/td>\n                <\/tr>\n                              <tr class=\"border-b\">\n                  <th class=\"py-2 text-left font-normal\">Calories<\/th>\n                  <td class=\"py-2 text-right\">30<\/td>\n                <\/tr>\n                              <tr class=\"border-b\">\n                  <th class=\"py-2 text-left font-normal\">Lipides<\/th>\n                  <td class=\"py-2 text-right\">0g (0%)<\/td>\n                <\/tr>\n                              <tr class=\"border-b\">\n                  <th class=\"py-2 text-left font-normal\">&#8211; Satur\u00e9s<\/th>\n                  <td class=\"py-2 text-right\">0g (0%)<\/td>\n                <\/tr>\n                              <tr class=\"border-b\">\n                  <th class=\"py-2 text-left font-normal\">+ Trans<\/th>\n                  <td class=\"py-2 text-right\">0g (0%)<\/td>\n                <\/tr>\n                              <tr class=\"border-b\">\n                  <th class=\"py-2 text-left font-normal\">Glucides<\/th>\n                  <td class=\"py-2 text-right\">5g<\/td>\n                <\/tr>\n                              <tr class=\"border-b\">\n                  <th class=\"py-2 text-left font-normal\">&#8211; Fibres<\/th>\n                  <td class=\"py-2 text-right\">3g (11%)<\/td>\n                <\/tr>\n                              <tr class=\"border-b\">\n                  <th class=\"py-2 text-left font-normal\">&#8211; Sucres<\/th>\n                  <td class=\"py-2 text-right\">4g (4%)<\/td>\n                <\/tr>\n                              <tr class=\"border-b\">\n                  <th class=\"py-2 text-left font-normal\">Prot\u00e9ines<\/th>\n                  <td class=\"py-2 text-right\">2g<\/td>\n                <\/tr>\n                              <tr class=\"border-b\">\n                  <th class=\"py-2 text-left font-normal\">Cholest\u00e9rol<\/th>\n                  <td class=\"py-2 text-right\">0mg<\/td>\n                <\/tr>\n                              <tr class=\"border-b\">\n                  <th class=\"py-2 text-left font-normal\">Sodium <\/th>\n                  <td class=\"py-2 text-right\">150mg (7%)<\/td>\n                <\/tr>\n                              <tr class=\"border-b\">\n                  <th class=\"py-2 text-left font-normal\">Potassium<\/th>\n                  <td class=\"py-2 text-right\">350mg (10%)<\/td>\n                <\/tr>\n                              <tr class=\"border-b\">\n                  <th class=\"py-2 text-left font-normal\">Calcium<\/th>\n                  <td class=\"py-2 text-right\">20mg (2%)<\/td>\n                <\/tr>\n                              <tr class=\"border-b\">\n                  <th class=\"py-2 text-left font-normal\">Fer <\/th>\n                  <td class=\"py-2 text-right\">0.4mg (2%)<\/td>\n                <\/tr>\n                              <tr class=\"border-b\">\n                  <th class=\"py-2 text-left font-normal\">*5% ou moins c&#039;est peu, 15% ou plus c&#039;est beaucoup<\/th>\n                  <td class=\"py-2 text-right\"><\/td>\n                <\/tr>\n                          <\/tbody>\n          <\/table>\n              <\/div>\n    <\/div>\n  <\/div>\n\n\n\n<div class=\"wp-block-media-text alignwide\" style=\"grid-template-columns:32% auto\"><figure class=\"wp-block-media-text__media\"><video\n  \n  autoplay\n  playsinline\n  muted\n  loop\n  loading=\"lazy\"\n  \n  \n  \n\n  \n      poster=\"https:\/\/mutti-parma.com\/app\/uploads\/sites\/3\/2019\/10\/product-consistency-polpa-image.jpg\"\n  >\n            <source src=\"https:\/\/cdn.mutti-parma.com\/app\/uploads\/sites\/3\/2019\/10\/product-consistency-polpa.mp4\" type=\"video\/mp4\">\n      <\/video>\n\n<\/figure><div class=\"wp-block-media-text__content\">\n<h2 class=\"wp-block-heading\">EN SAVOIR PLUS SUR LA POLPA<\/h2>\n\n\n\n<p class=\"is-style-cursive has-xxl-font-size\">Lorsque vous avez besoin du go\u00fbt des tomates fra\u00eeches.<\/p>\n\n\n\n<p>La pulpe fine de tomates Mutti ne contient que deux ingr\u00e9dients : des tomates 100 % italiennes m\u00fbries au soleil de la r\u00e9gion \u00c9milie-Romagne et une pinc\u00e9e de sel de M\u00e9diterran\u00e9e. Cueillies \u00e0 parfaite maturit\u00e9, elles sont broy\u00e9es \u00e0 froid et transform\u00e9es via notre technique brevet\u00e9e pour capturer la saveur de tomates fra\u00eechement r\u00e9colt\u00e9es. Si remarquablement fra\u00eeches que vous pouvez les manger directement apr\u00e8s avoir ouvert la bo\u00eete ! Excellentes pour pr\u00e9parer rapidement une sauce tomate, un gaspacho ou une bruschetta.<\/p>\n\n\n<\/div><\/div>\n\n\n<div\n  class=\"acf-how-is-it-made alignwide text-center \"\n  data-vue-wrapper\n  >\n      <h2>QUEL EST SON MODE DE PRODUCTION ?<\/h2>\n  \n  <slideshow :slides-per-view=\"3\" :slides-per-view-sm=\"1\" :slides-per-view-md=\"2\" name=\"How is it made\" class=\"mb-8\">\n          <div class=\"swiper-slide \">\n        <div class=\"max-w-64 mx-auto\">\n          <div class=\"max-w-48 mx-auto\">\n                          <div class=\"responsive-embed aspect-ratio-1-1\">\n\n<video\n  \n  \n  playsinline\n  muted\n  \n  loading=\"lazy\"\n  \n  \n  \n\n      muted\n    data-play-hover\n  \n      poster=\"https:\/\/mutti-parma.com\/app\/themes\/mutti\/dist\/videos\/howisitmade\/tomato_crushed_20.png?id=f44ceeb902700ca85ec0\"\n  >\n            <source src=\"https:\/\/cdn.mutti-parma.com\/app\/themes\/mutti\/dist\/videos\/howisitmade\/tomato_crushed_20-vp9.webm?id=5c1bfc9de77086931558\" type=\"video\/webm;codec=vp9\">\n                <source src=\"https:\/\/cdn.mutti-parma.com\/app\/themes\/mutti\/dist\/videos\/howisitmade\/tomato_crushed_20-vp8.webm?id=b6a9f0e90ad2d2592a99\" type=\"video\/webm;codec=vp8\">\n      <\/video>\n\n  <\/div>\n                      <\/div>\n          <p>Les tomates sont concass\u00e9es \u00e0 temp\u00e9rature ambiante en vertu d\u2019une m\u00e9thode exclusive.<\/p>\n\n        <\/div>\n      <\/div>\n          <div class=\"swiper-slide \">\n        <div class=\"max-w-64 mx-auto\">\n          <div class=\"max-w-48 mx-auto\">\n                          <div class=\"responsive-embed aspect-ratio-1-1\">\n\n<video\n  \n  \n  playsinline\n  muted\n  \n  loading=\"lazy\"\n  \n  \n  \n\n      muted\n    data-play-hover\n  \n      poster=\"https:\/\/mutti-parma.com\/app\/themes\/mutti\/dist\/videos\/howisitmade\/can_filled.png?id=996d965f4d1a103f4360\"\n  >\n            <source src=\"https:\/\/cdn.mutti-parma.com\/app\/themes\/mutti\/dist\/videos\/howisitmade\/can_filled-vp9.webm?id=82ce4ba7654b899583a1\" type=\"video\/webm;codec=vp9\">\n                <source src=\"https:\/\/cdn.mutti-parma.com\/app\/themes\/mutti\/dist\/videos\/howisitmade\/can_filled-vp8.webm?id=6ddd3843de541b661a5f\" type=\"video\/webm;codec=vp8\">\n      <\/video>\n\n  <\/div>\n                      <\/div>\n          <p>Elles sont ensuite chauff\u00e9es et mises en conserve. Les bo\u00eetes sont alors pasteuris\u00e9es \u00e0 90\u00b0C pendant une heure.<\/p>\n\n        <\/div>\n      <\/div>\n          <div class=\"swiper-slide \">\n        <div class=\"max-w-64 mx-auto\">\n          <div class=\"max-w-48 mx-auto\">\n                          <div class=\"responsive-embed aspect-ratio-1-1\">\n\n<video\n  \n  \n  playsinline\n  muted\n  \n  loading=\"lazy\"\n  \n  \n  \n\n      muted\n    data-play-hover\n  \n      poster=\"https:\/\/mutti-parma.com\/app\/themes\/mutti\/dist\/videos\/howisitmade\/can_5kg_1kg.png?id=d295124a6d9d229a1b1d\"\n  >\n            <source src=\"https:\/\/cdn.mutti-parma.com\/app\/themes\/mutti\/dist\/videos\/howisitmade\/can_5kg_1kg-vp9.webm?id=603b339c1466a50b3590\" type=\"video\/webm;codec=vp9\">\n                <source src=\"https:\/\/cdn.mutti-parma.com\/app\/themes\/mutti\/dist\/videos\/howisitmade\/can_5kg_1kg-vp8.webm?id=937da097f5b4d6d6ba34\" type=\"video\/webm;codec=vp8\">\n      <\/video>\n\n  <\/div>\n                      <\/div>\n          <p>5 kilos de tomates sont n\u00e9cessaires pour faire 1 kilo de pulpe fine de tomates.<\/p>\n\n        <\/div>\n      <\/div>\n      <\/slideshow>\n\n      <p class=\"is-style-cursive text-5xl\">Pour en savoir plus sur nos modes de production, consultez la page <\/p>\n  \n      <h3>\n      <a href=\"\/fr\/de-nos-champs-a-lassiette\/\" target=\"\">Processus<\/a>\n    <\/h3>\n  <\/div>\n\n\n\n\n\n<hr class=\"wp-block-separator has-css-opacity alignwide\"\/>\n\n\n<div class=\"acf-comments alignwide my-8\">\n  <div class=\"flex flex-wrap mb-4 items-center text-center sm:text-left px-0 sm:px-2 md:px-0\">\n    <h3 class=\"w-full sm:w-auto is-style-cursive text-primary my-0 leading-none\">Donnez votre avis et partagez<\/h3>\n    <div class=\"w-full sm:w-auto flex-auto mt-1 sm:ml-8\">\n          <\/div>\n\n          <div class=\"mx-auto sm:ml-0 mt-3 sm:mt-0\">\n                  <div\n  class=\"shariff\"\n  data-button-style=\"icon\"\n  data-mail-body=\"https:\/\/mutti-parma.com\/can-fr\/produits\/polpa\/\"\n  data-mail-subject=\"Polpa - Mutti\"\n  data-mail-url=\"mailto:\"\n  data-media-url=\"https:\/\/mutti-parma.com\/app\/uploads\/sites\/21\/2019\/12\/canadafr-polpa-400.png\"\n  data-services=\"[&#039;facebook&#039;, &#039;twitter&#039;, &#039;whatsapp&#039;, &#039;pinterest&#039;, &#039;mail&#039;]\"\n><\/div>\n              <\/div>\n      <\/div>\n\n  <div>\n                <\/div>\n<\/div>\n\n\n\n<hr class=\"wp-block-separator has-css-opacity alignwide\"\/>\n\n\n\n<div class=\"wp-block-group alignwide is-style-default\"><div class=\"wp-block-group__inner-container is-layout-flow wp-block-group-is-layout-flow\">\n<div class=\"wp-block-columns alignwide is-layout-flex wp-container-core-columns-is-layout-9d6595d7 wp-block-columns-is-layout-flex\">\n<div class=\"wp-block-column is-layout-flow wp-block-column-is-layout-flow\">\n<h2 class=\"wp-block-heading\" id=\"sustainability\">Durabilit\u00e9<\/h2>\n\n\n\n<p class=\"is-style-cursive\">Pour nous, durabilit\u00e9 est synonyme de respect de la terre<\/p>\n\n\n\n<h4 class=\"wp-block-heading\">Coop\u00e9ration avec le WWF<\/h4>\n\n\n\n<p>Mutti a travaill\u00e9 en \u00e9troite collaboration avec le WWF Italie afin d\u2019aider les agriculteurs \u00e0 trouver des mani\u00e8res durables de r\u00e9duire leur consommation d\u2019eau et leurs \u00e9missions de CO2. Le WWF italien a non seulement fix\u00e9 des objectifs, mais il a \u00e9galement permis aux agriculteurs d\u2019analyser et d\u2019examiner les donn\u00e9es obtenues afin d\u2019identifier les mesures qu\u2019ils pouvaient prendre. L\u2019organisation a par exemple recommand\u00e9 d\u2019utiliser des capteurs sp\u00e9ciaux qui mesurent l\u2019humidit\u00e9 du sol et donnent des informations utiles pour rationaliser la consommation d\u2019eau. <br><br>Mutti a investi dans la technologie, l\u2019\u00e9ducation et l\u2019assistance technique n\u00e9cessaires aux agriculteurs et aux organisations agricoles. M\u00eame apr\u00e8s la fin de notre projet de cinq ans, nous sommes rest\u00e9s plus engag\u00e9s que jamais afin de minimiser notre impact sur l\u2019environnement et d\u2019am\u00e9liorer chaque \u00e9tape de notre production.<\/p>\n\n\n\n<figure class=\"wp-block-image size-medium is-resized\"><img loading=\"lazy\" decoding=\"async\" src=\"\/app\/uploads\/sites\/3\/2019\/09\/logo-wwf-500x288.png\" alt=\"\" class=\"wp-image-30000078\" width=\"156\" height=\"89\" \/><\/figure>\n<\/div>\n\n\n\n<div class=\"wp-block-column is-layout-flow wp-block-column-is-layout-flow\">\n<div class=\"wp-block-group has-green-background-color has-background\"><div class=\"wp-block-group__inner-container is-layout-flow wp-block-group-is-layout-flow\">\n<h2 class=\"has-text-align-center wp-block-heading\">R\u00c9SULTATS<\/h2>\n\n\n\n<div class=\"wp-block-columns is-layout-flex wp-container-core-columns-is-layout-9d6595d7 wp-block-columns-is-layout-flex\">\n<div class=\"wp-block-column is-layout-flow wp-block-column-is-layout-flow\">\n<div class=\"wp-block-image\"><figure class=\"aligncenter size-large is-resized\"><img loading=\"lazy\" decoding=\"async\" src=\"https:\/\/mutti-parma.com\/app\/uploads\/sites\/3\/2019\/09\/icon-sustainable-water.svg\" alt=\"\" class=\"wp-image-30000085\" width=\"53\" height=\"91\" \/><\/figure><\/div>\n\n\n\n<h4 class=\"has-text-align-center wp-block-heading\"> 1 000 millions de litres d\u2019eau \u00e9conomis\u00e9s* <\/h4>\n\n\n\n<p class=\"has-text-align-center has-sm-font-size\">*entre 2012 et 2014 (Source : donn\u00e9es recueillies par le WWF et le Centre euro-m\u00e9diterran\u00e9en sur le changement climatique en Italie)<\/p>\n<\/div>\n\n\n\n<div class=\"wp-block-column is-layout-flow wp-block-column-is-layout-flow\">\n<div class=\"wp-block-image\"><figure class=\"aligncenter size-large is-resized\"><img loading=\"lazy\" decoding=\"async\" src=\"https:\/\/mutti-parma.com\/app\/uploads\/sites\/3\/2019\/09\/icon-sustainable-co2.svg\" alt=\"\" class=\"wp-image-30000086\" width=\"114\" height=\"88\" \/><\/figure><\/div>\n\n\n\n<h4 class=\"has-text-align-center wp-block-heading\"> 31 530 tonnes de CO2 (dioxyde de carbone) \u00e9vit\u00e9es.<\/h4>\n\n\n\n<p class=\"has-text-align-center has-sm-font-size\">*entre 2010 et 2015 par rapport aux niveaux de 2009 (Source : donn\u00e9es recueillies par le WWF et le groupe d\u2019efficacit\u00e9 \u00e9nerg\u00e9tique Officinae Verdi)<\/p>\n<\/div>\n<\/div>\n<\/div><\/div>\n<\/div>\n<\/div>\n<\/div><\/div>\n\n\n\n<p class=\"has-text-align-center is-style-cursive has-xxl-font-size\">Maintenant que vous en savez plus sur nos produits, il est l\u2019heure de cuisiner.<\/p>\n\n\n\n<h2 class=\"wp-block-heading has-text-align-center\" id=\"howtouse\">MODE D\u2019UTILISATION<\/h2>\n\n\n\n<p class=\"has-text-align-center\">La teneur en eau de la pulpe fine de tomates est sup\u00e9rieure \u00e0 celle du coulis ou du concentr\u00e9 de tomates. Elles peuvent par cons\u00e9quent \u00eatre utilis\u00e9es dans les recettes qui demandent un long temps de cuisson ou des temp\u00e9ratures \u00e9lev\u00e9es.<\/p>\n\n\n\n<p class=\"has-text-align-center has-primary-color has-text-color\">Id\u00e9al pour : les sauces, rago\u00fbts, soupes<br><br>Vous \u00eates \u00e0 la recherche de recettes avec de la Polpa&nbsp;?<br><br><strong>TROUVEZ L\u2019INSPIRATION DANS NOS ID\u00c9ES DE RECETTES AVEC D<\/strong>E<strong> LA POLPA MUTTI&nbsp;!<\/strong><\/p>\n\n\n<div class=\"acf-related-recipes alignwide pb-8 \" data-vue-wrapper>\n      <slideshow :slides-per-view=\"3\" :navigation=\"true\" name=\"Related Recipes\">\n              <div class=\"swiper-slide\">\n          <div class=\"teaser--recipe text-center hover:zoom-img\">\n      <a href=\"https:\/\/mutti-parma.com\/can-fr\/nos-recettes\/sorbet-a-la-tomate\/\" class=\"relative block mb-4 max-w-96 mx-auto\" aria-hidden=\"true\" tabindex=\"-1\">\n      <div class=\"responsive-embed \" style=\"padding-bottom: 108.79765395894%;\">\n                <img decoding=\"async\" width=\"2560\" height=\"1707\" src=\"https:\/\/mutti-parma.com\/app\/uploads\/sites\/21\/2025\/11\/tomato-sorbet-pack-scaled-1.jpg\" class=\"inline-block wp-image-2583\" alt=\"Sorbet \u00e0 la tomate\" sizes=\"auto, (max-width: 600px) 72vw, 431px\" data-spai-crop=\"true\" title=\"Sorbet \u00e0 la tomate\" srcset=\"https:\/\/mutti-parma.com\/app\/uploads\/sites\/21\/2025\/11\/tomato-sorbet-pack-scaled-1.jpg 2560w, https:\/\/mutti-parma.com\/app\/uploads\/sites\/21\/2025\/11\/tomato-sorbet-pack-scaled-1-500x333.jpg 500w, https:\/\/mutti-parma.com\/app\/uploads\/sites\/21\/2025\/11\/tomato-sorbet-pack-scaled-1-1024x683.jpg 1024w, https:\/\/mutti-parma.com\/app\/uploads\/sites\/21\/2025\/11\/tomato-sorbet-pack-scaled-1-200x133.jpg 200w, https:\/\/mutti-parma.com\/app\/uploads\/sites\/21\/2025\/11\/tomato-sorbet-pack-scaled-1-768x512.jpg 768w, https:\/\/mutti-parma.com\/app\/uploads\/sites\/21\/2025\/11\/tomato-sorbet-pack-scaled-1-150x100.jpg 150w, https:\/\/mutti-parma.com\/app\/uploads\/sites\/21\/2025\/11\/tomato-sorbet-pack-scaled-1-600x400.jpg 600w, https:\/\/mutti-parma.com\/app\/uploads\/sites\/21\/2025\/11\/tomato-sorbet-pack-scaled-1-1536x1024.jpg 1536w, https:\/\/mutti-parma.com\/app\/uploads\/sites\/21\/2025\/11\/tomato-sorbet-pack-scaled-1-2048x1366.jpg 2048w\" loading=\"lazy\" \/>\n      <\/div>\n\n          <\/a>\n  \n  \n      <a class=\"is-style-cursive heading block text-primary leading-none\" href=\"https:\/\/mutti-parma.com\/can-fr\/produits\/polpa\/\">\n      Polpa\n    <\/a>\n  \n  <a class=\"block my-4\" href=\"https:\/\/mutti-parma.com\/can-fr\/nos-recettes\/sorbet-a-la-tomate\/\">\n          <h3>Sorbet \u00e0 la tomate<\/h3>\n      <\/a>\n\n      <a class=\"block hover:no-underline text-black\" href=\"https:\/\/mutti-parma.com\/can-fr\/nos-recettes\/sorbet-a-la-tomate\/\">\n      Un sorbet cr\u00e9atif et original r\u00e9alis\u00e9 avec Mutti Polpa \u2013 Tomates finement hach\u00e9es. Une recette simple mais d\u00e9licieuse qui surprendra et ravira vos invit\u00e9s pendant les f\u00eates.\n    <\/a>\n  \n  <div class=\"flex items-center justify-center my-4\">\n    <div class=\"-ml-2 mr-2 pr-4 border-primary border-r-2 pt-2\">\n    <p class=\"flex flex-wrap items-end font-heavy text-primary leading-none justify-center\">\n      <img decoding=\"async\" alt=\"Total time\" class=\"w-10 md:w-12 mx-3 mb-2\" src=\"https:\/\/mutti-parma.com\/app\/themes\/mutti\/dist\/images\/icons\/mutti-product-icons-reduced-cooking-time.svg?id=dc737ade6befaad1eaaf\" width=\"54\" height=\"26\" loading=\"lazy\">\n      <span class=\"mb-2\">\n        4h 45&nbsp;min\n      <\/span>\n    <\/p>\n  <\/div>\n  <div class=\"pt-2\">\n    <p class=\"flex flex-wrap items-end font-heavy uppercase text-primary leading-none justify-center\">\n      <img decoding=\"async\" alt=\"Difficulty\" class=\"w-10 md:w-12 mx-3 mb-2\" src=\"https:\/\/mutti-parma.com\/app\/themes\/mutti\/dist\/images\/icons\/mutti-product-icons-stove-top.svg?id=5f4b0df898a96e10ac63\" width=\"54\" height=\"18\" loading=\"lazy\">\n      <span class=\"mb-2\">\n        Facile\n      <\/span>\n    <\/p>\n  <\/div>\n  <\/div>\n<\/div>\n        <\/div>\n              <div class=\"swiper-slide\">\n          <div class=\"teaser--recipe text-center hover:zoom-img\">\n      <a href=\"https:\/\/mutti-parma.com\/can-fr\/nos-recettes\/lasagnes-veganes-a-la-sauce-aux-champignons\/\" class=\"relative block mb-4 max-w-96 mx-auto\" aria-hidden=\"true\" tabindex=\"-1\">\n      <div class=\"responsive-embed \" style=\"padding-bottom: 108.79765395894%;\">\n                <img decoding=\"async\" width=\"2560\" height=\"1707\" src=\"https:\/\/mutti-parma.com\/app\/uploads\/sites\/21\/2024\/12\/lasagne-al-sugo-di-funghi-4-scaled-1.jpg\" class=\"inline-block wp-image-2421\" alt=\"Lasagnes v\u00e9ganes \u00e0 la sauce aux champignons\" sizes=\"auto, (max-width: 600px) 72vw, 431px\" data-spai-crop=\"true\" title=\"Lasagnes v\u00e9ganes \u00e0 la sauce aux champignons\" srcset=\"https:\/\/mutti-parma.com\/app\/uploads\/sites\/21\/2024\/12\/lasagne-al-sugo-di-funghi-4-scaled-1.jpg 2560w, https:\/\/mutti-parma.com\/app\/uploads\/sites\/21\/2024\/12\/lasagne-al-sugo-di-funghi-4-scaled-1-500x333.jpg 500w, https:\/\/mutti-parma.com\/app\/uploads\/sites\/21\/2024\/12\/lasagne-al-sugo-di-funghi-4-scaled-1-1024x683.jpg 1024w, https:\/\/mutti-parma.com\/app\/uploads\/sites\/21\/2024\/12\/lasagne-al-sugo-di-funghi-4-scaled-1-200x133.jpg 200w, https:\/\/mutti-parma.com\/app\/uploads\/sites\/21\/2024\/12\/lasagne-al-sugo-di-funghi-4-scaled-1-768x512.jpg 768w, https:\/\/mutti-parma.com\/app\/uploads\/sites\/21\/2024\/12\/lasagne-al-sugo-di-funghi-4-scaled-1-150x100.jpg 150w, https:\/\/mutti-parma.com\/app\/uploads\/sites\/21\/2024\/12\/lasagne-al-sugo-di-funghi-4-scaled-1-600x400.jpg 600w, https:\/\/mutti-parma.com\/app\/uploads\/sites\/21\/2024\/12\/lasagne-al-sugo-di-funghi-4-scaled-1-1536x1024.jpg 1536w, https:\/\/mutti-parma.com\/app\/uploads\/sites\/21\/2024\/12\/lasagne-al-sugo-di-funghi-4-scaled-1-2048x1366.jpg 2048w\" loading=\"lazy\" \/>\n      <\/div>\n\n          <\/a>\n  \n  \n      <a class=\"is-style-cursive heading block text-primary leading-none\" href=\"https:\/\/mutti-parma.com\/can-fr\/produits\/polpa\/\">\n      Polpa\n    <\/a>\n  \n  <a class=\"block my-4\" href=\"https:\/\/mutti-parma.com\/can-fr\/nos-recettes\/lasagnes-veganes-a-la-sauce-aux-champignons\/\">\n          <h3>Lasagnes v\u00e9ganes \u00e0 la sauce aux champignons<\/h3>\n      <\/a>\n\n      <a class=\"block hover:no-underline text-black\" href=\"https:\/\/mutti-parma.com\/can-fr\/nos-recettes\/lasagnes-veganes-a-la-sauce-aux-champignons\/\">\n      Les lasagnes \u00e0 la sauce aux champignons sont le plat principal id\u00e9al pour la p\u00e9riode des f\u00eates. Cr\u00e9meuses et savoureuses, elles surprendront toute la famille qui en redemandera !\n    <\/a>\n  \n  <div class=\"flex items-center justify-center my-4\">\n    <div class=\"-ml-2 mr-2 pr-4 border-primary border-r-2 pt-2\">\n    <p class=\"flex flex-wrap items-end font-heavy text-primary leading-none justify-center\">\n      <img decoding=\"async\" alt=\"Total time\" class=\"w-10 md:w-12 mx-3 mb-2\" src=\"https:\/\/mutti-parma.com\/app\/themes\/mutti\/dist\/images\/icons\/mutti-product-icons-reduced-cooking-time.svg?id=dc737ade6befaad1eaaf\" width=\"54\" height=\"26\" loading=\"lazy\">\n      <span class=\"mb-2\">\n        20&nbsp;min\n      <\/span>\n    <\/p>\n  <\/div>\n  <div class=\"pt-2\">\n    <p class=\"flex flex-wrap items-end font-heavy uppercase text-primary leading-none justify-center\">\n      <img decoding=\"async\" alt=\"Difficulty\" class=\"w-10 md:w-12 mx-3 mb-2\" src=\"https:\/\/mutti-parma.com\/app\/themes\/mutti\/dist\/images\/icons\/mutti-product-icons-stove-top.svg?id=5f4b0df898a96e10ac63\" width=\"54\" height=\"18\" loading=\"lazy\">\n      <span class=\"mb-2\">\n        Facile\n      <\/span>\n    <\/p>\n  <\/div>\n  <\/div>\n<\/div>\n        <\/div>\n              <div class=\"swiper-slide\">\n          <div class=\"teaser--recipe text-center hover:zoom-img\">\n      <a href=\"https:\/\/mutti-parma.com\/can-fr\/nos-recettes\/fajitas-au-boeuf-avocat-pomodoro-et-citron\/\" class=\"relative block mb-4 max-w-96 mx-auto\" aria-hidden=\"true\" tabindex=\"-1\">\n      <div class=\"responsive-embed \" style=\"padding-bottom: 108.79765395894%;\">\n                <img decoding=\"async\" width=\"2560\" height=\"2560\" src=\"https:\/\/mutti-parma.com\/app\/uploads\/sites\/21\/2024\/08\/fajitas.jpg\" class=\"inline-block wp-image-2226\" alt=\"FAJITAS AU BOEUF, AVOCAT, POMODORO et CITRON\" sizes=\"auto, (max-width: 600px) 72vw, 431px\" data-spai-crop=\"true\" title=\"FAJITAS AU BOEUF, AVOCAT, POMODORO et CITRON\" srcset=\"https:\/\/mutti-parma.com\/app\/uploads\/sites\/21\/2024\/08\/fajitas.jpg 2560w, https:\/\/mutti-parma.com\/app\/uploads\/sites\/21\/2024\/08\/fajitas-500x500.jpg 500w, https:\/\/mutti-parma.com\/app\/uploads\/sites\/21\/2024\/08\/fajitas-1024x1024.jpg 1024w, https:\/\/mutti-parma.com\/app\/uploads\/sites\/21\/2024\/08\/fajitas-200x200.jpg 200w, https:\/\/mutti-parma.com\/app\/uploads\/sites\/21\/2024\/08\/fajitas-768x768.jpg 768w, https:\/\/mutti-parma.com\/app\/uploads\/sites\/21\/2024\/08\/fajitas-150x150.jpg 150w, https:\/\/mutti-parma.com\/app\/uploads\/sites\/21\/2024\/08\/fajitas-600x600.jpg 600w, https:\/\/mutti-parma.com\/app\/uploads\/sites\/21\/2024\/08\/fajitas-1536x1536.jpg 1536w, https:\/\/mutti-parma.com\/app\/uploads\/sites\/21\/2024\/08\/fajitas-2048x2048.jpg 2048w, https:\/\/mutti-parma.com\/app\/uploads\/sites\/21\/2024\/08\/fajitas-50x50.jpg 50w\" loading=\"lazy\" \/>\n      <\/div>\n\n          <\/a>\n  \n  \n      <a class=\"is-style-cursive heading block text-primary leading-none\" href=\"https:\/\/mutti-parma.com\/can-fr\/produits\/polpa\/\">\n      Polpa\n    <\/a>\n  \n  <a class=\"block my-4\" href=\"https:\/\/mutti-parma.com\/can-fr\/nos-recettes\/fajitas-au-boeuf-avocat-pomodoro-et-citron\/\">\n          <h3>FAJITAS AU BOEUF, AVOCAT, POMODORO et CITRON<\/h3>\n      <\/a>\n\n  \n  <div class=\"flex items-center justify-center my-4\">\n    <div class=\"-ml-2 mr-2 pr-4 border-primary border-r-2 pt-2\">\n    <p class=\"flex flex-wrap items-end font-heavy text-primary leading-none justify-center\">\n      <img decoding=\"async\" alt=\"Total time\" class=\"w-10 md:w-12 mx-3 mb-2\" src=\"https:\/\/mutti-parma.com\/app\/themes\/mutti\/dist\/images\/icons\/mutti-product-icons-reduced-cooking-time.svg?id=dc737ade6befaad1eaaf\" width=\"54\" height=\"26\" loading=\"lazy\">\n      <span class=\"mb-2\">\n        2h 10&nbsp;min\n      <\/span>\n    <\/p>\n  <\/div>\n  <div class=\"pt-2\">\n    <p class=\"flex flex-wrap items-end font-heavy uppercase text-primary leading-none justify-center\">\n      <img decoding=\"async\" alt=\"Difficulty\" class=\"w-10 md:w-12 mx-3 mb-2\" src=\"https:\/\/mutti-parma.com\/app\/themes\/mutti\/dist\/images\/icons\/mutti-product-icons-stove-top.svg?id=5f4b0df898a96e10ac63\" width=\"54\" height=\"18\" loading=\"lazy\">\n      <span class=\"mb-2\">\n        Moyen\n      <\/span>\n    <\/p>\n  <\/div>\n  <\/div>\n<\/div>\n        <\/div>\n              <div class=\"swiper-slide\">\n          <div class=\"teaser--recipe text-center hover:zoom-img\">\n      <a href=\"https:\/\/mutti-parma.com\/can-fr\/nos-recettes\/mutti-penne-allarrabbiata\/\" class=\"relative block mb-4 max-w-96 mx-auto\" aria-hidden=\"true\" tabindex=\"-1\">\n      <div class=\"responsive-embed \" style=\"padding-bottom: 108.79765395894%;\">\n                <img decoding=\"async\" width=\"1920\" height=\"850\" src=\"https:\/\/mutti-parma.com\/app\/uploads\/sites\/21\/2024\/08\/arrabbiata.jpeg\" class=\"inline-block wp-image-2196\" alt=\"penne all&rsquo;arrabbiata\" sizes=\"auto, (max-width: 600px) 72vw, 431px\" data-spai-crop=\"true\" title=\"penne all&rsquo;arrabbiata\" srcset=\"https:\/\/mutti-parma.com\/app\/uploads\/sites\/21\/2024\/08\/arrabbiata.jpeg 1920w, https:\/\/mutti-parma.com\/app\/uploads\/sites\/21\/2024\/08\/arrabbiata-500x221.jpeg 500w, https:\/\/mutti-parma.com\/app\/uploads\/sites\/21\/2024\/08\/arrabbiata-1024x453.jpeg 1024w, https:\/\/mutti-parma.com\/app\/uploads\/sites\/21\/2024\/08\/arrabbiata-200x89.jpeg 200w, https:\/\/mutti-parma.com\/app\/uploads\/sites\/21\/2024\/08\/arrabbiata-768x340.jpeg 768w, https:\/\/mutti-parma.com\/app\/uploads\/sites\/21\/2024\/08\/arrabbiata-150x66.jpeg 150w, https:\/\/mutti-parma.com\/app\/uploads\/sites\/21\/2024\/08\/arrabbiata-600x266.jpeg 600w, https:\/\/mutti-parma.com\/app\/uploads\/sites\/21\/2024\/08\/arrabbiata-1536x680.jpeg 1536w\" loading=\"lazy\" \/>\n      <\/div>\n\n          <\/a>\n  \n  \n      <a class=\"is-style-cursive heading block text-primary leading-none\" href=\"https:\/\/mutti-parma.com\/can-fr\/produits\/polpa\/\">\n      Polpa\n    <\/a>\n  \n  <a class=\"block my-4\" href=\"https:\/\/mutti-parma.com\/can-fr\/nos-recettes\/mutti-penne-allarrabbiata\/\">\n          <h3>penne all&rsquo;arrabbiata<\/h3>\n      <\/a>\n\n      <a class=\"block hover:no-underline text-black\" href=\"https:\/\/mutti-parma.com\/can-fr\/nos-recettes\/mutti-penne-allarrabbiata\/\">\n      Ce classique \u00e9pic\u00e9 tire sa chaleur des flocons de piment rouge et sa saveur fra\u00eeche et profonde des tomates fra\u00eechement sorties de la vigne. Vous pouvez d\u00e9sormais profiter du go\u00fbt de l\u2019\u00e9t\u00e9 \u00e0 tout moment de l\u2019ann\u00e9e. Pr\u00e9parez la sauce \u00e0 l\u2019avance pour un repas de semaine ultra-rapide.\n    <\/a>\n  \n  <div class=\"flex items-center justify-center my-4\">\n    <div class=\"-ml-2 mr-2 pr-4 border-primary border-r-2 pt-2\">\n    <p class=\"flex flex-wrap items-end font-heavy text-primary leading-none justify-center\">\n      <img decoding=\"async\" alt=\"Total time\" class=\"w-10 md:w-12 mx-3 mb-2\" src=\"https:\/\/mutti-parma.com\/app\/themes\/mutti\/dist\/images\/icons\/mutti-product-icons-reduced-cooking-time.svg?id=dc737ade6befaad1eaaf\" width=\"54\" height=\"26\" loading=\"lazy\">\n      <span class=\"mb-2\">\n        35&nbsp;min\n      <\/span>\n    <\/p>\n  <\/div>\n  <div class=\"pt-2\">\n    <p class=\"flex flex-wrap items-end font-heavy uppercase text-primary leading-none justify-center\">\n      <img decoding=\"async\" alt=\"Difficulty\" class=\"w-10 md:w-12 mx-3 mb-2\" src=\"https:\/\/mutti-parma.com\/app\/themes\/mutti\/dist\/images\/icons\/mutti-product-icons-stove-top.svg?id=5f4b0df898a96e10ac63\" width=\"54\" height=\"18\" loading=\"lazy\">\n      <span class=\"mb-2\">\n        Facile\n      <\/span>\n    <\/p>\n  <\/div>\n  <\/div>\n<\/div>\n        <\/div>\n              <div class=\"swiper-slide\">\n          <div class=\"teaser--recipe text-center hover:zoom-img\">\n      <a href=\"https:\/\/mutti-parma.com\/can-fr\/nos-recettes\/rigatoni-allamatriciana\/\" class=\"relative block mb-4 max-w-96 mx-auto\" aria-hidden=\"true\" tabindex=\"-1\">\n      <div class=\"responsive-embed \" style=\"padding-bottom: 108.79765395894%;\">\n                <img decoding=\"async\" width=\"1709\" height=\"2560\" src=\"https:\/\/mutti-parma.com\/app\/uploads\/sites\/21\/2023\/08\/rigatoni-allamatriciana-75635-scaled.jpg\" class=\"inline-block wp-image-1355\" alt=\"Rigatoni all&rsquo;amatriciana\" sizes=\"auto, (max-width: 600px) 72vw, 431px\" data-spai-crop=\"true\" title=\"Rigatoni all&rsquo;amatriciana\" srcset=\"https:\/\/mutti-parma.com\/app\/uploads\/sites\/21\/2023\/08\/rigatoni-allamatriciana-75635-scaled.jpg 1709w, https:\/\/mutti-parma.com\/app\/uploads\/sites\/21\/2023\/08\/rigatoni-allamatriciana-75635-334x500.jpg 334w, https:\/\/mutti-parma.com\/app\/uploads\/sites\/21\/2023\/08\/rigatoni-allamatriciana-75635-683x1024.jpg 683w, https:\/\/mutti-parma.com\/app\/uploads\/sites\/21\/2023\/08\/rigatoni-allamatriciana-75635-133x200.jpg 133w, https:\/\/mutti-parma.com\/app\/uploads\/sites\/21\/2023\/08\/rigatoni-allamatriciana-75635-768x1151.jpg 768w, https:\/\/mutti-parma.com\/app\/uploads\/sites\/21\/2023\/08\/rigatoni-allamatriciana-75635-150x225.jpg 150w, https:\/\/mutti-parma.com\/app\/uploads\/sites\/21\/2023\/08\/rigatoni-allamatriciana-75635-600x899.jpg 600w, https:\/\/mutti-parma.com\/app\/uploads\/sites\/21\/2023\/08\/rigatoni-allamatriciana-75635-1025x1536.jpg 1025w, https:\/\/mutti-parma.com\/app\/uploads\/sites\/21\/2023\/08\/rigatoni-allamatriciana-75635-1367x2048.jpg 1367w\" loading=\"lazy\" \/>\n      <\/div>\n\n          <\/a>\n  \n  \n      <a class=\"is-style-cursive heading block text-primary leading-none\" href=\"https:\/\/mutti-parma.com\/can-fr\/produits\/polpa\/\">\n      Polpa\n    <\/a>\n  \n  <a class=\"block my-4\" href=\"https:\/\/mutti-parma.com\/can-fr\/nos-recettes\/rigatoni-allamatriciana\/\">\n          <h3>Rigatoni all&rsquo;amatriciana<\/h3>\n      <\/a>\n\n  \n  <div class=\"flex items-center justify-center my-4\">\n    <div class=\"-ml-2 mr-2 pr-4 border-primary border-r-2 pt-2\">\n    <p class=\"flex flex-wrap items-end font-heavy text-primary leading-none justify-center\">\n      <img decoding=\"async\" alt=\"Total time\" class=\"w-10 md:w-12 mx-3 mb-2\" src=\"https:\/\/mutti-parma.com\/app\/themes\/mutti\/dist\/images\/icons\/mutti-product-icons-reduced-cooking-time.svg?id=dc737ade6befaad1eaaf\" width=\"54\" height=\"26\" loading=\"lazy\">\n      <span class=\"mb-2\">\n        20&nbsp;min\n      <\/span>\n    <\/p>\n  <\/div>\n  <div class=\"pt-2\">\n    <p class=\"flex flex-wrap items-end font-heavy uppercase text-primary leading-none justify-center\">\n      <img decoding=\"async\" alt=\"Difficulty\" class=\"w-10 md:w-12 mx-3 mb-2\" src=\"https:\/\/mutti-parma.com\/app\/themes\/mutti\/dist\/images\/icons\/mutti-product-icons-stove-top.svg?id=5f4b0df898a96e10ac63\" width=\"54\" height=\"18\" loading=\"lazy\">\n      <span class=\"mb-2\">\n        Facile\n      <\/span>\n    <\/p>\n  <\/div>\n  <\/div>\n<\/div>\n        <\/div>\n              <div class=\"swiper-slide\">\n          <div class=\"teaser--recipe text-center hover:zoom-img\">\n      <a href=\"https:\/\/mutti-parma.com\/can-fr\/nos-recettes\/home-with-gabby-italian-bloody-mary\/\" class=\"relative block mb-4 max-w-96 mx-auto\" aria-hidden=\"true\" tabindex=\"-1\">\n      <div class=\"responsive-embed \" style=\"padding-bottom: 108.79765395894%;\">\n                <img decoding=\"async\" width=\"1600\" height=\"2400\" src=\"https:\/\/mutti-parma.com\/app\/uploads\/sites\/21\/2022\/03\/brunch-mutti-2.jpg\" class=\"inline-block wp-image-1200\" alt=\"Home with Gabby &#8211; Bloody Mary \u00e0 L&rsquo;italienne\" sizes=\"auto, (max-width: 600px) 72vw, 431px\" data-spai-crop=\"true\" title=\"Home with Gabby &#8211; Bloody Mary \u00e0 L&rsquo;italienne\" srcset=\"https:\/\/mutti-parma.com\/app\/uploads\/sites\/21\/2022\/03\/brunch-mutti-2.jpg 1600w, https:\/\/mutti-parma.com\/app\/uploads\/sites\/21\/2022\/03\/brunch-mutti-2-333x500.jpg 333w, https:\/\/mutti-parma.com\/app\/uploads\/sites\/21\/2022\/03\/brunch-mutti-2-683x1024.jpg 683w, https:\/\/mutti-parma.com\/app\/uploads\/sites\/21\/2022\/03\/brunch-mutti-2-133x200.jpg 133w, https:\/\/mutti-parma.com\/app\/uploads\/sites\/21\/2022\/03\/brunch-mutti-2-768x1152.jpg 768w, https:\/\/mutti-parma.com\/app\/uploads\/sites\/21\/2022\/03\/brunch-mutti-2-150x225.jpg 150w, https:\/\/mutti-parma.com\/app\/uploads\/sites\/21\/2022\/03\/brunch-mutti-2-600x900.jpg 600w, https:\/\/mutti-parma.com\/app\/uploads\/sites\/21\/2022\/03\/brunch-mutti-2-1024x1536.jpg 1024w, https:\/\/mutti-parma.com\/app\/uploads\/sites\/21\/2022\/03\/brunch-mutti-2-1365x2048.jpg 1365w\" loading=\"lazy\" \/>\n      <\/div>\n\n          <\/a>\n  \n  \n      <a class=\"is-style-cursive heading block text-primary leading-none\" href=\"https:\/\/mutti-parma.com\/can-fr\/produits\/polpa\/\">\n      Polpa\n    <\/a>\n  \n  <a class=\"block my-4\" href=\"https:\/\/mutti-parma.com\/can-fr\/nos-recettes\/home-with-gabby-italian-bloody-mary\/\">\n          <h3>Home with Gabby &#8211; Bloody Mary \u00e0 L&rsquo;italienne<\/h3>\n      <\/a>\n\n      <a class=\"block hover:no-underline text-black\" href=\"https:\/\/mutti-parma.com\/can-fr\/nos-recettes\/home-with-gabby-italian-bloody-mary\/\">\n      C\u2019est parti pour un brunch! Voici deux recettes de brunch parfaites \u00e0 pr\u00e9parer cette fin de semaine avec la pulpe de tomates en morceaux Mutti. Pr\u00e9parez cette variante du Bloody Mary en un rien de temps et associez-la \u00e0 ma version d\u00e9lectable des huevos rancheros. \u00c7a donne l\u2019eau \u00e0 la bouche, non?\n    <\/a>\n  \n  <div class=\"flex items-center justify-center my-4\">\n    <div class=\"-ml-2 mr-2 pr-4 border-primary border-r-2 pt-2\">\n    <p class=\"flex flex-wrap items-end font-heavy text-primary leading-none justify-center\">\n      <img decoding=\"async\" alt=\"Total time\" class=\"w-10 md:w-12 mx-3 mb-2\" src=\"https:\/\/mutti-parma.com\/app\/themes\/mutti\/dist\/images\/icons\/mutti-product-icons-reduced-cooking-time.svg?id=dc737ade6befaad1eaaf\" width=\"54\" height=\"26\" loading=\"lazy\">\n      <span class=\"mb-2\">\n        20&nbsp;min\n      <\/span>\n    <\/p>\n  <\/div>\n  <div class=\"pt-2\">\n    <p class=\"flex flex-wrap items-end font-heavy uppercase text-primary leading-none justify-center\">\n      <img decoding=\"async\" alt=\"Difficulty\" class=\"w-10 md:w-12 mx-3 mb-2\" src=\"https:\/\/mutti-parma.com\/app\/themes\/mutti\/dist\/images\/icons\/mutti-product-icons-stove-top.svg?id=5f4b0df898a96e10ac63\" width=\"54\" height=\"18\" loading=\"lazy\">\n      <span class=\"mb-2\">\n        Facile\n      <\/span>\n    <\/p>\n  <\/div>\n  <\/div>\n<\/div>\n        <\/div>\n              <div class=\"swiper-slide\">\n          <div class=\"teaser--recipe text-center hover:zoom-img\">\n      <a href=\"https:\/\/mutti-parma.com\/can-fr\/nos-recettes\/aimee-huitres-sur-demi-coquille-avec-salsa-de-saison\/\" class=\"relative block mb-4 max-w-96 mx-auto\" aria-hidden=\"true\" tabindex=\"-1\">\n      <div class=\"responsive-embed \" style=\"padding-bottom: 108.79765395894%;\">\n                <img decoding=\"async\" width=\"1310\" height=\"2400\" src=\"https:\/\/mutti-parma.com\/app\/uploads\/sites\/21\/2022\/03\/image00001-1.jpeg\" class=\"inline-block wp-image-1192\" alt=\"Aimee &#8211; Hu\u00eetres sur demi-coquille avec salsa de saison\" sizes=\"auto, (max-width: 600px) 72vw, 431px\" data-spai-crop=\"true\" title=\"Aimee &#8211; Hu\u00eetres sur demi-coquille avec salsa de saison\" srcset=\"https:\/\/mutti-parma.com\/app\/uploads\/sites\/21\/2022\/03\/image00001-1.jpeg 1310w, https:\/\/mutti-parma.com\/app\/uploads\/sites\/21\/2022\/03\/image00001-1-273x500.jpeg 273w, https:\/\/mutti-parma.com\/app\/uploads\/sites\/21\/2022\/03\/image00001-1-559x1024.jpeg 559w, https:\/\/mutti-parma.com\/app\/uploads\/sites\/21\/2022\/03\/image00001-1-109x200.jpeg 109w, https:\/\/mutti-parma.com\/app\/uploads\/sites\/21\/2022\/03\/image00001-1-768x1407.jpeg 768w, https:\/\/mutti-parma.com\/app\/uploads\/sites\/21\/2022\/03\/image00001-1-150x275.jpeg 150w, https:\/\/mutti-parma.com\/app\/uploads\/sites\/21\/2022\/03\/image00001-1-600x1099.jpeg 600w, https:\/\/mutti-parma.com\/app\/uploads\/sites\/21\/2022\/03\/image00001-1-838x1536.jpeg 838w, https:\/\/mutti-parma.com\/app\/uploads\/sites\/21\/2022\/03\/image00001-1-1118x2048.jpeg 1118w\" loading=\"lazy\" \/>\n      <\/div>\n\n          <\/a>\n  \n  \n      <a class=\"is-style-cursive heading block text-primary leading-none\" href=\"https:\/\/mutti-parma.com\/can-fr\/produits\/polpa\/\">\n      Polpa\n    <\/a>\n  \n  <a class=\"block my-4\" href=\"https:\/\/mutti-parma.com\/can-fr\/nos-recettes\/aimee-huitres-sur-demi-coquille-avec-salsa-de-saison\/\">\n          <h3>Aimee &#8211; Hu\u00eetres sur demi-coquille avec salsa de saison<\/h3>\n      <\/a>\n\n      <a class=\"block hover:no-underline text-black\" href=\"https:\/\/mutti-parma.com\/can-fr\/nos-recettes\/aimee-huitres-sur-demi-coquille-avec-salsa-de-saison\/\">\n      M\u00eame en plein hiver, tout le monde a envie d\u2019une salsa toute simple au go\u00fbt frais.&nbsp; Une bo\u00eete de tomates concass\u00e9es fines Mutti constitue la base id\u00e9ale pour ce condiment rapide et polyvalent. Elle se marie facilement avec des hu\u00eetres pour obtenir l\u2019\u00e9quilibre parfait entre le piquant, le relev\u00e9 et le sal\u00e9.\n    <\/a>\n  \n  <div class=\"flex items-center justify-center my-4\">\n    <div class=\"-ml-2 mr-2 pr-4 border-primary border-r-2 pt-2\">\n    <p class=\"flex flex-wrap items-end font-heavy text-primary leading-none justify-center\">\n      <img decoding=\"async\" alt=\"Total time\" class=\"w-10 md:w-12 mx-3 mb-2\" src=\"https:\/\/mutti-parma.com\/app\/themes\/mutti\/dist\/images\/icons\/mutti-product-icons-reduced-cooking-time.svg?id=dc737ade6befaad1eaaf\" width=\"54\" height=\"26\" loading=\"lazy\">\n      <span class=\"mb-2\">\n        30&nbsp;min\n      <\/span>\n    <\/p>\n  <\/div>\n  <div class=\"pt-2\">\n    <p class=\"flex flex-wrap items-end font-heavy uppercase text-primary leading-none justify-center\">\n      <img decoding=\"async\" alt=\"Difficulty\" class=\"w-10 md:w-12 mx-3 mb-2\" src=\"https:\/\/mutti-parma.com\/app\/themes\/mutti\/dist\/images\/icons\/mutti-product-icons-stove-top.svg?id=5f4b0df898a96e10ac63\" width=\"54\" height=\"18\" loading=\"lazy\">\n      <span class=\"mb-2\">\n        Facile\n      <\/span>\n    <\/p>\n  <\/div>\n  <\/div>\n<\/div>\n        <\/div>\n              <div class=\"swiper-slide\">\n          <div class=\"teaser--recipe text-center hover:zoom-img\">\n      <a href=\"https:\/\/mutti-parma.com\/can-fr\/nos-recettes\/aimee-trempette-marinara-piquante\/\" class=\"relative block mb-4 max-w-96 mx-auto\" aria-hidden=\"true\" tabindex=\"-1\">\n      <div class=\"responsive-embed \" style=\"padding-bottom: 108.79765395894%;\">\n                <img decoding=\"async\" width=\"1800\" height=\"2400\" src=\"https:\/\/mutti-parma.com\/app\/uploads\/sites\/21\/2022\/03\/image00002-1.jpeg\" class=\"inline-block wp-image-1188\" alt=\"Aimee &#8211; Trempette marinara piquante\" sizes=\"auto, (max-width: 600px) 72vw, 431px\" data-spai-crop=\"true\" title=\"Aimee &#8211; Trempette marinara piquante\" srcset=\"https:\/\/mutti-parma.com\/app\/uploads\/sites\/21\/2022\/03\/image00002-1.jpeg 1800w, https:\/\/mutti-parma.com\/app\/uploads\/sites\/21\/2022\/03\/image00002-1-375x500.jpeg 375w, https:\/\/mutti-parma.com\/app\/uploads\/sites\/21\/2022\/03\/image00002-1-768x1024.jpeg 768w, https:\/\/mutti-parma.com\/app\/uploads\/sites\/21\/2022\/03\/image00002-1-150x200.jpeg 150w, https:\/\/mutti-parma.com\/app\/uploads\/sites\/21\/2022\/03\/image00002-1-600x800.jpeg 600w, https:\/\/mutti-parma.com\/app\/uploads\/sites\/21\/2022\/03\/image00002-1-1152x1536.jpeg 1152w, https:\/\/mutti-parma.com\/app\/uploads\/sites\/21\/2022\/03\/image00002-1-1536x2048.jpeg 1536w\" loading=\"lazy\" \/>\n      <\/div>\n\n          <\/a>\n  \n  \n      <a class=\"is-style-cursive heading block text-primary leading-none\" href=\"https:\/\/mutti-parma.com\/can-fr\/produits\/polpa\/\">\n      Polpa\n    <\/a>\n  \n  <a class=\"block my-4\" href=\"https:\/\/mutti-parma.com\/can-fr\/nos-recettes\/aimee-trempette-marinara-piquante\/\">\n          <h3>Aimee &#8211; Trempette marinara piquante<\/h3>\n      <\/a>\n\n      <a class=\"block hover:no-underline text-black\" href=\"https:\/\/mutti-parma.com\/can-fr\/nos-recettes\/aimee-trempette-marinara-piquante\/\">\n      Voici un amuse-gueule rapide et d\u00e9licieux pr\u00e9par\u00e9 avec des ingr\u00e9dients provenant du garde-manger. Servez cette trempette chaude avec vos gressins, votre focaccia ou votre baguette tranch\u00e9e pr\u00e9f\u00e9r\u00e9s.\n    <\/a>\n  \n  <div class=\"flex items-center justify-center my-4\">\n    <div class=\"-ml-2 mr-2 pr-4 border-primary border-r-2 pt-2\">\n    <p class=\"flex flex-wrap items-end font-heavy text-primary leading-none justify-center\">\n      <img decoding=\"async\" alt=\"Total time\" class=\"w-10 md:w-12 mx-3 mb-2\" src=\"https:\/\/mutti-parma.com\/app\/themes\/mutti\/dist\/images\/icons\/mutti-product-icons-reduced-cooking-time.svg?id=dc737ade6befaad1eaaf\" width=\"54\" height=\"26\" loading=\"lazy\">\n      <span class=\"mb-2\">\n        30&nbsp;min\n      <\/span>\n    <\/p>\n  <\/div>\n  <div class=\"pt-2\">\n    <p class=\"flex flex-wrap items-end font-heavy uppercase text-primary leading-none justify-center\">\n      <img decoding=\"async\" alt=\"Difficulty\" class=\"w-10 md:w-12 mx-3 mb-2\" src=\"https:\/\/mutti-parma.com\/app\/themes\/mutti\/dist\/images\/icons\/mutti-product-icons-stove-top.svg?id=5f4b0df898a96e10ac63\" width=\"54\" height=\"18\" loading=\"lazy\">\n      <span class=\"mb-2\">\n        Facile\n      <\/span>\n    <\/p>\n  <\/div>\n  <\/div>\n<\/div>\n        <\/div>\n              <div class=\"swiper-slide\">\n          <div class=\"teaser--recipe text-center hover:zoom-img\">\n      <a href=\"https:\/\/mutti-parma.com\/can-fr\/nos-recettes\/home-with-gabby-huevos-rancheros\/\" class=\"relative block mb-4 max-w-96 mx-auto\" aria-hidden=\"true\" tabindex=\"-1\">\n      <div class=\"responsive-embed \" style=\"padding-bottom: 108.79765395894%;\">\n                <img decoding=\"async\" width=\"1600\" height=\"2400\" src=\"https:\/\/mutti-parma.com\/app\/uploads\/sites\/21\/2022\/03\/brunch-mutti-2-1.jpg\" class=\"inline-block wp-image-1203\" alt=\"Home with Gabby &#8211; Huevos Rancheros\" sizes=\"auto, (max-width: 600px) 72vw, 431px\" data-spai-crop=\"true\" title=\"Home with Gabby &#8211; Huevos Rancheros\" srcset=\"https:\/\/mutti-parma.com\/app\/uploads\/sites\/21\/2022\/03\/brunch-mutti-2-1.jpg 1600w, https:\/\/mutti-parma.com\/app\/uploads\/sites\/21\/2022\/03\/brunch-mutti-2-1-333x500.jpg 333w, https:\/\/mutti-parma.com\/app\/uploads\/sites\/21\/2022\/03\/brunch-mutti-2-1-683x1024.jpg 683w, https:\/\/mutti-parma.com\/app\/uploads\/sites\/21\/2022\/03\/brunch-mutti-2-1-133x200.jpg 133w, https:\/\/mutti-parma.com\/app\/uploads\/sites\/21\/2022\/03\/brunch-mutti-2-1-768x1152.jpg 768w, https:\/\/mutti-parma.com\/app\/uploads\/sites\/21\/2022\/03\/brunch-mutti-2-1-150x225.jpg 150w, https:\/\/mutti-parma.com\/app\/uploads\/sites\/21\/2022\/03\/brunch-mutti-2-1-600x900.jpg 600w, https:\/\/mutti-parma.com\/app\/uploads\/sites\/21\/2022\/03\/brunch-mutti-2-1-1024x1536.jpg 1024w, https:\/\/mutti-parma.com\/app\/uploads\/sites\/21\/2022\/03\/brunch-mutti-2-1-1365x2048.jpg 1365w\" loading=\"lazy\" \/>\n      <\/div>\n\n          <\/a>\n  \n  \n      <a class=\"is-style-cursive heading block text-primary leading-none\" href=\"https:\/\/mutti-parma.com\/can-fr\/produits\/polpa\/\">\n      Polpa\n    <\/a>\n  \n  <a class=\"block my-4\" href=\"https:\/\/mutti-parma.com\/can-fr\/nos-recettes\/home-with-gabby-huevos-rancheros\/\">\n          <h3>Home with Gabby &#8211; Huevos Rancheros<\/h3>\n      <\/a>\n\n      <a class=\"block hover:no-underline text-black\" href=\"https:\/\/mutti-parma.com\/can-fr\/nos-recettes\/home-with-gabby-huevos-rancheros\/\">\n      C\u2019est parti pour un brunch! Voici deux recettes de brunch parfaites \u00e0 pr\u00e9parer cette fin de semaine avec la pulpe de tomates en morceaux Mutti. Pr\u00e9parez cette variante du Bloody Mary en un rien de temps et associez-la \u00e0 ma version d\u00e9lectable des huevos rancheros. \u00c7a donne l\u2019eau \u00e0 la bouche, non?\n    <\/a>\n  \n  <div class=\"flex items-center justify-center my-4\">\n    <div class=\"-ml-2 mr-2 pr-4 border-primary border-r-2 pt-2\">\n    <p class=\"flex flex-wrap items-end font-heavy text-primary leading-none justify-center\">\n      <img decoding=\"async\" alt=\"Total time\" class=\"w-10 md:w-12 mx-3 mb-2\" src=\"https:\/\/mutti-parma.com\/app\/themes\/mutti\/dist\/images\/icons\/mutti-product-icons-reduced-cooking-time.svg?id=dc737ade6befaad1eaaf\" width=\"54\" height=\"26\" loading=\"lazy\">\n      <span class=\"mb-2\">\n        20&nbsp;min\n      <\/span>\n    <\/p>\n  <\/div>\n  <div class=\"pt-2\">\n    <p class=\"flex flex-wrap items-end font-heavy uppercase text-primary leading-none justify-center\">\n      <img decoding=\"async\" alt=\"Difficulty\" class=\"w-10 md:w-12 mx-3 mb-2\" src=\"https:\/\/mutti-parma.com\/app\/themes\/mutti\/dist\/images\/icons\/mutti-product-icons-stove-top.svg?id=5f4b0df898a96e10ac63\" width=\"54\" height=\"18\" loading=\"lazy\">\n      <span class=\"mb-2\">\n        Facile\n      <\/span>\n    <\/p>\n  <\/div>\n  <\/div>\n<\/div>\n        <\/div>\n              <div class=\"swiper-slide\">\n          <div class=\"teaser--recipe text-center hover:zoom-img\">\n      <a href=\"https:\/\/mutti-parma.com\/can-fr\/nos-recettes\/soupe-a-la-tomate-avec-des-croutons\/\" class=\"relative block mb-4 max-w-96 mx-auto\" aria-hidden=\"true\" tabindex=\"-1\">\n      <div class=\"responsive-embed \" style=\"padding-bottom: 108.79765395894%;\">\n                <img decoding=\"async\" width=\"1920\" height=\"850\" src=\"https:\/\/mutti-parma.com\/app\/uploads\/sites\/21\/2019\/12\/thumb-768-recipe-cover-desktop.jpeg\" class=\"inline-block wp-image-618\" alt=\"Soupe \u00e0 la tomate avec des cro\u00fbtons\" sizes=\"auto, (max-width: 600px) 72vw, 431px\" data-spai-crop=\"true\" title=\"Soupe \u00e0 la tomate avec des cro\u00fbtons\" srcset=\"https:\/\/mutti-parma.com\/app\/uploads\/sites\/21\/2019\/12\/thumb-768-recipe-cover-desktop.jpeg 1920w, https:\/\/mutti-parma.com\/app\/uploads\/sites\/21\/2019\/12\/thumb-768-recipe-cover-desktop-200x89.jpeg 200w, https:\/\/mutti-parma.com\/app\/uploads\/sites\/21\/2019\/12\/thumb-768-recipe-cover-desktop-500x221.jpeg 500w, https:\/\/mutti-parma.com\/app\/uploads\/sites\/21\/2019\/12\/thumb-768-recipe-cover-desktop-768x340.jpeg 768w, https:\/\/mutti-parma.com\/app\/uploads\/sites\/21\/2019\/12\/thumb-768-recipe-cover-desktop-1024x453.jpeg 1024w, https:\/\/mutti-parma.com\/app\/uploads\/sites\/21\/2019\/12\/thumb-768-recipe-cover-desktop-150x66.jpeg 150w, https:\/\/mutti-parma.com\/app\/uploads\/sites\/21\/2019\/12\/thumb-768-recipe-cover-desktop-600x266.jpeg 600w\" loading=\"lazy\" \/>\n      <\/div>\n\n          <\/a>\n  \n  \n      <a class=\"is-style-cursive heading block text-primary leading-none\" href=\"https:\/\/mutti-parma.com\/can-fr\/produits\/polpa\/\">\n      Polpa\n    <\/a>\n  \n  <a class=\"block my-4\" href=\"https:\/\/mutti-parma.com\/can-fr\/nos-recettes\/soupe-a-la-tomate-avec-des-croutons\/\">\n          <h3>Soupe \u00e0 la tomate avec des cro\u00fbtons<\/h3>\n      <\/a>\n\n  \n  <div class=\"flex items-center justify-center my-4\">\n    <div class=\"-ml-2 mr-2 pr-4 border-primary border-r-2 pt-2\">\n    <p class=\"flex flex-wrap items-end font-heavy text-primary leading-none justify-center\">\n      <img decoding=\"async\" alt=\"Total time\" class=\"w-10 md:w-12 mx-3 mb-2\" src=\"https:\/\/mutti-parma.com\/app\/themes\/mutti\/dist\/images\/icons\/mutti-product-icons-reduced-cooking-time.svg?id=dc737ade6befaad1eaaf\" width=\"54\" height=\"26\" loading=\"lazy\">\n      <span class=\"mb-2\">\n        30&nbsp;min\n      <\/span>\n    <\/p>\n  <\/div>\n  <div class=\"pt-2\">\n    <p class=\"flex flex-wrap items-end font-heavy uppercase text-primary leading-none justify-center\">\n      <img decoding=\"async\" alt=\"Difficulty\" class=\"w-10 md:w-12 mx-3 mb-2\" src=\"https:\/\/mutti-parma.com\/app\/themes\/mutti\/dist\/images\/icons\/mutti-product-icons-stove-top.svg?id=5f4b0df898a96e10ac63\" width=\"54\" height=\"18\" loading=\"lazy\">\n      <span class=\"mb-2\">\n        Facile\n      <\/span>\n    <\/p>\n  <\/div>\n  <\/div>\n<\/div>\n        <\/div>\n              <div class=\"swiper-slide\">\n          <div class=\"teaser--recipe text-center hover:zoom-img\">\n      <a href=\"https:\/\/mutti-parma.com\/can-fr\/nos-recettes\/boulettes-de-viande-epicees\/\" class=\"relative block mb-4 max-w-96 mx-auto\" aria-hidden=\"true\" tabindex=\"-1\">\n      <div class=\"responsive-embed \" style=\"padding-bottom: 108.79765395894%;\">\n                <img decoding=\"async\" width=\"1920\" height=\"850\" src=\"https:\/\/mutti-parma.com\/app\/uploads\/sites\/21\/2019\/12\/thumb-692-recipe-cover-desktop.jpeg\" class=\"inline-block wp-image-614\" alt=\"Boulettes de viande \u00e9pic\u00e9es\" sizes=\"auto, (max-width: 600px) 72vw, 431px\" data-spai-crop=\"true\" title=\"Boulettes de viande \u00e9pic\u00e9es\" srcset=\"https:\/\/mutti-parma.com\/app\/uploads\/sites\/21\/2019\/12\/thumb-692-recipe-cover-desktop.jpeg 1920w, https:\/\/mutti-parma.com\/app\/uploads\/sites\/21\/2019\/12\/thumb-692-recipe-cover-desktop-200x89.jpeg 200w, https:\/\/mutti-parma.com\/app\/uploads\/sites\/21\/2019\/12\/thumb-692-recipe-cover-desktop-500x221.jpeg 500w, https:\/\/mutti-parma.com\/app\/uploads\/sites\/21\/2019\/12\/thumb-692-recipe-cover-desktop-768x340.jpeg 768w, https:\/\/mutti-parma.com\/app\/uploads\/sites\/21\/2019\/12\/thumb-692-recipe-cover-desktop-1024x453.jpeg 1024w, https:\/\/mutti-parma.com\/app\/uploads\/sites\/21\/2019\/12\/thumb-692-recipe-cover-desktop-150x66.jpeg 150w, https:\/\/mutti-parma.com\/app\/uploads\/sites\/21\/2019\/12\/thumb-692-recipe-cover-desktop-600x266.jpeg 600w\" loading=\"lazy\" \/>\n      <\/div>\n\n          <\/a>\n  \n  \n      <a class=\"is-style-cursive heading block text-primary leading-none\" href=\"https:\/\/mutti-parma.com\/can-fr\/produits\/polpa\/\">\n      Polpa\n    <\/a>\n  \n  <a class=\"block my-4\" href=\"https:\/\/mutti-parma.com\/can-fr\/nos-recettes\/boulettes-de-viande-epicees\/\">\n          <h3>Boulettes de viande \u00e9pic\u00e9es<\/h3>\n      <\/a>\n\n  \n  <div class=\"flex items-center justify-center my-4\">\n    <div class=\"-ml-2 mr-2 pr-4 border-primary border-r-2 pt-2\">\n    <p class=\"flex flex-wrap items-end font-heavy text-primary leading-none justify-center\">\n      <img decoding=\"async\" alt=\"Total time\" class=\"w-10 md:w-12 mx-3 mb-2\" src=\"https:\/\/mutti-parma.com\/app\/themes\/mutti\/dist\/images\/icons\/mutti-product-icons-reduced-cooking-time.svg?id=dc737ade6befaad1eaaf\" width=\"54\" height=\"26\" loading=\"lazy\">\n      <span class=\"mb-2\">\n        15&nbsp;min\n      <\/span>\n    <\/p>\n  <\/div>\n  <div class=\"pt-2\">\n    <p class=\"flex flex-wrap items-end font-heavy uppercase text-primary leading-none justify-center\">\n      <img decoding=\"async\" alt=\"Difficulty\" class=\"w-10 md:w-12 mx-3 mb-2\" src=\"https:\/\/mutti-parma.com\/app\/themes\/mutti\/dist\/images\/icons\/mutti-product-icons-stove-top.svg?id=5f4b0df898a96e10ac63\" width=\"54\" height=\"18\" loading=\"lazy\">\n      <span class=\"mb-2\">\n        Facile\n      <\/span>\n    <\/p>\n  <\/div>\n  <\/div>\n<\/div>\n        <\/div>\n              <div class=\"swiper-slide\">\n          <div class=\"teaser--recipe text-center hover:zoom-img\">\n      <a href=\"https:\/\/mutti-parma.com\/can-fr\/nos-recettes\/confit-de-saumon-au-thym-sur-polenta-croustillante-avec-pulpe-de-tomates-basilic-et-oignon\/\" class=\"relative block mb-4 max-w-96 mx-auto\" aria-hidden=\"true\" tabindex=\"-1\">\n      <div class=\"responsive-embed \" style=\"padding-bottom: 108.79765395894%;\">\n                <img decoding=\"async\" width=\"1920\" height=\"850\" src=\"https:\/\/mutti-parma.com\/app\/uploads\/sites\/21\/2019\/12\/thumb-763-recipe-cover-desktop.jpeg\" class=\"inline-block wp-image-612\" alt=\"Confit de saumon au thym sur polenta croustillante avec Polpa (Tomates concass\u00e9es fines), basilic et oignon\" sizes=\"auto, (max-width: 600px) 72vw, 431px\" data-spai-crop=\"true\" title=\"Confit de saumon au thym sur polenta croustillante avec Polpa (Tomates concass\u00e9es fines), basilic et oignon\" srcset=\"https:\/\/mutti-parma.com\/app\/uploads\/sites\/21\/2019\/12\/thumb-763-recipe-cover-desktop.jpeg 1920w, https:\/\/mutti-parma.com\/app\/uploads\/sites\/21\/2019\/12\/thumb-763-recipe-cover-desktop-200x89.jpeg 200w, https:\/\/mutti-parma.com\/app\/uploads\/sites\/21\/2019\/12\/thumb-763-recipe-cover-desktop-500x221.jpeg 500w, https:\/\/mutti-parma.com\/app\/uploads\/sites\/21\/2019\/12\/thumb-763-recipe-cover-desktop-768x340.jpeg 768w, https:\/\/mutti-parma.com\/app\/uploads\/sites\/21\/2019\/12\/thumb-763-recipe-cover-desktop-1024x453.jpeg 1024w, https:\/\/mutti-parma.com\/app\/uploads\/sites\/21\/2019\/12\/thumb-763-recipe-cover-desktop-150x66.jpeg 150w, https:\/\/mutti-parma.com\/app\/uploads\/sites\/21\/2019\/12\/thumb-763-recipe-cover-desktop-600x266.jpeg 600w\" loading=\"lazy\" \/>\n      <\/div>\n\n          <\/a>\n  \n  \n      <a class=\"is-style-cursive heading block text-primary leading-none\" href=\"https:\/\/mutti-parma.com\/can-fr\/produits\/concentrato\/\">\n      Doppio Concentrato\n    <\/a>\n  \n  <a class=\"block my-4\" href=\"https:\/\/mutti-parma.com\/can-fr\/nos-recettes\/confit-de-saumon-au-thym-sur-polenta-croustillante-avec-pulpe-de-tomates-basilic-et-oignon\/\">\n          <h3>Confit de saumon au thym sur polenta croustillante avec Polpa (Tomates concass\u00e9es fines), basilic et oignon<\/h3>\n      <\/a>\n\n  \n  <div class=\"flex items-center justify-center my-4\">\n    <div class=\"-ml-2 mr-2 pr-4 border-primary border-r-2 pt-2\">\n    <p class=\"flex flex-wrap items-end font-heavy text-primary leading-none justify-center\">\n      <img decoding=\"async\" alt=\"Total time\" class=\"w-10 md:w-12 mx-3 mb-2\" src=\"https:\/\/mutti-parma.com\/app\/themes\/mutti\/dist\/images\/icons\/mutti-product-icons-reduced-cooking-time.svg?id=dc737ade6befaad1eaaf\" width=\"54\" height=\"26\" loading=\"lazy\">\n      <span class=\"mb-2\">\n        1h\n      <\/span>\n    <\/p>\n  <\/div>\n  <div class=\"pt-2\">\n    <p class=\"flex flex-wrap items-end font-heavy uppercase text-primary leading-none justify-center\">\n      <img decoding=\"async\" alt=\"Difficulty\" class=\"w-10 md:w-12 mx-3 mb-2\" src=\"https:\/\/mutti-parma.com\/app\/themes\/mutti\/dist\/images\/icons\/mutti-product-icons-stove-top.svg?id=5f4b0df898a96e10ac63\" width=\"54\" height=\"18\" loading=\"lazy\">\n      <span class=\"mb-2\">\n        Facile\n      <\/span>\n    <\/p>\n  <\/div>\n  <\/div>\n<\/div>\n        <\/div>\n              <div class=\"swiper-slide\">\n          <div class=\"teaser--recipe text-center hover:zoom-img\">\n      <a href=\"https:\/\/mutti-parma.com\/can-fr\/nos-recettes\/kadaif-de-crevettes-au-basilic-avec-chutney-de-tomates-et-de-fruits-exotiques\/\" class=\"relative block mb-4 max-w-96 mx-auto\" aria-hidden=\"true\" tabindex=\"-1\">\n      <div class=\"responsive-embed \" style=\"padding-bottom: 108.79765395894%;\">\n                <img decoding=\"async\" width=\"1920\" height=\"850\" src=\"https:\/\/mutti-parma.com\/app\/uploads\/sites\/21\/2019\/12\/thumb-760-recipe-cover-desktop.jpeg\" class=\"inline-block wp-image-610\" alt=\"Kada\u00eff de crevettes au basilic avec chutney de tomates et de fruits exotiques\" sizes=\"auto, (max-width: 600px) 72vw, 431px\" data-spai-crop=\"true\" title=\"Kada\u00eff de crevettes au basilic avec chutney de tomates et de fruits exotiques\" srcset=\"https:\/\/mutti-parma.com\/app\/uploads\/sites\/21\/2019\/12\/thumb-760-recipe-cover-desktop.jpeg 1920w, https:\/\/mutti-parma.com\/app\/uploads\/sites\/21\/2019\/12\/thumb-760-recipe-cover-desktop-200x89.jpeg 200w, https:\/\/mutti-parma.com\/app\/uploads\/sites\/21\/2019\/12\/thumb-760-recipe-cover-desktop-500x221.jpeg 500w, https:\/\/mutti-parma.com\/app\/uploads\/sites\/21\/2019\/12\/thumb-760-recipe-cover-desktop-768x340.jpeg 768w, https:\/\/mutti-parma.com\/app\/uploads\/sites\/21\/2019\/12\/thumb-760-recipe-cover-desktop-1024x453.jpeg 1024w, https:\/\/mutti-parma.com\/app\/uploads\/sites\/21\/2019\/12\/thumb-760-recipe-cover-desktop-150x66.jpeg 150w, https:\/\/mutti-parma.com\/app\/uploads\/sites\/21\/2019\/12\/thumb-760-recipe-cover-desktop-600x266.jpeg 600w\" loading=\"lazy\" \/>\n      <\/div>\n\n          <\/a>\n  \n  \n      <a class=\"is-style-cursive heading block text-primary leading-none\" href=\"https:\/\/mutti-parma.com\/can-fr\/produits\/polpa\/\">\n      Polpa\n    <\/a>\n  \n  <a class=\"block my-4\" href=\"https:\/\/mutti-parma.com\/can-fr\/nos-recettes\/kadaif-de-crevettes-au-basilic-avec-chutney-de-tomates-et-de-fruits-exotiques\/\">\n          <h3>Kada\u00eff de crevettes au basilic avec chutney de tomates et de fruits exotiques<\/h3>\n      <\/a>\n\n  \n  <div class=\"flex items-center justify-center my-4\">\n    <div class=\"-ml-2 mr-2 pr-4 border-primary border-r-2 pt-2\">\n    <p class=\"flex flex-wrap items-end font-heavy text-primary leading-none justify-center\">\n      <img decoding=\"async\" alt=\"Total time\" class=\"w-10 md:w-12 mx-3 mb-2\" src=\"https:\/\/mutti-parma.com\/app\/themes\/mutti\/dist\/images\/icons\/mutti-product-icons-reduced-cooking-time.svg?id=dc737ade6befaad1eaaf\" width=\"54\" height=\"26\" loading=\"lazy\">\n      <span class=\"mb-2\">\n        1h\n      <\/span>\n    <\/p>\n  <\/div>\n  <div class=\"pt-2\">\n    <p class=\"flex flex-wrap items-end font-heavy uppercase text-primary leading-none justify-center\">\n      <img decoding=\"async\" alt=\"Difficulty\" class=\"w-10 md:w-12 mx-3 mb-2\" src=\"https:\/\/mutti-parma.com\/app\/themes\/mutti\/dist\/images\/icons\/mutti-product-icons-stove-top.svg?id=5f4b0df898a96e10ac63\" width=\"54\" height=\"18\" loading=\"lazy\">\n      <span class=\"mb-2\">\n        Moyen\n      <\/span>\n    <\/p>\n  <\/div>\n  <\/div>\n<\/div>\n        <\/div>\n              <div class=\"swiper-slide\">\n          <div class=\"teaser--recipe text-center hover:zoom-img\">\n      <a href=\"https:\/\/mutti-parma.com\/can-fr\/nos-recettes\/macarons-au-saumon-fume-et-a-la-pulpe-de-tomates\/\" class=\"relative block mb-4 max-w-96 mx-auto\" aria-hidden=\"true\" tabindex=\"-1\">\n      <div class=\"responsive-embed \" style=\"padding-bottom: 108.79765395894%;\">\n                <img decoding=\"async\" width=\"1920\" height=\"850\" src=\"https:\/\/mutti-parma.com\/app\/uploads\/sites\/21\/2019\/12\/thumb-759-recipe-cover-desktop.jpeg\" class=\"inline-block wp-image-608\" alt=\"Macarons au saumon fum\u00e9 et \u00e0 la pulpe de tomates\" sizes=\"auto, (max-width: 600px) 72vw, 431px\" data-spai-crop=\"true\" title=\"Macarons au saumon fum\u00e9 et \u00e0 la pulpe de tomates\" srcset=\"https:\/\/mutti-parma.com\/app\/uploads\/sites\/21\/2019\/12\/thumb-759-recipe-cover-desktop.jpeg 1920w, https:\/\/mutti-parma.com\/app\/uploads\/sites\/21\/2019\/12\/thumb-759-recipe-cover-desktop-200x89.jpeg 200w, https:\/\/mutti-parma.com\/app\/uploads\/sites\/21\/2019\/12\/thumb-759-recipe-cover-desktop-500x221.jpeg 500w, https:\/\/mutti-parma.com\/app\/uploads\/sites\/21\/2019\/12\/thumb-759-recipe-cover-desktop-768x340.jpeg 768w, https:\/\/mutti-parma.com\/app\/uploads\/sites\/21\/2019\/12\/thumb-759-recipe-cover-desktop-1024x453.jpeg 1024w, https:\/\/mutti-parma.com\/app\/uploads\/sites\/21\/2019\/12\/thumb-759-recipe-cover-desktop-150x66.jpeg 150w, https:\/\/mutti-parma.com\/app\/uploads\/sites\/21\/2019\/12\/thumb-759-recipe-cover-desktop-600x266.jpeg 600w\" loading=\"lazy\" \/>\n      <\/div>\n\n          <\/a>\n  \n  \n      <a class=\"is-style-cursive heading block text-primary leading-none\" href=\"https:\/\/mutti-parma.com\/can-fr\/produits\/polpa\/\">\n      Polpa\n    <\/a>\n  \n  <a class=\"block my-4\" href=\"https:\/\/mutti-parma.com\/can-fr\/nos-recettes\/macarons-au-saumon-fume-et-a-la-pulpe-de-tomates\/\">\n          <h3>Macarons au saumon fum\u00e9 et \u00e0 la pulpe de tomates<\/h3>\n      <\/a>\n\n  \n  <div class=\"flex items-center justify-center my-4\">\n    <div class=\"-ml-2 mr-2 pr-4 border-primary border-r-2 pt-2\">\n    <p class=\"flex flex-wrap items-end font-heavy text-primary leading-none justify-center\">\n      <img decoding=\"async\" alt=\"Total time\" class=\"w-10 md:w-12 mx-3 mb-2\" src=\"https:\/\/mutti-parma.com\/app\/themes\/mutti\/dist\/images\/icons\/mutti-product-icons-reduced-cooking-time.svg?id=dc737ade6befaad1eaaf\" width=\"54\" height=\"26\" loading=\"lazy\">\n      <span class=\"mb-2\">\n        30&nbsp;min\n      <\/span>\n    <\/p>\n  <\/div>\n  <div class=\"pt-2\">\n    <p class=\"flex flex-wrap items-end font-heavy uppercase text-primary leading-none justify-center\">\n      <img decoding=\"async\" alt=\"Difficulty\" class=\"w-10 md:w-12 mx-3 mb-2\" src=\"https:\/\/mutti-parma.com\/app\/themes\/mutti\/dist\/images\/icons\/mutti-product-icons-stove-top.svg?id=5f4b0df898a96e10ac63\" width=\"54\" height=\"18\" loading=\"lazy\">\n      <span class=\"mb-2\">\n        Facile\n      <\/span>\n    <\/p>\n  <\/div>\n  <\/div>\n<\/div>\n        <\/div>\n              <div class=\"swiper-slide\">\n          <div class=\"teaser--recipe text-center hover:zoom-img\">\n      <a href=\"https:\/\/mutti-parma.com\/can-fr\/nos-recettes\/boulettes-de-veau-a-la-sauce-tomate-et-polenta-garnies-de-sauge\/\" class=\"relative block mb-4 max-w-96 mx-auto\" aria-hidden=\"true\" tabindex=\"-1\">\n      <div class=\"responsive-embed \" style=\"padding-bottom: 108.79765395894%;\">\n                <img decoding=\"async\" width=\"1920\" height=\"850\" src=\"https:\/\/mutti-parma.com\/app\/uploads\/sites\/21\/2019\/12\/thumb-751-recipe-cover-desktop.jpeg\" class=\"inline-block wp-image-600\" alt=\"Boulettes de veau \u00e0 la sauce tomate et polenta garnies de sauge\" sizes=\"auto, (max-width: 600px) 72vw, 431px\" data-spai-crop=\"true\" title=\"Boulettes de veau \u00e0 la sauce tomate et polenta garnies de sauge\" srcset=\"https:\/\/mutti-parma.com\/app\/uploads\/sites\/21\/2019\/12\/thumb-751-recipe-cover-desktop.jpeg 1920w, https:\/\/mutti-parma.com\/app\/uploads\/sites\/21\/2019\/12\/thumb-751-recipe-cover-desktop-200x89.jpeg 200w, https:\/\/mutti-parma.com\/app\/uploads\/sites\/21\/2019\/12\/thumb-751-recipe-cover-desktop-500x221.jpeg 500w, https:\/\/mutti-parma.com\/app\/uploads\/sites\/21\/2019\/12\/thumb-751-recipe-cover-desktop-768x340.jpeg 768w, https:\/\/mutti-parma.com\/app\/uploads\/sites\/21\/2019\/12\/thumb-751-recipe-cover-desktop-1024x453.jpeg 1024w, https:\/\/mutti-parma.com\/app\/uploads\/sites\/21\/2019\/12\/thumb-751-recipe-cover-desktop-150x66.jpeg 150w, https:\/\/mutti-parma.com\/app\/uploads\/sites\/21\/2019\/12\/thumb-751-recipe-cover-desktop-600x266.jpeg 600w\" loading=\"lazy\" \/>\n      <\/div>\n\n          <\/a>\n  \n  \n      <a class=\"is-style-cursive heading block text-primary leading-none\" href=\"https:\/\/mutti-parma.com\/can-fr\/produits\/polpa\/\">\n      Polpa\n    <\/a>\n  \n  <a class=\"block my-4\" href=\"https:\/\/mutti-parma.com\/can-fr\/nos-recettes\/boulettes-de-veau-a-la-sauce-tomate-et-polenta-garnies-de-sauge\/\">\n          <h3>Boulettes de veau \u00e0 la sauce tomate et polenta garnies de sauge<\/h3>\n      <\/a>\n\n  \n  <div class=\"flex items-center justify-center my-4\">\n    <div class=\"-ml-2 mr-2 pr-4 border-primary border-r-2 pt-2\">\n    <p class=\"flex flex-wrap items-end font-heavy text-primary leading-none justify-center\">\n      <img decoding=\"async\" alt=\"Total time\" class=\"w-10 md:w-12 mx-3 mb-2\" src=\"https:\/\/mutti-parma.com\/app\/themes\/mutti\/dist\/images\/icons\/mutti-product-icons-reduced-cooking-time.svg?id=dc737ade6befaad1eaaf\" width=\"54\" height=\"26\" loading=\"lazy\">\n      <span class=\"mb-2\">\n        1h\n      <\/span>\n    <\/p>\n  <\/div>\n  <div class=\"pt-2\">\n    <p class=\"flex flex-wrap items-end font-heavy uppercase text-primary leading-none justify-center\">\n      <img decoding=\"async\" alt=\"Difficulty\" class=\"w-10 md:w-12 mx-3 mb-2\" src=\"https:\/\/mutti-parma.com\/app\/themes\/mutti\/dist\/images\/icons\/mutti-product-icons-stove-top.svg?id=5f4b0df898a96e10ac63\" width=\"54\" height=\"18\" loading=\"lazy\">\n      <span class=\"mb-2\">\n        Moyen\n      <\/span>\n    <\/p>\n  <\/div>\n  <\/div>\n<\/div>\n        <\/div>\n          <\/slideshow>\n  \n  <hr class=\"alignwide wp-block-separator\">\n\n      <p class=\"text-center\">\n      <a class=\"h3 underline\" href=\"https:\/\/mutti-parma.com\/can-fr\/nos-recettes\/\">D\u00e9couvrez toutes nos d\u00e9licieuses recettes <\/a>\n    <\/p>\n  <\/div>\n\n\n\n\n","protected":false},"excerpt":{"rendered":"<p>Maintenant que vous en savez plus sur nos produits, il est l\u2019heure de cuisiner. MODE D\u2019UTILISATION La teneur en eau de la pulpe fine de tomates est sup\u00e9rieure \u00e0 celle du coulis ou du concentr\u00e9 de tomates. Elles peuvent par cons\u00e9quent \u00eatre utilis\u00e9es dans les recettes qui demandent un long temps de cuisson ou des<\/p>\n","protected":false},"featured_media":695,"comment_status":"open","ping_status":"closed","template":"","product_category":[48],"class_list":["post-426","product","type-product","status-publish","has-post-thumbnail","hentry","product_category-product-category-39"],"acf":[],"_links":{"self":[{"href":"https:\/\/mutti-parma.com\/can-fr\/wp-json\/wp\/v2\/product\/426","targetHints":{"allow":["GET"]}}],"collection":[{"href":"https:\/\/mutti-parma.com\/can-fr\/wp-json\/wp\/v2\/product"}],"about":[{"href":"https:\/\/mutti-parma.com\/can-fr\/wp-json\/wp\/v2\/types\/product"}],"replies":[{"embeddable":true,"href":"https:\/\/mutti-parma.com\/can-fr\/wp-json\/wp\/v2\/comments?post=426"}],"version-history":[{"count":36,"href":"https:\/\/mutti-parma.com\/can-fr\/wp-json\/wp\/v2\/product\/426\/revisions"}],"predecessor-version":[{"id":2371,"href":"https:\/\/mutti-parma.com\/can-fr\/wp-json\/wp\/v2\/product\/426\/revisions\/2371"}],"wp:featuredmedia":[{"embeddable":true,"href":"https:\/\/mutti-parma.com\/can-fr\/wp-json\/wp\/v2\/media\/695"}],"wp:attachment":[{"href":"https:\/\/mutti-parma.com\/can-fr\/wp-json\/wp\/v2\/media?parent=426"}],"wp:term":[{"taxonomy":"product_category","embeddable":true,"href":"https:\/\/mutti-parma.com\/can-fr\/wp-json\/wp\/v2\/product_category?post=426"}],"curies":[{"name":"wp","href":"https:\/\/api.w.org\/{rel}","templated":true}]}}