{"id":451,"date":"2020-03-05T07:47:15","date_gmt":"2020-03-05T07:47:15","guid":{"rendered":"https:\/\/mutti-parma.com\/cz\/?post_type=product&#038;p=451"},"modified":"2025-09-25T14:28:29","modified_gmt":"2025-09-25T14:28:29","slug":"koncentrovana-rajcatova-pasta","status":"publish","type":"product","link":"https:\/\/mutti-parma.com\/cz\/produkty\/koncentrovana-rajcatova-pasta\/","title":{"rendered":"Koncentrovan\u00e1 raj\u010datov\u00e1 pasta"},"content":{"rendered":"\n<div style=\"--media-width: 50\" class=\"wp-block-media-text alignwide has-media-on-the-right is-stacked-on-mobile is-style-hero has-background-image\"><img loading=\"lazy\" decoding=\"async\" class=\"wp-block-media-text__background\" alt=\"\" data-spai-crop=\"true\" src=\"https:\/\/mutti-parma.com\/app\/uploads\/sites\/3\/2019\/09\/texture-banner-mutti-default-gradient.jpg\" \/><div class=\"wp-block-media-text__content\"><div class=\"acf-breadcrumb my-4 md:my-8 text-center md:text-left\">\n  <nav>\n  <ol class=\"list-none text-md\">\n                  <li class=\"inline\">\n                      <a class=\"text-inherit\" href=\"https:\/\/mutti-parma.com\/cz\/\">\n              \u00davod\n            <\/a>\n                                <span aria-hidden=\"true\">\/&nbsp;<\/span>\n                  <\/li>\n                        <li class=\"inline\">\n                      <a class=\"text-inherit\" href=\"https:\/\/mutti-parma.com\/cz\/produkty\/\">\n              Products\n            <\/a>\n                            <\/li>\n            <\/ol>\n<\/nav>\n<\/div>\n\n\n\n<h1 class=\"wp-block-heading has-primary-color has-text-color\">Koncentrovan\u00e1 raj\u010datov\u00e1 pasta <\/h1>\n\n\n\n<p class=\"is-style-cursive has-xxl-font-size\">Raj\u010datov\u00e1 pasta \u2013 koncentr\u00e1t<\/p>\n\n\n\n<p>Stejn\u011b jako b\u011b\u017en\u00fd koncentr\u00e1t dod\u00e1 i tato raj\u010datov\u00e1 pasta va\u0161emu j\u00eddlu intenzivn\u00ed raj\u010datovou chu\u0165. Je to esence organick\u00fdch raj\u010dat. Tato koncentrovan\u00e1 raj\u010datov\u00e1 pasta je bohat\u00e1 a odv\u00e1\u017en\u00e1, a na v\u00fdrobu jednoho kilogramu t\u00e9to pasty padne 3,8 kilogram\u016f raj\u010dat.&nbsp;&nbsp;<\/p>\n\n\n\n\n\n\n<div class=\"acf-product-find-store\">\n      <a href=\"https:\/\/www.rohlik.cz\/1333489-mutti-rajcatova-pasta?q=mutti&amp;companyId=1&amp;source=%7B%22favorite%22%3Afalse%2C%22touchpoint%22%3A%22Search%20Results%22%2C%22searchQuery%22%3A%22mutti%22%7D\" class=\"btn-solid\" target=\"_blank\">\n      <i class=\"fa-solid fa-map-marker-alt mr-1\" aria-hidden=\"true\"><\/i>\n      KOUPIT\n    <\/a>\n  <\/div>\n<\/div><figure class=\"wp-block-media-text__media\"><img loading=\"lazy\" decoding=\"async\" width=\"404\" height=\"766\" src=\"https:\/\/mutti-parma.com\/app\/uploads\/sites\/25\/2020\/03\/cz-concentrato-di-pomodoro.png\" alt=\"\" class=\"wp-image-548 size-full\" sizes=\"(min-width: 1440px) 528px,37vw\" data-spai-crop=\"false\" srcset=\"https:\/\/mutti-parma.com\/app\/uploads\/sites\/25\/2020\/03\/cz-concentrato-di-pomodoro.png 404w, https:\/\/mutti-parma.com\/app\/uploads\/sites\/25\/2020\/03\/cz-concentrato-di-pomodoro-105x200.png 105w, https:\/\/mutti-parma.com\/app\/uploads\/sites\/25\/2020\/03\/cz-concentrato-di-pomodoro-264x500.png 264w, https:\/\/mutti-parma.com\/app\/uploads\/sites\/25\/2020\/03\/cz-concentrato-di-pomodoro-150x284.png 150w\" \/><\/figure><\/div>\n\n\n<div class=\"acf-product-nutrition-tabs alignwide\">\n  <div class=\"\">\n    <ul class=\"list-none flex justify-center sm:justify-left\">\n              <li class=\"mr-4\">\n          <a href=\"javascript: void(0)\" data-toggle=\"nutrition\" class=\"btn-outline \" data-gtm-track data-gtm-event=\"GAevent\" data-gtm-event-id=\"13\" data-gtm-category=\"recipe_information\" data-gtm-action=\"nutrition\" data-gtm-label=\"koncentrovan%c3%a1_raj%c4%8datov%c3%a1_pasta\">\n            V\u00fd\u017eivov\u00e9 \u00fadaje\n          <\/a>\n        <\/li>\n                    <li>\n          <a href=\"#howtouse\" class=\"btn-outline \" data-gtm-track data-gtm-event=\"GAevent\" data-gtm-event-id=\"13\" data-gtm-category=\"recipe_information\" data-gtm-action=\"how_to_use\" data-gtm-label=\"koncentrovan%c3%a1_raj%c4%8datov%c3%a1_pasta\">\n            Pou\u017eit\u00ed\n          <\/a>\n        <\/li>\n      \n          <\/ul>\n  <\/div>\n\n      <div class=\"flex flex-wrap mt-8 mb-4 hidden\" id=\"nutrition\">\n      <div class=\"w-full sm:w-1\/2\">\n        <p>\u010c\u00e1ste\u010dn\u011b koncentrovan\u00e1 italsk\u00e1 raj\u010datov\u00e1 \u0161\u0165\u00e1va se \u0161petkou soli, z\u00edskan\u00e1 ze zdrav\u00e9ho ovoce, sklizen\u00e1 ve spr\u00e1vn\u00e9m st\u00e1diu zralosti a zpracovan\u00e1 nejmodern\u011bj\u0161\u00ed technologi\u00ed tak, aby byla zaru\u010dena nejlep\u0161\u00ed hygienick\u00e1 \u00farove\u0148 a nejlep\u0161\u00ed kvalita produktu, v souladu s platn\u00fdmi pr\u00e1vn\u00edmi p\u0159edpisy t\u00fdkaj\u00edc\u00ed se potravin ur\u010den\u00fdch pro lidskou v\u00fd\u017eivu.<\/p>\n<p>Slo\u017een\u00ed: raj\u010data, s\u016fl.<\/p>\n\n      <\/div>\n      <div class=\"w-full mt-8 sm:mt-0 sm:w-1\/2 sm:pl-8 md:pl-16\">\n        \n          <table class=\"w-full\">\n            <thead>\n              <tr class=\"border-b\">\n                <th colspan=\"2\" class=\"py-2 text-left\">V\u00fd\u017eivov\u00e9 \u00fadaje na \/ 100 g\r\n<\/thead>\n              <\/tr>\n            <\/thead>\n            <tbody>\n                              <tr class=\"border-b\">\n                  <th class=\"py-2 text-left font-normal\">Energetick\u00e1 hodnota<\/th>\n                  <td class=\"py-2 text-right\">328 kJ \/ 78 kcal<\/td>\n                <\/tr>\n                              <tr class=\"border-b\">\n                  <th class=\"py-2 text-left font-normal\">Tuky<\/th>\n                  <td class=\"py-2 text-right\">0,2 g<\/td>\n                <\/tr>\n                              <tr class=\"border-b\">\n                  <th class=\"py-2 text-left font-normal\">&#8211; z toho nasycen\u00e9 mastn\u00e9 kyseliny<\/th>\n                  <td class=\"py-2 text-right\">0,1 g<\/td>\n                <\/tr>\n                              <tr class=\"border-b\">\n                  <th class=\"py-2 text-left font-normal\">Sacharidy<\/th>\n                  <td class=\"py-2 text-right\">15 g<\/td>\n                <\/tr>\n                              <tr class=\"border-b\">\n                  <th class=\"py-2 text-left font-normal\">&#8211; z toho cukry<\/th>\n                  <td class=\"py-2 text-right\">9,6 g<\/td>\n                <\/tr>\n                              <tr class=\"border-b\">\n                  <th class=\"py-2 text-left font-normal\">B\u00edlkoviny<\/th>\n                  <td class=\"py-2 text-right\">2,0 g<\/td>\n                <\/tr>\n                              <tr class=\"border-b\">\n                  <th class=\"py-2 text-left font-normal\">S\u016fl<\/th>\n                  <td class=\"py-2 text-right\">0,50 g<\/td>\n                <\/tr>\n                          <\/tbody>\n          <\/table>\n              <\/div>\n    <\/div>\n  <\/div>\n\n\n\n\n<div\n  class=\"acf-how-is-it-made alignwide text-center \"\n  data-vue-wrapper\n  >\n      <h2>How is it made?<\/h2>\n  \n  <slideshow :slides-per-view=\"3\" :slides-per-view-sm=\"1\" :slides-per-view-md=\"2\" name=\"How is it made\" class=\"mb-8\">\n      <\/slideshow>\n\n      <p class=\"is-style-cursive text-5xl\">Chcete se dozv\u011bd\u011bt v\u00edce o tom, jak vyr\u00e1b\u00edme na\u0161e produkty<\/p>\n  \n      <h3>Visit the <a href=\"https:\/\/mutti-parma.com\/cz\/z-pole-na-vas-stul\/\">Field to Table<\/a><\/h3>\n  <\/div>\n\n\n\n\n\n<hr class=\"wp-block-separator has-css-opacity alignwide\"\/>\n\n\n<div class=\"acf-comments alignwide my-8\">\n  <div class=\"flex flex-wrap mb-4 items-center text-center sm:text-left px-0 sm:px-2 md:px-0\">\n    <h3 class=\"w-full sm:w-auto is-style-cursive text-primary my-0 leading-none\">Ohodnotit a sd\u00edlet<\/h3>\n    <div class=\"w-full sm:w-auto flex-auto mt-1 sm:ml-8\">\n          <\/div>\n\n          <div class=\"mx-auto sm:ml-0 mt-3 sm:mt-0\">\n                  <div\n  class=\"shariff\"\n  data-button-style=\"icon\"\n  data-mail-body=\"https:\/\/mutti-parma.com\/cz\/produkty\/koncentrovana-rajcatova-pasta\/\"\n  data-mail-subject=\"Koncentrovan\u00e1 raj\u010datov\u00e1 pasta - Mutti\"\n  data-mail-url=\"mailto:\"\n  data-media-url=\"https:\/\/mutti-parma.com\/app\/uploads\/sites\/25\/2020\/03\/cz-concentrato-di-pomodoro.png\"\n  data-services=\"[&#039;facebook&#039;, &#039;twitter&#039;, &#039;whatsapp&#039;, &#039;pinterest&#039;, &#039;mail&#039;]\"\n><\/div>\n              <\/div>\n      <\/div>\n\n  <div>\n                <\/div>\n<\/div>\n\n\n\n<hr class=\"wp-block-separator has-css-opacity alignwide\"\/>\n\n\n\n<div class=\"wp-block-cover alignwide has-background-dim-80 has-darkred-background-color has-background-dim\" style=\"background-image:url(https:\/\/mutti-parma.com\/app\/uploads\/sites\/3\/2019\/09\/tomatoes.jpg)\"><div class=\"wp-block-cover__inner-container is-layout-flow wp-block-cover-is-layout-flow\">\n<div class=\"wp-block-columns alignwide is-layout-flex wp-container-core-columns-is-layout-9d6595d7 wp-block-columns-is-layout-flex\">\n<div class=\"wp-block-column is-layout-flow wp-block-column-is-layout-flow\">\n<h2 class=\"wp-block-heading\" id=\"sustainability\">Udr\u017eitelnost<\/h2>\n\n\n\n<p class=\"is-style-cursive mb-0\">Udr\u017eitelnost pro n\u00e1s znamen\u00e1 \u00factu k zemi<\/p>\n\n\n\n<h4 class=\"wp-block-heading\">Spolupr\u00e1ce s WWF<\/h4>\n\n\n\n<p>Spole\u010dnost Mutti \u00fazce spolupracovala s fondem WWF v It\u00e1lii na tom, aby spole\u010dn\u011b pomohli zem\u011bd\u011blc\u016fm nach\u00e1zet udr\u017eiteln\u00e9 zp\u016fsoby, jak sn\u00ed\u017eit jejich spot\u0159ebu vody a emise CO2. Italsk\u00fd fond WWF nejen stanovil c\u00edle, ale tak\u00e9 umo\u017enil zem\u011bd\u011blc\u016fm analyzovat a proch\u00e1zet data a zji\u0161\u0165ovat tak, co by se dalo ud\u011blat. Tato organizace nap\u0159\u00edklad doporu\u010dila pou\u017eit\u00ed speci\u00e1ln\u00edch senzor\u016f, kter\u00e9 rozpoznaj\u00ed vlhkost v p\u016fd\u011b a poskytuj\u00ed u\u017eite\u010dn\u00e9 informace na podporu efektivn\u00edho vyu\u017e\u00edv\u00e1n\u00ed vody. <br><br>Spole\u010dnost Mutti investovala do technologi\u00ed, vzd\u011bl\u00e1v\u00e1n\u00ed a technick\u00e9 podpory pro zem\u011bd\u011blce a zem\u011bd\u011blsk\u00e9 organizace. I po skon\u010den\u00ed na\u0161eho p\u011btilet\u00e9ho projektu jsme st\u00e1le stejn\u011b odhodl\u00e1ni minimalizovat n\u00e1\u0161 dopad na \u017eivotn\u00ed prost\u0159ed\u00ed a zlep\u0161ovat ka\u017ed\u00fd krok na\u0161\u00ed produkce.<\/p>\n<\/div>\n\n\n\n<div class=\"wp-block-column is-layout-flow wp-block-column-is-layout-flow\">\n<h2 class=\"has-text-align-center wp-block-heading\"><br>V\u00ddSLEDKY:<\/h2>\n\n\n\n<div class=\"wp-block-columns is-layout-flex wp-container-core-columns-is-layout-9d6595d7 wp-block-columns-is-layout-flex\">\n<div class=\"wp-block-column is-layout-flow wp-block-column-is-layout-flow\">\n<div class=\"wp-block-image\"><figure class=\"aligncenter size-large is-resized\"><img loading=\"lazy\" decoding=\"async\" src=\"https:\/\/mutti-parma.com\/app\/uploads\/sites\/3\/2019\/09\/icon-sustainable-water.svg\" alt=\"\" class=\"wp-image-30000085\" width=\"53\" height=\"91\" \/><\/figure><\/div>\n\n\n\n<h4 class=\"has-text-align-center wp-block-heading\">\u00daspora 1 000 mil. litr\u016f vody*<\/h4>\n\n\n\n<p class=\"has-text-align-center has-sm-font-size\">* mezi lety 2012 a 2014 (Zdroj: \u00dadaje shrom\u00e1\u017ed\u011bn\u00e9 CMCC, WWF a St\u0159edomo\u0159sk\u00fdm centrem pro klimatick\u00e9 zm\u011bny v It\u00e1lii)<\/p>\n<\/div>\n\n\n\n<div class=\"wp-block-column is-layout-flow wp-block-column-is-layout-flow\">\n<div class=\"wp-block-image\"><figure class=\"aligncenter size-large is-resized\"><img loading=\"lazy\" decoding=\"async\" src=\"https:\/\/mutti-parma.com\/app\/uploads\/sites\/3\/2019\/09\/icon-sustainable-co2.svg\" alt=\"\" class=\"wp-image-30000086\" width=\"114\" height=\"88\" \/><\/figure><\/div>\n\n\n\n<h4 class=\"has-text-align-center wp-block-heading\">Zabr\u00e1n\u011bno vzniku 31 530 tun CO2 (oxidu uhli\u010dit\u00e9ho).<\/h4>\n\n\n\n<p class=\"has-text-align-center has-sm-font-size\">* mezi lety 2010 a 2015 v porovn\u00e1n\u00ed s \u00farovn\u011bmi roku 2009 (Zdroj: \u00dadaje shrom\u00e1\u017ed\u011bn\u00e9 italskou WWF a skupinou pro energetickou \u00fa\u010dinnost Officinae Verdi)<\/p>\n<\/div>\n<\/div>\n<\/div>\n<\/div>\n<\/div><\/div>\n\n\n\n<p class=\"has-text-align-center is-style-cursive has-xxl-font-size\"> Nyn\u00ed ji\u017e zn\u00e1te na\u0161e produkty a je \u010das si u\u017e\u00edt va\u0159en\u00ed \u2026  <\/p>\n\n\n\n<h2 class=\"wp-block-heading has-text-align-center\" id=\"howtouse\">pou\u017eit\u00ed<\/h2>\n\n\n\n<p class=\"has-text-align-center\"> Koncentr\u00e1t ve sv\u00fdch r\u016fzn\u00fdch verz\u00edch dod\u00e1 va\u0161im pokrm\u016fm n\u00e1dhernou barvu, skv\u011blou chu\u0165 a delik\u00e1tn\u00ed texturu. Zvl\u00e1\u0161t\u011b se hod\u00ed pro pokrmy, kter\u00e9 vy\u017eaduj\u00ed velmi dlouhou dobu p\u0159\u00edpravy, jako jsou rag\u00fa, du\u0161en\u00e1 masa a z\u00e1zraky z jednoho hrnce. Je tak\u00e9 ide\u00e1ln\u00ed pro pokrmy s rychlou p\u0159\u00edpravou, jako jsou nap\u0159\u00edklad om\u00e1\u010dka \u00e0 la vol\u00e9e na t\u011bstoviny nebo p\u0159\u00edlohov\u00e9 om\u00e1\u010dky.<br><\/p>\n\n\n\n<p class=\"has-text-align-center has-primary-color has-text-color\"> Ide\u00e1ln\u00ed na: zv\u00fdrazn\u011bn\u00ed chuti ve spojen\u00ed s jin\u00fdmi raj\u010datov\u00fdmi produkty.  <\/p>\n\n\n<div class=\"acf-related-recipes alignwide pb-8 \" data-vue-wrapper>\n      <slideshow :slides-per-view=\"3\" :navigation=\"true\" name=\"Related Recipes\">\n              <div class=\"swiper-slide\">\n          <div class=\"teaser--recipe text-center hover:zoom-img\">\n      <a href=\"https:\/\/mutti-parma.com\/cz\/recipes\/panenka-pecena-v-troube-s-rajcaty-medem-a-chilli\/\" class=\"relative block mb-4 max-w-96 mx-auto\" aria-hidden=\"true\" tabindex=\"-1\">\n      <div class=\"responsive-embed \" style=\"padding-bottom: 108.79765395894%;\">\n                <img decoding=\"async\" width=\"1920\" height=\"850\" src=\"https:\/\/mutti-parma.com\/app\/uploads\/sites\/25\/2020\/06\/thumb-740-recipe-cover-desktop.jpeg\" class=\"inline-block wp-image-1027\" alt=\"Panenka pe\u010den\u00e1 v troub\u011b s raj\u010daty, medem a chilli\" sizes=\"auto, (max-width: 600px) 72vw, 431px\" data-spai-crop=\"true\" title=\"Panenka pe\u010den\u00e1 v troub\u011b s raj\u010daty, medem a chilli\" srcset=\"https:\/\/mutti-parma.com\/app\/uploads\/sites\/25\/2020\/06\/thumb-740-recipe-cover-desktop.jpeg 1920w, https:\/\/mutti-parma.com\/app\/uploads\/sites\/25\/2020\/06\/thumb-740-recipe-cover-desktop-200x89.jpeg 200w, https:\/\/mutti-parma.com\/app\/uploads\/sites\/25\/2020\/06\/thumb-740-recipe-cover-desktop-500x221.jpeg 500w, https:\/\/mutti-parma.com\/app\/uploads\/sites\/25\/2020\/06\/thumb-740-recipe-cover-desktop-768x340.jpeg 768w, https:\/\/mutti-parma.com\/app\/uploads\/sites\/25\/2020\/06\/thumb-740-recipe-cover-desktop-1024x453.jpeg 1024w, https:\/\/mutti-parma.com\/app\/uploads\/sites\/25\/2020\/06\/thumb-740-recipe-cover-desktop-150x66.jpeg 150w, https:\/\/mutti-parma.com\/app\/uploads\/sites\/25\/2020\/06\/thumb-740-recipe-cover-desktop-600x266.jpeg 600w\" loading=\"lazy\" \/>\n      <\/div>\n\n          <\/a>\n  \n  \n      <a class=\"is-style-cursive heading block text-primary leading-none\" href=\"https:\/\/mutti-parma.com\/cz\/produkty\/dvojity-koncentrat\/\">\n      Doppio\n    <\/a>\n  \n  <a class=\"block my-4\" href=\"https:\/\/mutti-parma.com\/cz\/recipes\/panenka-pecena-v-troube-s-rajcaty-medem-a-chilli\/\">\n          <h3>Panenka pe\u010den\u00e1 v troub\u011b s raj\u010daty, medem a chilli<\/h3>\n      <\/a>\n\n  \n  <div class=\"flex items-center justify-center my-4\">\n    <div class=\"pt-2\">\n    <p class=\"flex flex-wrap items-end font-heavy uppercase text-primary leading-none justify-center\">\n      <img decoding=\"async\" alt=\"Difficulty\" class=\"w-10 md:w-12 mx-3 mb-2\" src=\"https:\/\/mutti-parma.com\/app\/themes\/mutti\/dist\/images\/icons\/mutti-product-icons-stove-top.svg?id=5f4b0df898a96e10ac63\" width=\"54\" height=\"18\" loading=\"lazy\">\n      <span class=\"mb-2\">\n        St\u0159edn\u011b t\u011b\u017ek\u00e9\n      <\/span>\n    <\/p>\n  <\/div>\n  <\/div>\n<\/div>\n        <\/div>\n              <div class=\"swiper-slide\">\n          <div class=\"teaser--recipe text-center hover:zoom-img\">\n      <a href=\"https:\/\/mutti-parma.com\/cz\/recipes\/losos-s-tymianovym-konfitem-krupavou-polentou-a-nasekanymi-rajcaty-s-bazalkou-a-cibuli\/\" class=\"relative block mb-4 max-w-96 mx-auto\" aria-hidden=\"true\" tabindex=\"-1\">\n      <div class=\"responsive-embed \" style=\"padding-bottom: 108.79765395894%;\">\n                <img decoding=\"async\" width=\"1920\" height=\"850\" src=\"https:\/\/mutti-parma.com\/app\/uploads\/sites\/25\/2020\/06\/thumb-763-recipe-cover-desktop-1.jpeg\" class=\"inline-block wp-image-1339\" alt=\"Losos s tymi\u00e1nov\u00fdm konfitem, k\u0159upavou polentou a nasekan\u00fdmi raj\u010daty s bazalkou a cibul\u00ed\" sizes=\"auto, (max-width: 600px) 72vw, 431px\" data-spai-crop=\"true\" title=\"Losos s tymi\u00e1nov\u00fdm konfitem, k\u0159upavou polentou a nasekan\u00fdmi raj\u010daty s bazalkou a cibul\u00ed\" srcset=\"https:\/\/mutti-parma.com\/app\/uploads\/sites\/25\/2020\/06\/thumb-763-recipe-cover-desktop-1.jpeg 1920w, https:\/\/mutti-parma.com\/app\/uploads\/sites\/25\/2020\/06\/thumb-763-recipe-cover-desktop-1-200x89.jpeg 200w, https:\/\/mutti-parma.com\/app\/uploads\/sites\/25\/2020\/06\/thumb-763-recipe-cover-desktop-1-500x221.jpeg 500w, https:\/\/mutti-parma.com\/app\/uploads\/sites\/25\/2020\/06\/thumb-763-recipe-cover-desktop-1-768x340.jpeg 768w, https:\/\/mutti-parma.com\/app\/uploads\/sites\/25\/2020\/06\/thumb-763-recipe-cover-desktop-1-1024x453.jpeg 1024w, https:\/\/mutti-parma.com\/app\/uploads\/sites\/25\/2020\/06\/thumb-763-recipe-cover-desktop-1-150x66.jpeg 150w, https:\/\/mutti-parma.com\/app\/uploads\/sites\/25\/2020\/06\/thumb-763-recipe-cover-desktop-1-600x266.jpeg 600w\" loading=\"lazy\" \/>\n      <\/div>\n\n          <\/a>\n  \n  \n      <a class=\"is-style-cursive heading block text-primary leading-none\" href=\"https:\/\/mutti-parma.com\/cz\/produkty\/dvojity-koncentrat\/\">\n      Doppio\n    <\/a>\n  \n  <a class=\"block my-4\" href=\"https:\/\/mutti-parma.com\/cz\/recipes\/losos-s-tymianovym-konfitem-krupavou-polentou-a-nasekanymi-rajcaty-s-bazalkou-a-cibuli\/\">\n          <h3>Losos s tymi\u00e1nov\u00fdm konfitem, k\u0159upavou polentou a nasekan\u00fdmi raj\u010daty s bazalkou a cibul\u00ed<\/h3>\n      <\/a>\n\n      <a class=\"block hover:no-underline text-black\" href=\"https:\/\/mutti-parma.com\/cz\/recipes\/losos-s-tymianovym-konfitem-krupavou-polentou-a-nasekanymi-rajcaty-s-bazalkou-a-cibuli\/\">\n      Pokud pot\u0159ebujete silnou a intenzivn\u00ed chu\u0165 raj\u010dat, je va\u0161\u00ed volbou pr\u00e1v\u011b raj\u010datov\u00e1 pasta. V\u00fdborn\u011b se hod\u00ed na zintenzivn\u011bn\u00ed chuti a textury raj\u010dat ve spojen\u00ed s na\u0161imi dal\u0161\u00edmi produkty.\n    <\/a>\n  \n  <div class=\"flex items-center justify-center my-4\">\n    <div class=\"-ml-2 mr-2 pr-4 border-primary border-r-2 pt-2\">\n    <p class=\"flex flex-wrap items-end font-heavy text-primary leading-none justify-center\">\n      <img decoding=\"async\" alt=\"Total time\" class=\"w-10 md:w-12 mx-3 mb-2\" src=\"https:\/\/mutti-parma.com\/app\/themes\/mutti\/dist\/images\/icons\/mutti-product-icons-reduced-cooking-time.svg?id=dc737ade6befaad1eaaf\" width=\"54\" height=\"26\" loading=\"lazy\">\n      <span class=\"mb-2\">\n        1h\n      <\/span>\n    <\/p>\n  <\/div>\n  <div class=\"pt-2\">\n    <p class=\"flex flex-wrap items-end font-heavy uppercase text-primary leading-none justify-center\">\n      <img decoding=\"async\" alt=\"Difficulty\" class=\"w-10 md:w-12 mx-3 mb-2\" src=\"https:\/\/mutti-parma.com\/app\/themes\/mutti\/dist\/images\/icons\/mutti-product-icons-stove-top.svg?id=5f4b0df898a96e10ac63\" width=\"54\" height=\"18\" loading=\"lazy\">\n      <span class=\"mb-2\">\n        Snadn\u00e9\n      <\/span>\n    <\/p>\n  <\/div>\n  <\/div>\n<\/div>\n        <\/div>\n              <div class=\"swiper-slide\">\n          <div class=\"teaser--recipe text-center hover:zoom-img\">\n      <a href=\"https:\/\/mutti-parma.com\/cz\/recipes\/polenta-s-korenenym-klobasovym-ragu\/\" class=\"relative block mb-4 max-w-96 mx-auto\" aria-hidden=\"true\" tabindex=\"-1\">\n      <div class=\"responsive-embed \" style=\"padding-bottom: 108.79765395894%;\">\n                <img decoding=\"async\" width=\"1920\" height=\"850\" src=\"https:\/\/mutti-parma.com\/app\/uploads\/sites\/25\/2020\/06\/thumb-1724-recipe-cover-desktop.jpeg\" class=\"inline-block wp-image-1001\" alt=\"Polenta s ko\u0159en\u011bn\u00fdm klob\u00e1sov\u00fdm rag\u00fa\" sizes=\"auto, (max-width: 600px) 72vw, 431px\" data-spai-crop=\"true\" title=\"Polenta s ko\u0159en\u011bn\u00fdm klob\u00e1sov\u00fdm rag\u00fa\" srcset=\"https:\/\/mutti-parma.com\/app\/uploads\/sites\/25\/2020\/06\/thumb-1724-recipe-cover-desktop.jpeg 1920w, https:\/\/mutti-parma.com\/app\/uploads\/sites\/25\/2020\/06\/thumb-1724-recipe-cover-desktop-200x89.jpeg 200w, https:\/\/mutti-parma.com\/app\/uploads\/sites\/25\/2020\/06\/thumb-1724-recipe-cover-desktop-500x221.jpeg 500w, https:\/\/mutti-parma.com\/app\/uploads\/sites\/25\/2020\/06\/thumb-1724-recipe-cover-desktop-768x340.jpeg 768w, https:\/\/mutti-parma.com\/app\/uploads\/sites\/25\/2020\/06\/thumb-1724-recipe-cover-desktop-1024x453.jpeg 1024w, https:\/\/mutti-parma.com\/app\/uploads\/sites\/25\/2020\/06\/thumb-1724-recipe-cover-desktop-150x66.jpeg 150w, https:\/\/mutti-parma.com\/app\/uploads\/sites\/25\/2020\/06\/thumb-1724-recipe-cover-desktop-600x266.jpeg 600w\" loading=\"lazy\" \/>\n      <\/div>\n\n          <\/a>\n  \n  \n      <a class=\"is-style-cursive heading block text-primary leading-none\" href=\"https:\/\/mutti-parma.com\/cz\/produkty\/dvojity-koncentrat\/\">\n      Doppio\n    <\/a>\n  \n  <a class=\"block my-4\" href=\"https:\/\/mutti-parma.com\/cz\/recipes\/polenta-s-korenenym-klobasovym-ragu\/\">\n          <h3>Polenta s ko\u0159en\u011bn\u00fdm klob\u00e1sov\u00fdm rag\u00fa<\/h3>\n      <\/a>\n\n      <a class=\"block hover:no-underline text-black\" href=\"https:\/\/mutti-parma.com\/cz\/recipes\/polenta-s-korenenym-klobasovym-ragu\/\">\n      Toto bohat\u00e9 rag\u00fa (nebo om\u00e1\u010dka) z\u00edsk\u00e1v\u00e1 sv\u00e9 umami ze sladk\u00e9 mrkve, cibule a p\u0159\u00edjemn\u011b ostr\u00e9ho fenyklu. Jeho hlubok\u00e9 chuti odleh\u010d\u00ed dva druhy konzervovan\u00fdch raj\u010dat, kter\u00e9 spole\u010dn\u011b vytv\u00e1\u0159ej\u00ed rovnov\u00e1hu a hloubku. I kdy\u017e m\u00e1 tento recept po\u0159\u00e1dn\u011b pikantn\u00ed \u0159\u00edz, m\u016f\u017eete jej zjemnit tak, \u017ee pou\u017eijete polovinu pikantn\u00ed klob\u00e1sy a polovinu sladk\u00e9 italsk\u00e9 klob\u00e1sy (nebo pouze sladkou\n    <\/a>\n  \n  <div class=\"flex items-center justify-center my-4\">\n    <div class=\"-ml-2 mr-2 pr-4 border-primary border-r-2 pt-2\">\n    <p class=\"flex flex-wrap items-end font-heavy text-primary leading-none justify-center\">\n      <img decoding=\"async\" alt=\"Total time\" class=\"w-10 md:w-12 mx-3 mb-2\" src=\"https:\/\/mutti-parma.com\/app\/themes\/mutti\/dist\/images\/icons\/mutti-product-icons-reduced-cooking-time.svg?id=dc737ade6befaad1eaaf\" width=\"54\" height=\"26\" loading=\"lazy\">\n      <span class=\"mb-2\">\n        40&nbsp;min\n      <\/span>\n    <\/p>\n  <\/div>\n  <div class=\"pt-2\">\n    <p class=\"flex flex-wrap items-end font-heavy uppercase text-primary leading-none justify-center\">\n      <img decoding=\"async\" alt=\"Difficulty\" class=\"w-10 md:w-12 mx-3 mb-2\" src=\"https:\/\/mutti-parma.com\/app\/themes\/mutti\/dist\/images\/icons\/mutti-product-icons-stove-top.svg?id=5f4b0df898a96e10ac63\" width=\"54\" height=\"18\" loading=\"lazy\">\n      <span class=\"mb-2\">\n        St\u0159edn\u011b t\u011b\u017ek\u00e9\n      <\/span>\n    <\/p>\n  <\/div>\n  <\/div>\n<\/div>\n        <\/div>\n              <div class=\"swiper-slide\">\n          <div class=\"teaser--recipe text-center hover:zoom-img\">\n      <a href=\"https:\/\/mutti-parma.com\/cz\/recipes\/marinara-fettuccini\/\" class=\"relative block mb-4 max-w-96 mx-auto\" aria-hidden=\"true\" tabindex=\"-1\">\n      <div class=\"responsive-embed \" style=\"padding-bottom: 108.79765395894%;\">\n                <img decoding=\"async\" width=\"1064\" height=\"1600\" src=\"https:\/\/mutti-parma.com\/app\/uploads\/sites\/25\/2020\/03\/image1-2.jpg\" class=\"inline-block wp-image-762\" alt=\"Marinara fettuccini\" sizes=\"auto, (max-width: 600px) 72vw, 431px\" data-spai-crop=\"true\" title=\"Marinara fettuccini\" srcset=\"https:\/\/mutti-parma.com\/app\/uploads\/sites\/25\/2020\/03\/image1-2.jpg 1064w, https:\/\/mutti-parma.com\/app\/uploads\/sites\/25\/2020\/03\/image1-2-133x200.jpg 133w, https:\/\/mutti-parma.com\/app\/uploads\/sites\/25\/2020\/03\/image1-2-333x500.jpg 333w, https:\/\/mutti-parma.com\/app\/uploads\/sites\/25\/2020\/03\/image1-2-768x1155.jpg 768w, https:\/\/mutti-parma.com\/app\/uploads\/sites\/25\/2020\/03\/image1-2-681x1024.jpg 681w, https:\/\/mutti-parma.com\/app\/uploads\/sites\/25\/2020\/03\/image1-2-150x226.jpg 150w, https:\/\/mutti-parma.com\/app\/uploads\/sites\/25\/2020\/03\/image1-2-600x902.jpg 600w\" loading=\"lazy\" \/>\n      <\/div>\n\n          <\/a>\n  \n  \n      <a class=\"is-style-cursive heading block text-primary leading-none\" href=\"https:\/\/mutti-parma.com\/cz\/produkty\/polpa\/\">\n      Polpa\n    <\/a>\n  \n  <a class=\"block my-4\" href=\"https:\/\/mutti-parma.com\/cz\/recipes\/marinara-fettuccini\/\">\n          <h3>Marinara fettuccini<\/h3>\n      <\/a>\n\n      <a class=\"block hover:no-underline text-black\" href=\"https:\/\/mutti-parma.com\/cz\/recipes\/marinara-fettuccini\/\">\n      Uspo\u0159\u00e1dejte doma hostinu plnou st\u0159edomo\u0159sk\u00fdch chut\u00ed! Recept na fettuccini s&nbsp;mo\u0159sk\u00fdmi plody o\u017eiv\u00ed va\u0161e vzpom\u00ednky na posledn\u00ed dovolenou u mo\u0159e a va\u0161i host\u00e9 jen t\u011b\u017eko uv\u011b\u0159\u00ed, \u017ee pro n\u011b pr\u00e1v\u011b neva\u0159il italsk\u00fd \u0161\u00e9fkucha\u0159!\n    <\/a>\n  \n  <div class=\"flex items-center justify-center my-4\">\n    <div class=\"-ml-2 mr-2 pr-4 border-primary  pt-2\">\n    <p class=\"flex flex-wrap items-end font-heavy text-primary leading-none justify-center\">\n      <img decoding=\"async\" alt=\"Total time\" class=\"w-10 md:w-12 mx-3 mb-2\" src=\"https:\/\/mutti-parma.com\/app\/themes\/mutti\/dist\/images\/icons\/mutti-product-icons-reduced-cooking-time.svg?id=dc737ade6befaad1eaaf\" width=\"54\" height=\"26\" loading=\"lazy\">\n      <span class=\"mb-2\">\n        30&nbsp;min\n      <\/span>\n    <\/p>\n  <\/div>\n  <\/div>\n<\/div>\n        <\/div>\n              <div class=\"swiper-slide\">\n          <div class=\"teaser--recipe text-center hover:zoom-img\">\n      <a href=\"https:\/\/mutti-parma.com\/cz\/recipes\/veprova-plec-na-rajcatech\/\" class=\"relative block mb-4 max-w-96 mx-auto\" aria-hidden=\"true\" tabindex=\"-1\">\n      <div class=\"responsive-embed \" style=\"padding-bottom: 108.79765395894%;\">\n                <img decoding=\"async\" width=\"641\" height=\"362\" src=\"https:\/\/mutti-parma.com\/app\/uploads\/sites\/25\/2020\/03\/screenshot-2020-03-30-at-12.46.35.png\" class=\"inline-block wp-image-738\" alt=\"Vep\u0159ov\u00e1 plec na raj\u010datech\" sizes=\"auto, (max-width: 600px) 72vw, 431px\" data-spai-crop=\"true\" title=\"Vep\u0159ov\u00e1 plec na raj\u010datech\" srcset=\"https:\/\/mutti-parma.com\/app\/uploads\/sites\/25\/2020\/03\/screenshot-2020-03-30-at-12.46.35.png 641w, https:\/\/mutti-parma.com\/app\/uploads\/sites\/25\/2020\/03\/screenshot-2020-03-30-at-12.46.35-200x113.png 200w, https:\/\/mutti-parma.com\/app\/uploads\/sites\/25\/2020\/03\/screenshot-2020-03-30-at-12.46.35-500x282.png 500w, https:\/\/mutti-parma.com\/app\/uploads\/sites\/25\/2020\/03\/screenshot-2020-03-30-at-12.46.35-150x85.png 150w, https:\/\/mutti-parma.com\/app\/uploads\/sites\/25\/2020\/03\/screenshot-2020-03-30-at-12.46.35-600x339.png 600w\" loading=\"lazy\" \/>\n      <\/div>\n\n          <\/a>\n  \n  \n      <a class=\"is-style-cursive heading block text-primary leading-none\" href=\"https:\/\/mutti-parma.com\/cz\/produkty\/dvojity-koncentrat\/\">\n      Doppio\n    <\/a>\n  \n  <a class=\"block my-4\" href=\"https:\/\/mutti-parma.com\/cz\/recipes\/veprova-plec-na-rajcatech\/\">\n          <h3>Vep\u0159ov\u00e1 plec na raj\u010datech<\/h3>\n      <\/a>\n\n      <a class=\"block hover:no-underline text-black\" href=\"https:\/\/mutti-parma.com\/cz\/recipes\/veprova-plec-na-rajcatech\/\">\n      P\u0159ipravte se na zcela nov\u00fd po\u017eitek z&nbsp;vep\u0159ov\u00e9ho. \u0160\u0165avnat\u00e1 raj\u010data vyzdvihnou v\u00fdjime\u010dn\u00e9 vlastnosti masa a samotn\u00fd recept v\u00e1s p\u0159ekvap\u00ed svou jednoduchost\u00ed. Rozpalte plotnu, jde se na v\u011bc!\n    <\/a>\n  \n  <div class=\"flex items-center justify-center my-4\">\n    <div class=\"-ml-2 mr-2 pr-4 border-primary  pt-2\">\n    <p class=\"flex flex-wrap items-end font-heavy text-primary leading-none justify-center\">\n      <img decoding=\"async\" alt=\"Total time\" class=\"w-10 md:w-12 mx-3 mb-2\" src=\"https:\/\/mutti-parma.com\/app\/themes\/mutti\/dist\/images\/icons\/mutti-product-icons-reduced-cooking-time.svg?id=dc737ade6befaad1eaaf\" width=\"54\" height=\"26\" loading=\"lazy\">\n      <span class=\"mb-2\">\n        1h 30&nbsp;min\n      <\/span>\n    <\/p>\n  <\/div>\n  <\/div>\n<\/div>\n        <\/div>\n              <div class=\"swiper-slide\">\n          <div class=\"teaser--recipe text-center hover:zoom-img\">\n      <a href=\"https:\/\/mutti-parma.com\/cz\/recipes\/teleci-jatra-v-rajcatove-stave\/\" class=\"relative block mb-4 max-w-96 mx-auto\" aria-hidden=\"true\" tabindex=\"-1\">\n      <div class=\"responsive-embed \" style=\"padding-bottom: 108.79765395894%;\">\n                <img decoding=\"async\" width=\"631\" height=\"353\" src=\"https:\/\/mutti-parma.com\/app\/uploads\/sites\/25\/2020\/03\/screenshot-2020-03-30-at-12.35.58.png\" class=\"inline-block wp-image-734\" alt=\"Telec\u00ed j\u00e1tra v\u00a0raj\u010datov\u00e9 \u0161\u0165\u00e1v\u011b\" sizes=\"auto, (max-width: 600px) 72vw, 431px\" data-spai-crop=\"true\" title=\"Telec\u00ed j\u00e1tra v\u00a0raj\u010datov\u00e9 \u0161\u0165\u00e1v\u011b\" srcset=\"https:\/\/mutti-parma.com\/app\/uploads\/sites\/25\/2020\/03\/screenshot-2020-03-30-at-12.35.58.png 631w, https:\/\/mutti-parma.com\/app\/uploads\/sites\/25\/2020\/03\/screenshot-2020-03-30-at-12.35.58-200x112.png 200w, https:\/\/mutti-parma.com\/app\/uploads\/sites\/25\/2020\/03\/screenshot-2020-03-30-at-12.35.58-500x280.png 500w, https:\/\/mutti-parma.com\/app\/uploads\/sites\/25\/2020\/03\/screenshot-2020-03-30-at-12.35.58-150x84.png 150w, https:\/\/mutti-parma.com\/app\/uploads\/sites\/25\/2020\/03\/screenshot-2020-03-30-at-12.35.58-600x336.png 600w\" loading=\"lazy\" \/>\n      <\/div>\n\n          <\/a>\n  \n  \n      <a class=\"is-style-cursive heading block text-primary leading-none\" href=\"https:\/\/mutti-parma.com\/cz\/produkty\/dvojity-koncentrat\/\">\n      Doppio\n    <\/a>\n  \n  <a class=\"block my-4\" href=\"https:\/\/mutti-parma.com\/cz\/recipes\/teleci-jatra-v-rajcatove-stave\/\">\n          <h3>Telec\u00ed j\u00e1tra v\u00a0raj\u010datov\u00e9 \u0161\u0165\u00e1v\u011b<\/h3>\n      <\/a>\n\n      <a class=\"block hover:no-underline text-black\" href=\"https:\/\/mutti-parma.com\/cz\/recipes\/teleci-jatra-v-rajcatove-stave\/\">\n      J\u00e1tra pat\u0159\u00ed k nejv\u011bt\u0161\u00edm delikates\u00e1m, ale pozor! Ne ka\u017ed\u00fd recept jejich nezam\u011bnitelnou chu\u0165 dok\u00e1\u017ee podtrhnout tak, aby z nich u\u010dinil opravdovou pochoutku. V tomto p\u0159\u00edpad\u011b si ale opravdu pochutn\u00e1te. Jste p\u0159ipraveni za\u010d\u00edt?\n    <\/a>\n  \n  <div class=\"flex items-center justify-center my-4\">\n    <div class=\"-ml-2 mr-2 pr-4 border-primary  pt-2\">\n    <p class=\"flex flex-wrap items-end font-heavy text-primary leading-none justify-center\">\n      <img decoding=\"async\" alt=\"Total time\" class=\"w-10 md:w-12 mx-3 mb-2\" src=\"https:\/\/mutti-parma.com\/app\/themes\/mutti\/dist\/images\/icons\/mutti-product-icons-reduced-cooking-time.svg?id=dc737ade6befaad1eaaf\" width=\"54\" height=\"26\" loading=\"lazy\">\n      <span class=\"mb-2\">\n        20&nbsp;min\n      <\/span>\n    <\/p>\n  <\/div>\n  <\/div>\n<\/div>\n        <\/div>\n          <\/slideshow>\n  \n  <hr class=\"alignwide wp-block-separator\">\n\n      <p class=\"text-center\">\n      <a class=\"h3 underline\" href=\"https:\/\/mutti-parma.com\/cz\/recipes\/\">Objevte v\u0161echny na\u0161e b\u00e1je\u010dn\u00e9 recepty<\/a>\n    <\/p>\n  <\/div>\n\n\n<div class=\"acf-related-products mb-8 lg:mb-16 \" data-vue-wrapper>\n      <h3 class=\"text-center\">dal\u0161\u00ed produkty v produktov\u00e9 \u0159ad\u011b\r\n<\/h3>\n  \n      <slideshow :slides-per-view=\"3\" :navigation=\"true\" class=\"mx-8 lg:-mx-12\" name=\"Related Products\">\n              <div class=\"swiper-slide\">\n          <div class=\"text-center hover:lift-img mx-auto max-w-28\">\n      <a href=\"https:\/\/mutti-parma.com\/cz\/produkty\/dvojity-koncentrat\/\" class=\"block\">\n            <div class=\"responsive-embed is-contain\" style=\"padding-bottom: 188.23529411765%;\"><img decoding=\"async\" width=\"969\" height=\"3000\" src=\"https:\/\/mutti-parma.com\/app\/uploads\/sites\/25\/2020\/02\/dcp-130g-hires-cz.png\" class=\"inline-block mt-2 wp-image-122\" alt=\"Doppio\" sizes=\"auto, 126px\" data-spai-crop=\"false\" title=\"Doppio\" srcset=\"https:\/\/mutti-parma.com\/app\/uploads\/sites\/25\/2020\/02\/dcp-130g-hires-cz.png 969w, https:\/\/mutti-parma.com\/app\/uploads\/sites\/25\/2020\/02\/dcp-130g-hires-cz-65x200.png 65w, https:\/\/mutti-parma.com\/app\/uploads\/sites\/25\/2020\/02\/dcp-130g-hires-cz-768x2378.png 768w, https:\/\/mutti-parma.com\/app\/uploads\/sites\/25\/2020\/02\/dcp-130g-hires-cz-331x1024.png 331w, https:\/\/mutti-parma.com\/app\/uploads\/sites\/25\/2020\/02\/dcp-130g-hires-cz-150x464.png 150w, https:\/\/mutti-parma.com\/app\/uploads\/sites\/25\/2020\/02\/dcp-130g-hires-cz-600x1858.png 600w\" loading=\"lazy\" \/><\/div>\n    <\/a>\n  \n  <a class=\"block underline mb-2 mt-2\" href=\"https:\/\/mutti-parma.com\/cz\/produkty\/dvojity-koncentrat\/\">\n    <h3 class=\"h4\">Doppio<\/h3>\n  <\/a>\n\n      <a class=\"block hover:no-underline text-inherit\" href=\"https:\/\/mutti-parma.com\/cz\/produkty\/dvojity-koncentrat\/\">\n      Raj\u010datov\u00e1 pasta \u2013 dvojit\u00fd koncentr\u00e1t\n    <\/a>\n  <\/div>\n        <\/div>\n          <\/slideshow>\n  <\/div>\n\n\n","protected":false},"excerpt":{"rendered":"<p>Nyn\u00ed ji\u017e zn\u00e1te na\u0161e produkty a je \u010das si u\u017e\u00edt va\u0159en\u00ed \u2026 pou\u017eit\u00ed Koncentr\u00e1t ve sv\u00fdch r\u016fzn\u00fdch verz\u00edch dod\u00e1 va\u0161im pokrm\u016fm n\u00e1dhernou barvu, skv\u011blou chu\u0165 a delik\u00e1tn\u00ed texturu. Zvl\u00e1\u0161t\u011b se hod\u00ed pro pokrmy, kter\u00e9 vy\u017eaduj\u00ed velmi dlouhou dobu p\u0159\u00edpravy, jako jsou rag\u00fa, du\u0161en\u00e1 masa a z\u00e1zraky z jednoho hrnce. Je tak\u00e9 ide\u00e1ln\u00ed pro pokrmy s<\/p>\n","protected":false},"featured_media":548,"comment_status":"open","ping_status":"closed","template":"","product_category":[54],"class_list":["post-451","product","type-product","status-publish","has-post-thumbnail","hentry","product_category-product-category-46"],"acf":[],"_links":{"self":[{"href":"https:\/\/mutti-parma.com\/cz\/wp-json\/wp\/v2\/product\/451","targetHints":{"allow":["GET"]}}],"collection":[{"href":"https:\/\/mutti-parma.com\/cz\/wp-json\/wp\/v2\/product"}],"about":[{"href":"https:\/\/mutti-parma.com\/cz\/wp-json\/wp\/v2\/types\/product"}],"replies":[{"embeddable":true,"href":"https:\/\/mutti-parma.com\/cz\/wp-json\/wp\/v2\/comments?post=451"}],"version-history":[{"count":19,"href":"https:\/\/mutti-parma.com\/cz\/wp-json\/wp\/v2\/product\/451\/revisions"}],"predecessor-version":[{"id":1887,"href":"https:\/\/mutti-parma.com\/cz\/wp-json\/wp\/v2\/product\/451\/revisions\/1887"}],"wp:featuredmedia":[{"embeddable":true,"href":"https:\/\/mutti-parma.com\/cz\/wp-json\/wp\/v2\/media\/548"}],"wp:attachment":[{"href":"https:\/\/mutti-parma.com\/cz\/wp-json\/wp\/v2\/media?parent=451"}],"wp:term":[{"taxonomy":"product_category","embeddable":true,"href":"https:\/\/mutti-parma.com\/cz\/wp-json\/wp\/v2\/product_category?post=451"}],"curies":[{"name":"wp","href":"https:\/\/api.w.org\/{rel}","templated":true}]}}