{"id":18256,"date":"2023-02-07T07:24:55","date_gmt":"2023-02-07T07:24:55","guid":{"rendered":"https:\/\/mutti-parma.com\/fr\/?page_id=18256"},"modified":"2025-07-14T13:49:08","modified_gmt":"2025-07-14T13:49:08","slug":"durabilite","status":"publish","type":"page","link":"https:\/\/mutti-parma.com\/fr\/durabilite\/","title":{"rendered":"Durabilit\u00e9"},"content":{"rendered":"\n<div class=\"wp-block-cover alignfull mb-0\"><img loading=\"lazy\" decoding=\"async\" class=\"wp-block-cover__image-background wp-image-6755\" alt=\"\" src=\"https:\/\/mutti-parma.com\/app\/uploads\/2021\/08\/1-canvas-desktop.jpg\" data-object-fit=\"cover\" \/><span aria-hidden=\"true\" class=\"wp-block-cover__background has-background-dim-0 has-background-dim\"><\/span><div class=\"wp-block-cover__inner-container is-layout-flow wp-block-cover-is-layout-flow\">\n<h1 class=\"wp-block-heading has-text-align-center\"><strong>Ce qui vient de la terre est pr\u00e9cieux<\/strong><\/h1>\n\n\n\n<p class=\"has-text-align-center is-style-cursive mb-0 has-xxl-font-size\">\u00ab\u00a0<em>Dans nos conserves de tomates, je veux qu\u2019il y ait une dose suppl\u00e9mentaire d\u2019intelligenc<\/em>e\u00a0\u00bb<\/p>\n\n\n\n<p class=\"has-text-align-center is-style-default mt-0 uppercase\"><br><strong>Francesco Mutti<\/strong><\/p>\n<\/div><\/div>\n\n\n\n<div class=\"wp-block-group alignfull mb-0 mt-0 has-beige-background-color has-background is-layout-flow wp-block-group-is-layout-flow\">\n<p class=\"has-text-align-center\">Chez Mutti, nous reconnaissons l\u2019importance de la Terre : elle n\u00e9cessite de l\u2019engagement, de la sensibilit\u00e9 et une vision long terme afin de vous proposer des produits d\u2019une grande qualit\u00e9. Un instinct naturel que nous avons transform\u00e9 en un suivi pr\u00e9cis, et d\u00e9di\u00e9, pour mieux comprendre et am\u00e9liorer notre impact sur les ressources que la Terre nous fournit.&nbsp;<\/p>\n\n\n\n<p class=\"has-text-align-center\">En commen\u00e7ant par ce qui est proche de nous, nous avons cr\u00e9\u00e9 une strat\u00e9gie de durabilit\u00e9 environnementale qui nous fait regarder vers l\u2019avenir. C\u2019est un parcours auquel nous voulons participer, pour aller toujours plus loin.&nbsp;<\/p>\n\n\n\n<p class=\"has-text-align-center\">Pour nous am\u00e9liorer, tous ensemble, et ainsi cr\u00e9er de la valeur pour chacun.&nbsp;<\/p>\n\n\n\n<figure class=\"wp-block-embed is-type-video is-provider-youtube wp-block-embed-youtube wp-embed-aspect-16-9 wp-has-aspect-ratio\"><div class=\"wp-block-embed__wrapper\">\n<iframe loading=\"lazy\" title=\"FROM THE EARTH\u2026 TO THE EARTH\" width=\"500\" height=\"281\" data-cookieconsent=\"marketing\" data-src=\"\/\/www.youtube-nocookie.com\/embed\/zRVy7wSE3b8?rel=0&#038;modestbranding=1&#038;enablejsapi=1&#038;feature=oembed&#038;width=500&#038;height=750\" frameborder=\"0\" allow=\"accelerometer; autoplay; clipboard-write; encrypted-media; gyroscope; picture-in-picture; web-share\" referrerpolicy=\"strict-origin-when-cross-origin\" allowfullscreen><\/iframe><div class=\"cookieconsent-embed-approval\">\n  <p>To watch this video you need to approve marketing cookies so we can use YouTube.<\/p>\n  <button class=\"btn btn-renew-cookie-consent\">\n    Manage Settings\n  <\/button>\n<\/div>\n\n<\/div><\/figure>\n<\/div>\n\n\n\n<div class=\"wp-block-cover alignfull is-light has-custom-content-position is-position-top-center mb-0 mt-0 is-style-default\"><img loading=\"lazy\" decoding=\"async\" class=\"wp-block-cover__image-background wp-image-6756\" alt=\"\" src=\"https:\/\/mutti-parma.com\/app\/uploads\/2021\/08\/2-background-desktop.jpg\" style=\"object-position:53% 100%\" data-object-fit=\"cover\" data-object-position=\"53% 100%\" data-spai-crop=\"false\" \/><span aria-hidden=\"true\" class=\"wp-block-cover__background has-background-dim-0 has-background-dim\"><\/span><div class=\"wp-block-cover__inner-container is-layout-flow wp-block-cover-is-layout-flow\">\n<h2 class=\"wp-block-heading has-primary-color has-text-color\"><strong><em>Notre rapport sur le d\u00e9veloppement durable<\/em><\/strong><\/h2>\n\n\n\n<div class=\"wp-block-buttons is-horizontal is-content-justification-center is-layout-flex wp-container-core-buttons-is-layout-499968f5 wp-block-buttons-is-layout-flex\">\n<div class=\"wp-block-button is-style-button\"><a class=\"wp-block-button__link wp-element-button\" href=\"https:\/\/mutti-parma.com\/app\/uploads\/2025\/07\/mutti-sustainability-report-2024.pdf\" target=\"_blank\" rel=\"noreferrer noopener\">Lire le rapport complet 2024<\/a><\/div>\n<\/div>\n\n\n\n<details class=\"wp-block-details aligncenter is-style-button is-layout-flow wp-block-details-is-layout-flow\"><summary>ARCHIVE<\/summary>\n<p class=\"has-text-align-center has-pitchblack-color has-text-color has-link-color wp-elements-05a7b108c27b33a74e0a31a345c2fa3f\"><a href=\"https:\/\/mutti-parma.com\/app\/uploads\/2024\/08\/sustainability-report-2023-v4.pdf\" target=\"_blank\" rel=\"noreferrer noopener\">2023<\/a><\/p>\n\n\n\n<p class=\"has-text-align-center has-pitchblack-color has-text-color has-link-color wp-elements-983166e9408169104ebe429d4d738524\"><a href=\"https:\/\/mutti-parma.com\/app\/uploads\/2023\/11\/environmental-report-2022.pdf\" target=\"_blank\" rel=\"noreferrer noopener\">2022<\/a><\/p>\n\n\n\n<p class=\"has-text-align-center has-pitchblack-color has-text-color has-link-color wp-elements-05c0127f47b72d5bb2c77a3a63beff53\"><a href=\"https:\/\/mutti-parma.com\/app\/uploads\/2022\/11\/environmental-sustainability-report-2021-eng-def-4mb-1.pdf\" target=\"_blank\" rel=\"noreferrer noopener\">2021<\/a><\/p>\n\n\n\n<p class=\"has-text-align-center has-pitchblack-color has-text-color has-link-color wp-elements-352a5ebecb4f0e449eb634c090ae82ab\"><a href=\"https:\/\/mutti-parma.com\/app\/uploads\/2021\/10\/mutti-environmental-report-2020-0710-lowres.pdf\">2020<\/a><\/p>\n<\/details>\n\n\n<div\n  class=\"\n    mutti-slideshow\n    sm-only:alignfull\n    alignwide\n    \n  \"\n    data-vue-wrapper>\n  <slideshow\n    :pagination=\"true\"\n    :navigation=\"true\"\n    class=\"lg:-mx-8\"\n\n          :slides-per-view=\"1\"\n      :slides-per-view-md=\"1\"\n      :slides-per-view-sm=\"1\"\n                :options='{&quot;autoplay&quot;:false,&quot;loop&quot;:false,&quot;autoHeight&quot;:true,&quot;spaceBetween&quot;:60}'\n    :template-classes='{\"navigationGutter\":\"mx-8\",\"navigationPrevButton\":\"fa-solid fa-chevron-left text-2xl md:text-3xl has-white-color\",\"navigationNextButton\":\"fa-solid fa-chevron-right text-2xl md:text-3xl has-white-color\"}'\n  >\n    \n<div class=\"swiper-slide wp-block-mutti-slide\">\n    \n\n<div class=\"wp-block-group has-beige-background-color has-background is-layout-flow wp-block-group-is-layout-flow\">\n<h2 class=\"wp-block-heading has-primary-color has-text-color\">UN REGARD VERS L\u2019AVENIR<\/h2>\n\n\n\n<p class=\"has-text-align-center has-black-color has-text-color\">Pour progresser, il faut des bases solides : surveiller et am\u00e9liorer sont les ma\u00eetres-mots qui correspondent \u00e0 notre fa\u00e7on de faire, \u00e0 la d\u00e9finition d\u2019actions cibl\u00e9es visant \u00e0 r\u00e9duire notre emprunte sur la nature. Nous devons notre succ\u00e8s \u00e0 la nature et nous voulons lui rendre. En ce sens, le rapport environnemental est un pas vers un objectif toujours plus ambitieux : la r\u00e9g\u00e9n\u00e9ration des ressources qui nous entourent, car le v\u00e9ritable bien-\u00eatre est celui de tout l\u2019\u00e9cosyst\u00e8me<\/p>\n<\/div>\n\n\n\n<p class=\"has-text-align-center is-style-cursive\">\u00ab\u00a0Mutti repr\u00e9sente une cha\u00eene alimentaire, r\u00e9g\u00e9n\u00e9ratrice \u00ab\u00a0par excellence\u00a0\u00bb. Gr\u00e2ce \u00e0 son r\u00f4le reconnu d&rsquo;entreprise durable, elle peut \u00eatre un centre d&rsquo;agr\u00e9gation pour les entreprises du secteur agroalimentaire. Elle peut vraiment changer les r\u00e8gles du jeu.\u00a0\u00bb<\/p>\n\n\n\n<p class=\"has-text-align-center uppercase mb-0 has-base-font-size\"><strong><span class=\"has-inline-color has-primary-color\">Andrea Illy<\/span><\/strong><\/p>\n\n\n\n<p class=\"has-text-align-center uppercase mt-0 has-sm-font-size\">Pr\u00e9sidente de la fondation Regeneration Society<\/p>\n\n\n  <\/div>\n\n\n<div class=\"swiper-slide wp-block-mutti-slide\">\n    \n\n<div class=\"wp-block-group has-beige-background-color has-background is-layout-flow wp-block-group-is-layout-flow\">\n<h2 class=\"wp-block-heading has-primary-color has-text-color\">FAIRE PARTIE DE L\u2019UNIVERS MUTTI<\/h2>\n\n\n\n<p class=\"has-text-align-center has-black-color has-text-color\">Nous avons toujours pens\u00e9 que la meilleure mani\u00e8re d\u2019obtenir des r\u00e9sultats significatifs est d\u2019agir comme un v\u00e9ritable syst\u00e8me, o\u00f9 chaque composant peut croire, contribuer et, surtout, b\u00e9n\u00e9ficier d\u2019un chemin commun. Ce n\u2019est qu\u2019\u00e0 travers ce sentiment partag\u00e9 que nous, vous et tous ceux qui souhaitent faire partie de cet univers Mutti, pouvons r\u00e9g\u00e9n\u00e9rer la plan\u00e8te, renforcer ses racines et assurer la durabilit\u00e9 pour de bon.<\/p>\n<\/div>\n\n\n\n<p class=\"has-text-align-center is-style-cursive\">\u00ab\u00a0Le principal sentiment qui me vient \u00e0 l&rsquo;esprit lorsque je pense \u00e0 la collaboration avec Mutti ? La fiert\u00e9. D&rsquo;avoir men\u00e9 \u00e0 bien une collaboration qui vise \u00e0 d\u00e9velopper une approche plus durable de la culture et aussi \u00e0 former davantage les agriculteurs.\u00a0\u00bb<\/p>\n\n\n\n<p class=\"has-text-align-center uppercase mb-0 has-base-font-size\"><strong><span class=\"has-inline-color has-primary-color\">PIERLUIGI MERIGGI<\/span><\/strong><\/p>\n\n\n\n<p class=\"has-text-align-center uppercase mt-0 has-sm-font-size\">pr\u00e9sident de Horta<\/p>\n\n\n  <\/div>\n\n\n<div class=\"swiper-slide wp-block-mutti-slide\">\n    \n\n<div class=\"wp-block-group has-beige-background-color has-background is-layout-flow wp-block-group-is-layout-flow\">\n<h2 class=\"wp-block-heading has-primary-color has-text-color\">NOTRE FA\u00c7ON DE FAIRE<\/h2>\n\n\n\n<p class=\"has-text-align-center has-black-color has-text-color\">Chaque tomate Mutti a son propre cycle de vie qui n\u00e9cessite des ressources. Avec le rapport environnemental, nous avons choisi et mis en \u0153uvre un mod\u00e8le qui int\u00e8gre l\u2019environnement, la s\u00e9curit\u00e9 et la responsabilit\u00e9 sociale pour contr\u00f4ler la consommation d\u2019eau, d\u2019\u00e9nergie, les \u00e9missions, l\u2019impact sur le sol et la production de d\u00e9chets. Une enqu\u00eate qui dure depuis des ann\u00e9es et qui nous a d\u00e9j\u00e0 permis de prendre des mesures correctives. Mais il ne s\u2019agit pas que de cela : le rapport est un aper\u00e7u de notre mani\u00e8re de faire les choses afin de dessiner la future strat\u00e9gie de durabilit\u00e9.<\/p>\n<\/div>\n\n\n\n<p class=\"has-text-align-center is-style-cursive\">\u00ab\u00a0Le projet d\u00e9velopp\u00e9 ensemble est l&rsquo;un des exemples vertueux les plus pertinents impliquant une organisation environnementale, une entreprise, le monde universitaire et de la recherche. Parce que la voie de la durabilit\u00e9 doit \u00eatre multipartenaires.\u00a0\u00bb<\/p>\n\n\n\n<p class=\"has-text-align-center uppercase mb-0 has-base-font-size\"><strong><span class=\"has-inline-color has-primary-color\">Eva Alessi<\/span><\/strong><\/p>\n\n\n\n<p class=\"has-text-align-center uppercase mt-0 has-sm-font-size\">Responsable de la consommation durable et des ressources naturelles WWF<\/p>\n\n\n  <\/div>\n\n\n  <\/slideshow>\n<\/div>\n<\/div><\/div>\n\n\n\n<ul class=\"wp-block-list\">\n<li><\/li>\n<\/ul>\n\n\n\n<div class=\"wp-block-group alignfull mb-0 mt-0 has-beige-background-color has-background is-layout-flow wp-block-group-is-layout-flow\">\n<h2 class=\"wp-block-heading has-text-align-center has-primary-color has-text-color\"><strong><em>Un engagement de longue date\u2026<\/em><\/strong><\/h2>\n\n\n\n<p class=\"has-text-align-center has-black-color has-text-color\">Saviez-vous que 100g de tomates pel\u00e9es Mutti contiennent 22 kilocalories ? C\u2019est peu ! Mais quelle quantit\u00e9 d\u2019\u00e9nergie est n\u00e9cessaire pour la production ? Nous nous sommes \u00e9galement pos\u00e9 cette question. Depuis des ann\u00e9es, nous surveillons notre impact \u00e9nerg\u00e9tique et nous nous sommes engag\u00e9s \u00e0 le r\u00e9duire, mais ce n\u2019est pas tout\u2026<\/p>\n\n\n\n<div class=\"wp-block-columns is-style-default is-layout-flex wp-container-core-columns-is-layout-9d6595d7 wp-block-columns-is-layout-flex\">\n<div class=\"wp-block-column lg:mr-16 is-layout-flow wp-block-column-is-layout-flow\" style=\"flex-basis:30%\">\n<figure class=\"wp-block-image aligncenter size-large is-resized mb-0\"><img loading=\"lazy\" decoding=\"async\" src=\"https:\/\/mutti-parma.com\/app\/uploads\/2021\/08\/3-icon-1.png\" alt=\"\" class=\"wp-image-6766\" style=\"width:250px;height:250px\" \/><\/figure>\n\n\n\n<h4 class=\"wp-block-heading has-text-align-center mt-0 has-text-color\" style=\"color:#569db6\">EMPREINTE EAU ET CARBONE<\/h4>\n\n\n\n<p class=\"has-black-color has-text-color\">Entre 2010 et 2015, gr\u00e2ce \u00e0 notre collaboration avec <strong>WWF Italie<\/strong> :<\/p>\n\n\n\n<ul class=\"wp-block-list has-black-color has-text-color\">\n<li>Nous avons \u00e9conomis\u00e9 plus<strong> d\u2019un milliard de litres d\u2019eau <\/strong>(-4.6%), impliquant plus de <strong>60 agriculteurs <\/strong>en Italie.<\/li>\n\n\n\n<li>Nous avons \u00e9vit\u00e9 le rejet dans l\u2019atmosph\u00e8re d\u2019environ <strong>20 000 tonnes de CO2 <\/strong>(-27% par unit\u00e9 de produit), gr\u00e2ce \u00e0 des mesures de rendement \u00e9nerg\u00e9tique et \u00e0 l\u2019utilisation d\u2019\u00e9nergie provenant de sources renouvelables.<\/li>\n<\/ul>\n<\/div>\n\n\n\n<div class=\"wp-block-column is-style-default lg:ml-16 is-layout-flow wp-block-column-is-layout-flow\" style=\"flex-basis:30%\">\n<figure class=\"wp-block-image aligncenter size-large is-resized mb-0\"><img loading=\"lazy\" decoding=\"async\" src=\"https:\/\/mutti-parma.com\/app\/uploads\/2021\/08\/3-icon-2.png\" alt=\"\" class=\"wp-image-6767\" style=\"width:250px;height:250px\" \/><\/figure>\n\n\n\n<h4 class=\"wp-block-heading has-text-align-center mt-0 has-text-color\" style=\"color:#53834f\">BIODIVERSIT\u00c9<\/h4>\n\n\n\n<p class=\"has-black-color has-text-color\"><strong>50 000 m\u00e8tres carr\u00e9s<\/strong>. C\u2019est l\u2019extension de notre projet <strong>Mille Querce <\/strong>: une initiative que nous avons lanc\u00e9e gr\u00e2ce \u00e0 la contribution de l\u2019organisation Parchi del Ducato. Nous avons plant\u00e9<strong> 1 100 plantes<\/strong> qui ont teint\u00e9 de vert quatre zones autour du district de Parme.<br>Depuis 2021, nous nous occupons de la plantation, de l\u2019arrosage et de l\u2019enracinement de ces arbres. Un investissement en faveur d\u2019un territoire plus vert, que nous voulons \u00e9tendre jusqu\u2019\u00e0 atteindre 10 000 arbres plant\u00e9s dans les ann\u00e9es suivantes.<\/p>\n<\/div>\n<\/div>\n<\/div>\n\n\n\n<div class=\"wp-block-group alignfull mb-0 mt-0 has-beige-background-color has-background is-layout-flow wp-block-group-is-layout-flow\">\n<h2 class=\"wp-block-heading has-text-align-center has-primary-color has-text-color\"><strong><em>Le pouvoir de la nature<\/em><\/strong><\/h2>\n\n\n\n<p class=\"has-text-align-center is-style-cursive mb-8 has-primary-color has-text-color\">\u00ab\u00a0Il y a deux dimensions qui repr\u00e9sentent sans doute les r\u00e9sultats les plus authentiques et pertinents : la possibilit\u00e9 \u00e0 l\u2019entreprise de prendre du recul sur sa situation et, surtout, l\u2019implication directe des personnes dans le levier le plus strat\u00e9gique du d\u00e9veloppement de l\u2019entreprise.\u00a0\u00bb<\/p>\n\n\n\n<p class=\"has-text-align-center uppercase mb-0 has-black-color has-text-color has-base-font-size\"><strong>Tiberio daddi<\/strong><\/p>\n\n\n\n<p class=\"has-text-align-center uppercase mt-0 has-black-color has-text-color has-sm-font-size\">&nbsp;Scuola Sant&rsquo;Anna di Pisa -Professeur associ\u00e9 en gestion environnementale des entreprises<\/p>\n\n\n\n<div style=\"height:25px\" aria-hidden=\"true\" class=\"wp-block-spacer\"><\/div>\n\n\n\n<p class=\"has-text-align-center\">La nature est faite de forces simples et pures, d\u2019o\u00f9 naissent de fabuleux chefs-d\u2019\u0153uvre. Les piliers de notre strat\u00e9gie de durabilit\u00e9 sont les \u00e9l\u00e9ments naturels que sont l\u2019air, l\u2019eau, la terre et le soleil. Pour que ces \u00e9l\u00e9ments puissent trouver une nouvelle force.&nbsp;<\/p>\n\n\n\n<p class=\"has-text-align-center\">Voici ce que nous allons faire :<\/p>\n<\/div>\n\n\n\n<div class=\"wp-block-media-text alignfull is-stacked-on-mobile mb-0 mt-0 has-beige-background-color has-background\" style=\"grid-template-columns:55% auto\"><figure class=\"wp-block-media-text__media\"><img loading=\"lazy\" decoding=\"async\" src=\"https:\/\/mutti-parma.com\/app\/uploads\/2021\/08\/4-nature-1-3-1024x853.jpg\" alt=\"\" class=\"wp-image-6901 size-full\" sizes=\"(max-width: 600px) 100vw, (min-width: 1440px) 792px,55vw\" data-spai-crop=\"false\" \/><\/figure><div class=\"wp-block-media-text__content\">\n<h2 class=\"wp-block-heading has-primary-color has-text-color\"><strong><strong>Eau<\/strong><\/strong><\/h2>\n\n\n\n<p class=\"is-style-cursive has-primary-color has-text-color\">Nous encourageons le renouvellement environnemental des \u00e9cosyst\u00e8mes<\/p>\n\n\n\n<p class=\"has-black-color has-text-color\">\u00c0 travers des projets de r\u00e9g\u00e9n\u00e9ration naturelle des cours d\u2019eau qui traversent les terres qui nous entourent.<\/p>\n<\/div><\/div>\n\n\n\n<div class=\"wp-block-media-text alignfull has-media-on-the-right is-stacked-on-mobile is-style-default mb-0 mt-0 has-beige-background-color has-background\" style=\"grid-template-columns:auto 58%\"><div class=\"wp-block-media-text__content\">\n<h2 class=\"wp-block-heading has-primary-color has-text-color\"><strong>Terre<\/strong><\/h2>\n\n\n\n<p class=\"is-style-cursive has-primary-color has-text-color\">Nous enrichissons, tous ensemble, ce qui nous nourrit<\/p>\n\n\n\n<p>Avec des pratiques culturales capables d\u2019enrichir la substance organique du sol, et par des projets de reconstruction des habitats naturels et de la biodiversit\u00e9.<\/p>\n<\/div><figure class=\"wp-block-media-text__media\"><img loading=\"lazy\" decoding=\"async\" src=\"https:\/\/mutti-parma.com\/app\/uploads\/2021\/08\/4-nature-2-3-1024x853.jpg\" alt=\"\" class=\"wp-image-6902 size-full\" sizes=\"(max-width: 600px) 100vw, (min-width: 1440px) 835px,58vw\" data-spai-crop=\"false\" \/><\/figure><\/div>\n\n\n\n<div class=\"wp-block-media-text alignfull is-stacked-on-mobile mb-0 mt-0 is-style-default has-beige-background-color has-background\" style=\"grid-template-columns:57% auto\"><figure class=\"wp-block-media-text__media\"><img loading=\"lazy\" decoding=\"async\" src=\"https:\/\/mutti-parma.com\/app\/uploads\/2021\/08\/4-nature-3-2-1024x853.jpg\" alt=\"\" class=\"wp-image-6897 size-full\" sizes=\"(max-width: 600px) 100vw, (min-width: 1440px) 821px,57vw\" data-spai-crop=\"false\" \/><\/figure><div class=\"wp-block-media-text__content\">\n<h2 class=\"wp-block-heading has-primary-color has-text-color\"><strong><strong>Air<\/strong><\/strong><\/h2>\n\n\n\n<p class=\"is-style-cursive has-primary-color has-text-color\">&nbsp;Nous sommes \u00e0 la recherche d\u2019un nouveau souffle<\/p>\n\n\n\n<p>Gr\u00e2ce a des techniques de culture capables de r\u00e9duire les \u00e9missions polluantes agricoles et \u00e0 travers des transports plus durables.<\/p>\n<\/div><\/div>\n\n\n\n<div class=\"wp-block-media-text alignfull has-media-on-the-right is-stacked-on-mobile is-style-default mb-0 mt-0 has-beige-background-color has-background\" style=\"grid-template-columns:auto 55%\"><div class=\"wp-block-media-text__content\">\n<h2 class=\"wp-block-heading has-primary-color has-text-color\"><strong>Soleil<\/strong><\/h2>\n\n\n\n<p class=\"is-style-cursive has-primary-color has-text-color\">Nous trouvons une nouvelle \u00e9nergie pour grandir<\/p>\n\n\n\n<p>Gr\u00e2ce \u00e0 des sources renouvelables, en assurant la durabilit\u00e9 totale de nos besoins \u00e9nerg\u00e9tiques et en \u00e9vitant tout conflit avec la production alimentaire.<\/p>\n<\/div><figure class=\"wp-block-media-text__media\"><img loading=\"lazy\" decoding=\"async\" src=\"https:\/\/mutti-parma.com\/app\/uploads\/2021\/08\/4-nature-4-2-1024x853.jpg\" alt=\"\" class=\"wp-image-6898 size-full\" sizes=\"(max-width: 600px) 100vw, (min-width: 1440px) 792px,55vw\" data-spai-crop=\"false\" \/><\/figure><\/div>\n\n\n\n<div class=\"wp-block-group alignfull mb-0 mt-0 has-beige-background-color has-background is-layout-flow wp-block-group-is-layout-flow\">\n<p class=\"has-text-align-center\">Ces quatre grands axes sont les objectifs que nous nous engageons \u00e0 poursuivre et que nous contr\u00f4lerons dans le temps, en partageant avec vous tous les r\u00e9sultats. Conform\u00e9ment \u00e0 la tradition Mutti, notre engagement prendra la forme de mesures simples mais efficaces : c\u2019est la Terre qui nous le demande et vous avec elle.&nbsp;<\/p>\n\n\n\n<p class=\"has-text-align-center is-style-cursive has-primary-color has-text-color\">Restez \u00e0 nos c\u00f4t\u00e9s.<\/p>\n<\/div>\n\n\n\n<figure class=\"wp-block-image alignfull size-full mb-0 mt-0\"><img loading=\"lazy\" decoding=\"async\" src=\"https:\/\/mutti-parma.com\/app\/uploads\/2021\/08\/5-background-desktop.jpg\" alt=\"\" class=\"wp-image-6780\" \/><\/figure>\n\n\n","protected":false},"excerpt":{"rendered":"<p>Chez Mutti, nous reconnaissons l\u2019importance de la Terre : elle n\u00e9cessite de l\u2019engagement, de la sensibilit\u00e9 et une vision long terme afin de vous proposer des produits d\u2019une grande qualit\u00e9. Un instinct naturel que nous avons transform\u00e9 en un suivi pr\u00e9cis, et d\u00e9di\u00e9, pour mieux comprendre et am\u00e9liorer notre impact sur les ressources que la<\/p>\n","protected":false},"author":1,"featured_media":0,"parent":0,"menu_order":11,"comment_status":"closed","ping_status":"closed","template":"","meta":{"_acf_changed":false,"_relevanssi_hide_post":"","_relevanssi_hide_content":"","_relevanssi_pin_for_all":"","_relevanssi_pin_keywords":"","_relevanssi_unpin_keywords":"","_relevanssi_related_keywords":"","_relevanssi_related_include_ids":"","_relevanssi_related_exclude_ids":"","_relevanssi_related_no_append":"","_relevanssi_related_not_related":"","_relevanssi_related_posts":"13185,16368,19316,21917,17014,15126","_relevanssi_noindex_reason":"","footnotes":""},"class_list":["post-18256","page","type-page","status-publish","hentry"],"acf":[],"_links":{"self":[{"href":"https:\/\/mutti-parma.com\/fr\/wp-json\/wp\/v2\/pages\/18256","targetHints":{"allow":["GET"]}}],"collection":[{"href":"https:\/\/mutti-parma.com\/fr\/wp-json\/wp\/v2\/pages"}],"about":[{"href":"https:\/\/mutti-parma.com\/fr\/wp-json\/wp\/v2\/types\/page"}],"author":[{"embeddable":true,"href":"https:\/\/mutti-parma.com\/fr\/wp-json\/wp\/v2\/users\/1"}],"replies":[{"embeddable":true,"href":"https:\/\/mutti-parma.com\/fr\/wp-json\/wp\/v2\/comments?post=18256"}],"version-history":[{"count":21,"href":"https:\/\/mutti-parma.com\/fr\/wp-json\/wp\/v2\/pages\/18256\/revisions"}],"predecessor-version":[{"id":23106,"href":"https:\/\/mutti-parma.com\/fr\/wp-json\/wp\/v2\/pages\/18256\/revisions\/23106"}],"wp:attachment":[{"href":"https:\/\/mutti-parma.com\/fr\/wp-json\/wp\/v2\/media?parent=18256"}],"curies":[{"name":"wp","href":"https:\/\/api.w.org\/{rel}","templated":true}]}}