{"id":958,"date":"2019-12-17T12:36:54","date_gmt":"2019-12-17T12:36:54","guid":{"rendered":"https:\/\/mutti-parma.com\/fr\/?post_type=product&#038;p=958"},"modified":"2025-04-01T14:26:11","modified_gmt":"2025-04-01T14:26:11","slug":"sauce-tomate-et-piments","status":"publish","type":"product","link":"https:\/\/mutti-parma.com\/fr\/produits\/sauce-tomate-et-piments\/","title":{"rendered":"Sauce tomate au Piment de Calabre"},"content":{"rendered":"\n<div style=\"--media-width: 40\" class=\"wp-block-media-text alignwide has-media-on-the-right is-stacked-on-mobile is-style-hero has-background-image\"><img loading=\"lazy\" decoding=\"async\" class=\"wp-block-media-text__background wpsmartcrop-image\" alt=\"\" data-spai-crop=\"true\" src=\"https:\/\/mutti-parma.com\/app\/uploads\/sites\/17\/2019\/12\/sauce-peperoncino-texture-mutti-france.jpg\" data-smartcrop-focus=\"[50,50]\" \/><div class=\"wp-block-media-text__content\"><div class=\"acf-breadcrumb my-4 md:my-8 text-center md:text-left\">\n  <nav>\n  <ol class=\"list-none text-md\">\n                  <li class=\"inline\">\n                      <a class=\"text-inherit\" href=\"https:\/\/mutti-parma.com\/fr\/\">\n              Accueil\n            <\/a>\n                                <span aria-hidden=\"true\">\/&nbsp;<\/span>\n                  <\/li>\n                        <li class=\"inline\">\n                      <a class=\"text-inherit\" href=\"https:\/\/mutti-parma.com\/fr\/produits\/\">\n              Products\n            <\/a>\n                            <\/li>\n            <\/ol>\n<\/nav>\n<\/div>\n\n\n\n<h1 class=\"wp-block-heading has-primary-color has-text-color\">Sauce tomate au Piment de Calabre  <\/h1>\n\n\n\n<p class=\"is-style-cursive has-xxl-font-size\">Sauce tomate cuisin\u00e9e<\/p>\n\n\n\n<p class=\"has-text-align-right\">Laissez-vous s\u00e9duire par <strong>la sauce tomate au Piment de Calabre Mutti<\/strong>. Sa saveur relev\u00e9e et fruit\u00e9e donnera un go\u00fbt unique \u00e0 toutes vos recettes.<br><br>La sauce tomate au Piment de Calabre Mutti est r\u00e9alis\u00e9e \u00e0 partir des meilleurs piments italiens provenant de la r\u00e9gion de la Calabre en Italie et de notre c\u00e9l\u00e8bre Polpa Mutti dont les tomates sont cultiv\u00e9es, m\u00fbries et transform\u00e9es sous le soleil de nos champs en Italie.<br><br>Alors, oserez-vous go\u00fbter cette sauce&nbsp;?<br>Notre sauce tomate au Piment de Calabre est not\u00e9e A par le Nutri-Score et est SANS conservateurs, SANS additifs, SANS colorants et surtout SANS sucres ajout\u00e9s !<br><br>Le saviez-vous ? Le piment de Calabre est c\u00e9l\u00e9br\u00e9 en septembre lors du \u00ab\u00a0Peperoncino Festival\u00a0\u00bb dans la ville de Diamante en Italie.<br><br>Disponible en format 400g.&nbsp; <\/p>\n\n\n\n\n<div class=\"acf-characteristics\">\n  <div class=\"flex flex-wrap -m-2 justify-center sm:justify-between\">\n          <div class=\"m-2 w-24 text-center\">\n        <div style=\"height: 41px; width: 80px;\" class=\"mx-auto flex items-end justify-center mx-auto\">\n                      <img decoding=\"async\" width=\"1280\" height=\"720\" src=\"https:\/\/mutti-parma.com\/app\/uploads\/sites\/17\/2022\/03\/presentation1.png\" class=\"w-full wp-image-15777\" alt=\"\" style=\"max-height: 43px; max-width: 80px;\" srcset=\"https:\/\/mutti-parma.com\/app\/uploads\/sites\/17\/2022\/03\/presentation1.png 1280w, https:\/\/mutti-parma.com\/app\/uploads\/sites\/17\/2022\/03\/presentation1-500x281.png 500w, https:\/\/mutti-parma.com\/app\/uploads\/sites\/17\/2022\/03\/presentation1-1024x576.png 1024w, https:\/\/mutti-parma.com\/app\/uploads\/sites\/17\/2022\/03\/presentation1-200x113.png 200w, https:\/\/mutti-parma.com\/app\/uploads\/sites\/17\/2022\/03\/presentation1-768x432.png 768w, https:\/\/mutti-parma.com\/app\/uploads\/sites\/17\/2022\/03\/presentation1-150x84.png 150w, https:\/\/mutti-parma.com\/app\/uploads\/sites\/17\/2022\/03\/presentation1-600x338.png 600w, https:\/\/mutti-parma.com\/app\/uploads\/sites\/17\/2022\/03\/presentation1-800x450.png 800w\" sizes=\"auto, (max-width: 1280px) 100vw, 1280px\" loading=\"lazy\" \/>\n                  <\/div>\n        <p class=\"h6 text-inherit mt-3\">Sans sucres ajout\u00e9s<\/p>\n      <\/div>\n          <div class=\"m-2 w-24 text-center\">\n        <div style=\"height: 41px; width: 80px;\" class=\"mx-auto flex items-end justify-center mx-auto\">\n                      <img decoding=\"async\" width=\"1200\" height=\"650\" src=\"https:\/\/mutti-parma.com\/app\/uploads\/sites\/17\/2019\/12\/1200px-nutri-score-a.svg.png\" class=\"w-full wp-image-3871\" alt=\"\" style=\"max-height: 43px; max-width: 80px;\" srcset=\"https:\/\/mutti-parma.com\/app\/uploads\/sites\/17\/2019\/12\/1200px-nutri-score-a.svg.png 1200w, https:\/\/mutti-parma.com\/app\/uploads\/sites\/17\/2019\/12\/1200px-nutri-score-a.svg-200x108.png 200w, https:\/\/mutti-parma.com\/app\/uploads\/sites\/17\/2019\/12\/1200px-nutri-score-a.svg-500x271.png 500w, https:\/\/mutti-parma.com\/app\/uploads\/sites\/17\/2019\/12\/1200px-nutri-score-a.svg-768x416.png 768w, https:\/\/mutti-parma.com\/app\/uploads\/sites\/17\/2019\/12\/1200px-nutri-score-a.svg-1024x555.png 1024w, https:\/\/mutti-parma.com\/app\/uploads\/sites\/17\/2019\/12\/1200px-nutri-score-a.svg-150x81.png 150w, https:\/\/mutti-parma.com\/app\/uploads\/sites\/17\/2019\/12\/1200px-nutri-score-a.svg-600x325.png 600w\" sizes=\"auto, (max-width: 1200px) 100vw, 1200px\" loading=\"lazy\" \/>\n                  <\/div>\n        <p class=\"h6 text-inherit mt-3\">Nutri-Score A<\/p>\n      <\/div>\n          <div class=\"m-2 w-24 text-center\">\n        <div style=\"height: 41px; width: 80px;\" class=\"mx-auto flex items-end justify-center mx-auto\">\n                      <img decoding=\"async\" width=\"85\" height=\"45\" src=\"https:\/\/mutti-parma.com\/app\/uploads\/sites\/3\/2019\/09\/icon-characteristics-flavor-fresh.svg\" class=\"w-full wp-image-300000108 attachment-full size-full\" alt=\"fresco\" style=\"max-height: 43px; max-width: 80px;\" loading=\"lazy\" \/>\n                  <\/div>\n        <p class=\"h6 text-inherit mt-3\">Saveur fra\u00eeche<\/p>\n      <\/div>\n          <div class=\"m-2 w-24 text-center\">\n        <div style=\"height: 41px; width: 80px;\" class=\"mx-auto flex items-end justify-center mx-auto\">\n                      <img decoding=\"async\" width=\"300\" height=\"142\" src=\"https:\/\/mutti-parma.com\/app\/uploads\/sites\/3\/2019\/09\/icon-characteristics-cooking-time-reduced.svg\" class=\"w-full wp-image-300000111 attachment-full size-full\" alt=\"cooking sketch\" style=\"max-height: 43px; max-width: 80px;\" loading=\"lazy\" \/>\n                  <\/div>\n        <p class=\"h6 text-inherit mt-3\">Id\u00e9al pour cuisiner rapidement<\/p>\n      <\/div>\n      <\/div>\n<\/div>\n\n\n<div class=\"acf-product-find-store\">\n      <div data-vue-wrapper>\n      <a href=\"#\" class=\"btn-solid\" @click=\"toggleStoreFinder\">\n        <i class=\"fa-solid fa-map-marker-alt mr-1\" aria-hidden=\"true\"><\/i>\n        Trouver un point de vente\n      <\/a>\n      <modal v-if=\"showStoreFinder\" size=\"w-full h-full sm:h-auto sm:w-11\/12 md:max-h-full md:max-w-6xl\" @close=\"toggleStoreFinder\">\n        <div data-vue-wrapper>\n  <store-locator\n                  :default-filters='{\"selectedProduct\":958}'\n            :lang='{\"search\":\"Ville ou Code postal \",\"show_on_map\":\"Montrer sur la carte\",\"filter_by_product\":\"Filtrer par produit\",\"filter_by_chain\":\"Filtrer par enseigne\",\"find_me\":\"Me localiser\",\"selected\":\"products\"}'\n  ><\/store-locator>\n<\/div>\n      <\/modal>\n    <\/div>\n\n  <\/div>\n<\/div><figure class=\"wp-block-media-text__media\"><img loading=\"lazy\" decoding=\"async\" width=\"501\" height=\"1024\" src=\"https:\/\/mutti-parma.com\/app\/uploads\/sites\/17\/2024\/04\/chili-cropped-501x1024.png\" alt=\"\" class=\"wp-image-22865 size-full\" sizes=\"(min-width: 1440px) 384px,27vw\" data-spai-crop=\"false\" srcset=\"https:\/\/mutti-parma.com\/app\/uploads\/sites\/17\/2024\/04\/chili-cropped-501x1024.png 501w, https:\/\/mutti-parma.com\/app\/uploads\/sites\/17\/2024\/04\/chili-cropped-244x500.png 244w, https:\/\/mutti-parma.com\/app\/uploads\/sites\/17\/2024\/04\/chili-cropped-98x200.png 98w, https:\/\/mutti-parma.com\/app\/uploads\/sites\/17\/2024\/04\/chili-cropped-768x1571.png 768w, https:\/\/mutti-parma.com\/app\/uploads\/sites\/17\/2024\/04\/chili-cropped-150x307.png 150w, https:\/\/mutti-parma.com\/app\/uploads\/sites\/17\/2024\/04\/chili-cropped-600x1227.png 600w, https:\/\/mutti-parma.com\/app\/uploads\/sites\/17\/2024\/04\/chili-cropped-751x1536.png 751w, https:\/\/mutti-parma.com\/app\/uploads\/sites\/17\/2024\/04\/chili-cropped-1001x2048.png 1001w, https:\/\/mutti-parma.com\/app\/uploads\/sites\/17\/2024\/04\/chili-cropped.png 1153w\" \/><\/figure><\/div>\n\n\n<div class=\"acf-product-nutrition-tabs alignwide\">\n  <div class=\"\">\n    <ul class=\"list-none flex justify-center sm:justify-left\">\n              <li class=\"mr-4\">\n          <a href=\"javascript: void(0)\" data-toggle=\"nutrition\" class=\"btn-outline \" data-gtm-track data-gtm-event=\"GAevent\" data-gtm-event-id=\"13\" data-gtm-category=\"recipe_information\" data-gtm-action=\"nutrition\" data-gtm-label=\"sauce_tomate_au_piment_de_calabre\">\n            Informations nutritionnelles\n          <\/a>\n        <\/li>\n                    <li>\n          <a href=\"#howtouse\" class=\"btn-outline \" data-gtm-track data-gtm-event=\"GAevent\" data-gtm-event-id=\"13\" data-gtm-category=\"recipe_information\" data-gtm-action=\"how_to_use\" data-gtm-label=\"sauce_tomate_au_piment_de_calabre\">\n            Comment cuisiner ce produit ? \n          <\/a>\n        <\/li>\n      \n          <\/ul>\n  <\/div>\n\n      <div class=\"flex flex-wrap mt-8 mb-4 hidden\" id=\"nutrition\">\n      <div class=\"w-full sm:w-1\/2\">\n        <p>La sauce tomate aux Piments de Calabre Mutti est gourmande et \u00e9labor\u00e9e avec les meilleurs piments d\u2019Italie. Une sauce au go\u00fbt relev\u00e9, typique de la gastronomie italienne.<\/p>\n<p><strong>Ingr\u00e9dients :\u00a0 <\/strong>Pulpe de tomate 60%, coulis de tomate \u00ab\u00a0Pizzutello\u00a0\u00bb 20%, concentr\u00e9 de tomates 7,5%, poivron rouge, huile d\u2019olive, oignon, persil, piment de Calabre 0,5%, basilic, sel, ar\u00f4mes naturels, ail, extrait de piment.<\/p>\n<p><strong>Notre Sauce Tomate au Piment de Calabre est not\u00e9e A au Nutri-Score.\u00a0<\/strong><\/p>\n\n      <\/div>\n      <div class=\"w-full mt-8 sm:mt-0 sm:w-1\/2 sm:pl-8 md:pl-16\">\n        \n          <table class=\"w-full\">\n            <thead>\n              <tr class=\"border-b\">\n                <th colspan=\"2\" class=\"py-2 text-left\">Valeurs nutritionnelles \/ 100g<\/thead>\n              <\/tr>\n            <\/thead>\n            <tbody>\n                              <tr class=\"border-b\">\n                  <th class=\"py-2 text-left font-normal\">\u00c9nergie<\/th>\n                  <td class=\"py-2 text-right\">216 kj \/ 52 kcal<\/td>\n                <\/tr>\n                              <tr class=\"border-b\">\n                  <th class=\"py-2 text-left font-normal\">Mati\u00e8res grasses<\/th>\n                  <td class=\"py-2 text-right\">2,7 g<\/td>\n                <\/tr>\n                              <tr class=\"border-b\">\n                  <th class=\"py-2 text-left font-normal\">&#8211; Dont acides gras satur\u00e9s<\/th>\n                  <td class=\"py-2 text-right\">0,4 g<\/td>\n                <\/tr>\n                              <tr class=\"border-b\">\n                  <th class=\"py-2 text-left font-normal\">Glucides<\/th>\n                  <td class=\"py-2 text-right\">4,6 g<\/td>\n                <\/tr>\n                              <tr class=\"border-b\">\n                  <th class=\"py-2 text-left font-normal\">&#8211; Dont sucres <\/th>\n                  <td class=\"py-2 text-right\">4,2 g<\/td>\n                <\/tr>\n                              <tr class=\"border-b\">\n                  <th class=\"py-2 text-left font-normal\">Prot\u00e9ines<\/th>\n                  <td class=\"py-2 text-right\">1,5 g<\/td>\n                <\/tr>\n                              <tr class=\"border-b\">\n                  <th class=\"py-2 text-left font-normal\">Fibres<\/th>\n                  <td class=\"py-2 text-right\">1,2 g<\/td>\n                <\/tr>\n                              <tr class=\"border-b\">\n                  <th class=\"py-2 text-left font-normal\">Sel<\/th>\n                  <td class=\"py-2 text-right\">0,94 g<\/td>\n                <\/tr>\n                              <tr class=\"border-b\">\n                  <th class=\"py-2 text-left font-normal\">Sodium<\/th>\n                  <td class=\"py-2 text-right\">240 mg<\/td>\n                <\/tr>\n                              <tr class=\"border-b\">\n                  <th class=\"py-2 text-left font-normal\">Calcium<\/th>\n                  <td class=\"py-2 text-right\">217 mg<\/td>\n                <\/tr>\n                              <tr class=\"border-b\">\n                  <th class=\"py-2 text-left font-normal\">Fer<\/th>\n                  <td class=\"py-2 text-right\">5,7 mg<\/td>\n                <\/tr>\n                              <tr class=\"border-b\">\n                  <th class=\"py-2 text-left font-normal\">Potassium<\/th>\n                  <td class=\"py-2 text-right\">4,74 g<\/td>\n                <\/tr>\n                          <\/tbody>\n          <\/table>\n              <\/div>\n    <\/div>\n  <\/div>\n\n\n\n<div class=\"wp-block-media-text alignwide is-stacked-on-mobile is-vertically-aligned-top\" style=\"grid-template-columns:32% auto\"><figure class=\"wp-block-media-text__media\"><img loading=\"lazy\" decoding=\"async\" width=\"806\" height=\"1024\" src=\"https:\/\/mutti-parma.com\/app\/uploads\/sites\/17\/2023\/06\/230207-08saucepiment-806x1024.jpg\" alt=\"\" class=\"wp-image-19784 size-full\" sizes=\"(max-width: 600px) 100vw, (min-width: 1440px) 461px,32vw\" data-spai-crop=\"false\" srcset=\"https:\/\/mutti-parma.com\/app\/uploads\/sites\/17\/2023\/06\/230207-08saucepiment-806x1024.jpg 806w, https:\/\/mutti-parma.com\/app\/uploads\/sites\/17\/2023\/06\/230207-08saucepiment-393x500.jpg 393w, https:\/\/mutti-parma.com\/app\/uploads\/sites\/17\/2023\/06\/230207-08saucepiment-157x200.jpg 157w, https:\/\/mutti-parma.com\/app\/uploads\/sites\/17\/2023\/06\/230207-08saucepiment-768x976.jpg 768w, https:\/\/mutti-parma.com\/app\/uploads\/sites\/17\/2023\/06\/230207-08saucepiment-150x191.jpg 150w, https:\/\/mutti-parma.com\/app\/uploads\/sites\/17\/2023\/06\/230207-08saucepiment-600x763.jpg 600w, https:\/\/mutti-parma.com\/app\/uploads\/sites\/17\/2023\/06\/230207-08saucepiment.jpg 1085w\" \/><\/figure><div class=\"wp-block-media-text__content\">\n<h2 class=\"wp-block-heading\">EN SAVOIR PLUS <\/h2>\n\n\n\n<p class=\"is-style-cursive has-xxl-font-size\">sur la Sauce tomate au Piment de Calabre Mutti<\/p>\n\n\n\n<p>Pr\u00eate \u00e0 l\u2019emploi et pratique \u00e0 utiliser, ce pot de sauce tomate au Piment de Calabre comblera les amateurs de saveurs relev\u00e9es et prononc\u00e9es. Cette sauce tomate cuisin\u00e9e saura \u00e9galement ravir le palais de ceux qui aiment les produits de qualit\u00e9, sains, naturels et sans ajouts.<br><br>La sauce tomate aux piments de Calabre Mutti se rapproche de la traditionnelle sauce italienne all\u2019arrabbiata. Une sauce, id\u00e9ale \u00e0 utiliser pour vos p\u00e2tes ou pour apporter une touche d\u2019originalit\u00e9 \u00e0 tous vos plats, tout en les parfumant des saveurs typiques de la cuisine du sud de l\u2019Italie !<br><br>Laissez-vous tenter par une sauce tomate italienne authentique et traditionnelle, cuisin\u00e9e aux piments de Calabre qui r\u00e9veillera avec intensit\u00e9 vos plats de p\u00e2tes, de riz, de quinoa, de bl\u00e9, tartines\u2026 Elle sera id\u00e9ale pour r\u00e9aliser les meilleures recettes m\u00e9diterran\u00e9ennes.<br><br>Une sauce tomate pour les cuissons courtes, savoureuse et gourmande qui embrasera votre cuisine avec chaleur et passion et mettra le feu \u00e0 votre assiette !<br><br>Avec Mutti, go\u00fbtez la diff\u00e9rence !&nbsp;<\/p>\n\n\n\n<div class=\"wp-block-button is-style-button\"><a class=\"wp-block-button__link wp-element-button\" href=\"https:\/\/mutti-parma.com\/fr\/type-de-plat\/recettes-avec-nos-sauces-tomates-cuisinees\/\" target=\"_blank\" rel=\"noreferrer noopener\">D\u00e9couvrir nos recettes avec la sauce tomate au Piment de Calabre<\/a><\/div>\n<\/div><\/div>\n\n\n<div\n  class=\"acf-how-is-it-made alignwide text-center \"\n  data-vue-wrapper\n  >\n      <h2>QUEL EST SON MODE DE PRODUCTION?\r\n<\/h2>\n  \n  <slideshow :slides-per-view=\"3\" :slides-per-view-sm=\"1\" :slides-per-view-md=\"2\" name=\"How is it made\" class=\"mb-8\">\n      <\/slideshow>\n\n      <p class=\"is-style-cursive text-5xl\">Pour en savoir plus sur nos modes de production, consultez la page<\/p>\n  \n      <h3><a href=\"https:\/\/mutti-parma.com\/fr\/de-nos-champs-a-lassiette\/\"> De nos champs \u00e0 l\u2019assiette <\/a><\/h3>\n  <\/div>\n\n\n\n\n\n\n\n<hr class=\"wp-block-separator has-css-opacity alignwide\"\/>\n\n\n<div class=\"acf-comments alignwide my-8\">\n  <div class=\"flex flex-wrap mb-4 items-center text-center sm:text-left px-0 sm:px-2 md:px-0\">\n    <h3 class=\"w-full sm:w-auto is-style-cursive text-primary my-0 leading-none\">Share and review<\/h3>\n    <div class=\"w-full sm:w-auto flex-auto mt-1 sm:ml-8\">\n          <\/div>\n\n          <div class=\"mx-auto sm:ml-0 mt-3 sm:mt-0\">\n                  <div\n  class=\"shariff\"\n  data-button-style=\"icon\"\n  data-mail-body=\"https:\/\/mutti-parma.com\/fr\/produits\/sauce-tomate-et-piments\/\"\n  data-mail-subject=\"Sauce tomate au Piment de Calabre - Mutti\"\n  data-mail-url=\"mailto:\"\n  data-media-url=\"https:\/\/mutti-parma.com\/app\/uploads\/sites\/17\/2024\/04\/chili-cropped.png\"\n  data-services=\"[&#039;facebook&#039;, &#039;twitter&#039;, &#039;whatsapp&#039;, &#039;pinterest&#039;, &#039;mail&#039;]\"\n><\/div>\n              <\/div>\n      <\/div>\n\n  <div>\n                <\/div>\n<\/div>\n\n\n\n<hr class=\"wp-block-separator has-css-opacity alignwide\"\/>\n\n\n\n<div class=\"wp-block-group alignwide is-style-default\"><div class=\"wp-block-group__inner-container is-layout-flow wp-block-group-is-layout-flow\">\n<div class=\"wp-block-columns alignwide is-layout-flex wp-container-core-columns-is-layout-9d6595d7 wp-block-columns-is-layout-flex\">\n<div class=\"wp-block-column is-layout-flow wp-block-column-is-layout-flow\">\n<h2 class=\"wp-block-heading\" id=\"sustainability\">Durabilit\u00e9<\/h2>\n\n\n\n<p class=\"is-style-cursive\">Pour nous, durabilit\u00e9 est synonyme de respect de la terre<\/p>\n\n\n\n<h4 class=\"wp-block-heading\">Coop\u00e9ration avec WWF<\/h4>\n\n\n\n<p>Mutti a travaill\u00e9 en \u00e9troite collaboration avec WWF Italie afin d\u2019aider les agriculteurs \u00e0 trouver des mani\u00e8res durables de r\u00e9duire leur consommation d\u2019eau et leurs \u00e9missions de CO2. WWF Italie a non seulement fix\u00e9 des objectifs, mais il a \u00e9galement permis aux agriculteurs d\u2019analyser et d\u2019examiner les donn\u00e9es obtenues afin d\u2019identifier les mesures qu\u2019ils pouvaient prendre. L\u2019organisation a par exemple recommand\u00e9 d\u2019utiliser des capteurs sp\u00e9ciaux qui mesurent l\u2019humidit\u00e9 du sol et donnent des informations utiles pour rationaliser la consommation d\u2019eau. <br><br>Mutti a investi dans la technologie, l\u2019\u00e9ducation et l\u2019assistance technique n\u00e9cessaires aux agriculteurs et aux organisations agricoles. M\u00eame apr\u00e8s la fin de notre projet de cinq ans, nous sommes rest\u00e9s plus engag\u00e9s que jamais afin de minimiser notre impact sur l\u2019environnement et d\u2019am\u00e9liorer chaque \u00e9tape de notre production.<\/p>\n\n\n\n<figure class=\"wp-block-image size-large is-resized\"><img loading=\"lazy\" decoding=\"async\" src=\"https:\/\/mutti-parma.com\/app\/uploads\/sites\/17\/2022\/05\/logo-wwf-768x1024.png\" alt=\"\" class=\"wp-image-16372\" width=\"129\" height=\"173\" srcset=\"https:\/\/mutti-parma.com\/app\/uploads\/sites\/17\/2022\/05\/logo-wwf-768x1024.png 768w, https:\/\/mutti-parma.com\/app\/uploads\/sites\/17\/2022\/05\/logo-wwf-375x500.png 375w, https:\/\/mutti-parma.com\/app\/uploads\/sites\/17\/2022\/05\/logo-wwf-150x200.png 150w, https:\/\/mutti-parma.com\/app\/uploads\/sites\/17\/2022\/05\/logo-wwf-600x800.png 600w, https:\/\/mutti-parma.com\/app\/uploads\/sites\/17\/2022\/05\/logo-wwf-1152x1536.png 1152w, https:\/\/mutti-parma.com\/app\/uploads\/sites\/17\/2022\/05\/logo-wwf.png 1251w\" sizes=\"(max-width: 129px) 100vw, 129px\" \/><\/figure>\n<\/div>\n\n\n\n<div class=\"wp-block-column is-layout-flow wp-block-column-is-layout-flow\">\n<div class=\"wp-block-group has-green-background-color has-background\"><div class=\"wp-block-group__inner-container is-layout-flow wp-block-group-is-layout-flow\">\n<h2 class=\"has-text-align-center wp-block-heading\">R\u00c9SULTATS<\/h2>\n\n\n\n<div class=\"wp-block-columns is-layout-flex wp-container-core-columns-is-layout-9d6595d7 wp-block-columns-is-layout-flex\">\n<div class=\"wp-block-column is-layout-flow wp-block-column-is-layout-flow\">\n<div class=\"wp-block-image\"><figure class=\"aligncenter size-large is-resized\"><img loading=\"lazy\" decoding=\"async\" src=\"https:\/\/mutti-parma.com\/app\/uploads\/sites\/3\/2019\/09\/icon-sustainable-water.svg\" alt=\"\" class=\"wp-image-30000085\" width=\"53\" height=\"91\" \/><\/figure><\/div>\n\n\n\n<h4 class=\"has-text-align-center wp-block-heading\"> 1 000 millions de litres d\u2019eau \u00e9conomis\u00e9s* <\/h4>\n\n\n\n<p class=\"has-text-align-center has-sm-font-size\">*entre 2012 et 2014 (Source : donn\u00e9es recueillies par WWF et le Centre euro-m\u00e9diterran\u00e9en sur le changement climatique en Italie)<\/p>\n<\/div>\n\n\n\n<div class=\"wp-block-column is-layout-flow wp-block-column-is-layout-flow\">\n<div class=\"wp-block-image\"><figure class=\"aligncenter size-large is-resized\"><img loading=\"lazy\" decoding=\"async\" src=\"https:\/\/mutti-parma.com\/app\/uploads\/sites\/3\/2019\/09\/icon-sustainable-co2.svg\" alt=\"\" class=\"wp-image-30000086\" width=\"114\" height=\"88\" \/><\/figure><\/div>\n\n\n\n<h4 class=\"has-text-align-center wp-block-heading\"> 31 530 tonnes de CO2 (dioxyde de carbone) \u00e9vit\u00e9es.<\/h4>\n\n\n\n<p class=\"has-text-align-center has-sm-font-size\">*entre 2010 et 2015 par rapport aux niveaux de 2009 (Source : donn\u00e9es recueillies par WWF et le groupe d\u2019efficacit\u00e9 \u00e9nerg\u00e9tique Officinae Verdi)<\/p>\n<\/div>\n<\/div>\n<\/div><\/div>\n<\/div>\n<\/div>\n<\/div><\/div>\n\n\n\n<p class=\"has-text-align-center is-style-cursive has-xxl-font-size\"> Maintenant que vous en savez plus sur nos produits, il est l\u2019heure de cuisiner. <\/p>\n\n\n\n<h2 class=\"wp-block-heading has-text-align-center\" id=\"howtouse\">Comment cuisiner ce produit ?<\/h2>\n\n\n\n<p class=\"has-text-align-center\"><strong>Que faire avec de la sauce tomate ?<\/strong><br>La sauce tomate et piments de Calabre Mutti est une sauce italienne relev\u00e9e et de caract\u00e8re. R\u00e9alis\u00e9e \u00e0 partir de Piments de la r\u00e9gion de la Calabre en Italie et de Polpa, cette sauce tomate pr\u00eate \u00e0 l\u2019emploi vous permettra de r\u00e9aliser des plats au go\u00fbt relev\u00e9 et intense. Trouvez l\u2019inspiration parmi nos recettes \u00e0 base de sauce tomate et piments et variez les plaisirs en testant les diff\u00e9rents produits de notre <a href=\"https:\/\/mutti-parma.com\/fr\/categorie\/sauces-tomates-cuisinees\/\">gamme de sauces tomates cuisin\u00e9es<\/a>. Go\u00fbtez la diff\u00e9rence avec Mutti.<\/p>\n\n\n\n<p class=\"has-text-align-center has-primary-color has-text-color\"> Id\u00e9ale pour : accompagner vos p\u00e2tes, riz, c\u00e9r\u00e9ales, viandes ou poissons <br><br><strong> Vous \u00eates \u00e0 la recherche d\u2019une recette avec sauce tomate ? Voici quelques id\u00e9es de recettes : <\/strong><\/p>\n\n\n\n\n<div class=\"acf-related-recipes alignwide pb-8 \" data-vue-wrapper>\n      <slideshow :slides-per-view=\"3\" :navigation=\"true\" name=\"Related Recipes\">\n              <div class=\"swiper-slide\">\n          <div class=\"teaser--recipe text-center hover:zoom-img\">\n      <a href=\"https:\/\/mutti-parma.com\/fr\/nos-recettes\/feuilles-de-vigne-farcies\/\" class=\"relative block mb-4 max-w-96 mx-auto\" aria-hidden=\"true\" tabindex=\"-1\">\n      <div class=\"responsive-embed \" style=\"padding-bottom: 108.79765395894%;\">\n                <img decoding=\"async\" width=\"1707\" height=\"2560\" src=\"https:\/\/mutti-parma.com\/app\/uploads\/sites\/17\/2025\/05\/feuilles-de-vigne-farcies-scaled.jpg\" class=\"inline-block wp-image-23046\" alt=\"Feuilles de vigne farcies\" sizes=\"auto, (max-width: 600px) 72vw, 431px\" data-spai-crop=\"true\" title=\"Feuilles de vigne farcies\" srcset=\"https:\/\/mutti-parma.com\/app\/uploads\/sites\/17\/2025\/05\/feuilles-de-vigne-farcies-scaled.jpg 1707w, https:\/\/mutti-parma.com\/app\/uploads\/sites\/17\/2025\/05\/feuilles-de-vigne-farcies-333x500.jpg 333w, https:\/\/mutti-parma.com\/app\/uploads\/sites\/17\/2025\/05\/feuilles-de-vigne-farcies-683x1024.jpg 683w, https:\/\/mutti-parma.com\/app\/uploads\/sites\/17\/2025\/05\/feuilles-de-vigne-farcies-133x200.jpg 133w, https:\/\/mutti-parma.com\/app\/uploads\/sites\/17\/2025\/05\/feuilles-de-vigne-farcies-768x1152.jpg 768w, https:\/\/mutti-parma.com\/app\/uploads\/sites\/17\/2025\/05\/feuilles-de-vigne-farcies-150x225.jpg 150w, https:\/\/mutti-parma.com\/app\/uploads\/sites\/17\/2025\/05\/feuilles-de-vigne-farcies-600x900.jpg 600w, https:\/\/mutti-parma.com\/app\/uploads\/sites\/17\/2025\/05\/feuilles-de-vigne-farcies-1024x1536.jpg 1024w, https:\/\/mutti-parma.com\/app\/uploads\/sites\/17\/2025\/05\/feuilles-de-vigne-farcies-1365x2048.jpg 1365w\" loading=\"lazy\" \/>\n      <\/div>\n\n          <\/a>\n  \n  \n      <a class=\"is-style-cursive heading block text-primary leading-none\" href=\"https:\/\/mutti-parma.com\/fr\/produits\/sauce-tomate-et-piments\/\">\n      Sauce tomate au Piment de Calabre\n    <\/a>\n  \n  <a class=\"block my-4\" href=\"https:\/\/mutti-parma.com\/fr\/nos-recettes\/feuilles-de-vigne-farcies\/\">\n          <h3>Feuilles de vigne farcies<\/h3>\n      <\/a>\n\n      <a class=\"block hover:no-underline text-black\" href=\"https:\/\/mutti-parma.com\/fr\/nos-recettes\/feuilles-de-vigne-farcies\/\">\n      Voyagez au c\u0153ur de la M\u00e9diterran\u00e9e avec ces feuilles de vignes farcies, sublim\u00e9es par la sauce tomate Mutti arrabbiata et une touche de grenade croquante !\n    <\/a>\n  \n  <div class=\"flex items-center justify-center my-4\">\n    <div class=\"pt-2\">\n    <p class=\"flex flex-wrap items-end font-heavy uppercase text-primary leading-none justify-center\">\n      <img decoding=\"async\" alt=\"Difficulty\" class=\"w-10 md:w-12 mx-3 mb-2\" src=\"https:\/\/mutti-parma.com\/app\/themes\/mutti\/dist\/images\/icons\/mutti-product-icons-stove-top.svg?id=5f4b0df898a96e10ac63\" width=\"54\" height=\"18\" loading=\"lazy\">\n      <span class=\"mb-2\">\n        Facile\n      <\/span>\n    <\/p>\n  <\/div>\n  <\/div>\n<\/div>\n        <\/div>\n              <div class=\"swiper-slide\">\n          <div class=\"teaser--recipe text-center hover:zoom-img\">\n      <a href=\"https:\/\/mutti-parma.com\/fr\/nos-recettes\/pommes-de-terres-en-croute-de-parmesan-et-sauce-tomate\/\" class=\"relative block mb-4 max-w-96 mx-auto\" aria-hidden=\"true\" tabindex=\"-1\">\n      <div class=\"responsive-embed \" style=\"padding-bottom: 108.79765395894%;\">\n                <img decoding=\"async\" width=\"1425\" height=\"2142\" src=\"https:\/\/mutti-parma.com\/app\/uploads\/sites\/17\/2022\/10\/pommes-de-terres-en-croute-de-parmesan-et-sauce-tomate.jpg\" class=\"inline-block wp-image-17275 wpsmartcrop-image wpsmartcrop-image\" alt=\"Pommes de terres en cro\u00fbte de parmesan et sauce tomate\" sizes=\"auto, (max-width: 600px) 72vw, 431px\" data-spai-crop=\"false\" title=\"Pommes de terres en cro\u00fbte de parmesan et sauce tomate\" srcset=\"https:\/\/mutti-parma.com\/app\/uploads\/sites\/17\/2022\/10\/pommes-de-terres-en-croute-de-parmesan-et-sauce-tomate.jpg 1425w, https:\/\/mutti-parma.com\/app\/uploads\/sites\/17\/2022\/10\/pommes-de-terres-en-croute-de-parmesan-et-sauce-tomate-333x500.jpg 333w, https:\/\/mutti-parma.com\/app\/uploads\/sites\/17\/2022\/10\/pommes-de-terres-en-croute-de-parmesan-et-sauce-tomate-681x1024.jpg 681w, https:\/\/mutti-parma.com\/app\/uploads\/sites\/17\/2022\/10\/pommes-de-terres-en-croute-de-parmesan-et-sauce-tomate-133x200.jpg 133w, https:\/\/mutti-parma.com\/app\/uploads\/sites\/17\/2022\/10\/pommes-de-terres-en-croute-de-parmesan-et-sauce-tomate-768x1154.jpg 768w, https:\/\/mutti-parma.com\/app\/uploads\/sites\/17\/2022\/10\/pommes-de-terres-en-croute-de-parmesan-et-sauce-tomate-150x225.jpg 150w, https:\/\/mutti-parma.com\/app\/uploads\/sites\/17\/2022\/10\/pommes-de-terres-en-croute-de-parmesan-et-sauce-tomate-600x902.jpg 600w, https:\/\/mutti-parma.com\/app\/uploads\/sites\/17\/2022\/10\/pommes-de-terres-en-croute-de-parmesan-et-sauce-tomate-1022x1536.jpg 1022w, https:\/\/mutti-parma.com\/app\/uploads\/sites\/17\/2022\/10\/pommes-de-terres-en-croute-de-parmesan-et-sauce-tomate-1362x2048.jpg 1362w\" data-smartcrop-focus=\"[57,34]\" loading=\"lazy\" style=\"object-position: 57% 34%;\" \/>\n      <\/div>\n\n          <\/a>\n  \n  \n      <a class=\"is-style-cursive heading block text-primary leading-none\" href=\"https:\/\/mutti-parma.com\/fr\/produits\/sauce-tomate-et-piments\/\">\n      Sauce tomate au Piment de Calabre\n    <\/a>\n  \n  <a class=\"block my-4\" href=\"https:\/\/mutti-parma.com\/fr\/nos-recettes\/pommes-de-terres-en-croute-de-parmesan-et-sauce-tomate\/\">\n          <h3>Pommes de terres en cro\u00fbte de parmesan et sauce tomate<\/h3>\n      <\/a>\n\n  \n  <div class=\"flex items-center justify-center my-4\">\n    <div class=\"-ml-2 mr-2 pr-4 border-primary border-r-2 pt-2\">\n    <p class=\"flex flex-wrap items-end font-heavy text-primary leading-none justify-center\">\n      <img decoding=\"async\" alt=\"Total time\" class=\"w-10 md:w-12 mx-3 mb-2\" src=\"https:\/\/mutti-parma.com\/app\/themes\/mutti\/dist\/images\/icons\/mutti-product-icons-reduced-cooking-time.svg?id=dc737ade6befaad1eaaf\" width=\"54\" height=\"26\" loading=\"lazy\">\n      <span class=\"mb-2\">\n        35&nbsp;min\n      <\/span>\n    <\/p>\n  <\/div>\n  <div class=\"pt-2\">\n    <p class=\"flex flex-wrap items-end font-heavy uppercase text-primary leading-none justify-center\">\n      <img decoding=\"async\" alt=\"Difficulty\" class=\"w-10 md:w-12 mx-3 mb-2\" src=\"https:\/\/mutti-parma.com\/app\/themes\/mutti\/dist\/images\/icons\/mutti-product-icons-stove-top.svg?id=5f4b0df898a96e10ac63\" width=\"54\" height=\"18\" loading=\"lazy\">\n      <span class=\"mb-2\">\n        Facile\n      <\/span>\n    <\/p>\n  <\/div>\n  <\/div>\n<\/div>\n        <\/div>\n              <div class=\"swiper-slide\">\n          <div class=\"teaser--recipe text-center hover:zoom-img\">\n      <a href=\"https:\/\/mutti-parma.com\/fr\/nos-recettes\/enchiladas-de-boeuf-et-sauce-tomate\/\" class=\"relative block mb-4 max-w-96 mx-auto\" aria-hidden=\"true\" tabindex=\"-1\">\n      <div class=\"responsive-embed \" style=\"padding-bottom: 108.79765395894%;\">\n                <img decoding=\"async\" width=\"2000\" height=\"3000\" src=\"https:\/\/mutti-parma.com\/app\/uploads\/sites\/17\/2022\/08\/enchiladas-de-boeuf-et-sauce-tomate.jpg\" class=\"inline-block wp-image-16813\" alt=\"Enchiladas de b\u0153uf et sauce tomate\" sizes=\"auto, (max-width: 600px) 72vw, 431px\" data-spai-crop=\"true\" title=\"Enchiladas de b\u0153uf et sauce tomate\" srcset=\"https:\/\/mutti-parma.com\/app\/uploads\/sites\/17\/2022\/08\/enchiladas-de-boeuf-et-sauce-tomate.jpg 2000w, https:\/\/mutti-parma.com\/app\/uploads\/sites\/17\/2022\/08\/enchiladas-de-boeuf-et-sauce-tomate-333x500.jpg 333w, https:\/\/mutti-parma.com\/app\/uploads\/sites\/17\/2022\/08\/enchiladas-de-boeuf-et-sauce-tomate-683x1024.jpg 683w, https:\/\/mutti-parma.com\/app\/uploads\/sites\/17\/2022\/08\/enchiladas-de-boeuf-et-sauce-tomate-133x200.jpg 133w, https:\/\/mutti-parma.com\/app\/uploads\/sites\/17\/2022\/08\/enchiladas-de-boeuf-et-sauce-tomate-768x1152.jpg 768w, https:\/\/mutti-parma.com\/app\/uploads\/sites\/17\/2022\/08\/enchiladas-de-boeuf-et-sauce-tomate-150x225.jpg 150w, https:\/\/mutti-parma.com\/app\/uploads\/sites\/17\/2022\/08\/enchiladas-de-boeuf-et-sauce-tomate-600x900.jpg 600w, https:\/\/mutti-parma.com\/app\/uploads\/sites\/17\/2022\/08\/enchiladas-de-boeuf-et-sauce-tomate-1024x1536.jpg 1024w, https:\/\/mutti-parma.com\/app\/uploads\/sites\/17\/2022\/08\/enchiladas-de-boeuf-et-sauce-tomate-1365x2048.jpg 1365w\" loading=\"lazy\" \/>\n      <\/div>\n\n          <\/a>\n  \n  \n      <a class=\"is-style-cursive heading block text-primary leading-none\" href=\"https:\/\/mutti-parma.com\/fr\/produits\/sauce-tomate-et-piments\/\">\n      Sauce tomate au Piment de Calabre\n    <\/a>\n  \n  <a class=\"block my-4\" href=\"https:\/\/mutti-parma.com\/fr\/nos-recettes\/enchiladas-de-boeuf-et-sauce-tomate\/\">\n          <h3>Enchiladas de b\u0153uf et sauce tomate<\/h3>\n      <\/a>\n\n  \n  <div class=\"flex items-center justify-center my-4\">\n    <div class=\"-ml-2 mr-2 pr-4 border-primary border-r-2 pt-2\">\n    <p class=\"flex flex-wrap items-end font-heavy text-primary leading-none justify-center\">\n      <img decoding=\"async\" alt=\"Total time\" class=\"w-10 md:w-12 mx-3 mb-2\" src=\"https:\/\/mutti-parma.com\/app\/themes\/mutti\/dist\/images\/icons\/mutti-product-icons-reduced-cooking-time.svg?id=dc737ade6befaad1eaaf\" width=\"54\" height=\"26\" loading=\"lazy\">\n      <span class=\"mb-2\">\n        40&nbsp;min\n      <\/span>\n    <\/p>\n  <\/div>\n  <div class=\"pt-2\">\n    <p class=\"flex flex-wrap items-end font-heavy uppercase text-primary leading-none justify-center\">\n      <img decoding=\"async\" alt=\"Difficulty\" class=\"w-10 md:w-12 mx-3 mb-2\" src=\"https:\/\/mutti-parma.com\/app\/themes\/mutti\/dist\/images\/icons\/mutti-product-icons-stove-top.svg?id=5f4b0df898a96e10ac63\" width=\"54\" height=\"18\" loading=\"lazy\">\n      <span class=\"mb-2\">\n        Facile\n      <\/span>\n    <\/p>\n  <\/div>\n  <\/div>\n<\/div>\n        <\/div>\n              <div class=\"swiper-slide\">\n          <div class=\"teaser--recipe text-center hover:zoom-img\">\n      <a href=\"https:\/\/mutti-parma.com\/fr\/nos-recettes\/riz-au-lait-avec-un-coulis-framboise-et-tomates-pimentees\/\" class=\"relative block mb-4 max-w-96 mx-auto\" aria-hidden=\"true\" tabindex=\"-1\">\n      <div class=\"responsive-embed \" style=\"padding-bottom: 108.79765395894%;\">\n                <img decoding=\"async\" width=\"1200\" height=\"1500\" src=\"https:\/\/mutti-parma.com\/app\/uploads\/sites\/17\/2021\/10\/riz-au-lait.jpeg\" class=\"inline-block wp-image-14524\" alt=\"Riz au lait, avec un coulis framboise et tomates piment\u00e9es\" sizes=\"auto, (max-width: 600px) 72vw, 431px\" data-spai-crop=\"true\" title=\"Riz au lait, avec un coulis framboise et tomates piment\u00e9es\" srcset=\"https:\/\/mutti-parma.com\/app\/uploads\/sites\/17\/2021\/10\/riz-au-lait.jpeg 1200w, https:\/\/mutti-parma.com\/app\/uploads\/sites\/17\/2021\/10\/riz-au-lait-400x500.jpeg 400w, https:\/\/mutti-parma.com\/app\/uploads\/sites\/17\/2021\/10\/riz-au-lait-819x1024.jpeg 819w, https:\/\/mutti-parma.com\/app\/uploads\/sites\/17\/2021\/10\/riz-au-lait-160x200.jpeg 160w, https:\/\/mutti-parma.com\/app\/uploads\/sites\/17\/2021\/10\/riz-au-lait-768x960.jpeg 768w, https:\/\/mutti-parma.com\/app\/uploads\/sites\/17\/2021\/10\/riz-au-lait-150x188.jpeg 150w, https:\/\/mutti-parma.com\/app\/uploads\/sites\/17\/2021\/10\/riz-au-lait-600x750.jpeg 600w\" loading=\"lazy\" \/>\n      <\/div>\n\n          <\/a>\n  \n  \n      <a class=\"is-style-cursive heading block text-primary leading-none\" href=\"https:\/\/mutti-parma.com\/fr\/produits\/sauce-tomate-et-piments\/\">\n      Sauce tomate au Piment de Calabre\n    <\/a>\n  \n  <a class=\"block my-4\" href=\"https:\/\/mutti-parma.com\/fr\/nos-recettes\/riz-au-lait-avec-un-coulis-framboise-et-tomates-pimentees\/\">\n          <h3>Riz au lait, avec un coulis framboise et tomates piment\u00e9es<\/h3>\n      <\/a>\n\n      <a class=\"block hover:no-underline text-black\" href=\"https:\/\/mutti-parma.com\/fr\/nos-recettes\/riz-au-lait-avec-un-coulis-framboise-et-tomates-pimentees\/\">\n      Le riz au lait au coulis de tomates piment\u00e9es est un dessert \u00e0 la tomate sucr\u00e9e original et irr\u00e9sistiblement cr\u00e9meux\u00a0! D\u00e9couvrez comment r\u00e9aliser ce dessert \u00e9tonnant, \u00e0 l\u2019aide de la Sauce tomates et piments Mutti\u00a0!\n    <\/a>\n  \n  <div class=\"flex items-center justify-center my-4\">\n    <div class=\"-ml-2 mr-2 pr-4 border-primary border-r-2 pt-2\">\n    <p class=\"flex flex-wrap items-end font-heavy text-primary leading-none justify-center\">\n      <img decoding=\"async\" alt=\"Total time\" class=\"w-10 md:w-12 mx-3 mb-2\" src=\"https:\/\/mutti-parma.com\/app\/themes\/mutti\/dist\/images\/icons\/mutti-product-icons-reduced-cooking-time.svg?id=dc737ade6befaad1eaaf\" width=\"54\" height=\"26\" loading=\"lazy\">\n      <span class=\"mb-2\">\n        20&nbsp;min\n      <\/span>\n    <\/p>\n  <\/div>\n  <div class=\"pt-2\">\n    <p class=\"flex flex-wrap items-end font-heavy uppercase text-primary leading-none justify-center\">\n      <img decoding=\"async\" alt=\"Difficulty\" class=\"w-10 md:w-12 mx-3 mb-2\" src=\"https:\/\/mutti-parma.com\/app\/themes\/mutti\/dist\/images\/icons\/mutti-product-icons-stove-top.svg?id=5f4b0df898a96e10ac63\" width=\"54\" height=\"18\" loading=\"lazy\">\n      <span class=\"mb-2\">\n        Facile\n      <\/span>\n    <\/p>\n  <\/div>\n  <\/div>\n<\/div>\n        <\/div>\n              <div class=\"swiper-slide\">\n          <div class=\"teaser--recipe text-center hover:zoom-img\">\n      <a href=\"https:\/\/mutti-parma.com\/fr\/nos-recettes\/riz-a-la-mexicaine\/\" class=\"relative block mb-4 max-w-96 mx-auto\" aria-hidden=\"true\" tabindex=\"-1\">\n      <div class=\"responsive-embed \" style=\"padding-bottom: 108.79765395894%;\">\n                <img decoding=\"async\" width=\"1920\" height=\"2400\" src=\"https:\/\/mutti-parma.com\/app\/uploads\/sites\/17\/2021\/10\/riz-a-la-mexicaine.jpg\" class=\"inline-block wp-image-14523\" alt=\"Riz \u00e0 la mexicaine\" sizes=\"auto, (max-width: 600px) 72vw, 431px\" data-spai-crop=\"true\" title=\"Riz \u00e0 la mexicaine\" srcset=\"https:\/\/mutti-parma.com\/app\/uploads\/sites\/17\/2021\/10\/riz-a-la-mexicaine.jpg 1920w, https:\/\/mutti-parma.com\/app\/uploads\/sites\/17\/2021\/10\/riz-a-la-mexicaine-400x500.jpg 400w, https:\/\/mutti-parma.com\/app\/uploads\/sites\/17\/2021\/10\/riz-a-la-mexicaine-819x1024.jpg 819w, https:\/\/mutti-parma.com\/app\/uploads\/sites\/17\/2021\/10\/riz-a-la-mexicaine-160x200.jpg 160w, https:\/\/mutti-parma.com\/app\/uploads\/sites\/17\/2021\/10\/riz-a-la-mexicaine-768x960.jpg 768w, https:\/\/mutti-parma.com\/app\/uploads\/sites\/17\/2021\/10\/riz-a-la-mexicaine-150x188.jpg 150w, https:\/\/mutti-parma.com\/app\/uploads\/sites\/17\/2021\/10\/riz-a-la-mexicaine-600x750.jpg 600w, https:\/\/mutti-parma.com\/app\/uploads\/sites\/17\/2021\/10\/riz-a-la-mexicaine-1229x1536.jpg 1229w, https:\/\/mutti-parma.com\/app\/uploads\/sites\/17\/2021\/10\/riz-a-la-mexicaine-1638x2048.jpg 1638w\" loading=\"lazy\" \/>\n      <\/div>\n\n          <\/a>\n  \n  \n      <a class=\"is-style-cursive heading block text-primary leading-none\" href=\"https:\/\/mutti-parma.com\/fr\/produits\/sauce-tomate-et-piments\/\">\n      Sauce tomate au Piment de Calabre\n    <\/a>\n  \n  <a class=\"block my-4\" href=\"https:\/\/mutti-parma.com\/fr\/nos-recettes\/riz-a-la-mexicaine\/\">\n          <h3>Riz \u00e0 la mexicaine<\/h3>\n      <\/a>\n\n      <a class=\"block hover:no-underline text-black\" href=\"https:\/\/mutti-parma.com\/fr\/nos-recettes\/riz-a-la-mexicaine\/\">\n      Le riz \u00e0 la mexicaine ou \u00ab&nbsp;Arroz rojo mexicano&nbsp;\u00bb est un plat authentique, color\u00e9 et relev\u00e9&nbsp;! Un accompagnement id\u00e9al pour vos plats sud-am\u00e9ricains, r\u00e9alis\u00e9 \u00e0 l\u2019aide de la Sauce tomates et piments Mutti.\n    <\/a>\n  \n  <div class=\"flex items-center justify-center my-4\">\n    <div class=\"-ml-2 mr-2 pr-4 border-primary border-r-2 pt-2\">\n    <p class=\"flex flex-wrap items-end font-heavy text-primary leading-none justify-center\">\n      <img decoding=\"async\" alt=\"Total time\" class=\"w-10 md:w-12 mx-3 mb-2\" src=\"https:\/\/mutti-parma.com\/app\/themes\/mutti\/dist\/images\/icons\/mutti-product-icons-reduced-cooking-time.svg?id=dc737ade6befaad1eaaf\" width=\"54\" height=\"26\" loading=\"lazy\">\n      <span class=\"mb-2\">\n        20&nbsp;min\n      <\/span>\n    <\/p>\n  <\/div>\n  <div class=\"pt-2\">\n    <p class=\"flex flex-wrap items-end font-heavy uppercase text-primary leading-none justify-center\">\n      <img decoding=\"async\" alt=\"Difficulty\" class=\"w-10 md:w-12 mx-3 mb-2\" src=\"https:\/\/mutti-parma.com\/app\/themes\/mutti\/dist\/images\/icons\/mutti-product-icons-stove-top.svg?id=5f4b0df898a96e10ac63\" width=\"54\" height=\"18\" loading=\"lazy\">\n      <span class=\"mb-2\">\n        Facile\n      <\/span>\n    <\/p>\n  <\/div>\n  <\/div>\n<\/div>\n        <\/div>\n              <div class=\"swiper-slide\">\n          <div class=\"teaser--recipe text-center hover:zoom-img\">\n      <a href=\"https:\/\/mutti-parma.com\/fr\/nos-recettes\/empanadas-au-thon-et-a-la-tomate\/\" class=\"relative block mb-4 max-w-96 mx-auto\" aria-hidden=\"true\" tabindex=\"-1\">\n      <div class=\"responsive-embed \" style=\"padding-bottom: 108.79765395894%;\">\n                <img decoding=\"async\" width=\"2000\" height=\"2000\" src=\"https:\/\/mutti-parma.com\/app\/uploads\/sites\/17\/2021\/04\/empanadas-au-thon-et-a-la-tomate.jpg\" class=\"inline-block wp-image-13235\" alt=\"Empanadas au thon et \u00e0 la tomate\" sizes=\"auto, (max-width: 600px) 72vw, 431px\" data-spai-crop=\"true\" title=\"Empanadas au thon et \u00e0 la tomate\" srcset=\"https:\/\/mutti-parma.com\/app\/uploads\/sites\/17\/2021\/04\/empanadas-au-thon-et-a-la-tomate.jpg 2000w, https:\/\/mutti-parma.com\/app\/uploads\/sites\/17\/2021\/04\/empanadas-au-thon-et-a-la-tomate-200x200.jpg 200w, https:\/\/mutti-parma.com\/app\/uploads\/sites\/17\/2021\/04\/empanadas-au-thon-et-a-la-tomate-500x500.jpg 500w, https:\/\/mutti-parma.com\/app\/uploads\/sites\/17\/2021\/04\/empanadas-au-thon-et-a-la-tomate-768x768.jpg 768w, https:\/\/mutti-parma.com\/app\/uploads\/sites\/17\/2021\/04\/empanadas-au-thon-et-a-la-tomate-1024x1024.jpg 1024w, https:\/\/mutti-parma.com\/app\/uploads\/sites\/17\/2021\/04\/empanadas-au-thon-et-a-la-tomate-150x150.jpg 150w, https:\/\/mutti-parma.com\/app\/uploads\/sites\/17\/2021\/04\/empanadas-au-thon-et-a-la-tomate-600x600.jpg 600w, https:\/\/mutti-parma.com\/app\/uploads\/sites\/17\/2021\/04\/empanadas-au-thon-et-a-la-tomate-50x50.jpg 50w\" loading=\"lazy\" \/>\n      <\/div>\n\n          <\/a>\n  \n  \n      <a class=\"is-style-cursive heading block text-primary leading-none\" href=\"https:\/\/mutti-parma.com\/fr\/produits\/sauce-tomate-et-piments\/\">\n      Sauce tomate au Piment de Calabre\n    <\/a>\n  \n  <a class=\"block my-4\" href=\"https:\/\/mutti-parma.com\/fr\/nos-recettes\/empanadas-au-thon-et-a-la-tomate\/\">\n          <h3>Empanadas au thon et \u00e0 la tomate<\/h3>\n      <\/a>\n\n      <a class=\"block hover:no-underline text-black\" href=\"https:\/\/mutti-parma.com\/fr\/nos-recettes\/empanadas-au-thon-et-a-la-tomate\/\">\n      Les empanadas au thon et \u00e0 la tomate sont de d\u00e9licieux petits chaussons typiques de la cuisine espagnole et de plusieurs pays d\u2019Am\u00e9rique latine. Apprenez \u00e0 les r\u00e9aliser \u00e0 l\u2019aide de notre Sauce tomate au Piment de Calabre Mutti.\n    <\/a>\n  \n  <div class=\"flex items-center justify-center my-4\">\n    <div class=\"-ml-2 mr-2 pr-4 border-primary border-r-2 pt-2\">\n    <p class=\"flex flex-wrap items-end font-heavy text-primary leading-none justify-center\">\n      <img decoding=\"async\" alt=\"Total time\" class=\"w-10 md:w-12 mx-3 mb-2\" src=\"https:\/\/mutti-parma.com\/app\/themes\/mutti\/dist\/images\/icons\/mutti-product-icons-reduced-cooking-time.svg?id=dc737ade6befaad1eaaf\" width=\"54\" height=\"26\" loading=\"lazy\">\n      <span class=\"mb-2\">\n        25&nbsp;min\n      <\/span>\n    <\/p>\n  <\/div>\n  <div class=\"pt-2\">\n    <p class=\"flex flex-wrap items-end font-heavy uppercase text-primary leading-none justify-center\">\n      <img decoding=\"async\" alt=\"Difficulty\" class=\"w-10 md:w-12 mx-3 mb-2\" src=\"https:\/\/mutti-parma.com\/app\/themes\/mutti\/dist\/images\/icons\/mutti-product-icons-stove-top.svg?id=5f4b0df898a96e10ac63\" width=\"54\" height=\"18\" loading=\"lazy\">\n      <span class=\"mb-2\">\n        Facile\n      <\/span>\n    <\/p>\n  <\/div>\n  <\/div>\n<\/div>\n        <\/div>\n              <div class=\"swiper-slide\">\n          <div class=\"teaser--recipe text-center hover:zoom-img\">\n      <a href=\"https:\/\/mutti-parma.com\/fr\/nos-recettes\/suppli-allamatriaciana\/\" class=\"relative block mb-4 max-w-96 mx-auto\" aria-hidden=\"true\" tabindex=\"-1\">\n      <div class=\"responsive-embed \" style=\"padding-bottom: 108.79765395894%;\">\n                <img decoding=\"async\" width=\"1200\" height=\"1800\" src=\"https:\/\/mutti-parma.com\/app\/uploads\/sites\/17\/2021\/01\/supplixx-allamatriaciana.jpg\" class=\"inline-block wp-image-8422 wpsmartcrop-image wpsmartcrop-image\" alt=\"Suppl\u00ec all&rsquo;amatriciana\" sizes=\"auto, (max-width: 600px) 72vw, 431px\" data-spai-crop=\"false\" title=\"Suppl\u00ec all&rsquo;amatriciana\" srcset=\"https:\/\/mutti-parma.com\/app\/uploads\/sites\/17\/2021\/01\/supplixx-allamatriaciana.jpg 1200w, https:\/\/mutti-parma.com\/app\/uploads\/sites\/17\/2021\/01\/supplixx-allamatriaciana-133x200.jpg 133w, https:\/\/mutti-parma.com\/app\/uploads\/sites\/17\/2021\/01\/supplixx-allamatriaciana-333x500.jpg 333w, https:\/\/mutti-parma.com\/app\/uploads\/sites\/17\/2021\/01\/supplixx-allamatriaciana-768x1152.jpg 768w, https:\/\/mutti-parma.com\/app\/uploads\/sites\/17\/2021\/01\/supplixx-allamatriaciana-683x1024.jpg 683w, https:\/\/mutti-parma.com\/app\/uploads\/sites\/17\/2021\/01\/supplixx-allamatriaciana-150x225.jpg 150w, https:\/\/mutti-parma.com\/app\/uploads\/sites\/17\/2021\/01\/supplixx-allamatriaciana-600x900.jpg 600w\" data-smartcrop-focus=\"[48,100]\" loading=\"lazy\" style=\"object-position: 48% 100%;\" \/>\n      <\/div>\n\n          <\/a>\n  \n  \n      <a class=\"is-style-cursive heading block text-primary leading-none\" href=\"https:\/\/mutti-parma.com\/fr\/produits\/sauce-tomate-et-piments\/\">\n      Sauce tomate au Piment de Calabre\n    <\/a>\n  \n  <a class=\"block my-4\" href=\"https:\/\/mutti-parma.com\/fr\/nos-recettes\/suppli-allamatriaciana\/\">\n          <h3>Suppl\u00ec all&rsquo;amatriciana<\/h3>\n      <\/a>\n\n      <a class=\"block hover:no-underline text-black\" href=\"https:\/\/mutti-parma.com\/fr\/nos-recettes\/suppli-allamatriaciana\/\">\n      Les suppli sont de savoureux antipasti typiques de Rome ! Apprenez \u00e0 r\u00e9aliser ces d\u00e9licieuses croquettes de riz l\u00e9g\u00e8rement piquantes, \u00e0 l\u2019aide de notre Sauce tomate au Piment de Calabre Mutti.\n    <\/a>\n  \n  <div class=\"flex items-center justify-center my-4\">\n    <div class=\"-ml-2 mr-2 pr-4 border-primary border-r-2 pt-2\">\n    <p class=\"flex flex-wrap items-end font-heavy text-primary leading-none justify-center\">\n      <img decoding=\"async\" alt=\"Total time\" class=\"w-10 md:w-12 mx-3 mb-2\" src=\"https:\/\/mutti-parma.com\/app\/themes\/mutti\/dist\/images\/icons\/mutti-product-icons-reduced-cooking-time.svg?id=dc737ade6befaad1eaaf\" width=\"54\" height=\"26\" loading=\"lazy\">\n      <span class=\"mb-2\">\n        1h 30&nbsp;min\n      <\/span>\n    <\/p>\n  <\/div>\n  <div class=\"pt-2\">\n    <p class=\"flex flex-wrap items-end font-heavy uppercase text-primary leading-none justify-center\">\n      <img decoding=\"async\" alt=\"Difficulty\" class=\"w-10 md:w-12 mx-3 mb-2\" src=\"https:\/\/mutti-parma.com\/app\/themes\/mutti\/dist\/images\/icons\/mutti-product-icons-stove-top.svg?id=5f4b0df898a96e10ac63\" width=\"54\" height=\"18\" loading=\"lazy\">\n      <span class=\"mb-2\">\n        Moyen\n      <\/span>\n    <\/p>\n  <\/div>\n  <\/div>\n<\/div>\n        <\/div>\n              <div class=\"swiper-slide\">\n          <div class=\"teaser--recipe text-center hover:zoom-img\">\n      <a href=\"https:\/\/mutti-parma.com\/fr\/nos-recettes\/spaghetti-sauce-bolognaise-veggie\/\" class=\"relative block mb-4 max-w-96 mx-auto\" aria-hidden=\"true\" tabindex=\"-1\">\n      <div class=\"responsive-embed \" style=\"padding-bottom: 108.79765395894%;\">\n                <img decoding=\"async\" width=\"1200\" height=\"1600\" src=\"https:\/\/mutti-parma.com\/app\/uploads\/sites\/17\/2021\/01\/spaghetti-sauces-bolognaise-veggie.jpg\" class=\"inline-block wp-image-8462\" alt=\"Spaghetti Sauce bolognaise veggie\" sizes=\"auto, (max-width: 600px) 72vw, 431px\" data-spai-crop=\"true\" title=\"Spaghetti Sauce bolognaise veggie\" srcset=\"https:\/\/mutti-parma.com\/app\/uploads\/sites\/17\/2021\/01\/spaghetti-sauces-bolognaise-veggie.jpg 1200w, https:\/\/mutti-parma.com\/app\/uploads\/sites\/17\/2021\/01\/spaghetti-sauces-bolognaise-veggie-150x200.jpg 150w, https:\/\/mutti-parma.com\/app\/uploads\/sites\/17\/2021\/01\/spaghetti-sauces-bolognaise-veggie-375x500.jpg 375w, https:\/\/mutti-parma.com\/app\/uploads\/sites\/17\/2021\/01\/spaghetti-sauces-bolognaise-veggie-768x1024.jpg 768w, https:\/\/mutti-parma.com\/app\/uploads\/sites\/17\/2021\/01\/spaghetti-sauces-bolognaise-veggie-600x800.jpg 600w\" loading=\"lazy\" \/>\n      <\/div>\n\n          <\/a>\n  \n  \n      <a class=\"is-style-cursive heading block text-primary leading-none\" href=\"https:\/\/mutti-parma.com\/fr\/produits\/sauce-tomate-et-piments\/\">\n      Sauce tomate au Piment de Calabre\n    <\/a>\n  \n  <a class=\"block my-4\" href=\"https:\/\/mutti-parma.com\/fr\/nos-recettes\/spaghetti-sauce-bolognaise-veggie\/\">\n          <h3>Spaghetti Sauce bolognaise veggie<\/h3>\n      <\/a>\n\n      <a class=\"block hover:no-underline text-black\" href=\"https:\/\/mutti-parma.com\/fr\/nos-recettes\/spaghetti-sauce-bolognaise-veggie\/\">\n      Les spaghetti \u00e0 la sauce bolognaise v\u00e9g\u00e9tarienne sont sans viande, mais toujours aussi gourmands&nbsp;! R\u00e9alisez ce plat de p\u00e2te \u00e0 la sauce relev\u00e9e, \u00e0 l\u2019aide de notre Sauce tomate au Piment de Calabre Mutti, \u00e9labor\u00e9e \u00e0 base de Polpa, d\u2019huile d\u2019olive et d\u2019une s\u00e9lection des meilleurs piments italiens.\n    <\/a>\n  \n  <div class=\"flex items-center justify-center my-4\">\n    <div class=\"-ml-2 mr-2 pr-4 border-primary border-r-2 pt-2\">\n    <p class=\"flex flex-wrap items-end font-heavy text-primary leading-none justify-center\">\n      <img decoding=\"async\" alt=\"Total time\" class=\"w-10 md:w-12 mx-3 mb-2\" src=\"https:\/\/mutti-parma.com\/app\/themes\/mutti\/dist\/images\/icons\/mutti-product-icons-reduced-cooking-time.svg?id=dc737ade6befaad1eaaf\" width=\"54\" height=\"26\" loading=\"lazy\">\n      <span class=\"mb-2\">\n        40&nbsp;min\n      <\/span>\n    <\/p>\n  <\/div>\n  <div class=\"pt-2\">\n    <p class=\"flex flex-wrap items-end font-heavy uppercase text-primary leading-none justify-center\">\n      <img decoding=\"async\" alt=\"Difficulty\" class=\"w-10 md:w-12 mx-3 mb-2\" src=\"https:\/\/mutti-parma.com\/app\/themes\/mutti\/dist\/images\/icons\/mutti-product-icons-stove-top.svg?id=5f4b0df898a96e10ac63\" width=\"54\" height=\"18\" loading=\"lazy\">\n      <span class=\"mb-2\">\n        Facile\n      <\/span>\n    <\/p>\n  <\/div>\n  <\/div>\n<\/div>\n        <\/div>\n              <div class=\"swiper-slide\">\n          <div class=\"teaser--recipe text-center hover:zoom-img\">\n      <a href=\"https:\/\/mutti-parma.com\/fr\/nos-recettes\/shashuka\/\" class=\"relative block mb-4 max-w-96 mx-auto\" aria-hidden=\"true\" tabindex=\"-1\">\n      <div class=\"responsive-embed \" style=\"padding-bottom: 108.79765395894%;\">\n                <img decoding=\"async\" width=\"1200\" height=\"1800\" src=\"https:\/\/mutti-parma.com\/app\/uploads\/sites\/17\/2021\/01\/shashuka.jpg\" class=\"inline-block wp-image-8461\" alt=\"Shashuka\" sizes=\"auto, (max-width: 600px) 72vw, 431px\" data-spai-crop=\"true\" title=\"Shashuka\" srcset=\"https:\/\/mutti-parma.com\/app\/uploads\/sites\/17\/2021\/01\/shashuka.jpg 1200w, https:\/\/mutti-parma.com\/app\/uploads\/sites\/17\/2021\/01\/shashuka-133x200.jpg 133w, https:\/\/mutti-parma.com\/app\/uploads\/sites\/17\/2021\/01\/shashuka-333x500.jpg 333w, https:\/\/mutti-parma.com\/app\/uploads\/sites\/17\/2021\/01\/shashuka-768x1152.jpg 768w, https:\/\/mutti-parma.com\/app\/uploads\/sites\/17\/2021\/01\/shashuka-683x1024.jpg 683w, https:\/\/mutti-parma.com\/app\/uploads\/sites\/17\/2021\/01\/shashuka-150x225.jpg 150w, https:\/\/mutti-parma.com\/app\/uploads\/sites\/17\/2021\/01\/shashuka-600x900.jpg 600w\" loading=\"lazy\" \/>\n      <\/div>\n\n          <\/a>\n  \n  \n      <a class=\"is-style-cursive heading block text-primary leading-none\" href=\"https:\/\/mutti-parma.com\/fr\/produits\/sauce-tomate-et-piments\/\">\n      Sauce tomate au Piment de Calabre\n    <\/a>\n  \n  <a class=\"block my-4\" href=\"https:\/\/mutti-parma.com\/fr\/nos-recettes\/shashuka\/\">\n          <h3>Shashuka<\/h3>\n      <\/a>\n\n      <a class=\"block hover:no-underline text-black\" href=\"https:\/\/mutti-parma.com\/fr\/nos-recettes\/shashuka\/\">\n      La shashuka est un plat sain et r\u00e9confortant typique de l\u2019Afrique du Nord. Apprenez \u00e0 r\u00e9aliser cette recette po\u00eal\u00e9e gourmande et \u00e9pic\u00e9e, \u00e0 l\u2019aide de notre Sauce tomate au Piment de Calabre Mutti.\n    <\/a>\n  \n  <div class=\"flex items-center justify-center my-4\">\n    <div class=\"-ml-2 mr-2 pr-4 border-primary border-r-2 pt-2\">\n    <p class=\"flex flex-wrap items-end font-heavy text-primary leading-none justify-center\">\n      <img decoding=\"async\" alt=\"Total time\" class=\"w-10 md:w-12 mx-3 mb-2\" src=\"https:\/\/mutti-parma.com\/app\/themes\/mutti\/dist\/images\/icons\/mutti-product-icons-reduced-cooking-time.svg?id=dc737ade6befaad1eaaf\" width=\"54\" height=\"26\" loading=\"lazy\">\n      <span class=\"mb-2\">\n        50&nbsp;min\n      <\/span>\n    <\/p>\n  <\/div>\n  <div class=\"pt-2\">\n    <p class=\"flex flex-wrap items-end font-heavy uppercase text-primary leading-none justify-center\">\n      <img decoding=\"async\" alt=\"Difficulty\" class=\"w-10 md:w-12 mx-3 mb-2\" src=\"https:\/\/mutti-parma.com\/app\/themes\/mutti\/dist\/images\/icons\/mutti-product-icons-stove-top.svg?id=5f4b0df898a96e10ac63\" width=\"54\" height=\"18\" loading=\"lazy\">\n      <span class=\"mb-2\">\n        Facile\n      <\/span>\n    <\/p>\n  <\/div>\n  <\/div>\n<\/div>\n        <\/div>\n              <div class=\"swiper-slide\">\n          <div class=\"teaser--recipe text-center hover:zoom-img\">\n      <a href=\"https:\/\/mutti-parma.com\/fr\/nos-recettes\/soupe-de-tomates-a-la-mexicaine\/\" class=\"relative block mb-4 max-w-96 mx-auto\" aria-hidden=\"true\" tabindex=\"-1\">\n      <div class=\"responsive-embed \" style=\"padding-bottom: 108.79765395894%;\">\n                <img decoding=\"async\" width=\"934\" height=\"934\" src=\"https:\/\/mutti-parma.com\/app\/uploads\/sites\/17\/2020\/07\/soupe-de-tomates-a-la-mexicaine-e1599139733266.jpg\" class=\"inline-block wp-image-6345\" alt=\"Soupe de tomates \u00e0 la mexicaine\" sizes=\"auto, (max-width: 600px) 72vw, 431px\" data-spai-crop=\"true\" title=\"Soupe de tomates \u00e0 la mexicaine\" srcset=\"https:\/\/mutti-parma.com\/app\/uploads\/sites\/17\/2020\/07\/soupe-de-tomates-a-la-mexicaine-e1599139733266.jpg 934w, https:\/\/mutti-parma.com\/app\/uploads\/sites\/17\/2020\/07\/soupe-de-tomates-a-la-mexicaine-e1599139733266-200x200.jpg 200w, https:\/\/mutti-parma.com\/app\/uploads\/sites\/17\/2020\/07\/soupe-de-tomates-a-la-mexicaine-e1599139733266-500x500.jpg 500w, https:\/\/mutti-parma.com\/app\/uploads\/sites\/17\/2020\/07\/soupe-de-tomates-a-la-mexicaine-e1599139733266-768x768.jpg 768w, https:\/\/mutti-parma.com\/app\/uploads\/sites\/17\/2020\/07\/soupe-de-tomates-a-la-mexicaine-e1599139733266-150x150.jpg 150w, https:\/\/mutti-parma.com\/app\/uploads\/sites\/17\/2020\/07\/soupe-de-tomates-a-la-mexicaine-e1599139733266-600x600.jpg 600w, https:\/\/mutti-parma.com\/app\/uploads\/sites\/17\/2020\/07\/soupe-de-tomates-a-la-mexicaine-e1599139733266-50x50.jpg 50w\" loading=\"lazy\" \/>\n      <\/div>\n\n          <\/a>\n  \n  \n      <a class=\"is-style-cursive heading block text-primary leading-none\" href=\"https:\/\/mutti-parma.com\/fr\/produits\/sauce-tomate-et-piments\/\">\n      Sauce tomate au Piment de Calabre\n    <\/a>\n  \n  <a class=\"block my-4\" href=\"https:\/\/mutti-parma.com\/fr\/nos-recettes\/soupe-de-tomates-a-la-mexicaine\/\">\n          <h3>Soupe de tomates \u00e0 la mexicaine<\/h3>\n      <\/a>\n\n      <a class=\"block hover:no-underline text-black\" href=\"https:\/\/mutti-parma.com\/fr\/nos-recettes\/soupe-de-tomates-a-la-mexicaine\/\">\n      La soupe de tomates \u00e0 la mexicaine est cr\u00e9meuse et originale. Une recette de soupe de tomate piment\u00e9e compos\u00e9e d\u2019\u00e9pices et de l\u00e9gumes couramment utilis\u00e9s dans la cuisine mexicaine, accompagn\u00e9s de notre Sauce tomate au Piment de Calabre Mutti.\n    <\/a>\n  \n  <div class=\"flex items-center justify-center my-4\">\n    <div class=\"-ml-2 mr-2 pr-4 border-primary border-r-2 pt-2\">\n    <p class=\"flex flex-wrap items-end font-heavy text-primary leading-none justify-center\">\n      <img decoding=\"async\" alt=\"Total time\" class=\"w-10 md:w-12 mx-3 mb-2\" src=\"https:\/\/mutti-parma.com\/app\/themes\/mutti\/dist\/images\/icons\/mutti-product-icons-reduced-cooking-time.svg?id=dc737ade6befaad1eaaf\" width=\"54\" height=\"26\" loading=\"lazy\">\n      <span class=\"mb-2\">\n        2h 20&nbsp;min\n      <\/span>\n    <\/p>\n  <\/div>\n  <div class=\"pt-2\">\n    <p class=\"flex flex-wrap items-end font-heavy uppercase text-primary leading-none justify-center\">\n      <img decoding=\"async\" alt=\"Difficulty\" class=\"w-10 md:w-12 mx-3 mb-2\" src=\"https:\/\/mutti-parma.com\/app\/themes\/mutti\/dist\/images\/icons\/mutti-product-icons-stove-top.svg?id=5f4b0df898a96e10ac63\" width=\"54\" height=\"18\" loading=\"lazy\">\n      <span class=\"mb-2\">\n        Facile\n      <\/span>\n    <\/p>\n  <\/div>\n  <\/div>\n<\/div>\n        <\/div>\n              <div class=\"swiper-slide\">\n          <div class=\"teaser--recipe text-center hover:zoom-img\">\n      <a href=\"https:\/\/mutti-parma.com\/fr\/nos-recettes\/courgette-ronde-farcie-a-la-sauce-tomate\/\" class=\"relative block mb-4 max-w-96 mx-auto\" aria-hidden=\"true\" tabindex=\"-1\">\n      <div class=\"responsive-embed \" style=\"padding-bottom: 108.79765395894%;\">\n                <img decoding=\"async\" width=\"933\" height=\"933\" src=\"https:\/\/mutti-parma.com\/app\/uploads\/sites\/17\/2020\/07\/courgette-ronde-farcie-a-la-sauce-tomate-et-piments-e1599139764672.jpg\" class=\"inline-block wp-image-6504\" alt=\"Courgette ronde farcie \u00e0 la sauce tomate\" sizes=\"auto, (max-width: 600px) 72vw, 431px\" data-spai-crop=\"true\" title=\"Courgette ronde farcie \u00e0 la sauce tomate\" srcset=\"https:\/\/mutti-parma.com\/app\/uploads\/sites\/17\/2020\/07\/courgette-ronde-farcie-a-la-sauce-tomate-et-piments-e1599139764672.jpg 933w, https:\/\/mutti-parma.com\/app\/uploads\/sites\/17\/2020\/07\/courgette-ronde-farcie-a-la-sauce-tomate-et-piments-e1599139764672-200x200.jpg 200w, https:\/\/mutti-parma.com\/app\/uploads\/sites\/17\/2020\/07\/courgette-ronde-farcie-a-la-sauce-tomate-et-piments-e1599139764672-500x500.jpg 500w, https:\/\/mutti-parma.com\/app\/uploads\/sites\/17\/2020\/07\/courgette-ronde-farcie-a-la-sauce-tomate-et-piments-e1599139764672-768x768.jpg 768w, https:\/\/mutti-parma.com\/app\/uploads\/sites\/17\/2020\/07\/courgette-ronde-farcie-a-la-sauce-tomate-et-piments-e1599139764672-150x150.jpg 150w, https:\/\/mutti-parma.com\/app\/uploads\/sites\/17\/2020\/07\/courgette-ronde-farcie-a-la-sauce-tomate-et-piments-e1599139764672-600x600.jpg 600w, https:\/\/mutti-parma.com\/app\/uploads\/sites\/17\/2020\/07\/courgette-ronde-farcie-a-la-sauce-tomate-et-piments-e1599139764672-50x50.jpg 50w\" loading=\"lazy\" \/>\n      <\/div>\n\n          <\/a>\n  \n  \n      <a class=\"is-style-cursive heading block text-primary leading-none\" href=\"https:\/\/mutti-parma.com\/fr\/produits\/sauce-tomate-et-piments\/\">\n      Sauce tomate au Piment de Calabre\n    <\/a>\n  \n  <a class=\"block my-4\" href=\"https:\/\/mutti-parma.com\/fr\/nos-recettes\/courgette-ronde-farcie-a-la-sauce-tomate\/\">\n          <h3>Courgette ronde farcie \u00e0 la sauce tomate<\/h3>\n      <\/a>\n\n      <a class=\"block hover:no-underline text-black\" href=\"https:\/\/mutti-parma.com\/fr\/nos-recettes\/courgette-ronde-farcie-a-la-sauce-tomate\/\">\n      La courgette ronde farcie \u00e0 la sauce tomate est un plat de l\u00e9gumes complet et gourmand. Apprenez \u00e0 r\u00e9alisez une farce v\u00e9g\u00e9tarienne \u00e0 partir de chair de courgettes et de riz sauvage associ\u00e9s \u00e0 notre Sauce tomate au Piment de Calabre Mutti Mutti.\n    <\/a>\n  \n  <div class=\"flex items-center justify-center my-4\">\n    <div class=\"-ml-2 mr-2 pr-4 border-primary border-r-2 pt-2\">\n    <p class=\"flex flex-wrap items-end font-heavy text-primary leading-none justify-center\">\n      <img decoding=\"async\" alt=\"Total time\" class=\"w-10 md:w-12 mx-3 mb-2\" src=\"https:\/\/mutti-parma.com\/app\/themes\/mutti\/dist\/images\/icons\/mutti-product-icons-reduced-cooking-time.svg?id=dc737ade6befaad1eaaf\" width=\"54\" height=\"26\" loading=\"lazy\">\n      <span class=\"mb-2\">\n        1h 25&nbsp;min\n      <\/span>\n    <\/p>\n  <\/div>\n  <div class=\"pt-2\">\n    <p class=\"flex flex-wrap items-end font-heavy uppercase text-primary leading-none justify-center\">\n      <img decoding=\"async\" alt=\"Difficulty\" class=\"w-10 md:w-12 mx-3 mb-2\" src=\"https:\/\/mutti-parma.com\/app\/themes\/mutti\/dist\/images\/icons\/mutti-product-icons-stove-top.svg?id=5f4b0df898a96e10ac63\" width=\"54\" height=\"18\" loading=\"lazy\">\n      <span class=\"mb-2\">\n        Moyen\n      <\/span>\n    <\/p>\n  <\/div>\n  <\/div>\n<\/div>\n        <\/div>\n              <div class=\"swiper-slide\">\n          <div class=\"teaser--recipe text-center hover:zoom-img\">\n      <a href=\"https:\/\/mutti-parma.com\/fr\/nos-recettes\/conchiglionis-farcis-au-boeuf-et-sauce-tomate\/\" class=\"relative block mb-4 max-w-96 mx-auto\" aria-hidden=\"true\" tabindex=\"-1\">\n      <div class=\"responsive-embed \" style=\"padding-bottom: 108.79765395894%;\">\n                <img decoding=\"async\" width=\"933\" height=\"933\" src=\"https:\/\/mutti-parma.com\/app\/uploads\/sites\/17\/2020\/07\/conchiglionis-farcis-au-boeuf-et-sauce-tomate-peperoncino-e1599139826342.jpg\" class=\"inline-block wp-image-6250\" alt=\"Conchiglionis farcis au b\u0153uf et sauce tomate\" sizes=\"auto, (max-width: 600px) 72vw, 431px\" data-spai-crop=\"true\" title=\"Conchiglionis farcis au b\u0153uf et sauce tomate\" srcset=\"https:\/\/mutti-parma.com\/app\/uploads\/sites\/17\/2020\/07\/conchiglionis-farcis-au-boeuf-et-sauce-tomate-peperoncino-e1599139826342.jpg 933w, https:\/\/mutti-parma.com\/app\/uploads\/sites\/17\/2020\/07\/conchiglionis-farcis-au-boeuf-et-sauce-tomate-peperoncino-e1599139826342-200x200.jpg 200w, https:\/\/mutti-parma.com\/app\/uploads\/sites\/17\/2020\/07\/conchiglionis-farcis-au-boeuf-et-sauce-tomate-peperoncino-e1599139826342-500x500.jpg 500w, https:\/\/mutti-parma.com\/app\/uploads\/sites\/17\/2020\/07\/conchiglionis-farcis-au-boeuf-et-sauce-tomate-peperoncino-e1599139826342-768x768.jpg 768w, https:\/\/mutti-parma.com\/app\/uploads\/sites\/17\/2020\/07\/conchiglionis-farcis-au-boeuf-et-sauce-tomate-peperoncino-e1599139826342-150x150.jpg 150w, https:\/\/mutti-parma.com\/app\/uploads\/sites\/17\/2020\/07\/conchiglionis-farcis-au-boeuf-et-sauce-tomate-peperoncino-e1599139826342-600x600.jpg 600w, https:\/\/mutti-parma.com\/app\/uploads\/sites\/17\/2020\/07\/conchiglionis-farcis-au-boeuf-et-sauce-tomate-peperoncino-e1599139826342-50x50.jpg 50w\" loading=\"lazy\" \/>\n      <\/div>\n\n          <\/a>\n  \n  \n      <a class=\"is-style-cursive heading block text-primary leading-none\" href=\"https:\/\/mutti-parma.com\/fr\/produits\/sauce-tomate-et-piments\/\">\n      Sauce tomate au Piment de Calabre\n    <\/a>\n  \n  <a class=\"block my-4\" href=\"https:\/\/mutti-parma.com\/fr\/nos-recettes\/conchiglionis-farcis-au-boeuf-et-sauce-tomate\/\">\n          <h3>Conchiglionis farcis au b\u0153uf et sauce tomate<\/h3>\n      <\/a>\n\n      <a class=\"block hover:no-underline text-black\" href=\"https:\/\/mutti-parma.com\/fr\/nos-recettes\/conchiglionis-farcis-au-boeuf-et-sauce-tomate\/\">\n      Les conchiglionis farcis au b\u0153uf sont un plat de p\u00e2tes gratin\u00e9es savoureuses. Une recette italienne typique, de p\u00e2tes garnies d\u2019une farce au b\u0153uf hach\u00e9 et rehauss\u00e9es par le go\u00fbt intense de notre Sauce tomate au Piment de Calabre Mutti.\n    <\/a>\n  \n  <div class=\"flex items-center justify-center my-4\">\n    <div class=\"-ml-2 mr-2 pr-4 border-primary border-r-2 pt-2\">\n    <p class=\"flex flex-wrap items-end font-heavy text-primary leading-none justify-center\">\n      <img decoding=\"async\" alt=\"Total time\" class=\"w-10 md:w-12 mx-3 mb-2\" src=\"https:\/\/mutti-parma.com\/app\/themes\/mutti\/dist\/images\/icons\/mutti-product-icons-reduced-cooking-time.svg?id=dc737ade6befaad1eaaf\" width=\"54\" height=\"26\" loading=\"lazy\">\n      <span class=\"mb-2\">\n        1h\n      <\/span>\n    <\/p>\n  <\/div>\n  <div class=\"pt-2\">\n    <p class=\"flex flex-wrap items-end font-heavy uppercase text-primary leading-none justify-center\">\n      <img decoding=\"async\" alt=\"Difficulty\" class=\"w-10 md:w-12 mx-3 mb-2\" src=\"https:\/\/mutti-parma.com\/app\/themes\/mutti\/dist\/images\/icons\/mutti-product-icons-stove-top.svg?id=5f4b0df898a96e10ac63\" width=\"54\" height=\"18\" loading=\"lazy\">\n      <span class=\"mb-2\">\n        Moyen\n      <\/span>\n    <\/p>\n  <\/div>\n  <\/div>\n<\/div>\n        <\/div>\n              <div class=\"swiper-slide\">\n          <div class=\"teaser--recipe text-center hover:zoom-img\">\n      <a href=\"https:\/\/mutti-parma.com\/fr\/nos-recettes\/boeuf-curry-madras\/\" class=\"relative block mb-4 max-w-96 mx-auto\" aria-hidden=\"true\" tabindex=\"-1\">\n      <div class=\"responsive-embed \" style=\"padding-bottom: 108.79765395894%;\">\n                <img decoding=\"async\" width=\"934\" height=\"934\" src=\"https:\/\/mutti-parma.com\/app\/uploads\/sites\/17\/2020\/07\/boeuf-curry-madras-e1599139867503.jpg\" class=\"inline-block wp-image-6236\" alt=\"B\u0153uf curry Madras\" sizes=\"auto, (max-width: 600px) 72vw, 431px\" data-spai-crop=\"true\" title=\"B\u0153uf curry Madras\" srcset=\"https:\/\/mutti-parma.com\/app\/uploads\/sites\/17\/2020\/07\/boeuf-curry-madras-e1599139867503.jpg 934w, https:\/\/mutti-parma.com\/app\/uploads\/sites\/17\/2020\/07\/boeuf-curry-madras-e1599139867503-200x200.jpg 200w, https:\/\/mutti-parma.com\/app\/uploads\/sites\/17\/2020\/07\/boeuf-curry-madras-e1599139867503-500x500.jpg 500w, https:\/\/mutti-parma.com\/app\/uploads\/sites\/17\/2020\/07\/boeuf-curry-madras-e1599139867503-768x768.jpg 768w, https:\/\/mutti-parma.com\/app\/uploads\/sites\/17\/2020\/07\/boeuf-curry-madras-e1599139867503-150x150.jpg 150w, https:\/\/mutti-parma.com\/app\/uploads\/sites\/17\/2020\/07\/boeuf-curry-madras-e1599139867503-600x600.jpg 600w, https:\/\/mutti-parma.com\/app\/uploads\/sites\/17\/2020\/07\/boeuf-curry-madras-e1599139867503-50x50.jpg 50w\" loading=\"lazy\" \/>\n      <\/div>\n\n          <\/a>\n  \n  \n      <a class=\"is-style-cursive heading block text-primary leading-none\" href=\"https:\/\/mutti-parma.com\/fr\/produits\/sauce-tomate-et-piments\/\">\n      Sauce tomate au Piment de Calabre\n    <\/a>\n  \n  <a class=\"block my-4\" href=\"https:\/\/mutti-parma.com\/fr\/nos-recettes\/boeuf-curry-madras\/\">\n          <h3>B\u0153uf curry Madras<\/h3>\n      <\/a>\n\n      <a class=\"block hover:no-underline text-black\" href=\"https:\/\/mutti-parma.com\/fr\/nos-recettes\/boeuf-curry-madras\/\">\n      Le b\u0153uf curry Madras vous transporte dans le sud-est de l\u2019Inde. Apprenez \u00e0 allier la puissance du curry aux notes relev\u00e9es de notre Sauce tomate au Piment de Calabre Mutti. Un plat de b\u0153uf tendre et mijot\u00e9 aux d\u00e9licieuses saveurs indiennes.\n    <\/a>\n  \n  <div class=\"flex items-center justify-center my-4\">\n    <div class=\"-ml-2 mr-2 pr-4 border-primary border-r-2 pt-2\">\n    <p class=\"flex flex-wrap items-end font-heavy text-primary leading-none justify-center\">\n      <img decoding=\"async\" alt=\"Total time\" class=\"w-10 md:w-12 mx-3 mb-2\" src=\"https:\/\/mutti-parma.com\/app\/themes\/mutti\/dist\/images\/icons\/mutti-product-icons-reduced-cooking-time.svg?id=dc737ade6befaad1eaaf\" width=\"54\" height=\"26\" loading=\"lazy\">\n      <span class=\"mb-2\">\n        3h\n      <\/span>\n    <\/p>\n  <\/div>\n  <div class=\"pt-2\">\n    <p class=\"flex flex-wrap items-end font-heavy uppercase text-primary leading-none justify-center\">\n      <img decoding=\"async\" alt=\"Difficulty\" class=\"w-10 md:w-12 mx-3 mb-2\" src=\"https:\/\/mutti-parma.com\/app\/themes\/mutti\/dist\/images\/icons\/mutti-product-icons-stove-top.svg?id=5f4b0df898a96e10ac63\" width=\"54\" height=\"18\" loading=\"lazy\">\n      <span class=\"mb-2\">\n        Moyen\n      <\/span>\n    <\/p>\n  <\/div>\n  <\/div>\n<\/div>\n        <\/div>\n          <\/slideshow>\n  \n  <hr class=\"alignwide wp-block-separator\">\n\n      <p class=\"text-center\">\n      <a class=\"h3 underline\" href=\"https:\/\/mutti-parma.com\/fr\/nos-recettes\/\">D\u00e9couvrez nos d\u00e9licieuses recettes avec des tomates<\/a>\n    <\/p>\n  <\/div>\n\n\n<div class=\"acf-related-products mb-8 lg:mb-16 \" data-vue-wrapper>\n      <h3 class=\"text-center\">Autres produits de la gamme \r\n<\/h3>\n  \n      <slideshow :slides-per-view=\"3\" :navigation=\"true\" class=\"mx-8 lg:-mx-12\" name=\"Related Products\">\n              <div class=\"swiper-slide\">\n          <div class=\"text-center hover:lift-img mx-auto max-w-28\">\n      <a href=\"https:\/\/mutti-parma.com\/fr\/produits\/sauce-tomate-et-parmesan\/\" class=\"block\">\n            <div class=\"responsive-embed is-contain\" style=\"padding-bottom: 188.23529411765%;\"><img decoding=\"async\" width=\"1153\" height=\"2358\" src=\"https:\/\/mutti-parma.com\/app\/uploads\/sites\/17\/2024\/04\/parmigiano-cropped.png\" class=\"inline-block mt-2 wp-image-22861\" alt=\"Sauce Tomate et Parmigiano Reggiano\" sizes=\"auto, 126px\" data-spai-crop=\"false\" title=\"Sauce Tomate et Parmigiano Reggiano\" srcset=\"https:\/\/mutti-parma.com\/app\/uploads\/sites\/17\/2024\/04\/parmigiano-cropped.png 1153w, https:\/\/mutti-parma.com\/app\/uploads\/sites\/17\/2024\/04\/parmigiano-cropped-244x500.png 244w, https:\/\/mutti-parma.com\/app\/uploads\/sites\/17\/2024\/04\/parmigiano-cropped-501x1024.png 501w, https:\/\/mutti-parma.com\/app\/uploads\/sites\/17\/2024\/04\/parmigiano-cropped-98x200.png 98w, https:\/\/mutti-parma.com\/app\/uploads\/sites\/17\/2024\/04\/parmigiano-cropped-768x1571.png 768w, https:\/\/mutti-parma.com\/app\/uploads\/sites\/17\/2024\/04\/parmigiano-cropped-150x307.png 150w, https:\/\/mutti-parma.com\/app\/uploads\/sites\/17\/2024\/04\/parmigiano-cropped-600x1227.png 600w, https:\/\/mutti-parma.com\/app\/uploads\/sites\/17\/2024\/04\/parmigiano-cropped-751x1536.png 751w, https:\/\/mutti-parma.com\/app\/uploads\/sites\/17\/2024\/04\/parmigiano-cropped-1001x2048.png 1001w\" loading=\"lazy\" \/><\/div>\n    <\/a>\n  \n  <a class=\"block underline mb-2 mt-2\" href=\"https:\/\/mutti-parma.com\/fr\/produits\/sauce-tomate-et-parmesan\/\">\n    <h3 class=\"h4\">Sauce Tomate et Parmigiano Reggiano<\/h3>\n  <\/a>\n\n      <a class=\"block hover:no-underline text-inherit\" href=\"https:\/\/mutti-parma.com\/fr\/produits\/sauce-tomate-et-parmesan\/\">\n      Sauce tomate cuisin\u00e9e\n    <\/a>\n  <\/div>\n        <\/div>\n              <div class=\"swiper-slide\">\n          <div class=\"text-center hover:lift-img mx-auto max-w-28\">\n      <a href=\"https:\/\/mutti-parma.com\/fr\/produits\/sauce-tomate-et-basilic\/\" class=\"block\">\n            <div class=\"responsive-embed is-contain\" style=\"padding-bottom: 188.23529411765%;\"><img decoding=\"async\" width=\"1153\" height=\"2358\" src=\"https:\/\/mutti-parma.com\/app\/uploads\/sites\/17\/2024\/04\/basil-cropped.png\" class=\"inline-block mt-2 wp-image-22866\" alt=\"Sauce tomate au Basilic AOP de G\u00eanes\" sizes=\"auto, 126px\" data-spai-crop=\"false\" title=\"Sauce tomate au Basilic AOP de G\u00eanes\" srcset=\"https:\/\/mutti-parma.com\/app\/uploads\/sites\/17\/2024\/04\/basil-cropped.png 1153w, https:\/\/mutti-parma.com\/app\/uploads\/sites\/17\/2024\/04\/basil-cropped-244x500.png 244w, https:\/\/mutti-parma.com\/app\/uploads\/sites\/17\/2024\/04\/basil-cropped-501x1024.png 501w, https:\/\/mutti-parma.com\/app\/uploads\/sites\/17\/2024\/04\/basil-cropped-98x200.png 98w, https:\/\/mutti-parma.com\/app\/uploads\/sites\/17\/2024\/04\/basil-cropped-768x1571.png 768w, https:\/\/mutti-parma.com\/app\/uploads\/sites\/17\/2024\/04\/basil-cropped-150x307.png 150w, https:\/\/mutti-parma.com\/app\/uploads\/sites\/17\/2024\/04\/basil-cropped-600x1227.png 600w, https:\/\/mutti-parma.com\/app\/uploads\/sites\/17\/2024\/04\/basil-cropped-751x1536.png 751w, https:\/\/mutti-parma.com\/app\/uploads\/sites\/17\/2024\/04\/basil-cropped-1001x2048.png 1001w\" loading=\"lazy\" \/><\/div>\n    <\/a>\n  \n  <a class=\"block underline mb-2 mt-2\" href=\"https:\/\/mutti-parma.com\/fr\/produits\/sauce-tomate-et-basilic\/\">\n    <h3 class=\"h4\">Sauce tomate au Basilic AOP de G\u00eanes<\/h3>\n  <\/a>\n\n      <a class=\"block hover:no-underline text-inherit\" href=\"https:\/\/mutti-parma.com\/fr\/produits\/sauce-tomate-et-basilic\/\">\n      Sauce tomate cuisin\u00e9e\n    <\/a>\n  <\/div>\n        <\/div>\n              <div class=\"swiper-slide\">\n          <div class=\"text-center hover:lift-img mx-auto max-w-28\">\n      <a href=\"https:\/\/mutti-parma.com\/fr\/produits\/sauce-tomate-et-olives\/\" class=\"block\">\n            <div class=\"responsive-embed is-contain\" style=\"padding-bottom: 188.23529411765%;\"><img decoding=\"async\" width=\"1153\" height=\"2358\" src=\"https:\/\/mutti-parma.com\/app\/uploads\/sites\/17\/2024\/04\/leccino-olives-cropped.png\" class=\"inline-block mt-2 wp-image-22862\" alt=\"Sauce tomate aux Olives Leccino\" sizes=\"auto, 126px\" data-spai-crop=\"false\" title=\"Sauce tomate aux Olives Leccino\" srcset=\"https:\/\/mutti-parma.com\/app\/uploads\/sites\/17\/2024\/04\/leccino-olives-cropped.png 1153w, https:\/\/mutti-parma.com\/app\/uploads\/sites\/17\/2024\/04\/leccino-olives-cropped-244x500.png 244w, https:\/\/mutti-parma.com\/app\/uploads\/sites\/17\/2024\/04\/leccino-olives-cropped-501x1024.png 501w, https:\/\/mutti-parma.com\/app\/uploads\/sites\/17\/2024\/04\/leccino-olives-cropped-98x200.png 98w, https:\/\/mutti-parma.com\/app\/uploads\/sites\/17\/2024\/04\/leccino-olives-cropped-768x1571.png 768w, https:\/\/mutti-parma.com\/app\/uploads\/sites\/17\/2024\/04\/leccino-olives-cropped-150x307.png 150w, https:\/\/mutti-parma.com\/app\/uploads\/sites\/17\/2024\/04\/leccino-olives-cropped-600x1227.png 600w, https:\/\/mutti-parma.com\/app\/uploads\/sites\/17\/2024\/04\/leccino-olives-cropped-751x1536.png 751w, https:\/\/mutti-parma.com\/app\/uploads\/sites\/17\/2024\/04\/leccino-olives-cropped-1001x2048.png 1001w\" loading=\"lazy\" \/><\/div>\n    <\/a>\n  \n  <a class=\"block underline mb-2 mt-2\" href=\"https:\/\/mutti-parma.com\/fr\/produits\/sauce-tomate-et-olives\/\">\n    <h3 class=\"h4\">Sauce tomate aux Olives Leccino<\/h3>\n  <\/a>\n\n      <a class=\"block hover:no-underline text-inherit\" href=\"https:\/\/mutti-parma.com\/fr\/produits\/sauce-tomate-et-olives\/\">\n      Sauce tomate cuisin\u00e9e\n    <\/a>\n  <\/div>\n        <\/div>\n              <div class=\"swiper-slide\">\n          <div class=\"text-center hover:lift-img mx-auto max-w-28\">\n      <a href=\"https:\/\/mutti-parma.com\/fr\/produits\/sauce-tomate-et-legumes\/\" class=\"block\">\n            <div class=\"responsive-embed is-contain\" style=\"padding-bottom: 188.23529411765%;\"><img decoding=\"async\" width=\"1153\" height=\"2358\" src=\"https:\/\/mutti-parma.com\/app\/uploads\/sites\/17\/2024\/04\/grilled-cropped.png\" class=\"inline-block mt-2 wp-image-22863\" alt=\"Sauce Tomate et L\u00e9gumes grill\u00e9s\" sizes=\"auto, 126px\" data-spai-crop=\"false\" title=\"Sauce Tomate et L\u00e9gumes grill\u00e9s\" srcset=\"https:\/\/mutti-parma.com\/app\/uploads\/sites\/17\/2024\/04\/grilled-cropped.png 1153w, https:\/\/mutti-parma.com\/app\/uploads\/sites\/17\/2024\/04\/grilled-cropped-244x500.png 244w, https:\/\/mutti-parma.com\/app\/uploads\/sites\/17\/2024\/04\/grilled-cropped-501x1024.png 501w, https:\/\/mutti-parma.com\/app\/uploads\/sites\/17\/2024\/04\/grilled-cropped-98x200.png 98w, https:\/\/mutti-parma.com\/app\/uploads\/sites\/17\/2024\/04\/grilled-cropped-768x1571.png 768w, https:\/\/mutti-parma.com\/app\/uploads\/sites\/17\/2024\/04\/grilled-cropped-150x307.png 150w, https:\/\/mutti-parma.com\/app\/uploads\/sites\/17\/2024\/04\/grilled-cropped-600x1227.png 600w, https:\/\/mutti-parma.com\/app\/uploads\/sites\/17\/2024\/04\/grilled-cropped-751x1536.png 751w, https:\/\/mutti-parma.com\/app\/uploads\/sites\/17\/2024\/04\/grilled-cropped-1001x2048.png 1001w\" loading=\"lazy\" \/><\/div>\n    <\/a>\n  \n  <a class=\"block underline mb-2 mt-2\" href=\"https:\/\/mutti-parma.com\/fr\/produits\/sauce-tomate-et-legumes\/\">\n    <h3 class=\"h4\">Sauce Tomate et L\u00e9gumes grill\u00e9s<\/h3>\n  <\/a>\n\n      <a class=\"block hover:no-underline text-inherit\" href=\"https:\/\/mutti-parma.com\/fr\/produits\/sauce-tomate-et-legumes\/\">\n      Sauce tomate cuisin\u00e9e\n    <\/a>\n  <\/div>\n        <\/div>\n              <div class=\"swiper-slide\">\n          <div class=\"text-center hover:lift-img mx-auto max-w-28\">\n      <a href=\"https:\/\/mutti-parma.com\/fr\/produits\/sauce-tomates-cuisinees\/\" class=\"block\">\n            <div class=\"responsive-embed is-contain\" style=\"padding-bottom: 188.23529411765%;\"><img decoding=\"async\" width=\"1153\" height=\"2358\" src=\"https:\/\/mutti-parma.com\/app\/uploads\/sites\/17\/2024\/04\/datterino-cropped.png\" class=\"inline-block mt-2 wp-image-22864\" alt=\"Sauce tomates cuisin\u00e9es\" sizes=\"auto, 126px\" data-spai-crop=\"false\" title=\"Sauce tomates cuisin\u00e9es\" srcset=\"https:\/\/mutti-parma.com\/app\/uploads\/sites\/17\/2024\/04\/datterino-cropped.png 1153w, https:\/\/mutti-parma.com\/app\/uploads\/sites\/17\/2024\/04\/datterino-cropped-244x500.png 244w, https:\/\/mutti-parma.com\/app\/uploads\/sites\/17\/2024\/04\/datterino-cropped-501x1024.png 501w, https:\/\/mutti-parma.com\/app\/uploads\/sites\/17\/2024\/04\/datterino-cropped-98x200.png 98w, https:\/\/mutti-parma.com\/app\/uploads\/sites\/17\/2024\/04\/datterino-cropped-768x1571.png 768w, https:\/\/mutti-parma.com\/app\/uploads\/sites\/17\/2024\/04\/datterino-cropped-150x307.png 150w, https:\/\/mutti-parma.com\/app\/uploads\/sites\/17\/2024\/04\/datterino-cropped-600x1227.png 600w, https:\/\/mutti-parma.com\/app\/uploads\/sites\/17\/2024\/04\/datterino-cropped-751x1536.png 751w, https:\/\/mutti-parma.com\/app\/uploads\/sites\/17\/2024\/04\/datterino-cropped-1001x2048.png 1001w\" loading=\"lazy\" \/><\/div>\n    <\/a>\n  \n  <a class=\"block underline mb-2 mt-2\" href=\"https:\/\/mutti-parma.com\/fr\/produits\/sauce-tomates-cuisinees\/\">\n    <h3 class=\"h4\">Sauce tomates cuisin\u00e9es<\/h3>\n  <\/a>\n\n      <a class=\"block hover:no-underline text-inherit\" href=\"https:\/\/mutti-parma.com\/fr\/produits\/sauce-tomates-cuisinees\/\">\n      Sauce tomate cuisin\u00e9e\n    <\/a>\n  <\/div>\n        <\/div>\n              <div class=\"swiper-slide\">\n          <div class=\"text-center hover:lift-img mx-auto max-w-28\">\n      <a href=\"https:\/\/mutti-parma.com\/fr\/produits\/sauce-tomate-provencale\/\" class=\"block\">\n            <div class=\"responsive-embed is-contain\" style=\"padding-bottom: 188.23529411765%;\"><img decoding=\"async\" width=\"1153\" height=\"2358\" src=\"https:\/\/mutti-parma.com\/app\/uploads\/sites\/17\/2024\/04\/provencale-cropped.png\" class=\"inline-block mt-2 wp-image-22860\" alt=\"Sauce Tomate Proven\u00e7ale\" sizes=\"auto, 126px\" data-spai-crop=\"false\" title=\"Sauce Tomate Proven\u00e7ale\" srcset=\"https:\/\/mutti-parma.com\/app\/uploads\/sites\/17\/2024\/04\/provencale-cropped.png 1153w, https:\/\/mutti-parma.com\/app\/uploads\/sites\/17\/2024\/04\/provencale-cropped-244x500.png 244w, https:\/\/mutti-parma.com\/app\/uploads\/sites\/17\/2024\/04\/provencale-cropped-501x1024.png 501w, https:\/\/mutti-parma.com\/app\/uploads\/sites\/17\/2024\/04\/provencale-cropped-98x200.png 98w, https:\/\/mutti-parma.com\/app\/uploads\/sites\/17\/2024\/04\/provencale-cropped-768x1571.png 768w, https:\/\/mutti-parma.com\/app\/uploads\/sites\/17\/2024\/04\/provencale-cropped-150x307.png 150w, https:\/\/mutti-parma.com\/app\/uploads\/sites\/17\/2024\/04\/provencale-cropped-600x1227.png 600w, https:\/\/mutti-parma.com\/app\/uploads\/sites\/17\/2024\/04\/provencale-cropped-751x1536.png 751w, https:\/\/mutti-parma.com\/app\/uploads\/sites\/17\/2024\/04\/provencale-cropped-1001x2048.png 1001w\" loading=\"lazy\" \/><\/div>\n    <\/a>\n  \n  <a class=\"block underline mb-2 mt-2\" href=\"https:\/\/mutti-parma.com\/fr\/produits\/sauce-tomate-provencale\/\">\n    <h3 class=\"h4\">Sauce Tomate Proven\u00e7ale<\/h3>\n  <\/a>\n\n      <a class=\"block hover:no-underline text-inherit\" href=\"https:\/\/mutti-parma.com\/fr\/produits\/sauce-tomate-provencale\/\">\n      Sauce tomate cuisin\u00e9e\n    <\/a>\n  <\/div>\n        <\/div>\n              <div class=\"swiper-slide\">\n          <div class=\"text-center hover:lift-img mx-auto max-w-28\">\n      <a href=\"https:\/\/mutti-parma.com\/fr\/produits\/sauce-bolognaise-vegetale\/\" class=\"block\">\n            <div class=\"responsive-embed is-contain\" style=\"padding-bottom: 188.23529411765%;\"><img decoding=\"async\" width=\"522\" height=\"896\" src=\"https:\/\/mutti-parma.com\/app\/uploads\/sites\/17\/2023\/06\/sauce-vegetale-mutti.png\" class=\"inline-block mt-2 wp-image-23321\" alt=\"Sauce bolognaise v\u00e9g\u00e9tale\" sizes=\"auto, 126px\" data-spai-crop=\"false\" title=\"Sauce bolognaise v\u00e9g\u00e9tale\" srcset=\"https:\/\/mutti-parma.com\/app\/uploads\/sites\/17\/2023\/06\/sauce-vegetale-mutti.png 522w, https:\/\/mutti-parma.com\/app\/uploads\/sites\/17\/2023\/06\/sauce-vegetale-mutti-291x500.png 291w, https:\/\/mutti-parma.com\/app\/uploads\/sites\/17\/2023\/06\/sauce-vegetale-mutti-117x200.png 117w, https:\/\/mutti-parma.com\/app\/uploads\/sites\/17\/2023\/06\/sauce-vegetale-mutti-150x257.png 150w\" loading=\"lazy\" \/><\/div>\n    <\/a>\n  \n  <a class=\"block underline mb-2 mt-2\" href=\"https:\/\/mutti-parma.com\/fr\/produits\/sauce-bolognaise-vegetale\/\">\n    <h3 class=\"h4\">Sauce bolognaise v\u00e9g\u00e9tale<\/h3>\n  <\/a>\n\n      <a class=\"block hover:no-underline text-inherit\" href=\"https:\/\/mutti-parma.com\/fr\/produits\/sauce-bolognaise-vegetale\/\">\n      Sauce tomate cuisin\u00e9e\n    <\/a>\n  <\/div>\n        <\/div>\n          <\/slideshow>\n  <\/div>\n\n\n","protected":false},"excerpt":{"rendered":"<p>Maintenant que vous en savez plus sur nos produits, il est l\u2019heure de cuisiner. Comment cuisiner ce produit ? Que faire avec de la sauce tomate ?La sauce tomate et piments de Calabre Mutti est une sauce italienne relev\u00e9e et de caract\u00e8re. R\u00e9alis\u00e9e \u00e0 partir de Piments de la r\u00e9gion de la Calabre en Italie<\/p>\n","protected":false},"featured_media":22865,"comment_status":"closed","ping_status":"closed","template":"","product_category":[60],"class_list":["post-958","product","type-product","status-publish","has-post-thumbnail","hentry","product_category-product-category-51"],"acf":[],"_links":{"self":[{"href":"https:\/\/mutti-parma.com\/fr\/wp-json\/wp\/v2\/product\/958","targetHints":{"allow":["GET"]}}],"collection":[{"href":"https:\/\/mutti-parma.com\/fr\/wp-json\/wp\/v2\/product"}],"about":[{"href":"https:\/\/mutti-parma.com\/fr\/wp-json\/wp\/v2\/types\/product"}],"replies":[{"embeddable":true,"href":"https:\/\/mutti-parma.com\/fr\/wp-json\/wp\/v2\/comments?post=958"}],"version-history":[{"count":100,"href":"https:\/\/mutti-parma.com\/fr\/wp-json\/wp\/v2\/product\/958\/revisions"}],"predecessor-version":[{"id":22869,"href":"https:\/\/mutti-parma.com\/fr\/wp-json\/wp\/v2\/product\/958\/revisions\/22869"}],"wp:featuredmedia":[{"embeddable":true,"href":"https:\/\/mutti-parma.com\/fr\/wp-json\/wp\/v2\/media\/22865"}],"wp:attachment":[{"href":"https:\/\/mutti-parma.com\/fr\/wp-json\/wp\/v2\/media?parent=958"}],"wp:term":[{"taxonomy":"product_category","embeddable":true,"href":"https:\/\/mutti-parma.com\/fr\/wp-json\/wp\/v2\/product_category?post=958"}],"curies":[{"name":"wp","href":"https:\/\/api.w.org\/{rel}","templated":true}]}}