{"id":41,"date":"2019-11-29T17:05:07","date_gmt":"2019-11-29T17:05:07","guid":{"rendered":"https:\/\/mutti-parma.com\/fr\/?post_type=product_category&#038;p=41"},"modified":"2022-11-09T13:04:48","modified_gmt":"2022-11-09T13:04:48","slug":"tomates-pelees","status":"publish","type":"product_category","link":"https:\/\/mutti-parma.com\/fr\/categorie\/tomates-pelees\/","title":{"rendered":"Tomates pel\u00e9es &#8211; Pelati"},"content":{"rendered":"\n<div style=\"--media-width: 50\" class=\"wp-block-media-text alignwide has-media-on-the-right is-stacked-on-mobile is-style-hero has-background-image\"><img loading=\"lazy\" decoding=\"async\" class=\"wp-block-media-text__background\" alt=\"\" data-spai-crop=\"true\" src=\"https:\/\/mutti-parma.com\/app\/uploads\/sites\/3\/2019\/09\/texture-banner-mutti-pelati.jpg\" \/><figure class=\"wp-block-media-text__media\"><img loading=\"lazy\" decoding=\"async\" src=\"https:\/\/mutti-parma.com\/app\/uploads\/sites\/17\/2019\/11\/tomates-pelees-400g-786x1024.png\" alt=\"\" class=\"wp-image-892 size-full\" sizes=\"(min-width: 1440px) 528px,37vw\" data-spai-crop=\"false\" \/><\/figure><div class=\"wp-block-media-text__content\"><div class=\"acf-breadcrumb my-4 md:my-8 text-center md:text-left\">\n  <nav>\n  <ol class=\"list-none text-md\">\n                  <li class=\"inline\">\n                      <a class=\"text-inherit\" href=\"https:\/\/mutti-parma.com\/fr\/\">\n              Accueil\n            <\/a>\n                            <\/li>\n            <\/ol>\n<\/nav>\n<\/div>\n\n\n\n<h2 class=\"h1 wp-block-heading\">Tomates Pel\u00e9es<\/h2>\n\n\n\n<h1 class=\"is-style-cursive wp-block-heading\">Tomates pel\u00e9es &#8211; Pelati<\/h1>\n\n\n\n<p class=\"has-text-align-left\">Tomates enti\u00e8res pel\u00e9es, juteuses et fermes, dans une pur\u00e9e de tomates velout\u00e9e. Les Pelati Mutti en conserves sont id\u00e9ales pour la pr\u00e9paration de soupes de tomates, plats mijot\u00e9s et au four, sandwichs et autres recettes avec des tomates.<br><br>Les conserves de tomates pel\u00e9es sont not\u00e9es A par le Nutri-Score (comme tous nos produits except\u00e9 notre ketchup not\u00e9 D pour sa teneur en sucre). <\/p>\n\n\n<div class=\"acf-characteristics\">\n  <div class=\"flex flex-wrap -m-2 justify-center sm:justify-between\">\n          <div class=\"m-2 w-24 text-center\">\n        <div style=\"height: 41px; width: 80px;\" class=\"mx-auto flex items-end justify-center mx-auto\">\n                      <img decoding=\"async\" width=\"1200\" height=\"650\" src=\"https:\/\/mutti-parma.com\/app\/uploads\/sites\/17\/2019\/12\/1200px-nutri-score-a.svg.png\" class=\"w-full wp-image-3871\" alt=\"\" style=\"max-height: 43px; max-width: 80px;\" srcset=\"https:\/\/mutti-parma.com\/app\/uploads\/sites\/17\/2019\/12\/1200px-nutri-score-a.svg.png 1200w, https:\/\/mutti-parma.com\/app\/uploads\/sites\/17\/2019\/12\/1200px-nutri-score-a.svg-200x108.png 200w, https:\/\/mutti-parma.com\/app\/uploads\/sites\/17\/2019\/12\/1200px-nutri-score-a.svg-500x271.png 500w, https:\/\/mutti-parma.com\/app\/uploads\/sites\/17\/2019\/12\/1200px-nutri-score-a.svg-768x416.png 768w, https:\/\/mutti-parma.com\/app\/uploads\/sites\/17\/2019\/12\/1200px-nutri-score-a.svg-1024x555.png 1024w, https:\/\/mutti-parma.com\/app\/uploads\/sites\/17\/2019\/12\/1200px-nutri-score-a.svg-150x81.png 150w, https:\/\/mutti-parma.com\/app\/uploads\/sites\/17\/2019\/12\/1200px-nutri-score-a.svg-600x325.png 600w\" sizes=\"auto, (max-width: 1200px) 100vw, 1200px\" loading=\"lazy\" \/>\n                  <\/div>\n        <p class=\"h6 text-inherit mt-3\">Nutri-Score A<\/p>\n      <\/div>\n          <div class=\"m-2 w-24 text-center\">\n        <div style=\"height: 41px; width: 80px;\" class=\"mx-auto flex items-end justify-center mx-auto\">\n                      <img decoding=\"async\" width=\"223\" height=\"169\" src=\"https:\/\/mutti-parma.com\/app\/uploads\/sites\/3\/2019\/10\/mutti-product-icons-firm-and-fleshy.svg\" class=\"w-full wp-image-300000259 attachment-full size-full\" alt=\"\" style=\"max-height: 43px; max-width: 80px;\" loading=\"lazy\" \/>\n                  <\/div>\n        <p class=\"h6 text-inherit mt-3\">Texture ferme et charnue<\/p>\n      <\/div>\n          <div class=\"m-2 w-24 text-center\">\n        <div style=\"height: 41px; width: 80px;\" class=\"mx-auto flex items-end justify-center mx-auto\">\n                      <img decoding=\"async\" width=\"218\" height=\"164\" src=\"https:\/\/mutti-parma.com\/app\/uploads\/sites\/3\/2019\/10\/mutti-product-icons-suitable.svg\" class=\"w-full wp-image-300000263 attachment-full size-full\" alt=\"crockery\" style=\"max-height: 43px; max-width: 80px;\" loading=\"lazy\" \/>\n                  <\/div>\n        <p class=\"h6 text-inherit mt-3\">Convient pour la plupart des plats \u00e0 base de tomates<\/p>\n      <\/div>\n          <div class=\"m-2 w-24 text-center\">\n        <div style=\"height: 41px; width: 80px;\" class=\"mx-auto flex items-end justify-center mx-auto\">\n                      <img decoding=\"async\" width=\"90\" height=\"24\" src=\"https:\/\/mutti-parma.com\/app\/uploads\/sites\/3\/2021\/04\/icon-characteristics-color-bright-red-v2.svg\" class=\"w-full wp-image-300000417 attachment-full size-full\" alt=\"\" style=\"max-height: 43px; max-width: 80px;\" loading=\"lazy\" \/>\n                  <\/div>\n        <p class=\"h6 text-inherit mt-3\">Couleur rouge vif<\/p>\n      <\/div>\n          <div class=\"m-2 w-24 text-center\">\n        <div style=\"height: 41px; width: 80px;\" class=\"mx-auto flex items-end justify-center mx-auto\">\n                      <img decoding=\"async\" width=\"249\" height=\"106\" src=\"https:\/\/mutti-parma.com\/app\/uploads\/sites\/3\/2019\/09\/icon-characteristics-delicato.svg\" class=\"w-full wp-image-300000110 attachment-full size-full\" alt=\"delicato\" style=\"max-height: 43px; max-width: 80px;\" loading=\"lazy\" \/>\n                  <\/div>\n        <p class=\"h6 text-inherit mt-3\">Saveur d\u00e9licate<\/p>\n      <\/div>\n      <\/div>\n<\/div>\n<\/div><\/div>\n\n\n<div class=\"acf-product-listing is-style-slideshow alignwide\" data-vue-wrapper>\n      <slideshow :slides-per-view=\"5\" :slides-per-view-lg=\"4\" :slides-per-view-sm=\"1\" :slides-per-view-md=\"3\" :navigation=\"true\" class=\"mx-8 lg:-mx-12\" name=\"Products\">\n              <div class=\"swiper-slide\">\n          <div class=\"text-center hover:lift-img mx-auto max-w-28\">\n      <a href=\"https:\/\/mutti-parma.com\/fr\/produits\/pelees\/\" class=\"block\">\n            <div class=\"responsive-embed is-contain\" style=\"padding-bottom: 188.23529411765%;\"><img decoding=\"async\" width=\"304\" height=\"420\" src=\"https:\/\/mutti-parma.com\/app\/uploads\/sites\/17\/2021\/08\/tomates-pelees-zero-residus.png\" class=\"inline-block mt-2 wp-image-19973\" alt=\"Pel\u00e9es &#8211; Pelati\" sizes=\"auto, 126px\" data-spai-crop=\"false\" title=\"Pel\u00e9es &#8211; Pelati\" srcset=\"https:\/\/mutti-parma.com\/app\/uploads\/sites\/17\/2021\/08\/tomates-pelees-zero-residus.png 304w, https:\/\/mutti-parma.com\/app\/uploads\/sites\/17\/2021\/08\/tomates-pelees-zero-residus-145x200.png 145w, https:\/\/mutti-parma.com\/app\/uploads\/sites\/17\/2021\/08\/tomates-pelees-zero-residus-150x207.png 150w\" loading=\"lazy\" \/><\/div>\n    <\/a>\n  \n  <a class=\"block underline mb-2 mt-2\" href=\"https:\/\/mutti-parma.com\/fr\/produits\/pelees\/\">\n    <h3 class=\"h4\">Pel\u00e9es &#8211; Pelati<\/h3>\n  <\/a>\n\n      <a class=\"block hover:no-underline text-inherit\" href=\"https:\/\/mutti-parma.com\/fr\/produits\/pelees\/\">\n      Tomates pel\u00e9es\n    <\/a>\n  <\/div>\n        <\/div>\n              <div class=\"swiper-slide\">\n          <div class=\"text-center hover:lift-img mx-auto max-w-28\">\n      <a href=\"https:\/\/mutti-parma.com\/fr\/produits\/tomates-pelees-pelati-bio\/\" class=\"block\">\n            <div class=\"responsive-embed is-contain\" style=\"padding-bottom: 188.23529411765%;\"><img decoding=\"async\" width=\"1358\" height=\"2000\" src=\"https:\/\/mutti-parma.com\/app\/uploads\/sites\/17\/2019\/12\/210220-tin-pelati-bio-ssa-400g-fr-hd.png\" class=\"inline-block mt-2 wp-image-12352\" alt=\"Tomates pel\u00e9es bio\" sizes=\"auto, 126px\" data-spai-crop=\"false\" title=\"Tomates pel\u00e9es bio\" srcset=\"https:\/\/mutti-parma.com\/app\/uploads\/sites\/17\/2019\/12\/210220-tin-pelati-bio-ssa-400g-fr-hd.png 1358w, https:\/\/mutti-parma.com\/app\/uploads\/sites\/17\/2019\/12\/210220-tin-pelati-bio-ssa-400g-fr-hd-136x200.png 136w, https:\/\/mutti-parma.com\/app\/uploads\/sites\/17\/2019\/12\/210220-tin-pelati-bio-ssa-400g-fr-hd-340x500.png 340w, https:\/\/mutti-parma.com\/app\/uploads\/sites\/17\/2019\/12\/210220-tin-pelati-bio-ssa-400g-fr-hd-768x1131.png 768w, https:\/\/mutti-parma.com\/app\/uploads\/sites\/17\/2019\/12\/210220-tin-pelati-bio-ssa-400g-fr-hd-695x1024.png 695w, https:\/\/mutti-parma.com\/app\/uploads\/sites\/17\/2019\/12\/210220-tin-pelati-bio-ssa-400g-fr-hd-150x221.png 150w, https:\/\/mutti-parma.com\/app\/uploads\/sites\/17\/2019\/12\/210220-tin-pelati-bio-ssa-400g-fr-hd-600x884.png 600w\" loading=\"lazy\" \/><\/div>\n    <\/a>\n  \n  <a class=\"block underline mb-2 mt-2\" href=\"https:\/\/mutti-parma.com\/fr\/produits\/tomates-pelees-pelati-bio\/\">\n    <h3 class=\"h4\">Tomates pel\u00e9es bio<\/h3>\n  <\/a>\n\n      <a class=\"block hover:no-underline text-inherit\" href=\"https:\/\/mutti-parma.com\/fr\/produits\/tomates-pelees-pelati-bio\/\">\n      Tomates pel\u00e9es\n    <\/a>\n  <\/div>\n        <\/div>\n              <div class=\"swiper-slide\">\n          <div class=\"text-center hover:lift-img mx-auto max-w-28\">\n      <a href=\"https:\/\/mutti-parma.com\/fr\/produits\/tomates-san-marzano\/\" class=\"block\">\n            <div class=\"responsive-embed is-contain\" style=\"padding-bottom: 188.23529411765%;\"><img decoding=\"async\" width=\"1284\" height=\"1667\" src=\"https:\/\/mutti-parma.com\/app\/uploads\/sites\/17\/2019\/12\/tomates-san-marzano-400g.png\" class=\"inline-block mt-2 wp-image-1003\" alt=\"Tomates San Marzano\" sizes=\"auto, 126px\" data-spai-crop=\"false\" title=\"Tomates San Marzano\" srcset=\"https:\/\/mutti-parma.com\/app\/uploads\/sites\/17\/2019\/12\/tomates-san-marzano-400g.png 1284w, https:\/\/mutti-parma.com\/app\/uploads\/sites\/17\/2019\/12\/tomates-san-marzano-400g-154x200.png 154w, https:\/\/mutti-parma.com\/app\/uploads\/sites\/17\/2019\/12\/tomates-san-marzano-400g-385x500.png 385w, https:\/\/mutti-parma.com\/app\/uploads\/sites\/17\/2019\/12\/tomates-san-marzano-400g-768x997.png 768w, https:\/\/mutti-parma.com\/app\/uploads\/sites\/17\/2019\/12\/tomates-san-marzano-400g-789x1024.png 789w, https:\/\/mutti-parma.com\/app\/uploads\/sites\/17\/2019\/12\/tomates-san-marzano-400g-150x195.png 150w, https:\/\/mutti-parma.com\/app\/uploads\/sites\/17\/2019\/12\/tomates-san-marzano-400g-600x779.png 600w\" loading=\"lazy\" \/><\/div>\n    <\/a>\n  \n  <a class=\"block underline mb-2 mt-2\" href=\"https:\/\/mutti-parma.com\/fr\/produits\/tomates-san-marzano\/\">\n    <h3 class=\"h4\">Tomates San Marzano<\/h3>\n  <\/a>\n\n      <a class=\"block hover:no-underline text-inherit\" href=\"https:\/\/mutti-parma.com\/fr\/produits\/tomates-san-marzano\/\">\n      Tomates pel\u00e9es\n    <\/a>\n  <\/div>\n        <\/div>\n              <div class=\"swiper-slide\">\n          <div class=\"text-center hover:lift-img mx-auto max-w-28\">\n      <a href=\"https:\/\/mutti-parma.com\/fr\/produits\/tomates-pelees-pelati-gastronomia\/\" class=\"block\">\n            <div class=\"responsive-embed is-contain\" style=\"padding-bottom: 188.23529411765%;\"><img decoding=\"async\" width=\"304\" height=\"420\" src=\"https:\/\/mutti-parma.com\/app\/uploads\/sites\/17\/2021\/08\/tomates-pelees-zero-residus.png\" class=\"inline-block mt-2 wp-image-19973\" alt=\"Tomates pel\u00e9es\" sizes=\"auto, 126px\" data-spai-crop=\"false\" title=\"Tomates pel\u00e9es\" srcset=\"https:\/\/mutti-parma.com\/app\/uploads\/sites\/17\/2021\/08\/tomates-pelees-zero-residus.png 304w, https:\/\/mutti-parma.com\/app\/uploads\/sites\/17\/2021\/08\/tomates-pelees-zero-residus-145x200.png 145w, https:\/\/mutti-parma.com\/app\/uploads\/sites\/17\/2021\/08\/tomates-pelees-zero-residus-150x207.png 150w\" loading=\"lazy\" \/><\/div>\n    <\/a>\n  \n  <a class=\"block underline mb-2 mt-2\" href=\"https:\/\/mutti-parma.com\/fr\/produits\/tomates-pelees-pelati-gastronomia\/\">\n    <h3 class=\"h4\">Tomates pel\u00e9es<\/h3>\n  <\/a>\n\n  <\/div>\n        <\/div>\n          <\/slideshow>\n  <\/div>\n\n\n\n\n\n<div class=\"wp-block-media-text alignwide is-stacked-on-mobile\" style=\"grid-template-columns:38% auto\"><figure class=\"wp-block-media-text__media\"><video\n  \n  autoplay\n  playsinline\n  muted\n  loop\n  loading=\"lazy\"\n  \n  \n  \n\n  \n      poster=\"https:\/\/mutti-parma.com\/app\/uploads\/sites\/3\/2019\/10\/product-consistency-pelati-image.jpg\"\n  >\n            <source src=\"https:\/\/cdn.mutti-parma.com\/app\/uploads\/sites\/3\/2019\/10\/product-consistency-pelati.mp4\" type=\"video\/mp4\">\n      <\/video>\n\n<\/figure><div class=\"wp-block-media-text__content\">\n<p class=\"is-style-cursive has-xxl-font-size\">En savoir plus sur<\/p>\n\n\n\n<h2 class=\"is-style-default wp-block-heading\">les tomates PEL\u00e9es<\/h2>\n\n\n\n<p>Comme pour toutes nos conserves de tomates, la transformation des tomates pel\u00e9es a lieu dans les 24 heures suivant la r\u00e9colte afin de pr\u00e9server la saveur authentique des tomates italiennes fra\u00eechement cueillies. Les usages de la tomate pel\u00e9e en cuisine sont multiples: elle est id\u00e9ale pour r\u00e9aliser de nombreuses sauces tomates et recettes m\u00e9diterran\u00e9ennes traditionnelles.<br><br>Les tomates pel\u00e9es en conserve sont incroyablement polyvalentes. Vous pouvez les utiliser comme garniture, comme \u00e9l\u00e9ment d\u00e9coratif et savoureux pour les focaccias ou les pizzas, ou tout simplement les couper en deux et les servir comme petits hors-d\u2019\u0153uvre. Coup\u00e9es en morceaux ou m\u00e9lang\u00e9es avec la sauce dans la conserve de tomates, elles sont parfaites dans tous types de sauces pour pizzas ou sauces pour p\u00e2tes. L\u00e9g\u00e8rement r\u00e9chauff\u00e9es, les tomates pel\u00e9es en conserves font ressortir les saveurs des fruits de mer.<\/p>\n\n\n\n<p class=\"is-style-cursive has-xxl-font-size\">Id\u00e9ales pour : Tout plat \u00e0 base de tomates (Soupes, plats mijot\u00e9s et au four, sandwichs) <\/p>\n<\/div><\/div>\n\n\n<div\n  class=\"acf-how-is-it-made alignwide text-center \"\n  data-vue-wrapper\n  >\n      <h2>QUEL EST SON MODE DE PRODUCTION?\r\n<\/h2>\n  \n  <slideshow :slides-per-view=\"3\" :slides-per-view-sm=\"1\" :slides-per-view-md=\"2\" name=\"How is it made\" class=\"mb-8\">\n          <div class=\"swiper-slide \">\n        <div class=\"max-w-64 mx-auto\">\n          <div class=\"max-w-48 mx-auto\">\n                          <div class=\"responsive-embed aspect-ratio-1-1\">\n\n<video\n  \n  \n  playsinline\n  muted\n  \n  loading=\"lazy\"\n  \n  \n  \n\n      muted\n    data-play-hover\n  \n      poster=\"https:\/\/mutti-parma.com\/app\/themes\/mutti\/dist\/videos\/howisitmade\/can_filled.png?id=996d965f4d1a103f4360\"\n  >\n            <source src=\"https:\/\/cdn.mutti-parma.com\/app\/themes\/mutti\/dist\/videos\/howisitmade\/can_filled-vp9.webm?id=82ce4ba7654b899583a1\" type=\"video\/webm;codec=vp9\">\n                <source src=\"https:\/\/cdn.mutti-parma.com\/app\/themes\/mutti\/dist\/videos\/howisitmade\/can_filled-vp8.webm?id=6ddd3843de541b661a5f\" type=\"video\/webm;codec=vp8\">\n      <\/video>\n\n  <\/div>\n                      <\/div>\n          <p>La peau des tomates est retir\u00e9e doucement \u00e0 la vapeur. Elles sont ensuite mises en conserve pour pr\u00e9server leur fra\u00eecheur.<\/p>\n\n        <\/div>\n      <\/div>\n      <\/slideshow>\n\n      <p class=\"is-style-cursive text-5xl\">Pour en savoir plus sur nos modes de production, consultez la page<\/p>\n  \n      <h3><a href=\"https:\/\/mutti-parma.com\/fr\/de-nos-champs-a-lassiette\/\"> De nos champs \u00e0 l\u2019assiette <\/a><\/h3>\n  <\/div>\n\n\n\n<hr class=\"wp-block-separator has-css-opacity\"\/>\n\n\n\n\n\n<p class=\"has-text-align-center is-style-cursive has-xxl-font-size\"><strong>Que faire avec des tomates pel\u00e9es&nbsp;? <\/strong><br><br>Vous \u00eates \u00e0 la recherche de recettes avec des tomates pel\u00e9es ?   <\/p>\n\n\n\n<h3 class=\"has-text-align-center wp-block-heading\" id=\"howtouse\">TROUVEZ L\u2019INSPIRATION DANS NOS ID\u00c9ES DE <strong>RECETTES AVEC des tomates pel\u00e9es MUTTI&nbsp;!<\/strong> <\/h3>\n\n\n<div class=\"acf-related-recipes alignwide pb-8 \" data-vue-wrapper>\n      <slideshow :slides-per-view=\"3\" :navigation=\"true\" name=\"Related Recipes\">\n              <div class=\"swiper-slide\">\n          <div class=\"teaser--recipe text-center hover:zoom-img\">\n      <a href=\"https:\/\/mutti-parma.com\/fr\/nos-recettes\/oursons-de-noel\/\" class=\"relative block mb-4 max-w-96 mx-auto\" aria-hidden=\"true\" tabindex=\"-1\">\n      <div class=\"responsive-embed \" style=\"padding-bottom: 108.79765395894%;\">\n                <img decoding=\"async\" width=\"1924\" height=\"2560\" src=\"https:\/\/mutti-parma.com\/app\/uploads\/sites\/17\/2024\/11\/recette-oursons-de-noel-scaled.jpg\" class=\"inline-block wp-image-21990\" alt=\"Oursons de No\u00ebl\" sizes=\"auto, (max-width: 600px) 72vw, 431px\" data-spai-crop=\"true\" title=\"Oursons de No\u00ebl\" srcset=\"https:\/\/mutti-parma.com\/app\/uploads\/sites\/17\/2024\/11\/recette-oursons-de-noel-scaled.jpg 1924w, https:\/\/mutti-parma.com\/app\/uploads\/sites\/17\/2024\/11\/recette-oursons-de-noel-376x500.jpg 376w, https:\/\/mutti-parma.com\/app\/uploads\/sites\/17\/2024\/11\/recette-oursons-de-noel-769x1024.jpg 769w, https:\/\/mutti-parma.com\/app\/uploads\/sites\/17\/2024\/11\/recette-oursons-de-noel-150x200.jpg 150w, https:\/\/mutti-parma.com\/app\/uploads\/sites\/17\/2024\/11\/recette-oursons-de-noel-768x1022.jpg 768w, https:\/\/mutti-parma.com\/app\/uploads\/sites\/17\/2024\/11\/recette-oursons-de-noel-600x798.jpg 600w, https:\/\/mutti-parma.com\/app\/uploads\/sites\/17\/2024\/11\/recette-oursons-de-noel-1154x1536.jpg 1154w, https:\/\/mutti-parma.com\/app\/uploads\/sites\/17\/2024\/11\/recette-oursons-de-noel-1539x2048.jpg 1539w\" loading=\"lazy\" \/>\n      <\/div>\n\n          <\/a>\n  \n  \n      <a class=\"is-style-cursive heading block text-primary leading-none\" href=\"https:\/\/mutti-parma.com\/fr\/produits\/tomates-pelees-pelati-gastronomia\/\">\n      Tomates pel\u00e9es\n    <\/a>\n  \n  <a class=\"block my-4\" href=\"https:\/\/mutti-parma.com\/fr\/nos-recettes\/oursons-de-noel\/\">\n          <h3>Oursons de No\u00ebl<\/h3>\n      <\/a>\n\n      <a class=\"block hover:no-underline text-black\" href=\"https:\/\/mutti-parma.com\/fr\/nos-recettes\/oursons-de-noel\/\">\n      Craquez pour des sabl\u00e9s sal\u00e9s d\u2019oursons de No\u00ebl, une recette festive et originale o\u00f9 les tomates pel\u00e9es Mutti ajoutent une touche savoureuse et surprenante.\n    <\/a>\n  \n  <div class=\"flex items-center justify-center my-4\">\n    <div class=\"-ml-2 mr-2 pr-4 border-primary border-r-2 pt-2\">\n    <p class=\"flex flex-wrap items-end font-heavy text-primary leading-none justify-center\">\n      <img decoding=\"async\" alt=\"Total time\" class=\"w-10 md:w-12 mx-3 mb-2\" src=\"https:\/\/mutti-parma.com\/app\/themes\/mutti\/dist\/images\/icons\/mutti-product-icons-reduced-cooking-time.svg?id=dc737ade6befaad1eaaf\" width=\"54\" height=\"26\" loading=\"lazy\">\n      <span class=\"mb-2\">\n        2h 32&nbsp;min\n      <\/span>\n    <\/p>\n  <\/div>\n  <div class=\"pt-2\">\n    <p class=\"flex flex-wrap items-end font-heavy uppercase text-primary leading-none justify-center\">\n      <img decoding=\"async\" alt=\"Difficulty\" class=\"w-10 md:w-12 mx-3 mb-2\" src=\"https:\/\/mutti-parma.com\/app\/themes\/mutti\/dist\/images\/icons\/mutti-product-icons-stove-top.svg?id=5f4b0df898a96e10ac63\" width=\"54\" height=\"18\" loading=\"lazy\">\n      <span class=\"mb-2\">\n        Facile\n      <\/span>\n    <\/p>\n  <\/div>\n  <\/div>\n<\/div>\n        <\/div>\n              <div class=\"swiper-slide\">\n          <div class=\"teaser--recipe text-center hover:zoom-img\">\n      <a href=\"https:\/\/mutti-parma.com\/fr\/nos-recettes\/sauce-italienne-aux-oignons-et-aux-tomates-braises\/\" class=\"relative block mb-4 max-w-96 mx-auto\" aria-hidden=\"true\" tabindex=\"-1\">\n      <div class=\"responsive-embed \" style=\"padding-bottom: 108.79765395894%;\">\n                <img decoding=\"async\" width=\"5184\" height=\"3456\" src=\"https:\/\/mutti-parma.com\/app\/uploads\/sites\/17\/2023\/03\/sauce-italienne-aux-oignons-et-aux-tomates-braises.jpg\" class=\"inline-block wp-image-18790\" alt=\"Sauce italienne aux oignons et aux tomates brais\u00e9s\" sizes=\"auto, (max-width: 600px) 72vw, 431px\" data-spai-crop=\"true\" title=\"Sauce italienne aux oignons et aux tomates brais\u00e9s\" srcset=\"https:\/\/mutti-parma.com\/app\/uploads\/sites\/17\/2023\/03\/sauce-italienne-aux-oignons-et-aux-tomates-braises.jpg 5184w, https:\/\/mutti-parma.com\/app\/uploads\/sites\/17\/2023\/03\/sauce-italienne-aux-oignons-et-aux-tomates-braises-500x333.jpg 500w, https:\/\/mutti-parma.com\/app\/uploads\/sites\/17\/2023\/03\/sauce-italienne-aux-oignons-et-aux-tomates-braises-1024x683.jpg 1024w, https:\/\/mutti-parma.com\/app\/uploads\/sites\/17\/2023\/03\/sauce-italienne-aux-oignons-et-aux-tomates-braises-200x133.jpg 200w, https:\/\/mutti-parma.com\/app\/uploads\/sites\/17\/2023\/03\/sauce-italienne-aux-oignons-et-aux-tomates-braises-768x512.jpg 768w, https:\/\/mutti-parma.com\/app\/uploads\/sites\/17\/2023\/03\/sauce-italienne-aux-oignons-et-aux-tomates-braises-150x100.jpg 150w, https:\/\/mutti-parma.com\/app\/uploads\/sites\/17\/2023\/03\/sauce-italienne-aux-oignons-et-aux-tomates-braises-600x400.jpg 600w, https:\/\/mutti-parma.com\/app\/uploads\/sites\/17\/2023\/03\/sauce-italienne-aux-oignons-et-aux-tomates-braises-1536x1024.jpg 1536w, https:\/\/mutti-parma.com\/app\/uploads\/sites\/17\/2023\/03\/sauce-italienne-aux-oignons-et-aux-tomates-braises-2048x1365.jpg 2048w\" loading=\"lazy\" \/>\n      <\/div>\n\n          <\/a>\n  \n  \n      <a class=\"is-style-cursive heading block text-primary leading-none\" href=\"https:\/\/mutti-parma.com\/fr\/produits\/tomates-pelees-pelati-gastronomia\/\">\n      Tomates pel\u00e9es\n    <\/a>\n  \n  <a class=\"block my-4\" href=\"https:\/\/mutti-parma.com\/fr\/nos-recettes\/sauce-italienne-aux-oignons-et-aux-tomates-braises\/\">\n          <h3>Sauce italienne aux oignons et aux tomates brais\u00e9s<\/h3>\n      <\/a>\n\n  \n  <div class=\"flex items-center justify-center my-4\">\n    <div class=\"-ml-2 mr-2 pr-4 border-primary border-r-2 pt-2\">\n    <p class=\"flex flex-wrap items-end font-heavy text-primary leading-none justify-center\">\n      <img decoding=\"async\" alt=\"Total time\" class=\"w-10 md:w-12 mx-3 mb-2\" src=\"https:\/\/mutti-parma.com\/app\/themes\/mutti\/dist\/images\/icons\/mutti-product-icons-reduced-cooking-time.svg?id=dc737ade6befaad1eaaf\" width=\"54\" height=\"26\" loading=\"lazy\">\n      <span class=\"mb-2\">\n        5h 30&nbsp;min\n      <\/span>\n    <\/p>\n  <\/div>\n  <div class=\"pt-2\">\n    <p class=\"flex flex-wrap items-end font-heavy uppercase text-primary leading-none justify-center\">\n      <img decoding=\"async\" alt=\"Difficulty\" class=\"w-10 md:w-12 mx-3 mb-2\" src=\"https:\/\/mutti-parma.com\/app\/themes\/mutti\/dist\/images\/icons\/mutti-product-icons-stove-top.svg?id=5f4b0df898a96e10ac63\" width=\"54\" height=\"18\" loading=\"lazy\">\n      <span class=\"mb-2\">\n        Facile\n      <\/span>\n    <\/p>\n  <\/div>\n  <\/div>\n<\/div>\n        <\/div>\n              <div class=\"swiper-slide\">\n          <div class=\"teaser--recipe text-center hover:zoom-img\">\n      <a href=\"https:\/\/mutti-parma.com\/fr\/nos-recettes\/lentilles-a-la-sauce-tomate\/\" class=\"relative block mb-4 max-w-96 mx-auto\" aria-hidden=\"true\" tabindex=\"-1\">\n      <div class=\"responsive-embed \" style=\"padding-bottom: 108.79765395894%;\">\n                <img decoding=\"async\" width=\"4608\" height=\"3456\" src=\"https:\/\/mutti-parma.com\/app\/uploads\/sites\/17\/2023\/03\/lentilles-a-la-vapeur.jpg\" class=\"inline-block wp-image-18785\" alt=\"Lentilles \u00e0 la sauce tomate\" sizes=\"auto, (max-width: 600px) 72vw, 431px\" data-spai-crop=\"true\" title=\"Lentilles \u00e0 la sauce tomate\" srcset=\"https:\/\/mutti-parma.com\/app\/uploads\/sites\/17\/2023\/03\/lentilles-a-la-vapeur.jpg 4608w, https:\/\/mutti-parma.com\/app\/uploads\/sites\/17\/2023\/03\/lentilles-a-la-vapeur-500x375.jpg 500w, https:\/\/mutti-parma.com\/app\/uploads\/sites\/17\/2023\/03\/lentilles-a-la-vapeur-1024x768.jpg 1024w, https:\/\/mutti-parma.com\/app\/uploads\/sites\/17\/2023\/03\/lentilles-a-la-vapeur-200x150.jpg 200w, https:\/\/mutti-parma.com\/app\/uploads\/sites\/17\/2023\/03\/lentilles-a-la-vapeur-768x576.jpg 768w, https:\/\/mutti-parma.com\/app\/uploads\/sites\/17\/2023\/03\/lentilles-a-la-vapeur-150x113.jpg 150w, https:\/\/mutti-parma.com\/app\/uploads\/sites\/17\/2023\/03\/lentilles-a-la-vapeur-600x450.jpg 600w, https:\/\/mutti-parma.com\/app\/uploads\/sites\/17\/2023\/03\/lentilles-a-la-vapeur-1536x1152.jpg 1536w, https:\/\/mutti-parma.com\/app\/uploads\/sites\/17\/2023\/03\/lentilles-a-la-vapeur-2048x1536.jpg 2048w, https:\/\/mutti-parma.com\/app\/uploads\/sites\/17\/2023\/03\/lentilles-a-la-vapeur-800x600.jpg 800w\" loading=\"lazy\" \/>\n      <\/div>\n\n          <\/a>\n  \n  \n      <a class=\"is-style-cursive heading block text-primary leading-none\" href=\"https:\/\/mutti-parma.com\/fr\/produits\/tomates-pelees-pelati-gastronomia\/\">\n      Tomates pel\u00e9es\n    <\/a>\n  \n  <a class=\"block my-4\" href=\"https:\/\/mutti-parma.com\/fr\/nos-recettes\/lentilles-a-la-sauce-tomate\/\">\n          <h3>Lentilles \u00e0 la sauce tomate<\/h3>\n      <\/a>\n\n  \n  <div class=\"flex items-center justify-center my-4\">\n    <div class=\"-ml-2 mr-2 pr-4 border-primary border-r-2 pt-2\">\n    <p class=\"flex flex-wrap items-end font-heavy text-primary leading-none justify-center\">\n      <img decoding=\"async\" alt=\"Total time\" class=\"w-10 md:w-12 mx-3 mb-2\" src=\"https:\/\/mutti-parma.com\/app\/themes\/mutti\/dist\/images\/icons\/mutti-product-icons-reduced-cooking-time.svg?id=dc737ade6befaad1eaaf\" width=\"54\" height=\"26\" loading=\"lazy\">\n      <span class=\"mb-2\">\n        1h 10&nbsp;min\n      <\/span>\n    <\/p>\n  <\/div>\n  <div class=\"pt-2\">\n    <p class=\"flex flex-wrap items-end font-heavy uppercase text-primary leading-none justify-center\">\n      <img decoding=\"async\" alt=\"Difficulty\" class=\"w-10 md:w-12 mx-3 mb-2\" src=\"https:\/\/mutti-parma.com\/app\/themes\/mutti\/dist\/images\/icons\/mutti-product-icons-stove-top.svg?id=5f4b0df898a96e10ac63\" width=\"54\" height=\"18\" loading=\"lazy\">\n      <span class=\"mb-2\">\n        Facile\n      <\/span>\n    <\/p>\n  <\/div>\n  <\/div>\n<\/div>\n        <\/div>\n              <div class=\"swiper-slide\">\n          <div class=\"teaser--recipe text-center hover:zoom-img\">\n      <a href=\"https:\/\/mutti-parma.com\/fr\/nos-recettes\/soupe-de-tomates\/\" class=\"relative block mb-4 max-w-96 mx-auto\" aria-hidden=\"true\" tabindex=\"-1\">\n      <div class=\"responsive-embed \" style=\"padding-bottom: 108.79765395894%;\">\n                <img decoding=\"async\" width=\"3650\" height=\"4563\" src=\"https:\/\/mutti-parma.com\/app\/uploads\/sites\/17\/2022\/11\/soupe-de-tomates.jpg\" class=\"inline-block wp-image-17478\" alt=\"Soupe de tomates\" sizes=\"auto, (max-width: 600px) 72vw, 431px\" data-spai-crop=\"true\" title=\"Soupe de tomates\" srcset=\"https:\/\/mutti-parma.com\/app\/uploads\/sites\/17\/2022\/11\/soupe-de-tomates.jpg 3650w, https:\/\/mutti-parma.com\/app\/uploads\/sites\/17\/2022\/11\/soupe-de-tomates-400x500.jpg 400w, https:\/\/mutti-parma.com\/app\/uploads\/sites\/17\/2022\/11\/soupe-de-tomates-819x1024.jpg 819w, https:\/\/mutti-parma.com\/app\/uploads\/sites\/17\/2022\/11\/soupe-de-tomates-160x200.jpg 160w, https:\/\/mutti-parma.com\/app\/uploads\/sites\/17\/2022\/11\/soupe-de-tomates-768x960.jpg 768w, https:\/\/mutti-parma.com\/app\/uploads\/sites\/17\/2022\/11\/soupe-de-tomates-150x188.jpg 150w, https:\/\/mutti-parma.com\/app\/uploads\/sites\/17\/2022\/11\/soupe-de-tomates-600x750.jpg 600w, https:\/\/mutti-parma.com\/app\/uploads\/sites\/17\/2022\/11\/soupe-de-tomates-1229x1536.jpg 1229w, https:\/\/mutti-parma.com\/app\/uploads\/sites\/17\/2022\/11\/soupe-de-tomates-1638x2048.jpg 1638w\" loading=\"lazy\" \/>\n      <\/div>\n\n          <\/a>\n  \n  \n      <a class=\"is-style-cursive heading block text-primary leading-none\" href=\"https:\/\/mutti-parma.com\/fr\/produits\/pelees\/\">\n      Pel\u00e9es &#8211; Pelati\n    <\/a>\n  \n  <a class=\"block my-4\" href=\"https:\/\/mutti-parma.com\/fr\/nos-recettes\/soupe-de-tomates\/\">\n          <h3>Soupe de tomates<\/h3>\n      <\/a>\n\n      <a class=\"block hover:no-underline text-black\" href=\"https:\/\/mutti-parma.com\/fr\/nos-recettes\/soupe-de-tomates\/\">\n      La soupe de tomates maison est id\u00e9ale pour accompagner vos soir\u00e9es d&rsquo;hiver. Un plat sain et r\u00e9confortant, r\u00e9alis\u00e9 \u00e0 l&rsquo;aide de tomates pel\u00e9es et de double concentr\u00e9 de tomates Mutti.\n    <\/a>\n  \n  <div class=\"flex items-center justify-center my-4\">\n    <div class=\"-ml-2 mr-2 pr-4 border-primary border-r-2 pt-2\">\n    <p class=\"flex flex-wrap items-end font-heavy text-primary leading-none justify-center\">\n      <img decoding=\"async\" alt=\"Total time\" class=\"w-10 md:w-12 mx-3 mb-2\" src=\"https:\/\/mutti-parma.com\/app\/themes\/mutti\/dist\/images\/icons\/mutti-product-icons-reduced-cooking-time.svg?id=dc737ade6befaad1eaaf\" width=\"54\" height=\"26\" loading=\"lazy\">\n      <span class=\"mb-2\">\n        1h 50&nbsp;min\n      <\/span>\n    <\/p>\n  <\/div>\n  <div class=\"pt-2\">\n    <p class=\"flex flex-wrap items-end font-heavy uppercase text-primary leading-none justify-center\">\n      <img decoding=\"async\" alt=\"Difficulty\" class=\"w-10 md:w-12 mx-3 mb-2\" src=\"https:\/\/mutti-parma.com\/app\/themes\/mutti\/dist\/images\/icons\/mutti-product-icons-stove-top.svg?id=5f4b0df898a96e10ac63\" width=\"54\" height=\"18\" loading=\"lazy\">\n      <span class=\"mb-2\">\n        Facile\n      <\/span>\n    <\/p>\n  <\/div>\n  <\/div>\n<\/div>\n        <\/div>\n              <div class=\"swiper-slide\">\n          <div class=\"teaser--recipe text-center hover:zoom-img\">\n      <a href=\"https:\/\/mutti-parma.com\/fr\/nos-recettes\/morue-salee-a-la-livournaise\/\" class=\"relative block mb-4 max-w-96 mx-auto\" aria-hidden=\"true\" tabindex=\"-1\">\n      <div class=\"responsive-embed \" style=\"padding-bottom: 108.79765395894%;\">\n                <img decoding=\"async\" width=\"1200\" height=\"675\" src=\"https:\/\/mutti-parma.com\/app\/uploads\/sites\/17\/2022\/05\/morue-salexxe-axx-la-livournaise.jpg\" class=\"inline-block wp-image-16145\" alt=\"Poisson et sauce tomate alla Livornese\" sizes=\"auto, (max-width: 600px) 72vw, 431px\" data-spai-crop=\"true\" title=\"Poisson et sauce tomate alla Livornese\" srcset=\"https:\/\/mutti-parma.com\/app\/uploads\/sites\/17\/2022\/05\/morue-salexxe-axx-la-livournaise.jpg 1200w, https:\/\/mutti-parma.com\/app\/uploads\/sites\/17\/2022\/05\/morue-salexxe-axx-la-livournaise-500x281.jpg 500w, https:\/\/mutti-parma.com\/app\/uploads\/sites\/17\/2022\/05\/morue-salexxe-axx-la-livournaise-1024x576.jpg 1024w, https:\/\/mutti-parma.com\/app\/uploads\/sites\/17\/2022\/05\/morue-salexxe-axx-la-livournaise-200x113.jpg 200w, https:\/\/mutti-parma.com\/app\/uploads\/sites\/17\/2022\/05\/morue-salexxe-axx-la-livournaise-768x432.jpg 768w, https:\/\/mutti-parma.com\/app\/uploads\/sites\/17\/2022\/05\/morue-salexxe-axx-la-livournaise-150x84.jpg 150w, https:\/\/mutti-parma.com\/app\/uploads\/sites\/17\/2022\/05\/morue-salexxe-axx-la-livournaise-600x338.jpg 600w, https:\/\/mutti-parma.com\/app\/uploads\/sites\/17\/2022\/05\/morue-salexxe-axx-la-livournaise-800x450.jpg 800w\" loading=\"lazy\" \/>\n      <\/div>\n\n          <\/a>\n  \n  \n      <a class=\"is-style-cursive heading block text-primary leading-none\" href=\"https:\/\/mutti-parma.com\/fr\/produits\/tomates-pelees-pelati-gastronomia\/\">\n      Tomates pel\u00e9es\n    <\/a>\n  \n  <a class=\"block my-4\" href=\"https:\/\/mutti-parma.com\/fr\/nos-recettes\/morue-salee-a-la-livournaise\/\">\n          <h3>Poisson et sauce tomate alla Livornese<\/h3>\n      <\/a>\n\n  \n  <div class=\"flex items-center justify-center my-4\">\n    <div class=\"-ml-2 mr-2 pr-4 border-primary border-r-2 pt-2\">\n    <p class=\"flex flex-wrap items-end font-heavy text-primary leading-none justify-center\">\n      <img decoding=\"async\" alt=\"Total time\" class=\"w-10 md:w-12 mx-3 mb-2\" src=\"https:\/\/mutti-parma.com\/app\/themes\/mutti\/dist\/images\/icons\/mutti-product-icons-reduced-cooking-time.svg?id=dc737ade6befaad1eaaf\" width=\"54\" height=\"26\" loading=\"lazy\">\n      <span class=\"mb-2\">\n        45&nbsp;min\n      <\/span>\n    <\/p>\n  <\/div>\n  <div class=\"pt-2\">\n    <p class=\"flex flex-wrap items-end font-heavy uppercase text-primary leading-none justify-center\">\n      <img decoding=\"async\" alt=\"Difficulty\" class=\"w-10 md:w-12 mx-3 mb-2\" src=\"https:\/\/mutti-parma.com\/app\/themes\/mutti\/dist\/images\/icons\/mutti-product-icons-stove-top.svg?id=5f4b0df898a96e10ac63\" width=\"54\" height=\"18\" loading=\"lazy\">\n      <span class=\"mb-2\">\n        Moyen\n      <\/span>\n    <\/p>\n  <\/div>\n  <\/div>\n<\/div>\n        <\/div>\n              <div class=\"swiper-slide\">\n          <div class=\"teaser--recipe text-center hover:zoom-img\">\n      <a href=\"https:\/\/mutti-parma.com\/fr\/nos-recettes\/quiche-au-thon\/\" class=\"relative block mb-4 max-w-96 mx-auto\" aria-hidden=\"true\" tabindex=\"-1\">\n      <div class=\"responsive-embed \" style=\"padding-bottom: 108.79765395894%;\">\n                <img decoding=\"async\" width=\"1800\" height=\"2400\" src=\"https:\/\/mutti-parma.com\/app\/uploads\/sites\/17\/2022\/05\/quiche-au-thon-avec-concentre.jpeg\" class=\"inline-block wp-image-16083\" alt=\"Quiche au thon et \u00e0 la tomate\" sizes=\"auto, (max-width: 600px) 72vw, 431px\" data-spai-crop=\"true\" title=\"Quiche au thon et \u00e0 la tomate\" srcset=\"https:\/\/mutti-parma.com\/app\/uploads\/sites\/17\/2022\/05\/quiche-au-thon-avec-concentre.jpeg 1800w, https:\/\/mutti-parma.com\/app\/uploads\/sites\/17\/2022\/05\/quiche-au-thon-avec-concentre-375x500.jpeg 375w, https:\/\/mutti-parma.com\/app\/uploads\/sites\/17\/2022\/05\/quiche-au-thon-avec-concentre-768x1024.jpeg 768w, https:\/\/mutti-parma.com\/app\/uploads\/sites\/17\/2022\/05\/quiche-au-thon-avec-concentre-150x200.jpeg 150w, https:\/\/mutti-parma.com\/app\/uploads\/sites\/17\/2022\/05\/quiche-au-thon-avec-concentre-600x800.jpeg 600w, https:\/\/mutti-parma.com\/app\/uploads\/sites\/17\/2022\/05\/quiche-au-thon-avec-concentre-1152x1536.jpeg 1152w, https:\/\/mutti-parma.com\/app\/uploads\/sites\/17\/2022\/05\/quiche-au-thon-avec-concentre-1536x2048.jpeg 1536w\" loading=\"lazy\" \/>\n      <\/div>\n\n          <\/a>\n  \n  \n      <a class=\"is-style-cursive heading block text-primary leading-none\" href=\"https:\/\/mutti-parma.com\/fr\/produits\/double-concentre\/\">\n      Double concentr\u00e9 de tomates\n    <\/a>\n  \n  <a class=\"block my-4\" href=\"https:\/\/mutti-parma.com\/fr\/nos-recettes\/quiche-au-thon\/\">\n          <h3>Quiche au thon et \u00e0 la tomate<\/h3>\n      <\/a>\n\n  \n  <div class=\"flex items-center justify-center my-4\">\n    <div class=\"-ml-2 mr-2 pr-4 border-primary border-r-2 pt-2\">\n    <p class=\"flex flex-wrap items-end font-heavy text-primary leading-none justify-center\">\n      <img decoding=\"async\" alt=\"Total time\" class=\"w-10 md:w-12 mx-3 mb-2\" src=\"https:\/\/mutti-parma.com\/app\/themes\/mutti\/dist\/images\/icons\/mutti-product-icons-reduced-cooking-time.svg?id=dc737ade6befaad1eaaf\" width=\"54\" height=\"26\" loading=\"lazy\">\n      <span class=\"mb-2\">\n        40&nbsp;min\n      <\/span>\n    <\/p>\n  <\/div>\n  <div class=\"pt-2\">\n    <p class=\"flex flex-wrap items-end font-heavy uppercase text-primary leading-none justify-center\">\n      <img decoding=\"async\" alt=\"Difficulty\" class=\"w-10 md:w-12 mx-3 mb-2\" src=\"https:\/\/mutti-parma.com\/app\/themes\/mutti\/dist\/images\/icons\/mutti-product-icons-stove-top.svg?id=5f4b0df898a96e10ac63\" width=\"54\" height=\"18\" loading=\"lazy\">\n      <span class=\"mb-2\">\n        Facile\n      <\/span>\n    <\/p>\n  <\/div>\n  <\/div>\n<\/div>\n        <\/div>\n              <div class=\"swiper-slide\">\n          <div class=\"teaser--recipe text-center hover:zoom-img\">\n      <a href=\"https:\/\/mutti-parma.com\/fr\/nos-recettes\/saute-de-boeuf-a-la-tomate-et-nouilles-chinoises\/\" class=\"relative block mb-4 max-w-96 mx-auto\" aria-hidden=\"true\" tabindex=\"-1\">\n      <div class=\"responsive-embed \" style=\"padding-bottom: 108.79765395894%;\">\n                <img decoding=\"async\" width=\"1080\" height=\"1080\" src=\"https:\/\/mutti-parma.com\/app\/uploads\/sites\/17\/2022\/01\/saut-de-boeuf-a-la-tomate-et-nouilles-chinoises.jpg\" class=\"inline-block wp-image-15108\" alt=\"Saut\u00e9 de b\u0153uf \u00e0 la tomate et nouilles chinoises\" sizes=\"auto, (max-width: 600px) 72vw, 431px\" data-spai-crop=\"true\" title=\"Saut\u00e9 de b\u0153uf \u00e0 la tomate et nouilles chinoises\" srcset=\"https:\/\/mutti-parma.com\/app\/uploads\/sites\/17\/2022\/01\/saut-de-boeuf-a-la-tomate-et-nouilles-chinoises.jpg 1080w, https:\/\/mutti-parma.com\/app\/uploads\/sites\/17\/2022\/01\/saut-de-boeuf-a-la-tomate-et-nouilles-chinoises-500x500.jpg 500w, https:\/\/mutti-parma.com\/app\/uploads\/sites\/17\/2022\/01\/saut-de-boeuf-a-la-tomate-et-nouilles-chinoises-1024x1024.jpg 1024w, https:\/\/mutti-parma.com\/app\/uploads\/sites\/17\/2022\/01\/saut-de-boeuf-a-la-tomate-et-nouilles-chinoises-200x200.jpg 200w, https:\/\/mutti-parma.com\/app\/uploads\/sites\/17\/2022\/01\/saut-de-boeuf-a-la-tomate-et-nouilles-chinoises-768x768.jpg 768w, https:\/\/mutti-parma.com\/app\/uploads\/sites\/17\/2022\/01\/saut-de-boeuf-a-la-tomate-et-nouilles-chinoises-150x150.jpg 150w, https:\/\/mutti-parma.com\/app\/uploads\/sites\/17\/2022\/01\/saut-de-boeuf-a-la-tomate-et-nouilles-chinoises-600x600.jpg 600w, https:\/\/mutti-parma.com\/app\/uploads\/sites\/17\/2022\/01\/saut-de-boeuf-a-la-tomate-et-nouilles-chinoises-50x50.jpg 50w\" loading=\"lazy\" \/>\n      <\/div>\n\n          <\/a>\n  \n  \n      <a class=\"is-style-cursive heading block text-primary leading-none\" href=\"https:\/\/mutti-parma.com\/fr\/produits\/tomates-pelees-pelati-gastronomia\/\">\n      Tomates pel\u00e9es\n    <\/a>\n  \n  <a class=\"block my-4\" href=\"https:\/\/mutti-parma.com\/fr\/nos-recettes\/saute-de-boeuf-a-la-tomate-et-nouilles-chinoises\/\">\n          <h3>Saut\u00e9 de b\u0153uf \u00e0 la tomate et nouilles chinoises<\/h3>\n      <\/a>\n\n      <a class=\"block hover:no-underline text-black\" href=\"https:\/\/mutti-parma.com\/fr\/nos-recettes\/saute-de-boeuf-a-la-tomate-et-nouilles-chinoises\/\">\n      Le saut\u00e9 de b\u0153uf \u00e0 la tomate et aux nouilles chinoises est une recette de b\u0153uf tendre, de l\u00e9gumes frais et de nouilles m\u00e9lang\u00e9es dans une d\u00e9licieuse sauce savoureuse, r\u00e9alis\u00e9e \u00e0 l\u2019aide de nos Tomates pel\u00e9es Mutti.\n    <\/a>\n  \n  <div class=\"flex items-center justify-center my-4\">\n    <div class=\"-ml-2 mr-2 pr-4 border-primary border-r-2 pt-2\">\n    <p class=\"flex flex-wrap items-end font-heavy text-primary leading-none justify-center\">\n      <img decoding=\"async\" alt=\"Total time\" class=\"w-10 md:w-12 mx-3 mb-2\" src=\"https:\/\/mutti-parma.com\/app\/themes\/mutti\/dist\/images\/icons\/mutti-product-icons-reduced-cooking-time.svg?id=dc737ade6befaad1eaaf\" width=\"54\" height=\"26\" loading=\"lazy\">\n      <span class=\"mb-2\">\n        1h\n      <\/span>\n    <\/p>\n  <\/div>\n  <div class=\"pt-2\">\n    <p class=\"flex flex-wrap items-end font-heavy uppercase text-primary leading-none justify-center\">\n      <img decoding=\"async\" alt=\"Difficulty\" class=\"w-10 md:w-12 mx-3 mb-2\" src=\"https:\/\/mutti-parma.com\/app\/themes\/mutti\/dist\/images\/icons\/mutti-product-icons-stove-top.svg?id=5f4b0df898a96e10ac63\" width=\"54\" height=\"18\" loading=\"lazy\">\n      <span class=\"mb-2\">\n        Facile\n      <\/span>\n    <\/p>\n  <\/div>\n  <\/div>\n<\/div>\n        <\/div>\n              <div class=\"swiper-slide\">\n          <div class=\"teaser--recipe text-center hover:zoom-img\">\n      <a href=\"https:\/\/mutti-parma.com\/fr\/nos-recettes\/rigatoni-aux-legumes-et-a-la-stracciatella\/\" class=\"relative block mb-4 max-w-96 mx-auto\" aria-hidden=\"true\" tabindex=\"-1\">\n      <div class=\"responsive-embed \" style=\"padding-bottom: 108.79765395894%;\">\n                <img decoding=\"async\" width=\"2400\" height=\"1350\" src=\"https:\/\/mutti-parma.com\/app\/uploads\/sites\/17\/2021\/10\/rigatoni-aux-legumes-et-a-la-stracciatella.jpeg\" class=\"inline-block wp-image-14726\" alt=\"Rigatoni aux l\u00e9gumes et \u00e0 la stracciatella\" sizes=\"auto, (max-width: 600px) 72vw, 431px\" data-spai-crop=\"true\" title=\"Rigatoni aux l\u00e9gumes et \u00e0 la stracciatella\" srcset=\"https:\/\/mutti-parma.com\/app\/uploads\/sites\/17\/2021\/10\/rigatoni-aux-legumes-et-a-la-stracciatella.jpeg 2400w, https:\/\/mutti-parma.com\/app\/uploads\/sites\/17\/2021\/10\/rigatoni-aux-legumes-et-a-la-stracciatella-500x281.jpeg 500w, https:\/\/mutti-parma.com\/app\/uploads\/sites\/17\/2021\/10\/rigatoni-aux-legumes-et-a-la-stracciatella-1024x576.jpeg 1024w, https:\/\/mutti-parma.com\/app\/uploads\/sites\/17\/2021\/10\/rigatoni-aux-legumes-et-a-la-stracciatella-200x113.jpeg 200w, https:\/\/mutti-parma.com\/app\/uploads\/sites\/17\/2021\/10\/rigatoni-aux-legumes-et-a-la-stracciatella-768x432.jpeg 768w, https:\/\/mutti-parma.com\/app\/uploads\/sites\/17\/2021\/10\/rigatoni-aux-legumes-et-a-la-stracciatella-150x84.jpeg 150w, https:\/\/mutti-parma.com\/app\/uploads\/sites\/17\/2021\/10\/rigatoni-aux-legumes-et-a-la-stracciatella-600x338.jpeg 600w, https:\/\/mutti-parma.com\/app\/uploads\/sites\/17\/2021\/10\/rigatoni-aux-legumes-et-a-la-stracciatella-1536x864.jpeg 1536w, https:\/\/mutti-parma.com\/app\/uploads\/sites\/17\/2021\/10\/rigatoni-aux-legumes-et-a-la-stracciatella-2048x1152.jpeg 2048w, https:\/\/mutti-parma.com\/app\/uploads\/sites\/17\/2021\/10\/rigatoni-aux-legumes-et-a-la-stracciatella-800x450.jpeg 800w\" loading=\"lazy\" \/>\n      <\/div>\n\n          <\/a>\n  \n  \n      <a class=\"is-style-cursive heading block text-primary leading-none\" href=\"https:\/\/mutti-parma.com\/fr\/produits\/tomates-pelees-pelati-gastronomia\/\">\n      Tomates pel\u00e9es\n    <\/a>\n  \n  <a class=\"block my-4\" href=\"https:\/\/mutti-parma.com\/fr\/nos-recettes\/rigatoni-aux-legumes-et-a-la-stracciatella\/\">\n          <h3>Rigatoni aux l\u00e9gumes et \u00e0 la stracciatella<\/h3>\n      <\/a>\n\n      <a class=\"block hover:no-underline text-black\" href=\"https:\/\/mutti-parma.com\/fr\/nos-recettes\/rigatoni-aux-legumes-et-a-la-stracciatella\/\">\n      Les rigatoni aux l\u00e9gumes et \u00e0 la stracciatella offrent un plat savoureux, id\u00e9al pour toutes vos occasions. D\u00e9couvrez comment r\u00e9aliser ce plat de p\u00e2tes, \u00e0 l\u2019aide des Tomates pel\u00e9es Mutti.\n    <\/a>\n  \n  <div class=\"flex items-center justify-center my-4\">\n    <div class=\"-ml-2 mr-2 pr-4 border-primary border-r-2 pt-2\">\n    <p class=\"flex flex-wrap items-end font-heavy text-primary leading-none justify-center\">\n      <img decoding=\"async\" alt=\"Total time\" class=\"w-10 md:w-12 mx-3 mb-2\" src=\"https:\/\/mutti-parma.com\/app\/themes\/mutti\/dist\/images\/icons\/mutti-product-icons-reduced-cooking-time.svg?id=dc737ade6befaad1eaaf\" width=\"54\" height=\"26\" loading=\"lazy\">\n      <span class=\"mb-2\">\n        40&nbsp;min\n      <\/span>\n    <\/p>\n  <\/div>\n  <div class=\"pt-2\">\n    <p class=\"flex flex-wrap items-end font-heavy uppercase text-primary leading-none justify-center\">\n      <img decoding=\"async\" alt=\"Difficulty\" class=\"w-10 md:w-12 mx-3 mb-2\" src=\"https:\/\/mutti-parma.com\/app\/themes\/mutti\/dist\/images\/icons\/mutti-product-icons-stove-top.svg?id=5f4b0df898a96e10ac63\" width=\"54\" height=\"18\" loading=\"lazy\">\n      <span class=\"mb-2\">\n        Facile\n      <\/span>\n    <\/p>\n  <\/div>\n  <\/div>\n<\/div>\n        <\/div>\n              <div class=\"swiper-slide\">\n          <div class=\"teaser--recipe text-center hover:zoom-img\">\n      <a href=\"https:\/\/mutti-parma.com\/fr\/nos-recettes\/linguine-au-pesto-de-roquette-et-tomates-pelees\/\" class=\"relative block mb-4 max-w-96 mx-auto\" aria-hidden=\"true\" tabindex=\"-1\">\n      <div class=\"responsive-embed \" style=\"padding-bottom: 108.79765395894%;\">\n                <img decoding=\"async\" width=\"2400\" height=\"1600\" src=\"https:\/\/mutti-parma.com\/app\/uploads\/sites\/17\/2021\/10\/linguine-au-pesto-de-roquette-et-tomates-pelees.jpg\" class=\"inline-block wp-image-14721\" alt=\"Linguine au pesto de roquette et tomates pel\u00e9es\" sizes=\"auto, (max-width: 600px) 72vw, 431px\" data-spai-crop=\"true\" title=\"Linguine au pesto de roquette et tomates pel\u00e9es\" srcset=\"https:\/\/mutti-parma.com\/app\/uploads\/sites\/17\/2021\/10\/linguine-au-pesto-de-roquette-et-tomates-pelees.jpg 2400w, https:\/\/mutti-parma.com\/app\/uploads\/sites\/17\/2021\/10\/linguine-au-pesto-de-roquette-et-tomates-pelees-500x333.jpg 500w, https:\/\/mutti-parma.com\/app\/uploads\/sites\/17\/2021\/10\/linguine-au-pesto-de-roquette-et-tomates-pelees-1024x683.jpg 1024w, https:\/\/mutti-parma.com\/app\/uploads\/sites\/17\/2021\/10\/linguine-au-pesto-de-roquette-et-tomates-pelees-200x133.jpg 200w, https:\/\/mutti-parma.com\/app\/uploads\/sites\/17\/2021\/10\/linguine-au-pesto-de-roquette-et-tomates-pelees-768x512.jpg 768w, https:\/\/mutti-parma.com\/app\/uploads\/sites\/17\/2021\/10\/linguine-au-pesto-de-roquette-et-tomates-pelees-150x100.jpg 150w, https:\/\/mutti-parma.com\/app\/uploads\/sites\/17\/2021\/10\/linguine-au-pesto-de-roquette-et-tomates-pelees-600x400.jpg 600w, https:\/\/mutti-parma.com\/app\/uploads\/sites\/17\/2021\/10\/linguine-au-pesto-de-roquette-et-tomates-pelees-1536x1024.jpg 1536w, https:\/\/mutti-parma.com\/app\/uploads\/sites\/17\/2021\/10\/linguine-au-pesto-de-roquette-et-tomates-pelees-2048x1365.jpg 2048w\" loading=\"lazy\" \/>\n      <\/div>\n\n          <\/a>\n  \n  \n      <a class=\"is-style-cursive heading block text-primary leading-none\" href=\"https:\/\/mutti-parma.com\/fr\/produits\/tomates-pelees-pelati-gastronomia\/\">\n      Tomates pel\u00e9es\n    <\/a>\n  \n  <a class=\"block my-4\" href=\"https:\/\/mutti-parma.com\/fr\/nos-recettes\/linguine-au-pesto-de-roquette-et-tomates-pelees\/\">\n          <h3>Linguine au pesto de roquette et tomates pel\u00e9es<\/h3>\n      <\/a>\n\n      <a class=\"block hover:no-underline text-black\" href=\"https:\/\/mutti-parma.com\/fr\/nos-recettes\/linguine-au-pesto-de-roquette-et-tomates-pelees\/\">\n      Les linguine au pesto de roquettes et tomates pel\u00e9es sont une id\u00e9e de plat parfum\u00e9 et rapide \u00e0 pr\u00e9parer qui se d\u00e9guste chaud ou froid\u00a0! D\u00e9couvrez comment r\u00e9aliser cette recette de p\u00e2tes \u00e0 l&rsquo;italienne \u00e0 l\u2019aide de de Tomates pel\u00e9es Mutti\n    <\/a>\n  \n  <div class=\"flex items-center justify-center my-4\">\n    <div class=\"-ml-2 mr-2 pr-4 border-primary border-r-2 pt-2\">\n    <p class=\"flex flex-wrap items-end font-heavy text-primary leading-none justify-center\">\n      <img decoding=\"async\" alt=\"Total time\" class=\"w-10 md:w-12 mx-3 mb-2\" src=\"https:\/\/mutti-parma.com\/app\/themes\/mutti\/dist\/images\/icons\/mutti-product-icons-reduced-cooking-time.svg?id=dc737ade6befaad1eaaf\" width=\"54\" height=\"26\" loading=\"lazy\">\n      <span class=\"mb-2\">\n        30&nbsp;min\n      <\/span>\n    <\/p>\n  <\/div>\n  <div class=\"pt-2\">\n    <p class=\"flex flex-wrap items-end font-heavy uppercase text-primary leading-none justify-center\">\n      <img decoding=\"async\" alt=\"Difficulty\" class=\"w-10 md:w-12 mx-3 mb-2\" src=\"https:\/\/mutti-parma.com\/app\/themes\/mutti\/dist\/images\/icons\/mutti-product-icons-stove-top.svg?id=5f4b0df898a96e10ac63\" width=\"54\" height=\"18\" loading=\"lazy\">\n      <span class=\"mb-2\">\n        Facile\n      <\/span>\n    <\/p>\n  <\/div>\n  <\/div>\n<\/div>\n        <\/div>\n              <div class=\"swiper-slide\">\n          <div class=\"teaser--recipe text-center hover:zoom-img\">\n      <a href=\"https:\/\/mutti-parma.com\/fr\/nos-recettes\/rouleaux-de-courgettes-a-la-tomate\/\" class=\"relative block mb-4 max-w-96 mx-auto\" aria-hidden=\"true\" tabindex=\"-1\">\n      <div class=\"responsive-embed \" style=\"padding-bottom: 108.79765395894%;\">\n                <img decoding=\"async\" width=\"2000\" height=\"2997\" src=\"https:\/\/mutti-parma.com\/app\/uploads\/sites\/17\/2021\/03\/rouleaux-de-courgettes-a-la-tomate.jpg\" class=\"inline-block wp-image-12672\" alt=\"Rouleaux de courgettes \u00e0 la tomate\" sizes=\"auto, (max-width: 600px) 72vw, 431px\" data-spai-crop=\"true\" title=\"Rouleaux de courgettes \u00e0 la tomate\" srcset=\"https:\/\/mutti-parma.com\/app\/uploads\/sites\/17\/2021\/03\/rouleaux-de-courgettes-a-la-tomate.jpg 2000w, https:\/\/mutti-parma.com\/app\/uploads\/sites\/17\/2021\/03\/rouleaux-de-courgettes-a-la-tomate-133x200.jpg 133w, https:\/\/mutti-parma.com\/app\/uploads\/sites\/17\/2021\/03\/rouleaux-de-courgettes-a-la-tomate-334x500.jpg 334w, https:\/\/mutti-parma.com\/app\/uploads\/sites\/17\/2021\/03\/rouleaux-de-courgettes-a-la-tomate-768x1151.jpg 768w, https:\/\/mutti-parma.com\/app\/uploads\/sites\/17\/2021\/03\/rouleaux-de-courgettes-a-la-tomate-683x1024.jpg 683w, https:\/\/mutti-parma.com\/app\/uploads\/sites\/17\/2021\/03\/rouleaux-de-courgettes-a-la-tomate-150x225.jpg 150w, https:\/\/mutti-parma.com\/app\/uploads\/sites\/17\/2021\/03\/rouleaux-de-courgettes-a-la-tomate-600x899.jpg 600w\" loading=\"lazy\" \/>\n      <\/div>\n\n          <\/a>\n  \n  \n      <a class=\"is-style-cursive heading block text-primary leading-none\" href=\"https:\/\/mutti-parma.com\/fr\/produits\/pelees\/\">\n      Pel\u00e9es &#8211; Pelati\n    <\/a>\n  \n  <a class=\"block my-4\" href=\"https:\/\/mutti-parma.com\/fr\/nos-recettes\/rouleaux-de-courgettes-a-la-tomate\/\">\n          <h3>Rouleaux de courgettes \u00e0 la tomate<\/h3>\n      <\/a>\n\n      <a class=\"block hover:no-underline text-black\" href=\"https:\/\/mutti-parma.com\/fr\/nos-recettes\/rouleaux-de-courgettes-a-la-tomate\/\">\n      Les rouleaux de courgettes \u00e0 la tomate vous s\u00e9duiront d\u00e8s la premi\u00e8re bouch\u00e9e. Un plat \u00e0 la fois simple et efficace, \u00e0 cuisiner \u00e0 l\u2019aide de nos tomates pel\u00e9es Mutti.\n    <\/a>\n  \n  <div class=\"flex items-center justify-center my-4\">\n    <div class=\"-ml-2 mr-2 pr-4 border-primary border-r-2 pt-2\">\n    <p class=\"flex flex-wrap items-end font-heavy text-primary leading-none justify-center\">\n      <img decoding=\"async\" alt=\"Total time\" class=\"w-10 md:w-12 mx-3 mb-2\" src=\"https:\/\/mutti-parma.com\/app\/themes\/mutti\/dist\/images\/icons\/mutti-product-icons-reduced-cooking-time.svg?id=dc737ade6befaad1eaaf\" width=\"54\" height=\"26\" loading=\"lazy\">\n      <span class=\"mb-2\">\n        32&nbsp;min\n      <\/span>\n    <\/p>\n  <\/div>\n  <div class=\"pt-2\">\n    <p class=\"flex flex-wrap items-end font-heavy uppercase text-primary leading-none justify-center\">\n      <img decoding=\"async\" alt=\"Difficulty\" class=\"w-10 md:w-12 mx-3 mb-2\" src=\"https:\/\/mutti-parma.com\/app\/themes\/mutti\/dist\/images\/icons\/mutti-product-icons-stove-top.svg?id=5f4b0df898a96e10ac63\" width=\"54\" height=\"18\" loading=\"lazy\">\n      <span class=\"mb-2\">\n        Moyen\n      <\/span>\n    <\/p>\n  <\/div>\n  <\/div>\n<\/div>\n        <\/div>\n              <div class=\"swiper-slide\">\n          <div class=\"teaser--recipe text-center hover:zoom-img\">\n      <a href=\"https:\/\/mutti-parma.com\/fr\/nos-recettes\/caponata-ratatouille-a-litalienne\/\" class=\"relative block mb-4 max-w-96 mx-auto\" aria-hidden=\"true\" tabindex=\"-1\">\n      <div class=\"responsive-embed \" style=\"padding-bottom: 108.79765395894%;\">\n                <img decoding=\"async\" width=\"997\" height=\"996\" src=\"https:\/\/mutti-parma.com\/app\/uploads\/sites\/17\/2019\/12\/caponata-ratatouille-a-litalienne.jpg\" class=\"inline-block wp-image-2262\" alt=\"Caponata, ratatouille \u00e0 l\u2019italienne\" sizes=\"auto, (max-width: 600px) 72vw, 431px\" data-spai-crop=\"true\" title=\"Caponata, ratatouille \u00e0 l\u2019italienne\" srcset=\"https:\/\/mutti-parma.com\/app\/uploads\/sites\/17\/2019\/12\/caponata-ratatouille-a-litalienne.jpg 997w, https:\/\/mutti-parma.com\/app\/uploads\/sites\/17\/2019\/12\/caponata-ratatouille-a-litalienne-200x200.jpg 200w, https:\/\/mutti-parma.com\/app\/uploads\/sites\/17\/2019\/12\/caponata-ratatouille-a-litalienne-500x500.jpg 500w, https:\/\/mutti-parma.com\/app\/uploads\/sites\/17\/2019\/12\/caponata-ratatouille-a-litalienne-768x767.jpg 768w, https:\/\/mutti-parma.com\/app\/uploads\/sites\/17\/2019\/12\/caponata-ratatouille-a-litalienne-150x150.jpg 150w, https:\/\/mutti-parma.com\/app\/uploads\/sites\/17\/2019\/12\/caponata-ratatouille-a-litalienne-600x600.jpg 600w, https:\/\/mutti-parma.com\/app\/uploads\/sites\/17\/2019\/12\/caponata-ratatouille-a-litalienne-50x50.jpg 50w\" loading=\"lazy\" \/>\n      <\/div>\n\n          <\/a>\n  \n  \n      <a class=\"is-style-cursive heading block text-primary leading-none\" href=\"https:\/\/mutti-parma.com\/fr\/produits\/tomates-san-marzano\/\">\n      Tomates San Marzano\n    <\/a>\n  \n  <a class=\"block my-4\" href=\"https:\/\/mutti-parma.com\/fr\/nos-recettes\/caponata-ratatouille-a-litalienne\/\">\n          <h3>Caponata, ratatouille \u00e0 l\u2019italienne<\/h3>\n      <\/a>\n\n      <a class=\"block hover:no-underline text-black\" href=\"https:\/\/mutti-parma.com\/fr\/nos-recettes\/caponata-ratatouille-a-litalienne\/\">\n      La Caponata est un plat aigre-doux typiquement sicilien \u00e0 base d\u2019aubergines, de tomates, d\u2019olives, d\u2019oignons et de c\u00e9leri. Apprenez \u00e0 r\u00e9aliser cette recette raffin\u00e9e \u00e0 l\u2019aide de tomates San Marzano (ou nos tomates pel\u00e9es) et de double concentr\u00e9 de tomates en tube Mutti.\n    <\/a>\n  \n  <div class=\"flex items-center justify-center my-4\">\n    <div class=\"-ml-2 mr-2 pr-4 border-primary border-r-2 pt-2\">\n    <p class=\"flex flex-wrap items-end font-heavy text-primary leading-none justify-center\">\n      <img decoding=\"async\" alt=\"Total time\" class=\"w-10 md:w-12 mx-3 mb-2\" src=\"https:\/\/mutti-parma.com\/app\/themes\/mutti\/dist\/images\/icons\/mutti-product-icons-reduced-cooking-time.svg?id=dc737ade6befaad1eaaf\" width=\"54\" height=\"26\" loading=\"lazy\">\n      <span class=\"mb-2\">\n        1h 35&nbsp;min\n      <\/span>\n    <\/p>\n  <\/div>\n  <div class=\"pt-2\">\n    <p class=\"flex flex-wrap items-end font-heavy uppercase text-primary leading-none justify-center\">\n      <img decoding=\"async\" alt=\"Difficulty\" class=\"w-10 md:w-12 mx-3 mb-2\" src=\"https:\/\/mutti-parma.com\/app\/themes\/mutti\/dist\/images\/icons\/mutti-product-icons-stove-top.svg?id=5f4b0df898a96e10ac63\" width=\"54\" height=\"18\" loading=\"lazy\">\n      <span class=\"mb-2\">\n        Moyen\n      <\/span>\n    <\/p>\n  <\/div>\n  <\/div>\n<\/div>\n        <\/div>\n              <div class=\"swiper-slide\">\n          <div class=\"teaser--recipe text-center hover:zoom-img\">\n      <a href=\"https:\/\/mutti-parma.com\/fr\/nos-recettes\/poulet-en-cocotte-a-la-tomate\/\" class=\"relative block mb-4 max-w-96 mx-auto\" aria-hidden=\"true\" tabindex=\"-1\">\n      <div class=\"responsive-embed \" style=\"padding-bottom: 108.79765395894%;\">\n                <img decoding=\"async\" width=\"999\" height=\"999\" src=\"https:\/\/mutti-parma.com\/app\/uploads\/sites\/17\/2019\/12\/poulet-en-cocotte-a-la-tomate.jpg\" class=\"inline-block wp-image-2276\" alt=\"Poulet en cocotte \u00e0 la tomate\" sizes=\"auto, (max-width: 600px) 72vw, 431px\" data-spai-crop=\"true\" title=\"Poulet en cocotte \u00e0 la tomate\" srcset=\"https:\/\/mutti-parma.com\/app\/uploads\/sites\/17\/2019\/12\/poulet-en-cocotte-a-la-tomate.jpg 999w, https:\/\/mutti-parma.com\/app\/uploads\/sites\/17\/2019\/12\/poulet-en-cocotte-a-la-tomate-200x200.jpg 200w, https:\/\/mutti-parma.com\/app\/uploads\/sites\/17\/2019\/12\/poulet-en-cocotte-a-la-tomate-500x500.jpg 500w, https:\/\/mutti-parma.com\/app\/uploads\/sites\/17\/2019\/12\/poulet-en-cocotte-a-la-tomate-768x768.jpg 768w, https:\/\/mutti-parma.com\/app\/uploads\/sites\/17\/2019\/12\/poulet-en-cocotte-a-la-tomate-150x150.jpg 150w, https:\/\/mutti-parma.com\/app\/uploads\/sites\/17\/2019\/12\/poulet-en-cocotte-a-la-tomate-600x600.jpg 600w, https:\/\/mutti-parma.com\/app\/uploads\/sites\/17\/2019\/12\/poulet-en-cocotte-a-la-tomate-50x50.jpg 50w\" loading=\"lazy\" \/>\n      <\/div>\n\n          <\/a>\n  \n  \n      <a class=\"is-style-cursive heading block text-primary leading-none\" href=\"https:\/\/mutti-parma.com\/fr\/produits\/pelees\/\">\n      Pel\u00e9es &#8211; Pelati\n    <\/a>\n  \n  <a class=\"block my-4\" href=\"https:\/\/mutti-parma.com\/fr\/nos-recettes\/poulet-en-cocotte-a-la-tomate\/\">\n          <h3>Poulet en cocotte \u00e0 la tomate<\/h3>\n      <\/a>\n\n      <a class=\"block hover:no-underline text-black\" href=\"https:\/\/mutti-parma.com\/fr\/nos-recettes\/poulet-en-cocotte-a-la-tomate\/\">\n      D\u00e9couvrez la recette du poulet en cocotte \u00e0 la tomate. Une recette g\u00e9n\u00e9reuse, mijot\u00e9e et parfum\u00e9e, r\u00e9alis\u00e9e l\u2019aide de nos tomates pel\u00e9es Mutti.\n    <\/a>\n  \n  <div class=\"flex items-center justify-center my-4\">\n    <div class=\"-ml-2 mr-2 pr-4 border-primary border-r-2 pt-2\">\n    <p class=\"flex flex-wrap items-end font-heavy text-primary leading-none justify-center\">\n      <img decoding=\"async\" alt=\"Total time\" class=\"w-10 md:w-12 mx-3 mb-2\" src=\"https:\/\/mutti-parma.com\/app\/themes\/mutti\/dist\/images\/icons\/mutti-product-icons-reduced-cooking-time.svg?id=dc737ade6befaad1eaaf\" width=\"54\" height=\"26\" loading=\"lazy\">\n      <span class=\"mb-2\">\n        2h\n      <\/span>\n    <\/p>\n  <\/div>\n  <div class=\"pt-2\">\n    <p class=\"flex flex-wrap items-end font-heavy uppercase text-primary leading-none justify-center\">\n      <img decoding=\"async\" alt=\"Difficulty\" class=\"w-10 md:w-12 mx-3 mb-2\" src=\"https:\/\/mutti-parma.com\/app\/themes\/mutti\/dist\/images\/icons\/mutti-product-icons-stove-top.svg?id=5f4b0df898a96e10ac63\" width=\"54\" height=\"18\" loading=\"lazy\">\n      <span class=\"mb-2\">\n        Difficile\n      <\/span>\n    <\/p>\n  <\/div>\n  <\/div>\n<\/div>\n        <\/div>\n              <div class=\"swiper-slide\">\n          <div class=\"teaser--recipe text-center hover:zoom-img\">\n      <a href=\"https:\/\/mutti-parma.com\/fr\/nos-recettes\/sauce-simple-a-la-tomate\/\" class=\"relative block mb-4 max-w-96 mx-auto\" aria-hidden=\"true\" tabindex=\"-1\">\n      <div class=\"responsive-embed \" style=\"padding-bottom: 108.79765395894%;\">\n                <img decoding=\"async\" width=\"1200\" height=\"1200\" src=\"https:\/\/mutti-parma.com\/app\/uploads\/sites\/17\/2019\/12\/sauce-simple-a-la-tomate.jpg\" class=\"inline-block wp-image-2284\" alt=\"Sauce simple \u00e0 la tomate\" sizes=\"auto, (max-width: 600px) 72vw, 431px\" data-spai-crop=\"true\" title=\"Sauce simple \u00e0 la tomate\" srcset=\"https:\/\/mutti-parma.com\/app\/uploads\/sites\/17\/2019\/12\/sauce-simple-a-la-tomate.jpg 1200w, https:\/\/mutti-parma.com\/app\/uploads\/sites\/17\/2019\/12\/sauce-simple-a-la-tomate-200x200.jpg 200w, https:\/\/mutti-parma.com\/app\/uploads\/sites\/17\/2019\/12\/sauce-simple-a-la-tomate-500x500.jpg 500w, https:\/\/mutti-parma.com\/app\/uploads\/sites\/17\/2019\/12\/sauce-simple-a-la-tomate-768x768.jpg 768w, https:\/\/mutti-parma.com\/app\/uploads\/sites\/17\/2019\/12\/sauce-simple-a-la-tomate-1024x1024.jpg 1024w, https:\/\/mutti-parma.com\/app\/uploads\/sites\/17\/2019\/12\/sauce-simple-a-la-tomate-150x150.jpg 150w, https:\/\/mutti-parma.com\/app\/uploads\/sites\/17\/2019\/12\/sauce-simple-a-la-tomate-600x600.jpg 600w, https:\/\/mutti-parma.com\/app\/uploads\/sites\/17\/2019\/12\/sauce-simple-a-la-tomate-50x50.jpg 50w\" loading=\"lazy\" \/>\n      <\/div>\n\n          <\/a>\n  \n  \n      <a class=\"is-style-cursive heading block text-primary leading-none\" href=\"https:\/\/mutti-parma.com\/fr\/produits\/pelees\/\">\n      Pel\u00e9es &#8211; Pelati\n    <\/a>\n  \n  <a class=\"block my-4\" href=\"https:\/\/mutti-parma.com\/fr\/nos-recettes\/sauce-simple-a-la-tomate\/\">\n          <h3>Sauce simple \u00e0 la tomate<\/h3>\n      <\/a>\n\n      <a class=\"block hover:no-underline text-black\" href=\"https:\/\/mutti-parma.com\/fr\/nos-recettes\/sauce-simple-a-la-tomate\/\">\n      R\u00e9alisez facilement une sauce simple \u00e0 la tomate, savoureuse et fra\u00eeche. Une recette proposant une sauce tomate maison r\u00e9alis\u00e9e \u00e0 partir de tomates pel\u00e9es Mutti, qui vous sera utile comme base pour de nombreuses recettes\u00a0comme la sauce bolognaise !\n    <\/a>\n  \n  <div class=\"flex items-center justify-center my-4\">\n    <div class=\"-ml-2 mr-2 pr-4 border-primary border-r-2 pt-2\">\n    <p class=\"flex flex-wrap items-end font-heavy text-primary leading-none justify-center\">\n      <img decoding=\"async\" alt=\"Total time\" class=\"w-10 md:w-12 mx-3 mb-2\" src=\"https:\/\/mutti-parma.com\/app\/themes\/mutti\/dist\/images\/icons\/mutti-product-icons-reduced-cooking-time.svg?id=dc737ade6befaad1eaaf\" width=\"54\" height=\"26\" loading=\"lazy\">\n      <span class=\"mb-2\">\n        1h 20&nbsp;min\n      <\/span>\n    <\/p>\n  <\/div>\n  <div class=\"pt-2\">\n    <p class=\"flex flex-wrap items-end font-heavy uppercase text-primary leading-none justify-center\">\n      <img decoding=\"async\" alt=\"Difficulty\" class=\"w-10 md:w-12 mx-3 mb-2\" src=\"https:\/\/mutti-parma.com\/app\/themes\/mutti\/dist\/images\/icons\/mutti-product-icons-stove-top.svg?id=5f4b0df898a96e10ac63\" width=\"54\" height=\"18\" loading=\"lazy\">\n      <span class=\"mb-2\">\n        Facile\n      <\/span>\n    <\/p>\n  <\/div>\n  <\/div>\n<\/div>\n        <\/div>\n              <div class=\"swiper-slide\">\n          <div class=\"teaser--recipe text-center hover:zoom-img\">\n      <a href=\"https:\/\/mutti-parma.com\/fr\/nos-recettes\/tuiles-au-parmesan\/\" class=\"relative block mb-4 max-w-96 mx-auto\" aria-hidden=\"true\" tabindex=\"-1\">\n      <div class=\"responsive-embed \" style=\"padding-bottom: 108.79765395894%;\">\n                <img decoding=\"async\" width=\"990\" height=\"990\" src=\"https:\/\/mutti-parma.com\/app\/uploads\/sites\/17\/2019\/12\/tuiles-au-parmesan.jpg\" class=\"inline-block wp-image-2290\" alt=\"Tuiles au parmesan\" sizes=\"auto, (max-width: 600px) 72vw, 431px\" data-spai-crop=\"true\" title=\"Tuiles au parmesan\" srcset=\"https:\/\/mutti-parma.com\/app\/uploads\/sites\/17\/2019\/12\/tuiles-au-parmesan.jpg 990w, https:\/\/mutti-parma.com\/app\/uploads\/sites\/17\/2019\/12\/tuiles-au-parmesan-200x200.jpg 200w, https:\/\/mutti-parma.com\/app\/uploads\/sites\/17\/2019\/12\/tuiles-au-parmesan-500x500.jpg 500w, https:\/\/mutti-parma.com\/app\/uploads\/sites\/17\/2019\/12\/tuiles-au-parmesan-768x768.jpg 768w, https:\/\/mutti-parma.com\/app\/uploads\/sites\/17\/2019\/12\/tuiles-au-parmesan-150x150.jpg 150w, https:\/\/mutti-parma.com\/app\/uploads\/sites\/17\/2019\/12\/tuiles-au-parmesan-600x600.jpg 600w, https:\/\/mutti-parma.com\/app\/uploads\/sites\/17\/2019\/12\/tuiles-au-parmesan-50x50.jpg 50w\" loading=\"lazy\" \/>\n      <\/div>\n\n          <\/a>\n  \n  \n      <a class=\"is-style-cursive heading block text-primary leading-none\" href=\"https:\/\/mutti-parma.com\/fr\/produits\/tomates-pelees-pelati-bio\/\">\n      Tomates pel\u00e9es bio\n    <\/a>\n  \n  <a class=\"block my-4\" href=\"https:\/\/mutti-parma.com\/fr\/nos-recettes\/tuiles-au-parmesan\/\">\n          <h3>Tuiles au parmesan<\/h3>\n      <\/a>\n\n      <a class=\"block hover:no-underline text-black\" href=\"https:\/\/mutti-parma.com\/fr\/nos-recettes\/tuiles-au-parmesan\/\">\n      Les tuiles au parmesan sont croustillantes et id\u00e9ales pour l\u2019ap\u00e9ritif ou comme \u00e9l\u00e9ment d\u00e9coratif de vos plus beaux plats&nbsp;! D\u00e9couvrez la version revisit\u00e9e de la tuile au parmesan dans cette recette r\u00e9alis\u00e9e \u00e0 l\u2019aide de tomates pel\u00e9es bio Mutti.\n    <\/a>\n  \n  <div class=\"flex items-center justify-center my-4\">\n    <div class=\"-ml-2 mr-2 pr-4 border-primary border-r-2 pt-2\">\n    <p class=\"flex flex-wrap items-end font-heavy text-primary leading-none justify-center\">\n      <img decoding=\"async\" alt=\"Total time\" class=\"w-10 md:w-12 mx-3 mb-2\" src=\"https:\/\/mutti-parma.com\/app\/themes\/mutti\/dist\/images\/icons\/mutti-product-icons-reduced-cooking-time.svg?id=dc737ade6befaad1eaaf\" width=\"54\" height=\"26\" loading=\"lazy\">\n      <span class=\"mb-2\">\n        3h 55&nbsp;min\n      <\/span>\n    <\/p>\n  <\/div>\n  <div class=\"pt-2\">\n    <p class=\"flex flex-wrap items-end font-heavy uppercase text-primary leading-none justify-center\">\n      <img decoding=\"async\" alt=\"Difficulty\" class=\"w-10 md:w-12 mx-3 mb-2\" src=\"https:\/\/mutti-parma.com\/app\/themes\/mutti\/dist\/images\/icons\/mutti-product-icons-stove-top.svg?id=5f4b0df898a96e10ac63\" width=\"54\" height=\"18\" loading=\"lazy\">\n      <span class=\"mb-2\">\n        Moyen\n      <\/span>\n    <\/p>\n  <\/div>\n  <\/div>\n<\/div>\n        <\/div>\n              <div class=\"swiper-slide\">\n          <div class=\"teaser--recipe text-center hover:zoom-img\">\n      <a href=\"https:\/\/mutti-parma.com\/fr\/nos-recettes\/crumble-aux-tomates-pelees-coeurs-dolives-et-feta\/\" class=\"relative block mb-4 max-w-96 mx-auto\" aria-hidden=\"true\" tabindex=\"-1\">\n      <div class=\"responsive-embed \" style=\"padding-bottom: 108.79765395894%;\">\n                <img decoding=\"async\" width=\"780\" height=\"780\" src=\"https:\/\/mutti-parma.com\/app\/uploads\/sites\/17\/2019\/12\/crumble-tomates-pelees.jpg\" class=\"inline-block wp-image-2053\" alt=\"Crumble aux tomates pel\u00e9es, c\u0153urs d&rsquo;olives et feta\" sizes=\"auto, (max-width: 600px) 72vw, 431px\" data-spai-crop=\"true\" title=\"Crumble aux tomates pel\u00e9es, c\u0153urs d&rsquo;olives et feta\" srcset=\"https:\/\/mutti-parma.com\/app\/uploads\/sites\/17\/2019\/12\/crumble-tomates-pelees.jpg 780w, https:\/\/mutti-parma.com\/app\/uploads\/sites\/17\/2019\/12\/crumble-tomates-pelees-200x200.jpg 200w, https:\/\/mutti-parma.com\/app\/uploads\/sites\/17\/2019\/12\/crumble-tomates-pelees-500x500.jpg 500w, https:\/\/mutti-parma.com\/app\/uploads\/sites\/17\/2019\/12\/crumble-tomates-pelees-768x768.jpg 768w, https:\/\/mutti-parma.com\/app\/uploads\/sites\/17\/2019\/12\/crumble-tomates-pelees-150x150.jpg 150w, https:\/\/mutti-parma.com\/app\/uploads\/sites\/17\/2019\/12\/crumble-tomates-pelees-600x600.jpg 600w, https:\/\/mutti-parma.com\/app\/uploads\/sites\/17\/2019\/12\/crumble-tomates-pelees-50x50.jpg 50w\" loading=\"lazy\" \/>\n      <\/div>\n\n              <i class=\"fa-regular fa-circle-play text-white absolute bottom-0 right-0 mx-4 my-4 text-6xl svg-shadow\" title=\"Has video\"><\/i>\n          <\/a>\n  \n  \n      <a class=\"is-style-cursive heading block text-primary leading-none\" href=\"https:\/\/mutti-parma.com\/fr\/produits\/pelees\/\">\n      Pel\u00e9es &#8211; Pelati\n    <\/a>\n  \n  <a class=\"block my-4\" href=\"https:\/\/mutti-parma.com\/fr\/nos-recettes\/crumble-aux-tomates-pelees-coeurs-dolives-et-feta\/\">\n          <h3>Crumble aux tomates pel\u00e9es, c\u0153urs d&rsquo;olives et feta<\/h3>\n      <\/a>\n\n      <a class=\"block hover:no-underline text-black\" href=\"https:\/\/mutti-parma.com\/fr\/nos-recettes\/crumble-aux-tomates-pelees-coeurs-dolives-et-feta\/\">\n      Le crumble aux tomates pel\u00e9es est une id\u00e9e d\u2019entr\u00e9e facile et inratable, subtilement parfum\u00e9 et rehauss\u00e9 par le go\u00fbt de l\u2019olive et de la feta. R\u00e9alisez un d\u00e9licieux crumble sal\u00e9 et croustillant, aux notes m\u00e9diterran\u00e9ennes \u00e0 l\u2019aide de nos tomates pel\u00e9es Mutti.\n    <\/a>\n  \n  <div class=\"flex items-center justify-center my-4\">\n    <div class=\"-ml-2 mr-2 pr-4 border-primary border-r-2 pt-2\">\n    <p class=\"flex flex-wrap items-end font-heavy text-primary leading-none justify-center\">\n      <img decoding=\"async\" alt=\"Total time\" class=\"w-10 md:w-12 mx-3 mb-2\" src=\"https:\/\/mutti-parma.com\/app\/themes\/mutti\/dist\/images\/icons\/mutti-product-icons-reduced-cooking-time.svg?id=dc737ade6befaad1eaaf\" width=\"54\" height=\"26\" loading=\"lazy\">\n      <span class=\"mb-2\">\n        45&nbsp;min\n      <\/span>\n    <\/p>\n  <\/div>\n  <div class=\"pt-2\">\n    <p class=\"flex flex-wrap items-end font-heavy uppercase text-primary leading-none justify-center\">\n      <img decoding=\"async\" alt=\"Difficulty\" class=\"w-10 md:w-12 mx-3 mb-2\" src=\"https:\/\/mutti-parma.com\/app\/themes\/mutti\/dist\/images\/icons\/mutti-product-icons-stove-top.svg?id=5f4b0df898a96e10ac63\" width=\"54\" height=\"18\" loading=\"lazy\">\n      <span class=\"mb-2\">\n        Facile\n      <\/span>\n    <\/p>\n  <\/div>\n  <\/div>\n<\/div>\n        <\/div>\n          <\/slideshow>\n  \n  <hr class=\"alignwide wp-block-separator\">\n\n      <p class=\"text-center\">\n      <a class=\"h3 underline\" href=\"https:\/\/mutti-parma.com\/fr\/nos-recettes\/\">D\u00e9couvrez nos d\u00e9licieuses recettes avec des tomates<\/a>\n    <\/p>\n  <\/div>\n","protected":false},"excerpt":{"rendered":"<p>Tomates enti\u00e8res pel\u00e9es, juteuses et fermes, dans une pur\u00e9e de tomates velout\u00e9e. Les Pelati Mutti en conserves sont id\u00e9ales pour la pr\u00e9paration de soupes de tomates, plats mijot\u00e9s et au four, sandwichs et autres recettes avec des tomates.Les conserves de tomates pel\u00e9es sont not\u00e9es A par le Nutri-Score (comme tous nos produits except\u00e9 notre ketchup not\u00e9 D pour sa teneur en sucre).<\/p>\n","protected":false},"featured_media":0,"template":"","class_list":["post-41","product_category","type-product_category","status-publish","hentry"],"acf":[],"_links":{"self":[{"href":"https:\/\/mutti-parma.com\/fr\/wp-json\/wp\/v2\/product_category\/41"}],"collection":[{"href":"https:\/\/mutti-parma.com\/fr\/wp-json\/wp\/v2\/product_category"}],"about":[{"href":"https:\/\/mutti-parma.com\/fr\/wp-json\/wp\/v2\/types\/product_category"}],"version-history":[{"count":94,"href":"https:\/\/mutti-parma.com\/fr\/wp-json\/wp\/v2\/product_category\/41\/revisions"}],"predecessor-version":[{"id":22832,"href":"https:\/\/mutti-parma.com\/fr\/wp-json\/wp\/v2\/product_category\/41\/revisions\/22832"}],"wp:attachment":[{"href":"https:\/\/mutti-parma.com\/fr\/wp-json\/wp\/v2\/media?parent=41"}],"curies":[{"name":"wp","href":"https:\/\/api.w.org\/{rel}","templated":true}]}}