{"id":16,"date":"2020-04-30T05:57:43","date_gmt":"2020-04-30T05:57:43","guid":{"rendered":"https:\/\/mutti-parma.com\/ro\/?page_id=16"},"modified":"2024-03-06T06:41:52","modified_gmt":"2024-03-06T06:41:52","slug":"privacy-policy","status":"publish","type":"page","link":"https:\/\/mutti-parma.com\/ro\/privacy-policy\/","title":{"rendered":"Privacy Policy"},"content":{"rendered":"\n<h1 class=\"wp-block-heading\"><strong>POLITICA DE CONFIDEN\u021aIALITATE \u00ceN CONFORMITATE CU REGULAMENTUL GENERAL PRIVIND PROTEC\u021aIA DATELOR (GDPR) (UE) 2016\/679<\/strong><\/h1>\n\n\n\n<p>Prin prezenta v\u0103 inform\u0103m, c\u0103 \u00een conformitate cu Regulamentul UE 679\/2016 (denumit \u00een continuare<strong>&#8222;GDPR<\/strong>&#8222;) \u0219i cu legisla\u021bia aplicabil\u0103 privind protec\u021bia datelor cu caracter personal (denumit\u0103 \u00een continuare<strong>&#8222;Politica de confiden\u021bialitate<\/strong>&#8222;), datele cu caracter personal (denumite \u00een continuare<strong>&#8222;Date<\/strong>&#8222;) referitoare la utilizatorii Site-ului (denumite \u00een continuare &#8222;<strong>Persoane vizate<\/strong>&#8222;) vor fi prelucrate \u00een urm\u0103toarele moduri \u0219i \u00een urm\u0103toarele scopuri.<\/p>\n\n\n\n<p>Prin prelucrarea datelor cu caracter personal se \u00een\u021belege orice opera\u021biune sau set de opera\u021biuni efectuate asupra datelor cu caracter personal sau a seturilor de date cu caracter personal, stocate sau nu \u00eentr-o baz\u0103 de date, prin mijloace automate sau nu, cum ar fi colectarea, \u00eenregistrarea, organizarea, structurarea, stocarea, adaptarea sau modificarea, extragerea, consultarea, utilizarea, divulgarea prin transmitere, diseminarea sau punerea la dispozi\u021bie \u00een alt mod, alinierea sau combinarea, restric\u021bionarea, \u0219tergerea sau distrugerea.<\/p>\n\n\n\n<p>\u00cen conformitate cu reglement\u0103rile GDPR, prelucrarea datelor efectuat\u0103 de Mutti S.p.A. se va baza pe principiile legalit\u0103\u021bii, corectitudinii, transparen\u021bei \u0219i protec\u021biei confiden\u021bialit\u0103\u021bii.<\/p>\n\n\n\n<h4 class=\"wp-block-heading\"><strong>1. OPERATORI DE DATE<\/strong><\/h4>\n\n\n\n<ul class=\"wp-block-list\">\n<li>Mutti S.p.A. (denumit\u0103 \u00een continuare<strong>&#8222;Mutti<\/strong>&#8222;, cu sediul social \u00een Montechiarugolo, Via Traversetolo nr. 28 (PR &#8211; 43022), Num\u0103r de TVA 02758310342, telefon +39 (0521) 652511, fax +39 (0521) 652596, E-mail\u00a0<a href=\"mailto:muttispa@muttispa.it\">muttispa@muttispa.it<\/a> este responsabilul pentru prelucrarea datelor colectate prin intermediul acestui Site;<\/li>\n\n\n\n<li>Exclusiv \u00een ceea ce prive\u0219te instrumentele Facebook Business Tools (de exemplu, butonul &#8222;Share&#8221; sau Facebook Insight pentru redirec\u021bionarea c\u0103tre pagina de Facebook de pe site-ul Mutti) \u0219i Facebook Pixels, Mutti S.p.a. \u0219i Meta Platforms Ireland Ltd., cu sediul \u00een 4 Grand Canal Square, Grand Canal Harbour, Dublin 2, Irlanda, ac\u021bioneaz\u0103 \u00een calitate de operatori de date autonomi, pentru a m\u0103sura nivelul de interac\u021biune \u00eentre site-urile web vizitate \u00een func\u021bie de preferin\u021bele p\u0103r\u021bilor interesate \u0219i pentru a furniza publicitate direc\u021bionat\u0103 \u00een cadrul re\u021belei sociale. Informa\u021bii suplimentare sunt disponibile la link-urile de mai jos referitoare la modul \u00een care sunt prelucrate datele de c\u0103tre Facebook, Instagram, Messenger \u0219i alte produse \u0219i func\u021bii oferite de Meta Platforms Ireland Limited (<a href=\"https:\/\/www.facebook.com\/help\/1561485474074139?ref=dp\">Meta Products<\/a>\u00a0sau Produse). Utilizatorul poate g\u0103si instrumente \u0219i informa\u021bii suplimentare \u00een sec\u021biunea\u00a0<a href=\"https:\/\/www.facebook.com\/settings\">Set\u0103ri Facebook<\/a>\u00a0\u0219i \u00een sec\u021biunea\u00a0<a href=\"https:\/\/www.instagram.com\/accounts\/privacy_and_security\/\">Set\u0103ri Instagram<\/a>inclusiv temeiul juridic lacare\u00a0 se refer\u0103 Meta Platforms Ireland Ltd. cu sediul social la adresa 4 Grand Canal Square Grand Canal Harbour Dublin 2 Irlanda \u0219i modul de exercitare a drepturilor dumneavoastr\u0103.<\/li>\n<\/ul>\n\n\n\n<h4 class=\"wp-block-heading\"><strong>2. TIPURI DE DATE PRELUCRATE<\/strong><\/h4>\n\n\n\n<p>Sunt prelucrate urm\u0103toarele date:<\/p>\n\n\n\n<ul class=\"wp-block-list\">\n<li><strong>Date de navigare<\/strong>: cum ar fi adresele IP sau numele de domeniu ale computerelor utilizate de utilizatorii care se conecteaz\u0103 la site, adresele de nota\u021bie URI (Uniform Resource Identifier) ale resurselor solicitate, a c\u0103ror transmitere este implicit\u0103 \u00een utilizarea protocoalelor de comunicare pe internet. Este vorba de informa\u021bii ce nu sunt colectate \u00een scopul de a fi asociate cu persoanele vizate identificate, dar, prin \u00eens\u0103\u0219i natura lor, ar putea, prin prelucrare \u0219i asociere cu date de\u021binute de ter\u021bi, s\u0103 permit\u0103 identificarea utilizatorilor. Aceste date sunt utilizate exclusiv \u00een scopul ob\u021binerii de informa\u021bii statistice anonime privind utilizarea site-ului \u0219i pentru a verifica func\u021bionarea corect\u0103 a acestuia \u0219i sunt \u0219terse imediat dup\u0103 prelucrare. Datele ar putea fi utilizate pentru a stabili r\u0103spunderea \u00een cazul unor infrac\u021biuni informatice ipotetice \u00eempotriva site-ului: \u00een acest scop, datele privind contactele web ar putea fi p\u0103strate \u00een conformitate cu acest scop \u0219i limitate la acesta. De la adresa IP \u0219i numele de domeniu ale computerelor utilizate, va fi posibil, \u00een limita scopului de stabilire a r\u0103spunderii, s\u0103 se urm\u0103reasc\u0103 alte date de identificare a utilizatorului (\u00een special numele, prenumele, adresa de e-mail&#8230;);<\/li>\n\n\n\n<li><strong>Date colectate prin intermediul modulelor cookie<\/strong>: pentru informa\u021bii despre modulele cookie de pe site-ul Mutti \u0219i alte instrumente de urm\u0103rire, v\u0103 rug\u0103m s\u0103 consulta\u021bi Politica privind modulele cookie [link c\u0103tre Politica privind modulele cookie]. Interac\u021biunile cu site-urile web vizitate de p\u0103r\u021bile interesate prin utilizarea Facebook Business Tools implic\u0103 faptul c\u0103 datele referitoare la navigare sunt, de asemenea, prelucrate de Facebook, care ac\u021bioneaz\u0103 ca un operator autonom, la fel ca Mutti.<\/li>\n<\/ul>\n\n\n\n<h4 class=\"wp-block-heading\"><strong>3. MINORI<\/strong><\/h4>\n\n\n\n<p>Acest site \u0219i serviciile operatorului de date nu sunt destinate copiilor sub 16 ani, iar operatorul de date nu colecteaz\u0103 \u00een mod deliberat informa\u021bii personale referitoare la copii. \u00cen cazul \u00een care informa\u021biile despre minori sunt \u00eenregistrate \u00een mod neinten\u021bionat, operatorul le va \u0219terge cu promptitudine la cererea utilizatorilor. Protejarea siguran\u021bei \u0219i intimit\u0103\u021bii copiilor este foarte important\u0103 pentru noi. Prin \u00eenregistrarea pe Site \u00een sec\u021biunea corespunz\u0103toare, precum \u0219i prin completarea oric\u0103ror formulare de colectare a datelor de pe Site sau prin solicitarea de furnizare\/\u00eenscriere la serviciul Newsletter, persoana \u00een cauz\u0103 confirm\u0103 \u0219i declar\u0103 c\u0103 are cel pu\u021bin 16 ani sau, \u00een orice caz, c\u0103 nu este mai t\u00e2n\u0103r\u0103 dec\u00e2t v\u00e2rsta indicat\u0103 de legisla\u021bia \u021b\u0103rii sale de re\u0219edin\u021b\u0103 care prevede alte limite de v\u00e2rst\u0103.<\/p>\n\n\n\n<h4 class=\"wp-block-heading\"><strong>4. SCOPUL PRELUCR\u0102RII<\/strong><\/h4>\n\n\n\n<p>Datele cu caracter personal furnizate de persoanele vizate prin intermediul site-ului sunt colectate \u0219i prelucrate de c\u0103tre operator \u00een urm\u0103toarele scopuri \u0219i pentru urm\u0103toarele temeiuri juridice:<\/p>\n\n\n\n<p><strong>A. f\u0103r\u0103 consim\u021b\u0103m\u00e2nt prealabil, cu scopul de a presta servicii \u0219i, \u00een special, pentru:<\/strong><\/p>\n\n\n\n<p>1. orice serviciu de asisten\u021b\u0103 tehnic\u0103 telefonic\u0103 furnizat persoanei \u00een cauz\u0103 pentru probleme critice care decurg din utilizarea site-ului (de exemplu, afi\u0219area con\u021binutului, utilizarea site-ului \u0219i a unora din func\u021biile sale);\u00a0<\/p>\n\n\n\n<ul class=\"wp-block-list\">\n<li>gestionarea unei cereri de contact de c\u0103tre persoana vizat\u0103;<\/li>\n<\/ul>\n\n\n\n<p>2. \u00eendeplinirea de c\u0103tre operator a obliga\u021biilor legale, cum ar fi:<\/p>\n\n\n\n<ul class=\"wp-block-list\">\n<li>respectarea obliga\u021biilor prev\u0103zute de legile, regulamentele sau legisla\u021bia na\u021bional\u0103 \u0219i a UE sau impuse de autorit\u0103\u021bile competente;<\/li>\n<\/ul>\n\n\n\n<p>3. urm\u0103rirea unui interes legitim al operatorului:<\/p>\n\n\n\n<ul class=\"wp-block-list\">\n<li>gestionarea \u0219i \u00eentre\u021binerea site-ului: interesul titularului se refer\u0103 la interesul general a unei companii de a asigura opera\u021biunile comerciale, inclusiv prin intermediul func\u021bion\u0103rii site-ului \u0219i adoptarea posibilelor \u00eembun\u0103t\u0103\u021biri ale serviciului oferit;<\/li>\n\n\n\n<li>prevenirea sau detectarea activit\u0103\u021bilor frauduloase sau a abuzurilor \u00een detrimentul site-ului, precum \u0219i exercitarea \u0219i protejarea drepturilor operatorului \u00een cadrul procedurilor judiciare \u0219i gestionarea litigiilor: interesul operatorului fiind interesul general, real \u0219i actual de a nu suferi daune ca urmare a comportamentului ilicit al altora, ca atare acest interes primeaz\u0103 fa\u021b\u0103 de interesele individuale ale subiectului interesat.<\/li>\n<\/ul>\n\n\n\n<p><strong>B. numai cu acordul prealabil pentru:<\/strong><\/p>\n\n\n\n<p>1. Scopul utiliz\u0103rii instrumentelor Facebook pentru m\u0103surarea \u0219i analiza interac\u021biunilor cu paginile web vizitate de c\u0103tre persoanele interesate \u0219i furnizarea de publicitate direc\u021bionat\u0103 pe re\u021beaua social\u0103 Facebook, \u00een special:<\/p>\n\n\n\n<ul class=\"wp-block-list\">\n<li>Compania \u0219i Facebook Ireland Limited vor prelucra, \u00een calitate de operatori de date autonomi, a\u0219a cum este descris \u00een sec\u021biunea 1), datele referitoare la interac\u021biunile cu site-urile web vizitate de p\u0103r\u021bile interesate prin utilizarea instrumentelor Facebook Business Tools (de exemplu, cookie-urile Facebook, Insight \u0219i Pixel). Mai multe informa\u021bii despre cum Meta Platforms Ireland Ltd. prelucreaz\u0103 datele, inclusiv temeiul juridic pe baza c\u0103ruia Meta Platforms Ireland Ltd. se refer\u0103 \u0219i despre cum s\u0103 v\u0103 exercita\u021bi drepturile fa\u021b\u0103 de Meta Platforms Ireland Ltd.pot fi g\u0103site \u00een Politica de date a Facebook Ireland la adresa https:\/\/www.facebook.com\/privacy\/explanation;<\/li>\n\n\n\n<li>\u00cen special, site-ul web Mutti utilizeaz\u0103 a\u0219a-numitele plug-in-uri sociale. Plug-in-urile sociale sunt instrumente speciale care permit \u00eencorporarea func\u021bionalit\u0103\u021bilor re\u021belelor sociale direct \u00een cadrul site-ului web (de exemplu, butonul &#8222;Share&#8221; sau pictograma Facebook pentru redirec\u021bionarea c\u0103tre pagina de Facebook de pe site-ul Mutti). Toate plug-in-urile sociale de pe site sunt marcate cu logo-ul respectiv de\u021binut de platforma de socializare. Colectarea \u0219i utilizarea informa\u021biilor ob\u021binute prin intermediul plug-in-ului sunt reglementate de politicile de confiden\u021bialitate ale re\u021belelor de socializare, pe care v\u0103 rug\u0103m s\u0103 le consulta\u021bi.<\/li>\n<\/ul>\n\n\n\n<p>Atunci c\u00e2nd vizita\u021bi o pagin\u0103 de pe site-ul nostru \u0219i interac\u021biona\u021bi cu plug-in-ul (de exemplu, f\u0103c\u00e2nd clic pe butonul &#8222;Share&#8221; sau pe pictograma Facebook pentru a redirec\u021biona c\u0103tre pagina de Facebook de pe site-ul Mutti) sau decide\u021bi s\u0103 l\u0103sa\u021bi un comentariu, informa\u021biile corespunz\u0103toare sunt transmise de browserul dumneavoastr\u0103 direct c\u0103tre platforma de socializare (\u00een acest caz Facebook) \u0219i stocate acolo. Mai multe informa\u021bii despre cum Meta Platforms Ireland Ltd. prelucreaz\u0103 datele, inclusiv baza juridic\u0103 la care se refer\u0103 Meta Platforms Ireland Ltd. \u0219i despre cum s\u0103 v\u0103 exercita\u021bi drepturile ca persoan\u0103 vizat\u0103 \u00een raport cu Meta Platforms Ireland Ltd.pot fi g\u0103site \u00een Politica de confiden\u021bialitate a Meta Platforms Ireland Ltd. la adresa https:\/\/www.facebook.com\/privacy\/explanation<\/p>\n\n\n\n<h4 class=\"wp-block-heading\"><strong>5. NATURA FURNIZ\u0102RII<\/strong><\/h4>\n\n\n\n<p>Furnizarea datelor \u00een leg\u0103tur\u0103 cu scopurile prev\u0103zute la punctul A) este obligatorie, iar un eventual refuz de a furniza aceste date va face imposibil\u0103 \u00eendeplinirea de c\u0103tre operatorul de date a angajamentelor contractuale asumate, respectarea cererilor formulate de persoana vizat\u0103 sau \u00eendeplinirea obliga\u021biilor legale. \u00cen ce prive\u0219te scopurile prev\u0103zute la punctul B.1), furnizarea de date cu caracter personal este op\u021bional\u0103, iar utilizarea acestora este condi\u021bionat\u0103 de interac\u021biunea voluntar\u0103 cu plug-in-ul social de c\u0103tre persoana vizat\u0103. Lipsa interac\u021biunii nu implic\u0103 nicio consecin\u021b\u0103, iar persoana vizat\u0103 poate continua s\u0103 navigheze pe site f\u0103r\u0103 a interac\u021biona direct cu platforma de socializare.<\/p>\n\n\n\n<h4 class=\"wp-block-heading\"><strong>6. MIJLOACE DE PRELUCRARE A DATELOR<\/strong><\/h4>\n\n\n\n<p>Prelucrarea datelor persoanelor vizate este efectuat\u0103 &#8211; prin mijloace electronice &#8211; prin intermediul opera\u021biunilor de colectare, \u00eenregistrare, actualizare, organizare, stocare, consultare, prelucrare, selec\u021bie, extragere, comparare, utilizare, interconectare, blocare, \u0219tergere \u0219i distrugere a datelor. Datele vor fi prelucrate de c\u0103tre Companie \u0219i persoanele desemnate de aceasta prin intermediul sistemelor informatizate (\u0219i manuale) \u00een conformitate cu principiile de corectitudine, loialitate \u0219i transparen\u021b\u0103 prev\u0103zute de legisla\u021bia aplicabil\u0103 \u00een materie de protec\u021bie a datelor cu caracter personal, protej\u00e2nd confiden\u021bialitatea persoanei vizate \u0219i drepturile acesteia prin adoptarea de m\u0103suri tehnice \u0219i organizatorice adecvate pentru a asigura un nivel de securitate corespunz\u0103tor riscului. Sunt respectate m\u0103suri de securitate specifice pentru a preveni pierderea datelor, utilizarea ilegal\u0103 sau incorect\u0103 \u0219i accesul neautorizat.&nbsp;<\/p>\n\n\n\n<h4 class=\"wp-block-heading\"><strong>7. STOCAREA DATELOR<\/strong><\/h4>\n\n\n\n<p>Cu referire la scopurile prev\u0103zute la litera A) de la alin. 4 (Scopurile prelucr\u0103rii), datele vor fi prelucrate pe \u00eentreaga durat\u0103 a \u00een\u021belegerii \u00een vederea atingerii scopurilor men\u021bionate mai sus \u0219i, \u00een orice caz, nu mai mult de 10 ani de la executarea contractului, \u00een cazul \u00een care a fost \u00eencheiat un contract. Datele referitoare la navigare vor fi prelucrate \u0219i stocate timp de 7 zile. Datele cu caracter personal necesare pentru \u00eendeplinirea oric\u0103ror obliga\u021bii legale vor fi, de asemenea, p\u0103strate la o dat\u0103 ulterioar\u0103, \u00een conformitate cu obliga\u021biile respective \u0219i \u00een conformitate cu perioadele de stocare prev\u0103zute de reglement\u0103rile aplicabile la momentul respectiv.&nbsp;<\/p>\n\n\n\n<p>Pentru datele furnizate \u00een scopurile prev\u0103zute la punctul B, nr. 1. (utilizarea Facebook Business Tools) de la alin. 4 (Scopurile prelucr\u0103rii), datele vor fi prelucrate \u00een conformitate cu prevederile Meta Platforms Ireland Ltd.&nbsp; \u00een cadrul Politicii de date Facebook, care poate fi g\u0103sit\u0103 la https:\/\/www.facebook.com\/privacy\/explanation.&nbsp;<\/p>\n\n\n\n<h4 class=\"wp-block-heading\"><strong>8. DOMENIUL DE APLICARE A PRELUCR\u0102RII, COMUNIC\u0102RII, DISEMIN\u0102RII DATELOR&nbsp;<\/strong><\/h4>\n\n\n\n<p>Datele p\u0103r\u021bilor interesate vor fi f\u0103cute accesibile \u0219i prelucrate \u00een scopurile prev\u0103zute la punctul 4 din prezenta informare:<\/p>\n\n\n\n<ul class=\"wp-block-list\">\n<li>personalului intern \u0219icolaboratorilor operatorului, \u00een calitate de responsabili \u0219i\/sau procesatori interni de date \u0219i\/sau administratori de sistem;<\/li>\n\n\n\n<li>c\u0103tre societ\u0103\u021bi apar\u021bin\u00e2nd grupului de firme Mutti;<\/li>\n\n\n\n<li>ter\u021bilor care desf\u0103\u0219oar\u0103 activit\u0103\u021bi de externalizare \u00een numele operatorului, cum ar fi furnizorii pentru gestionarea \u0219i \u00eentre\u021binerea site-ului, furnizorii etc., sub rezerva numirii acestora \u00een calitate de operatori de date, limitat\u0103 la scopurile prev\u0103zute de prezenta politic\u0103 \u0219i \u00een conformitate cu GDPR.<\/li>\n<\/ul>\n\n\n\n<p>Datele colectate nu vor fi diseminate \u0219i nu vor fi divulgate f\u0103r\u0103 consim\u021b\u0103m\u00e2ntul expres al persoanei vizate.<\/p>\n\n\n\n<p>Dimpotriv\u0103, f\u0103r\u0103 a fi nevoie de un consim\u021b\u0103m\u00e2nt expres (\u00een conformitate cu art. 6 din RGPD), Operatorul de date poate comunica datele dumneavoastr\u0103 organismelor de supraveghere, organismelor publice, autorit\u0103\u021bilor de control, for\u021belor de poli\u021bie \u0219i autorit\u0103\u021bilor judiciare, precum \u0219i tuturor acelor subiec\u021bi c\u0103tre care comunicarea este obligatorie prin lege pentru \u00eendeplinirea scopurilor men\u021bionate mai sus. Aceste p\u0103r\u021bi vor prelucra datele \u00een calitatea lor de operatori de date autonomi.<\/p>\n\n\n\n<p>Lista complet\u0103 \u0219i actualizat\u0103 a subiec\u021bilor care prelucreaz\u0103 datele \u00een calitate de responsabili \u0219i operatori autonomi de date este disponibil\u0103 la cerere la Mutti S.p.A. cu sediul social \u00een Montechiarugolo, Via Traversetolo nr. 28 (PR &#8211; 43022).<\/p>\n\n\n\n<h4 class=\"wp-block-heading\"><strong>9. TRANSFERUL DATELOR \u00ceN AFARA UE&nbsp;<\/strong><\/h4>\n\n\n\n<p>Mutti S.p.a. poate transfera datele \u00een afara Uniunii Europene \u0219i, \u00een special, \u00een Statele Unite ale Americii pentru gestionarea tehnic\u0103 a unor opera\u021biuni de prelucrare (de exemplu, gestionarea listelor de coresponden\u021b\u0103 \u0219i a conturilor \u00eenregistrate). \u00cen acest scop, societatea evalueaz\u0103 impactul transferurilor de date \u0219i, \u00een consecin\u021b\u0103, adopt\u0103 cele mai adecvate m\u0103suri de protec\u021bie (de exemplu, decizii de adecvare, acolo unde exist\u0103, sau clauze contractuale standard \u0219i, \u00een anumite cazuri limitate, derog\u0103ri permise de lege).&nbsp;<\/p>\n\n\n\n<p>Pentru informa\u021bii privind transferul de date cu caracter personal colectate prin intermediul cookie-urilor, inclusiv cele ale unor ter\u021be p\u0103r\u021bi, v\u0103 rug\u0103m s\u0103 consulta\u021bi Politica Mutti privind cookie-urile \u0219i politicile de confiden\u021bialitate ale fiec\u0103rei ter\u021be p\u0103r\u021bi, disponibile pe site-urile acestora \u0219i care pot fi urm\u0103rite \u00een tabelele incluse \u00een Politica privind cookie-urile. \u00cen special, \u00een aceste scopuri, re\u021belele sociale vor prelucra datele persoanelor vizate \u00een calitate de operatori autonomi de prelucrare a datelor. Pentru mai multe informa\u021bii despre prelucrarea datelor efectuat\u0103 de aceste re\u021bele sociale (de exemplu, Facebook, Instagram, Twitter \u0219i Youtube), v\u0103 invit\u0103m s\u0103 citi\u021bi politicile de confiden\u021bialitate adoptate de re\u021belele sociale la urm\u0103toarele link-uri:<\/p>\n\n\n\n<ul class=\"wp-block-list\">\n<li><a href=\"https:\/\/www.facebook.com\/privacy\/explanation\">https:\/\/www.facebook.com\/privacy\/explanation<\/a>;<\/li>\n\n\n\n<li><a href=\"https:\/\/help.instagram.com\/519522125107875\">https:\/\/help.instagram.com\/519522125107875<\/a>;<\/li>\n\n\n\n<li><a href=\"https:\/\/twitter.com\/en\/privacy\">https:\/\/twitter.com\/en\/privacy<\/a>;<\/li>\n\n\n\n<li><a href=\"https:\/\/policies.google.com\/privacy?hl=ita\">https:\/\/policies.google.com\/privacy?hl=ita<\/a>.&nbsp;<\/li>\n<\/ul>\n\n\n\n<h4 class=\"wp-block-heading\"><strong>10. DREPTURILE PERSOANEI VIZATE<\/strong><\/h4>\n\n\n\n<p>Persoanele vizate \u00ee\u0219i pot exercita, \u00een leg\u0103tur\u0103 cu prelucrarea datelor descris\u0103 \u00een prezentul document, drepturile prev\u0103zute la articolele 15-22 din RGPD \u0219i, mai exact:<\/p>\n\n\n\n<ul class=\"wp-block-list\">\n<li>dreptul de a ob\u021bine confirmarea existen\u021bei datelor cu caracter personal care v\u0103 privesc, chiar dac\u0103 acestea nu au fost \u00eenc\u0103 \u00eenregistrate, precum \u0219i accesul la con\u021binutul acestora (drept de acces);<\/li>\n\n\n\n<li>dreptul de a ob\u021bine actualizarea, modificarea \u0219i\/sau corectarea datelor cu caracter personal (dreptul de rectificare);<\/li>\n\n\n\n<li>dreptul de a solicita \u0219tergerea datelor cu caracter personal sau limitarea prelucr\u0103rii datelor prelucrate \u00een mod ilegal, inclusiv a datelor a c\u0103ror p\u0103strare nu este necesar\u0103 pentru scopurile pentru care au fost colectate sau prelucrate \u00een alt mod (dreptul la uitare \u0219i dreptul la restric\u021bionare);<\/li>\n\n\n\n<li>dreptul de a depune o pl\u00e2ngere la autoritatea de supraveghere \u00een cazul unei \u00eenc\u0103lc\u0103ri a reglement\u0103rilor privind protec\u021bia datelor cu caracter personal;<\/li>\n\n\n\n<li>dreptul de a se opune prelucr\u0103rii datelor (dreptul de opozi\u021bie);<\/li>\n\n\n\n<li>dreptul de a revoca consim\u021b\u0103m\u00e2ntul, \u00een cazul \u00een care acesta a fost dat, f\u0103r\u0103 a aduce atingere legalit\u0103\u021bii prelucr\u0103rii bazate pe consim\u021b\u0103m\u00e2ntul dat \u00eenainte de revocare;<\/li>\n\n\n\n<li>dreptul de a se opune, \u00een totalitate sau par\u021bial, unui proces de colectare automat\u0103, inclusiv crearea de profiluri;<\/li>\n\n\n\n<li>dreptul de a primi o copie a datelor cu caracter personal furnizate operatorului \u00eentr-un format structurat, utilizat \u00een mod obi\u0219nuit \u0219i care poate fi citit automat \u0219i de a solicita ca aceste date s\u0103 fie transmise unui alt operator de prelucrare de date, atunci c\u00e2nd acest lucru este posibil din punct de vedere tehnic (dreptul la portabilitatea datelor).<\/li>\n<\/ul>\n\n\n\n<h4 class=\"wp-block-heading\"><strong>11. MODALIT\u0102\u021aI DE EXERCITARE A DREPTURILOR<\/strong><\/h4>\n\n\n\n<p>V\u0103 pute\u021bi exercita drepturile \u00een orice moment, trimi\u021b\u00e2nd o notificare prin scrisoare recomandat\u0103 c\u0103tre operator la adresa: Mutti S.p.A., Via Traversetolo n. 28, Montechiarugolo (PR &#8211; 43022), trimi\u021b\u00e2nd un e-mail la adresa <a href=\"mailto:muttispa@muttispa.it\">muttispa@muttispa.it<\/a>.<\/p>\n\n\n\n<h4 class=\"wp-block-heading\"><strong>12. MODIFIC\u0102RI ALE ACESTEI POLITICI DE CONFIDEN\u021aIALITATE<\/strong><\/h4>\n\n\n\n<p>Prezenta Not\u0103 de informare poate suferi modific\u0103ri \u00een timp, \u00een vederea punerii \u00een aplicare a dispozi\u021biilor legale adoptate \u00een domeniul confiden\u021bialit\u0103\u021bii. Prin urmare, v\u0103 invit\u0103m s\u0103 consulta\u021bi aceast\u0103 pagin\u0103 \u00een mod regulat. \u00cen acest scop, nota de informare eviden\u021biaz\u0103 data actualiz\u0103rii.<\/p>\n\n\n\n<p><em>Ultima revizuire Octombrie 2023&nbsp;<\/em><\/p>\n","protected":false},"excerpt":{"rendered":"<p>POLITICA DE CONFIDEN\u021aIALITATE \u00ceN CONFORMITATE CU REGULAMENTUL GENERAL PRIVIND PROTEC\u021aIA DATELOR (GDPR) (UE) 2016\/679 Prin prezenta v\u0103 inform\u0103m, c\u0103 \u00een conformitate cu Regulamentul UE 679\/2016 (denumit \u00een continuare&#8222;GDPR&#8222;) \u0219i cu legisla\u021bia aplicabil\u0103 privind protec\u021bia datelor cu caracter personal (denumit\u0103 \u00een continuare&#8222;Politica de confiden\u021bialitate&#8222;), datele cu caracter personal (denumite \u00een continuare&#8222;Date&#8222;) referitoare la utilizatorii Site-ului (denumite<\/p>\n","protected":false},"author":1,"featured_media":0,"parent":0,"menu_order":15,"comment_status":"closed","ping_status":"closed","template":"template-privacy-policy.php","meta":{"_acf_changed":false,"_relevanssi_hide_post":"","_relevanssi_hide_content":"","_relevanssi_pin_for_all":"","_relevanssi_pin_keywords":"","_relevanssi_unpin_keywords":"","_relevanssi_related_keywords":"","_relevanssi_related_include_ids":"","_relevanssi_related_exclude_ids":"","_relevanssi_related_no_append":"","_relevanssi_related_not_related":"","_relevanssi_related_posts":"","_relevanssi_noindex_reason":"","footnotes":""},"class_list":["post-16","page","type-page","status-publish","hentry"],"acf":[],"_links":{"self":[{"href":"https:\/\/mutti-parma.com\/ro\/wp-json\/wp\/v2\/pages\/16","targetHints":{"allow":["GET"]}}],"collection":[{"href":"https:\/\/mutti-parma.com\/ro\/wp-json\/wp\/v2\/pages"}],"about":[{"href":"https:\/\/mutti-parma.com\/ro\/wp-json\/wp\/v2\/types\/page"}],"author":[{"embeddable":true,"href":"https:\/\/mutti-parma.com\/ro\/wp-json\/wp\/v2\/users\/1"}],"replies":[{"embeddable":true,"href":"https:\/\/mutti-parma.com\/ro\/wp-json\/wp\/v2\/comments?post=16"}],"version-history":[{"count":7,"href":"https:\/\/mutti-parma.com\/ro\/wp-json\/wp\/v2\/pages\/16\/revisions"}],"predecessor-version":[{"id":1264,"href":"https:\/\/mutti-parma.com\/ro\/wp-json\/wp\/v2\/pages\/16\/revisions\/1264"}],"wp:attachment":[{"href":"https:\/\/mutti-parma.com\/ro\/wp-json\/wp\/v2\/media?parent=16"}],"curies":[{"name":"wp","href":"https:\/\/api.w.org\/{rel}","templated":true}]}}