{"id":2172,"date":"2020-07-15T10:08:50","date_gmt":"2020-07-15T10:08:50","guid":{"rendered":"https:\/\/mutti-parma.com\/se\/?post_type=product&#038;p=2172"},"modified":"2025-03-06T16:54:53","modified_gmt":"2025-03-06T16:54:53","slug":"pastasas-med-parmigiano-reggiano","status":"publish","type":"product","link":"https:\/\/mutti-parma.com\/se\/produkter\/pastasas-med-parmigiano-reggiano\/","title":{"rendered":"Pastas\u00e5s med parmesan"},"content":{"rendered":"\n<div style=\"--media-width: 35\" class=\"wp-block-media-text alignwide has-media-on-the-right is-stacked-on-mobile is-style-hero has-background-image\"><img loading=\"lazy\" decoding=\"async\" class=\"wp-block-media-text__background\" alt=\"\" data-spai-crop=\"true\" src=\"https:\/\/mutti-parma.com\/app\/uploads\/sites\/14\/2020\/07\/15-sugo-parmigiana.png\" \/><div class=\"wp-block-media-text__content\"><div class=\"acf-breadcrumb my-4 md:my-8 text-center md:text-left\">\n  <nav>\n  <ol class=\"list-none text-md\">\n                  <li class=\"inline\">\n                      <a class=\"text-inherit\" href=\"https:\/\/mutti-parma.com\/se\/\">\n              Mutti Parma Sverige\n            <\/a>\n                                <span aria-hidden=\"true\">\/&nbsp;<\/span>\n                  <\/li>\n                        <li class=\"inline\">\n                      <a class=\"text-inherit\" href=\"https:\/\/mutti-parma.com\/se\/produkter\/\">\n              Products\n            <\/a>\n                            <\/li>\n            <\/ol>\n<\/nav>\n<\/div>\n\n\n\n<h1 class=\"wp-block-heading has-primary-color has-text-color\"><strong>Pastas\u00e5s med parmesan<\/strong><\/h1>\n\n\n\n<p class=\"is-style-cursive has-xxl-font-size\">Pastas\u00e5ser<\/p>\n\n\n\n<p>Muttis pastas\u00e5ser f\u00f6ddes ur k\u00e4rleken till matlagning och viljan att erbjuda bara det b\u00e4sta till v\u00e5ra n\u00e4ra och k\u00e4ra. D\u00e4rf\u00f6r anv\u00e4nder vi 100 % italienska tomater i v\u00e5ra pastas\u00e5ser, med solen som enda s\u00f6tningsmedel och noggrant utvalda italienska ingredienser av b\u00e4sta sort. Vi tills\u00e4tter varken socker eller n\u00e5got annat till s\u00e5serna, s\u00e5 n\u00e4r du \u00f6ppnar burken m\u00f6ts du av autentiska smaker och aromer som f\u00f6r Italien direkt in i ditt k\u00f6k!<br><br>Pastas\u00e5sen med parmesan \u00e4r smaksatt med italiensk DOP-certifierad Parmigiano Reggiano. Certifieringen garanterar den traditionella produktionsprocessen och den ikoniska smaken av parmesanost. S\u00e5 denna s\u00e5s doftar och smakar det verkligen underbart intensiv parmesan!<\/p>\n\n\n\n\n<\/div><figure class=\"wp-block-media-text__media\"><img loading=\"lazy\" decoding=\"async\" width=\"537\" height=\"1024\" src=\"https:\/\/mutti-parma.com\/app\/uploads\/sites\/14\/2020\/07\/scand-parm.regg-render-537x1024.png\" alt=\"\" class=\"wp-image-8277 size-full\" sizes=\"(min-width: 1440px) 336px,23vw\" data-spai-crop=\"false\" srcset=\"https:\/\/mutti-parma.com\/app\/uploads\/sites\/14\/2020\/07\/scand-parm.regg-render-537x1024.png 537w, https:\/\/mutti-parma.com\/app\/uploads\/sites\/14\/2020\/07\/scand-parm.regg-render-262x500.png 262w, https:\/\/mutti-parma.com\/app\/uploads\/sites\/14\/2020\/07\/scand-parm.regg-render-105x200.png 105w, https:\/\/mutti-parma.com\/app\/uploads\/sites\/14\/2020\/07\/scand-parm.regg-render-150x286.png 150w, https:\/\/mutti-parma.com\/app\/uploads\/sites\/14\/2020\/07\/scand-parm.regg-render-600x1145.png 600w, https:\/\/mutti-parma.com\/app\/uploads\/sites\/14\/2020\/07\/scand-parm.regg-render.png 676w\" \/><\/figure><\/div>\n\n\n\n\n\n<div class=\"wp-block-media-text alignwide\" style=\"grid-template-columns:32% auto\"><figure class=\"wp-block-media-text__media\"><video\n  \n  autoplay\n  playsinline\n  muted\n  loop\n  loading=\"lazy\"\n  \n  \n  \n\n  \n  >\n            <source src=\"https:\/\/cdn.mutti-parma.com\/app\/uploads\/sites\/14\/2020\/07\/genuine-sauce-pour-1-1-low-3.mp4\" type=\"video\/mp4\">\n      <\/video>\n\n<\/figure><div class=\"wp-block-media-text__content\">\n<h2 class=\"wp-block-heading\"><strong>Detta \u00e4r pastas\u00e5s Parmesan<\/strong><\/h2>\n\n\n\n\n\n<p>Hos Mutti ligger fokus p\u00e5 att g\u00f6ra det b\u00e4sta m\u00f6jliga av tomaterna. Finns det n\u00e5got mer typiskt och gott s\u00e4tt att ta med sig Italien p\u00e5 tallriken \u00e4n r\u00f6da pastas\u00e5ser? V\u00e5ra s\u00e5ser \u00e4r gjorda av endast de b\u00e4sta ingredienserna och passar till n\u00e4stan alla pastar\u00e4tter. V\u00e4lj din smak och skapa ditt livs pastam\u00e5ltid!<\/p>\n\n\n<\/div><\/div>\n\n\n<div\n  class=\"acf-how-is-it-made alignwide text-center \"\n  data-vue-wrapper\n  >\n      <h2>Hur \u00e4r det lagat?<\/h2>\n  \n  <slideshow :slides-per-view=\"3\" :slides-per-view-sm=\"1\" :slides-per-view-md=\"2\" name=\"How is it made\" class=\"mb-8\">\n      <\/slideshow>\n\n      <p class=\"is-style-cursive text-5xl\">L\u00e4r dig mera om hur vi tillverkar v\u00e5ra produkter<\/p>\n  \n      <h3>Visit the <a href=\"https:\/\/mutti-parma.com\/se\/aker-till-bord\/\">Field to Table<\/a><\/h3>\n  <\/div>\n\n\n\n\n\n\n\n<hr class=\"wp-block-separator has-css-opacity alignwide\"\/>\n\n\n<div class=\"acf-comments alignwide my-8\">\n  <div class=\"flex flex-wrap mb-4 items-center text-center sm:text-left px-0 sm:px-2 md:px-0\">\n    <h3 class=\"w-full sm:w-auto is-style-cursive text-primary my-0 leading-none\">Share and review<\/h3>\n    <div class=\"w-full sm:w-auto flex-auto mt-1 sm:ml-8\">\n          <\/div>\n\n          <div class=\"mx-auto sm:ml-0 mt-3 sm:mt-0\">\n                  <div\n  class=\"shariff\"\n  data-button-style=\"icon\"\n  data-mail-body=\"https:\/\/mutti-parma.com\/se\/produkter\/pastasas-med-parmigiano-reggiano\/\"\n  data-mail-subject=\"Pastas\u00e5s med parmesan - Mutti\"\n  data-mail-url=\"mailto:\"\n  data-media-url=\"https:\/\/mutti-parma.com\/app\/uploads\/sites\/14\/2020\/07\/scand-parm.regg-render.png\"\n  data-services=\"[&#039;facebook&#039;, &#039;twitter&#039;, &#039;whatsapp&#039;, &#039;pinterest&#039;, &#039;mail&#039;]\"\n><\/div>\n              <\/div>\n      <\/div>\n\n  <div>\n                <\/div>\n<\/div>\n\n\n\n<hr class=\"wp-block-separator has-css-opacity alignwide\"\/>\n\n\n\n<div class=\"wp-block-cover alignwide has-background-dim-80 has-darkred-background-color has-background-dim\" style=\"background-image:url(https:\/\/mutti-parma.com\/app\/uploads\/sites\/3\/2019\/09\/tomatoes.jpg)\"><div class=\"wp-block-cover__inner-container is-layout-flow wp-block-cover-is-layout-flow\">\n<div class=\"wp-block-columns alignwide is-layout-flex wp-container-core-columns-is-layout-9d6595d7 wp-block-columns-is-layout-flex\">\n<div class=\"wp-block-column is-layout-flow wp-block-column-is-layout-flow\">\n<h2 class=\"wp-block-heading\" id=\"hallbarhet\"><strong>H\u00c5LLBARHET<\/strong><\/h2>\n\n\n\n<p class=\"is-style-cursive mb-0\">F\u00f6s oss betyder h\u00e5llbarhet att vi visar respekt f\u00f6r jorden<\/p>\n\n\n\n<h4 class=\"wp-block-heading\">SAMARBETE MED WWF ITALIEN<\/h4>\n\n\n\n<p>Mutti har haft ett n\u00e4ra samarbete med WWF Italien f\u00f6r att hj\u00e4lpa odlare att arbeta mera milj\u00f6v\u00e4nligt och p\u00e5 s\u00e5 vis minska b\u00e5de vattenf\u00f6rbrukning och koldioxidutsl\u00e4pp. Italienska WWF satte inte enbart upp m\u00e5l, utan involverade ocks\u00e5 odlarna f\u00f6r att de skulle kunna komma med relevanta f\u00f6rb\u00e4ttringsf\u00f6rslag. <\/p>\n\n\n\n<p>Organisationen rekommenderade till exempel speciella sensorer som m\u00e4ter vattenf\u00f6rh\u00e5llanden i marken. Det ger viktig information om hur odlarna kan minska vattenf\u00f6rbrukningen p\u00e5 ett effektivt s\u00e4tt. Mutti har investerat i teknologi, utbildning och tekniska hj\u00e4lpmedel f\u00f6r jordbrukare och jordbruksorganisationer. <\/p>\n\n\n\n<p>Trots att det fem \u00e5r l\u00e5nga samarbetsprojektet har avslutats, jobbar vi fortfarande ivrigt f\u00f6r att minska v\u00e5r milj\u00f6p\u00e5verkan och finslipa varje l\u00e4nk i produktionskedjan.<\/p>\n\n\n<\/div>\n\n\n\n<div class=\"wp-block-column is-layout-flow wp-block-column-is-layout-flow\">\n<h2 class=\"has-text-align-center wp-block-heading\">RESULTAT:<\/h2>\n\n\n\n<div class=\"wp-block-columns is-layout-flex wp-container-core-columns-is-layout-9d6595d7 wp-block-columns-is-layout-flex\">\n<div class=\"wp-block-column is-layout-flow wp-block-column-is-layout-flow\">\n<div class=\"wp-block-image\"><figure class=\"aligncenter size-large is-resized\"><img loading=\"lazy\" decoding=\"async\" src=\"https:\/\/mutti-parma.com\/app\/uploads\/sites\/3\/2019\/09\/icon-sustainable-water.svg\" alt=\"\" class=\"wp-image-30000085\" width=\"53\" height=\"91\" \/><\/figure><\/div>\n\n\n\n<h4 class=\"has-text-align-center wp-block-heading\">+1 000 MILJONER LITER VATTEN HAR SPARATS*<\/h4>\n\n\n\n<p class=\"has-text-align-center has-sm-font-size\">* mellan 2012 och 2014 (K\u00e4lla: CMCC, WWF and Mediterranean Climate Change Center i Italien)<\/p>\n<\/div>\n\n\n\n<div class=\"wp-block-column is-layout-flow wp-block-column-is-layout-flow\">\n<div class=\"wp-block-image\"><figure class=\"aligncenter size-large is-resized\"><img loading=\"lazy\" decoding=\"async\" src=\"https:\/\/mutti-parma.com\/app\/uploads\/sites\/3\/2019\/09\/icon-sustainable-co2.svg\" alt=\"\" class=\"wp-image-30000086\" width=\"114\" height=\"88\" \/><\/figure><\/div>\n\n\n\n<h4 class=\"has-text-align-center wp-block-heading\">+ 31 530 TON KOLDIOXIDUTSL\u00c4PP HAR UNDVIKITS I ATMOSF\u00c4REN*<\/h4>\n\n\n\n<p class=\"has-text-align-center has-sm-font-size\">* mellan 2010 och 2015 j\u00e4mf\u00f6rt med niv\u00e5n f\u00f6r 2009 (K\u00e4lla: Italienska WWF och organisationen Officinae Verdi med fokus p\u00e5 energieffektivitet)<\/p>\n<\/div>\n<\/div>\n<\/div>\n<\/div>\n<\/div><\/div>\n\n\n\n\n\n\n\n\n\n\n<div class=\"acf-related-recipes alignwide pb-8 \" data-vue-wrapper>\n      <slideshow :slides-per-view=\"3\" :navigation=\"true\" name=\"Related Recipes\">\n              <div class=\"swiper-slide\">\n          <div class=\"teaser--recipe text-center hover:zoom-img\">\n      <a href=\"https:\/\/mutti-parma.com\/se\/tomatrecept\/quesadillas-till-skolstarten\/\" class=\"relative block mb-4 max-w-96 mx-auto\" aria-hidden=\"true\" tabindex=\"-1\">\n      <div class=\"responsive-embed \" style=\"padding-bottom: 108.79765395894%;\">\n                <img decoding=\"async\" width=\"1922\" height=\"2560\" src=\"https:\/\/mutti-parma.com\/app\/uploads\/sites\/14\/2025\/08\/quesadillas-portrait-fullres-scaled.jpg\" class=\"inline-block wp-image-8807\" alt=\"Quesadillas till skolstarten\" sizes=\"auto, (max-width: 600px) 72vw, 431px\" data-spai-crop=\"true\" title=\"Quesadillas till skolstarten\" srcset=\"https:\/\/mutti-parma.com\/app\/uploads\/sites\/14\/2025\/08\/quesadillas-portrait-fullres-scaled.jpg 1922w, https:\/\/mutti-parma.com\/app\/uploads\/sites\/14\/2025\/08\/quesadillas-portrait-fullres-375x500.jpg 375w, https:\/\/mutti-parma.com\/app\/uploads\/sites\/14\/2025\/08\/quesadillas-portrait-fullres-769x1024.jpg 769w, https:\/\/mutti-parma.com\/app\/uploads\/sites\/14\/2025\/08\/quesadillas-portrait-fullres-150x200.jpg 150w, https:\/\/mutti-parma.com\/app\/uploads\/sites\/14\/2025\/08\/quesadillas-portrait-fullres-768x1023.jpg 768w, https:\/\/mutti-parma.com\/app\/uploads\/sites\/14\/2025\/08\/quesadillas-portrait-fullres-600x799.jpg 600w, https:\/\/mutti-parma.com\/app\/uploads\/sites\/14\/2025\/08\/quesadillas-portrait-fullres-1153x1536.jpg 1153w, https:\/\/mutti-parma.com\/app\/uploads\/sites\/14\/2025\/08\/quesadillas-portrait-fullres-1537x2048.jpg 1537w\" loading=\"lazy\" \/>\n      <\/div>\n\n          <\/a>\n  \n  \n      <a class=\"is-style-cursive heading block text-primary leading-none\" href=\"https:\/\/mutti-parma.com\/se\/produkter\/pastasas-med-parmigiano-reggiano\/\">\n      Pastas\u00e5s med parmesan\n    <\/a>\n  \n  <a class=\"block my-4\" href=\"https:\/\/mutti-parma.com\/se\/tomatrecept\/quesadillas-till-skolstarten\/\">\n          <h3>Quesadillas till skolstarten<\/h3>\n      <\/a>\n\n  \n  <div class=\"flex items-center justify-center my-4\">\n    <div class=\"-ml-2 mr-2 pr-4 border-primary border-r-2 pt-2\">\n    <p class=\"flex flex-wrap items-end font-heavy text-primary leading-none justify-center\">\n      <img decoding=\"async\" alt=\"Total time\" class=\"w-10 md:w-12 mx-3 mb-2\" src=\"https:\/\/mutti-parma.com\/app\/themes\/mutti\/dist\/images\/icons\/mutti-product-icons-reduced-cooking-time.svg?id=dc737ade6befaad1eaaf\" width=\"54\" height=\"26\" loading=\"lazy\">\n      <span class=\"mb-2\">\n        15&nbsp;min\n      <\/span>\n    <\/p>\n  <\/div>\n  <div class=\"pt-2\">\n    <p class=\"flex flex-wrap items-end font-heavy uppercase text-primary leading-none justify-center\">\n      <img decoding=\"async\" alt=\"Difficulty\" class=\"w-10 md:w-12 mx-3 mb-2\" src=\"https:\/\/mutti-parma.com\/app\/themes\/mutti\/dist\/images\/icons\/mutti-product-icons-stove-top.svg?id=5f4b0df898a96e10ac63\" width=\"54\" height=\"18\" loading=\"lazy\">\n      <span class=\"mb-2\">\n        Enkel\n      <\/span>\n    <\/p>\n  <\/div>\n  <\/div>\n<\/div>\n        <\/div>\n              <div class=\"swiper-slide\">\n          <div class=\"teaser--recipe text-center hover:zoom-img\">\n      <a href=\"https:\/\/mutti-parma.com\/se\/tomatrecept\/ugnsbakade-cannelloniror-fyllda-med-spenat-och-ricotta\/\" class=\"relative block mb-4 max-w-96 mx-auto\" aria-hidden=\"true\" tabindex=\"-1\">\n      <div class=\"responsive-embed \" style=\"padding-bottom: 108.79765395894%;\">\n                <img decoding=\"async\" width=\"1922\" height=\"2560\" src=\"https:\/\/mutti-parma.com\/app\/uploads\/sites\/14\/2025\/08\/canneloni-portrait-fullres-scaled.jpg\" class=\"inline-block wp-image-8799\" alt=\"Ugnsbakade cannellonir\u00f6r fyllda med spenat och ricotta\" sizes=\"auto, (max-width: 600px) 72vw, 431px\" data-spai-crop=\"true\" title=\"Ugnsbakade cannellonir\u00f6r fyllda med spenat och ricotta\" srcset=\"https:\/\/mutti-parma.com\/app\/uploads\/sites\/14\/2025\/08\/canneloni-portrait-fullres-scaled.jpg 1922w, https:\/\/mutti-parma.com\/app\/uploads\/sites\/14\/2025\/08\/canneloni-portrait-fullres-375x500.jpg 375w, https:\/\/mutti-parma.com\/app\/uploads\/sites\/14\/2025\/08\/canneloni-portrait-fullres-769x1024.jpg 769w, https:\/\/mutti-parma.com\/app\/uploads\/sites\/14\/2025\/08\/canneloni-portrait-fullres-150x200.jpg 150w, https:\/\/mutti-parma.com\/app\/uploads\/sites\/14\/2025\/08\/canneloni-portrait-fullres-768x1023.jpg 768w, https:\/\/mutti-parma.com\/app\/uploads\/sites\/14\/2025\/08\/canneloni-portrait-fullres-600x799.jpg 600w, https:\/\/mutti-parma.com\/app\/uploads\/sites\/14\/2025\/08\/canneloni-portrait-fullres-1153x1536.jpg 1153w, https:\/\/mutti-parma.com\/app\/uploads\/sites\/14\/2025\/08\/canneloni-portrait-fullres-1537x2048.jpg 1537w\" loading=\"lazy\" \/>\n      <\/div>\n\n          <\/a>\n  \n  \n      <a class=\"is-style-cursive heading block text-primary leading-none\" href=\"https:\/\/mutti-parma.com\/se\/produkter\/pastasas-med-parmigiano-reggiano\/\">\n      Pastas\u00e5s med parmesan\n    <\/a>\n  \n  <a class=\"block my-4\" href=\"https:\/\/mutti-parma.com\/se\/tomatrecept\/ugnsbakade-cannelloniror-fyllda-med-spenat-och-ricotta\/\">\n          <h3>Ugnsbakade cannellonir\u00f6r fyllda med spenat och ricotta<\/h3>\n      <\/a>\n\n  \n  <div class=\"flex items-center justify-center my-4\">\n    <div class=\"-ml-2 mr-2 pr-4 border-primary border-r-2 pt-2\">\n    <p class=\"flex flex-wrap items-end font-heavy text-primary leading-none justify-center\">\n      <img decoding=\"async\" alt=\"Total time\" class=\"w-10 md:w-12 mx-3 mb-2\" src=\"https:\/\/mutti-parma.com\/app\/themes\/mutti\/dist\/images\/icons\/mutti-product-icons-reduced-cooking-time.svg?id=dc737ade6befaad1eaaf\" width=\"54\" height=\"26\" loading=\"lazy\">\n      <span class=\"mb-2\">\n        1h\n      <\/span>\n    <\/p>\n  <\/div>\n  <div class=\"pt-2\">\n    <p class=\"flex flex-wrap items-end font-heavy uppercase text-primary leading-none justify-center\">\n      <img decoding=\"async\" alt=\"Difficulty\" class=\"w-10 md:w-12 mx-3 mb-2\" src=\"https:\/\/mutti-parma.com\/app\/themes\/mutti\/dist\/images\/icons\/mutti-product-icons-stove-top.svg?id=5f4b0df898a96e10ac63\" width=\"54\" height=\"18\" loading=\"lazy\">\n      <span class=\"mb-2\">\n        Medel\n      <\/span>\n    <\/p>\n  <\/div>\n  <\/div>\n<\/div>\n        <\/div>\n              <div class=\"swiper-slide\">\n          <div class=\"teaser--recipe text-center hover:zoom-img\">\n      <a href=\"https:\/\/mutti-parma.com\/se\/tomatrecept\/pasta-alla-norma-2\/\" class=\"relative block mb-4 max-w-96 mx-auto\" aria-hidden=\"true\" tabindex=\"-1\">\n      <div class=\"responsive-embed \" style=\"padding-bottom: 108.79765395894%;\">\n                <img decoding=\"async\" width=\"1922\" height=\"2560\" src=\"https:\/\/mutti-parma.com\/app\/uploads\/sites\/14\/2025\/08\/pasta-norma-portrait-fullres-scaled.jpg\" class=\"inline-block wp-image-8795\" alt=\"Pasta alla Norma\" sizes=\"auto, (max-width: 600px) 72vw, 431px\" data-spai-crop=\"true\" title=\"Pasta alla Norma\" srcset=\"https:\/\/mutti-parma.com\/app\/uploads\/sites\/14\/2025\/08\/pasta-norma-portrait-fullres-scaled.jpg 1922w, https:\/\/mutti-parma.com\/app\/uploads\/sites\/14\/2025\/08\/pasta-norma-portrait-fullres-375x500.jpg 375w, https:\/\/mutti-parma.com\/app\/uploads\/sites\/14\/2025\/08\/pasta-norma-portrait-fullres-769x1024.jpg 769w, https:\/\/mutti-parma.com\/app\/uploads\/sites\/14\/2025\/08\/pasta-norma-portrait-fullres-150x200.jpg 150w, https:\/\/mutti-parma.com\/app\/uploads\/sites\/14\/2025\/08\/pasta-norma-portrait-fullres-768x1023.jpg 768w, https:\/\/mutti-parma.com\/app\/uploads\/sites\/14\/2025\/08\/pasta-norma-portrait-fullres-600x799.jpg 600w, https:\/\/mutti-parma.com\/app\/uploads\/sites\/14\/2025\/08\/pasta-norma-portrait-fullres-1153x1536.jpg 1153w, https:\/\/mutti-parma.com\/app\/uploads\/sites\/14\/2025\/08\/pasta-norma-portrait-fullres-1537x2048.jpg 1537w\" loading=\"lazy\" \/>\n      <\/div>\n\n          <\/a>\n  \n  \n      <a class=\"is-style-cursive heading block text-primary leading-none\" href=\"https:\/\/mutti-parma.com\/se\/produkter\/pastasas-med-parmigiano-reggiano\/\">\n      Pastas\u00e5s med parmesan\n    <\/a>\n  \n  <a class=\"block my-4\" href=\"https:\/\/mutti-parma.com\/se\/tomatrecept\/pasta-alla-norma-2\/\">\n          <h3>Pasta alla Norma<\/h3>\n      <\/a>\n\n  \n  <div class=\"flex items-center justify-center my-4\">\n    <div class=\"-ml-2 mr-2 pr-4 border-primary border-r-2 pt-2\">\n    <p class=\"flex flex-wrap items-end font-heavy text-primary leading-none justify-center\">\n      <img decoding=\"async\" alt=\"Total time\" class=\"w-10 md:w-12 mx-3 mb-2\" src=\"https:\/\/mutti-parma.com\/app\/themes\/mutti\/dist\/images\/icons\/mutti-product-icons-reduced-cooking-time.svg?id=dc737ade6befaad1eaaf\" width=\"54\" height=\"26\" loading=\"lazy\">\n      <span class=\"mb-2\">\n        40&nbsp;min\n      <\/span>\n    <\/p>\n  <\/div>\n  <div class=\"pt-2\">\n    <p class=\"flex flex-wrap items-end font-heavy uppercase text-primary leading-none justify-center\">\n      <img decoding=\"async\" alt=\"Difficulty\" class=\"w-10 md:w-12 mx-3 mb-2\" src=\"https:\/\/mutti-parma.com\/app\/themes\/mutti\/dist\/images\/icons\/mutti-product-icons-stove-top.svg?id=5f4b0df898a96e10ac63\" width=\"54\" height=\"18\" loading=\"lazy\">\n      <span class=\"mb-2\">\n        Enkel\n      <\/span>\n    <\/p>\n  <\/div>\n  <\/div>\n<\/div>\n        <\/div>\n              <div class=\"swiper-slide\">\n          <div class=\"teaser--recipe text-center hover:zoom-img\">\n      <a href=\"https:\/\/mutti-parma.com\/se\/tomatrecept\/pasta-arrabbiata\/\" class=\"relative block mb-4 max-w-96 mx-auto\" aria-hidden=\"true\" tabindex=\"-1\">\n      <div class=\"responsive-embed \" style=\"padding-bottom: 108.79765395894%;\">\n                <img decoding=\"async\" width=\"2560\" height=\"1922\" src=\"https:\/\/mutti-parma.com\/app\/uploads\/sites\/14\/2024\/10\/pasta-arrabbiata-scaled.jpg\" class=\"inline-block wp-image-7673\" alt=\"Pasta arrabbiata\" sizes=\"auto, (max-width: 600px) 72vw, 431px\" data-spai-crop=\"true\" title=\"Pasta arrabbiata\" srcset=\"https:\/\/mutti-parma.com\/app\/uploads\/sites\/14\/2024\/10\/pasta-arrabbiata-scaled.jpg 2560w, https:\/\/mutti-parma.com\/app\/uploads\/sites\/14\/2024\/10\/pasta-arrabbiata-500x375.jpg 500w, https:\/\/mutti-parma.com\/app\/uploads\/sites\/14\/2024\/10\/pasta-arrabbiata-1024x769.jpg 1024w, https:\/\/mutti-parma.com\/app\/uploads\/sites\/14\/2024\/10\/pasta-arrabbiata-200x150.jpg 200w, https:\/\/mutti-parma.com\/app\/uploads\/sites\/14\/2024\/10\/pasta-arrabbiata-768x576.jpg 768w, https:\/\/mutti-parma.com\/app\/uploads\/sites\/14\/2024\/10\/pasta-arrabbiata-150x113.jpg 150w, https:\/\/mutti-parma.com\/app\/uploads\/sites\/14\/2024\/10\/pasta-arrabbiata-600x450.jpg 600w, https:\/\/mutti-parma.com\/app\/uploads\/sites\/14\/2024\/10\/pasta-arrabbiata-1536x1153.jpg 1536w, https:\/\/mutti-parma.com\/app\/uploads\/sites\/14\/2024\/10\/pasta-arrabbiata-2048x1537.jpg 2048w, https:\/\/mutti-parma.com\/app\/uploads\/sites\/14\/2024\/10\/pasta-arrabbiata-800x600.jpg 800w\" loading=\"lazy\" \/>\n      <\/div>\n\n          <\/a>\n  \n  \n      <a class=\"is-style-cursive heading block text-primary leading-none\" href=\"https:\/\/mutti-parma.com\/se\/produkter\/pastasas-med-parmigiano-reggiano\/\">\n      Pastas\u00e5s med parmesan\n    <\/a>\n  \n  <a class=\"block my-4\" href=\"https:\/\/mutti-parma.com\/se\/tomatrecept\/pasta-arrabbiata\/\">\n          <h3>Pasta arrabbiata<\/h3>\n      <\/a>\n\n      <a class=\"block hover:no-underline text-black\" href=\"https:\/\/mutti-parma.com\/se\/tomatrecept\/pasta-arrabbiata\/\">\n      Skruva upp hettan med Pasta all\u2019Arrabbiata \u2013 en eldig, smakrik r\u00e4tt som \u00e4r lika sp\u00e4nnande som den \u00e4r god. Den h\u00e4r klassiska italienska r\u00e4tten best\u00e5r av pasta al dente med ett sting av chiliflakes, vitl\u00f6k och Muttis fylliga pastas\u00e5s med parmesan. Enkel att tillaga men full av smak \u2013 en pasta\u00e4lskares dr\u00f6m som garanterat s\u00e4tter krydda p\u00e5 middagen.\n    <\/a>\n  \n  <div class=\"flex items-center justify-center my-4\">\n    <div class=\"-ml-2 mr-2 pr-4 border-primary border-r-2 pt-2\">\n    <p class=\"flex flex-wrap items-end font-heavy text-primary leading-none justify-center\">\n      <img decoding=\"async\" alt=\"Total time\" class=\"w-10 md:w-12 mx-3 mb-2\" src=\"https:\/\/mutti-parma.com\/app\/themes\/mutti\/dist\/images\/icons\/mutti-product-icons-reduced-cooking-time.svg?id=dc737ade6befaad1eaaf\" width=\"54\" height=\"26\" loading=\"lazy\">\n      <span class=\"mb-2\">\n        15&nbsp;min\n      <\/span>\n    <\/p>\n  <\/div>\n  <div class=\"pt-2\">\n    <p class=\"flex flex-wrap items-end font-heavy uppercase text-primary leading-none justify-center\">\n      <img decoding=\"async\" alt=\"Difficulty\" class=\"w-10 md:w-12 mx-3 mb-2\" src=\"https:\/\/mutti-parma.com\/app\/themes\/mutti\/dist\/images\/icons\/mutti-product-icons-stove-top.svg?id=5f4b0df898a96e10ac63\" width=\"54\" height=\"18\" loading=\"lazy\">\n      <span class=\"mb-2\">\n        Enkel\n      <\/span>\n    <\/p>\n  <\/div>\n  <\/div>\n<\/div>\n        <\/div>\n              <div class=\"swiper-slide\">\n          <div class=\"teaser--recipe text-center hover:zoom-img\">\n      <a href=\"https:\/\/mutti-parma.com\/se\/tomatrecept\/cannelloni-med-spenat-och-ricotta\/\" class=\"relative block mb-4 max-w-96 mx-auto\" aria-hidden=\"true\" tabindex=\"-1\">\n      <div class=\"responsive-embed \" style=\"padding-bottom: 108.79765395894%;\">\n                <img decoding=\"async\" width=\"1080\" height=\"1350\" src=\"https:\/\/mutti-parma.com\/app\/uploads\/sites\/14\/2024\/05\/mutticannelloniweb-1343-.jpg\" class=\"inline-block wp-image-7514\" alt=\"Cannelloni med spenat och ricotta\" sizes=\"auto, (max-width: 600px) 72vw, 431px\" data-spai-crop=\"true\" title=\"Cannelloni med spenat och ricotta\" srcset=\"https:\/\/mutti-parma.com\/app\/uploads\/sites\/14\/2024\/05\/mutticannelloniweb-1343-.jpg 1080w, https:\/\/mutti-parma.com\/app\/uploads\/sites\/14\/2024\/05\/mutticannelloniweb-1343--400x500.jpg 400w, https:\/\/mutti-parma.com\/app\/uploads\/sites\/14\/2024\/05\/mutticannelloniweb-1343--819x1024.jpg 819w, https:\/\/mutti-parma.com\/app\/uploads\/sites\/14\/2024\/05\/mutticannelloniweb-1343--160x200.jpg 160w, https:\/\/mutti-parma.com\/app\/uploads\/sites\/14\/2024\/05\/mutticannelloniweb-1343--768x960.jpg 768w, https:\/\/mutti-parma.com\/app\/uploads\/sites\/14\/2024\/05\/mutticannelloniweb-1343--150x188.jpg 150w, https:\/\/mutti-parma.com\/app\/uploads\/sites\/14\/2024\/05\/mutticannelloniweb-1343--600x750.jpg 600w\" loading=\"lazy\" \/>\n      <\/div>\n\n          <\/a>\n  \n  \n      <a class=\"is-style-cursive heading block text-primary leading-none\" href=\"https:\/\/mutti-parma.com\/se\/produkter\/pastasas-med-parmigiano-reggiano\/\">\n      Pastas\u00e5s med parmesan\n    <\/a>\n  \n  <a class=\"block my-4\" href=\"https:\/\/mutti-parma.com\/se\/tomatrecept\/cannelloni-med-spenat-och-ricotta\/\">\n          <h3>Cannelloni med spenat och ricotta<\/h3>\n      <\/a>\n\n  \n  <div class=\"flex items-center justify-center my-4\">\n    <div class=\"-ml-2 mr-2 pr-4 border-primary border-r-2 pt-2\">\n    <p class=\"flex flex-wrap items-end font-heavy text-primary leading-none justify-center\">\n      <img decoding=\"async\" alt=\"Total time\" class=\"w-10 md:w-12 mx-3 mb-2\" src=\"https:\/\/mutti-parma.com\/app\/themes\/mutti\/dist\/images\/icons\/mutti-product-icons-reduced-cooking-time.svg?id=dc737ade6befaad1eaaf\" width=\"54\" height=\"26\" loading=\"lazy\">\n      <span class=\"mb-2\">\n        40&nbsp;min\n      <\/span>\n    <\/p>\n  <\/div>\n  <div class=\"pt-2\">\n    <p class=\"flex flex-wrap items-end font-heavy uppercase text-primary leading-none justify-center\">\n      <img decoding=\"async\" alt=\"Difficulty\" class=\"w-10 md:w-12 mx-3 mb-2\" src=\"https:\/\/mutti-parma.com\/app\/themes\/mutti\/dist\/images\/icons\/mutti-product-icons-stove-top.svg?id=5f4b0df898a96e10ac63\" width=\"54\" height=\"18\" loading=\"lazy\">\n      <span class=\"mb-2\">\n        Medel\n      <\/span>\n    <\/p>\n  <\/div>\n  <\/div>\n<\/div>\n        <\/div>\n              <div class=\"swiper-slide\">\n          <div class=\"teaser--recipe text-center hover:zoom-img\">\n      <a href=\"https:\/\/mutti-parma.com\/se\/tomatrecept\/snabb-vegetarisk-lasagne\/\" class=\"relative block mb-4 max-w-96 mx-auto\" aria-hidden=\"true\" tabindex=\"-1\">\n      <div class=\"responsive-embed \" style=\"padding-bottom: 108.79765395894%;\">\n                <img decoding=\"async\" width=\"1080\" height=\"1350\" src=\"https:\/\/mutti-parma.com\/app\/uploads\/sites\/14\/2024\/05\/muttikasvislasagneweb-1240.jpg\" class=\"inline-block wp-image-7466\" alt=\"Snabb vegetarisk lasagne\" sizes=\"auto, (max-width: 600px) 72vw, 431px\" data-spai-crop=\"true\" title=\"Snabb vegetarisk lasagne\" srcset=\"https:\/\/mutti-parma.com\/app\/uploads\/sites\/14\/2024\/05\/muttikasvislasagneweb-1240.jpg 1080w, https:\/\/mutti-parma.com\/app\/uploads\/sites\/14\/2024\/05\/muttikasvislasagneweb-1240-400x500.jpg 400w, https:\/\/mutti-parma.com\/app\/uploads\/sites\/14\/2024\/05\/muttikasvislasagneweb-1240-819x1024.jpg 819w, https:\/\/mutti-parma.com\/app\/uploads\/sites\/14\/2024\/05\/muttikasvislasagneweb-1240-160x200.jpg 160w, https:\/\/mutti-parma.com\/app\/uploads\/sites\/14\/2024\/05\/muttikasvislasagneweb-1240-768x960.jpg 768w, https:\/\/mutti-parma.com\/app\/uploads\/sites\/14\/2024\/05\/muttikasvislasagneweb-1240-150x188.jpg 150w, https:\/\/mutti-parma.com\/app\/uploads\/sites\/14\/2024\/05\/muttikasvislasagneweb-1240-600x750.jpg 600w\" loading=\"lazy\" \/>\n      <\/div>\n\n          <\/a>\n  \n  \n      <a class=\"is-style-cursive heading block text-primary leading-none\" href=\"https:\/\/mutti-parma.com\/se\/produkter\/pastasas-med-parmigiano-reggiano\/\">\n      Pastas\u00e5s med parmesan\n    <\/a>\n  \n  <a class=\"block my-4\" href=\"https:\/\/mutti-parma.com\/se\/tomatrecept\/snabb-vegetarisk-lasagne\/\">\n          <h3>Snabb vegetarisk lasagne<\/h3>\n      <\/a>\n\n  \n  <div class=\"flex items-center justify-center my-4\">\n    <div class=\"-ml-2 mr-2 pr-4 border-primary border-r-2 pt-2\">\n    <p class=\"flex flex-wrap items-end font-heavy text-primary leading-none justify-center\">\n      <img decoding=\"async\" alt=\"Total time\" class=\"w-10 md:w-12 mx-3 mb-2\" src=\"https:\/\/mutti-parma.com\/app\/themes\/mutti\/dist\/images\/icons\/mutti-product-icons-reduced-cooking-time.svg?id=dc737ade6befaad1eaaf\" width=\"54\" height=\"26\" loading=\"lazy\">\n      <span class=\"mb-2\">\n        40&nbsp;min\n      <\/span>\n    <\/p>\n  <\/div>\n  <div class=\"pt-2\">\n    <p class=\"flex flex-wrap items-end font-heavy uppercase text-primary leading-none justify-center\">\n      <img decoding=\"async\" alt=\"Difficulty\" class=\"w-10 md:w-12 mx-3 mb-2\" src=\"https:\/\/mutti-parma.com\/app\/themes\/mutti\/dist\/images\/icons\/mutti-product-icons-stove-top.svg?id=5f4b0df898a96e10ac63\" width=\"54\" height=\"18\" loading=\"lazy\">\n      <span class=\"mb-2\">\n        Medel\n      <\/span>\n    <\/p>\n  <\/div>\n  <\/div>\n<\/div>\n        <\/div>\n              <div class=\"swiper-slide\">\n          <div class=\"teaser--recipe text-center hover:zoom-img\">\n      <a href=\"https:\/\/mutti-parma.com\/se\/tomatrecept\/pasta-med-spenat-och-kyckling\/\" class=\"relative block mb-4 max-w-96 mx-auto\" aria-hidden=\"true\" tabindex=\"-1\">\n      <div class=\"responsive-embed \" style=\"padding-bottom: 108.79765395894%;\">\n                <img decoding=\"async\" width=\"1080\" height=\"1350\" src=\"https:\/\/mutti-parma.com\/app\/uploads\/sites\/14\/2024\/05\/muttikanapinaattipastaweb-1300.jpg\" class=\"inline-block wp-image-7476\" alt=\"Pasta med spenat och kyckling\" sizes=\"auto, (max-width: 600px) 72vw, 431px\" data-spai-crop=\"true\" title=\"Pasta med spenat och kyckling\" srcset=\"https:\/\/mutti-parma.com\/app\/uploads\/sites\/14\/2024\/05\/muttikanapinaattipastaweb-1300.jpg 1080w, https:\/\/mutti-parma.com\/app\/uploads\/sites\/14\/2024\/05\/muttikanapinaattipastaweb-1300-400x500.jpg 400w, https:\/\/mutti-parma.com\/app\/uploads\/sites\/14\/2024\/05\/muttikanapinaattipastaweb-1300-819x1024.jpg 819w, https:\/\/mutti-parma.com\/app\/uploads\/sites\/14\/2024\/05\/muttikanapinaattipastaweb-1300-160x200.jpg 160w, https:\/\/mutti-parma.com\/app\/uploads\/sites\/14\/2024\/05\/muttikanapinaattipastaweb-1300-768x960.jpg 768w, https:\/\/mutti-parma.com\/app\/uploads\/sites\/14\/2024\/05\/muttikanapinaattipastaweb-1300-150x188.jpg 150w, https:\/\/mutti-parma.com\/app\/uploads\/sites\/14\/2024\/05\/muttikanapinaattipastaweb-1300-600x750.jpg 600w\" loading=\"lazy\" \/>\n      <\/div>\n\n          <\/a>\n  \n  \n      <a class=\"is-style-cursive heading block text-primary leading-none\" href=\"https:\/\/mutti-parma.com\/se\/produkter\/pastasas-med-parmigiano-reggiano\/\">\n      Pastas\u00e5s med parmesan\n    <\/a>\n  \n  <a class=\"block my-4\" href=\"https:\/\/mutti-parma.com\/se\/tomatrecept\/pasta-med-spenat-och-kyckling\/\">\n          <h3>Pasta med spenat och kyckling<\/h3>\n      <\/a>\n\n  \n  <div class=\"flex items-center justify-center my-4\">\n    <div class=\"-ml-2 mr-2 pr-4 border-primary border-r-2 pt-2\">\n    <p class=\"flex flex-wrap items-end font-heavy text-primary leading-none justify-center\">\n      <img decoding=\"async\" alt=\"Total time\" class=\"w-10 md:w-12 mx-3 mb-2\" src=\"https:\/\/mutti-parma.com\/app\/themes\/mutti\/dist\/images\/icons\/mutti-product-icons-reduced-cooking-time.svg?id=dc737ade6befaad1eaaf\" width=\"54\" height=\"26\" loading=\"lazy\">\n      <span class=\"mb-2\">\n        20&nbsp;min\n      <\/span>\n    <\/p>\n  <\/div>\n  <div class=\"pt-2\">\n    <p class=\"flex flex-wrap items-end font-heavy uppercase text-primary leading-none justify-center\">\n      <img decoding=\"async\" alt=\"Difficulty\" class=\"w-10 md:w-12 mx-3 mb-2\" src=\"https:\/\/mutti-parma.com\/app\/themes\/mutti\/dist\/images\/icons\/mutti-product-icons-stove-top.svg?id=5f4b0df898a96e10ac63\" width=\"54\" height=\"18\" loading=\"lazy\">\n      <span class=\"mb-2\">\n        Enkel\n      <\/span>\n    <\/p>\n  <\/div>\n  <\/div>\n<\/div>\n        <\/div>\n              <div class=\"swiper-slide\">\n          <div class=\"teaser--recipe text-center hover:zoom-img\">\n      <a href=\"https:\/\/mutti-parma.com\/se\/tomatrecept\/tortellini-med-tomatsas\/\" class=\"relative block mb-4 max-w-96 mx-auto\" aria-hidden=\"true\" tabindex=\"-1\">\n      <div class=\"responsive-embed \" style=\"padding-bottom: 108.79765395894%;\">\n                <img decoding=\"async\" width=\"1080\" height=\"1350\" src=\"https:\/\/mutti-parma.com\/app\/uploads\/sites\/14\/2023\/11\/muttitortellinitweb-8568.jpg\" class=\"inline-block wp-image-6668\" alt=\"Tortellini med tomats\u00e5s\" sizes=\"auto, (max-width: 600px) 72vw, 431px\" data-spai-crop=\"true\" title=\"Tortellini med tomats\u00e5s\" srcset=\"https:\/\/mutti-parma.com\/app\/uploads\/sites\/14\/2023\/11\/muttitortellinitweb-8568.jpg 1080w, https:\/\/mutti-parma.com\/app\/uploads\/sites\/14\/2023\/11\/muttitortellinitweb-8568-400x500.jpg 400w, https:\/\/mutti-parma.com\/app\/uploads\/sites\/14\/2023\/11\/muttitortellinitweb-8568-819x1024.jpg 819w, https:\/\/mutti-parma.com\/app\/uploads\/sites\/14\/2023\/11\/muttitortellinitweb-8568-160x200.jpg 160w, https:\/\/mutti-parma.com\/app\/uploads\/sites\/14\/2023\/11\/muttitortellinitweb-8568-768x960.jpg 768w, https:\/\/mutti-parma.com\/app\/uploads\/sites\/14\/2023\/11\/muttitortellinitweb-8568-150x188.jpg 150w, https:\/\/mutti-parma.com\/app\/uploads\/sites\/14\/2023\/11\/muttitortellinitweb-8568-600x750.jpg 600w\" loading=\"lazy\" \/>\n      <\/div>\n\n          <\/a>\n  \n  \n      <a class=\"is-style-cursive heading block text-primary leading-none\" href=\"https:\/\/mutti-parma.com\/se\/produkter\/pastasas-med-parmigiano-reggiano\/\">\n      Pastas\u00e5s med parmesan\n    <\/a>\n  \n  <a class=\"block my-4\" href=\"https:\/\/mutti-parma.com\/se\/tomatrecept\/tortellini-med-tomatsas\/\">\n          <h3>Tortellini med tomats\u00e5s<\/h3>\n      <\/a>\n\n  \n  <div class=\"flex items-center justify-center my-4\">\n    <div class=\"-ml-2 mr-2 pr-4 border-primary border-r-2 pt-2\">\n    <p class=\"flex flex-wrap items-end font-heavy text-primary leading-none justify-center\">\n      <img decoding=\"async\" alt=\"Total time\" class=\"w-10 md:w-12 mx-3 mb-2\" src=\"https:\/\/mutti-parma.com\/app\/themes\/mutti\/dist\/images\/icons\/mutti-product-icons-reduced-cooking-time.svg?id=dc737ade6befaad1eaaf\" width=\"54\" height=\"26\" loading=\"lazy\">\n      <span class=\"mb-2\">\n        10&nbsp;min\n      <\/span>\n    <\/p>\n  <\/div>\n  <div class=\"pt-2\">\n    <p class=\"flex flex-wrap items-end font-heavy uppercase text-primary leading-none justify-center\">\n      <img decoding=\"async\" alt=\"Difficulty\" class=\"w-10 md:w-12 mx-3 mb-2\" src=\"https:\/\/mutti-parma.com\/app\/themes\/mutti\/dist\/images\/icons\/mutti-product-icons-stove-top.svg?id=5f4b0df898a96e10ac63\" width=\"54\" height=\"18\" loading=\"lazy\">\n      <span class=\"mb-2\">\n        Enkel\n      <\/span>\n    <\/p>\n  <\/div>\n  <\/div>\n<\/div>\n        <\/div>\n              <div class=\"swiper-slide\">\n          <div class=\"teaser--recipe text-center hover:zoom-img\">\n      <a href=\"https:\/\/mutti-parma.com\/se\/tomatrecept\/stekt-gnocchi-med-tomatsas\/\" class=\"relative block mb-4 max-w-96 mx-auto\" aria-hidden=\"true\" tabindex=\"-1\">\n      <div class=\"responsive-embed \" style=\"padding-bottom: 108.79765395894%;\">\n                <img decoding=\"async\" width=\"1080\" height=\"1350\" src=\"https:\/\/mutti-parma.com\/app\/uploads\/sites\/14\/2023\/11\/muttignocchi2web-8336.jpg\" class=\"inline-block wp-image-6641\" alt=\"Stekt gnocchi med tomats\u00e5s\" sizes=\"auto, (max-width: 600px) 72vw, 431px\" data-spai-crop=\"true\" title=\"Stekt gnocchi med tomats\u00e5s\" srcset=\"https:\/\/mutti-parma.com\/app\/uploads\/sites\/14\/2023\/11\/muttignocchi2web-8336.jpg 1080w, https:\/\/mutti-parma.com\/app\/uploads\/sites\/14\/2023\/11\/muttignocchi2web-8336-400x500.jpg 400w, https:\/\/mutti-parma.com\/app\/uploads\/sites\/14\/2023\/11\/muttignocchi2web-8336-819x1024.jpg 819w, https:\/\/mutti-parma.com\/app\/uploads\/sites\/14\/2023\/11\/muttignocchi2web-8336-160x200.jpg 160w, https:\/\/mutti-parma.com\/app\/uploads\/sites\/14\/2023\/11\/muttignocchi2web-8336-768x960.jpg 768w, https:\/\/mutti-parma.com\/app\/uploads\/sites\/14\/2023\/11\/muttignocchi2web-8336-150x188.jpg 150w, https:\/\/mutti-parma.com\/app\/uploads\/sites\/14\/2023\/11\/muttignocchi2web-8336-600x750.jpg 600w\" loading=\"lazy\" \/>\n      <\/div>\n\n          <\/a>\n  \n  \n      <a class=\"is-style-cursive heading block text-primary leading-none\" href=\"https:\/\/mutti-parma.com\/se\/produkter\/pastasas-med-parmigiano-reggiano\/\">\n      Pastas\u00e5s med parmesan\n    <\/a>\n  \n  <a class=\"block my-4\" href=\"https:\/\/mutti-parma.com\/se\/tomatrecept\/stekt-gnocchi-med-tomatsas\/\">\n          <h3>Stekt gnocchi med tomats\u00e5s<\/h3>\n      <\/a>\n\n      <a class=\"block hover:no-underline text-black\" href=\"https:\/\/mutti-parma.com\/se\/tomatrecept\/stekt-gnocchi-med-tomatsas\/\">\n      Krispiga p\u00e5 utsidan och mjuka inuti \u2013 dessa stekta gnocchi \u00e4r tr\u00f6stmat n\u00e4r den \u00e4r som allra b\u00e4st. Muttis pastas\u00e5s med Parmigiano reggiano t\u00e4cker varje tugga med fyllig smak och ger den en italiensk pr\u00e4gel. Denna r\u00e4tt g\u00e5r snabbt att laga och bjuder p\u00e5 h\u00e4rliga konsistenser, vilket g\u00f6r den perfekt som god och tillfredsst\u00e4llande vardagsmat.\n    <\/a>\n  \n  <div class=\"flex items-center justify-center my-4\">\n    <div class=\"-ml-2 mr-2 pr-4 border-primary border-r-2 pt-2\">\n    <p class=\"flex flex-wrap items-end font-heavy text-primary leading-none justify-center\">\n      <img decoding=\"async\" alt=\"Total time\" class=\"w-10 md:w-12 mx-3 mb-2\" src=\"https:\/\/mutti-parma.com\/app\/themes\/mutti\/dist\/images\/icons\/mutti-product-icons-reduced-cooking-time.svg?id=dc737ade6befaad1eaaf\" width=\"54\" height=\"26\" loading=\"lazy\">\n      <span class=\"mb-2\">\n        15&nbsp;min\n      <\/span>\n    <\/p>\n  <\/div>\n  <div class=\"pt-2\">\n    <p class=\"flex flex-wrap items-end font-heavy uppercase text-primary leading-none justify-center\">\n      <img decoding=\"async\" alt=\"Difficulty\" class=\"w-10 md:w-12 mx-3 mb-2\" src=\"https:\/\/mutti-parma.com\/app\/themes\/mutti\/dist\/images\/icons\/mutti-product-icons-stove-top.svg?id=5f4b0df898a96e10ac63\" width=\"54\" height=\"18\" loading=\"lazy\">\n      <span class=\"mb-2\">\n        Enkel\n      <\/span>\n    <\/p>\n  <\/div>\n  <\/div>\n<\/div>\n        <\/div>\n              <div class=\"swiper-slide\">\n          <div class=\"teaser--recipe text-center hover:zoom-img\">\n      <a href=\"https:\/\/mutti-parma.com\/se\/tomatrecept\/tagliatelle-alla-puttanesca\/\" class=\"relative block mb-4 max-w-96 mx-auto\" aria-hidden=\"true\" tabindex=\"-1\">\n      <div class=\"responsive-embed \" style=\"padding-bottom: 108.79765395894%;\">\n                <img decoding=\"async\" width=\"3000\" height=\"3000\" src=\"https:\/\/mutti-parma.com\/app\/uploads\/sites\/14\/2021\/01\/tagliatelle-alla-puttanesca-pot-v1.jpg\" class=\"inline-block wp-image-3618\" alt=\"Pasta puttanesca med tagliatelle\" sizes=\"auto, (max-width: 600px) 72vw, 431px\" data-spai-crop=\"true\" title=\"Pasta puttanesca med tagliatelle\" srcset=\"https:\/\/mutti-parma.com\/app\/uploads\/sites\/14\/2021\/01\/tagliatelle-alla-puttanesca-pot-v1.jpg 3000w, https:\/\/mutti-parma.com\/app\/uploads\/sites\/14\/2021\/01\/tagliatelle-alla-puttanesca-pot-v1-200x200.jpg 200w, https:\/\/mutti-parma.com\/app\/uploads\/sites\/14\/2021\/01\/tagliatelle-alla-puttanesca-pot-v1-500x500.jpg 500w, https:\/\/mutti-parma.com\/app\/uploads\/sites\/14\/2021\/01\/tagliatelle-alla-puttanesca-pot-v1-768x768.jpg 768w, https:\/\/mutti-parma.com\/app\/uploads\/sites\/14\/2021\/01\/tagliatelle-alla-puttanesca-pot-v1-1024x1024.jpg 1024w, https:\/\/mutti-parma.com\/app\/uploads\/sites\/14\/2021\/01\/tagliatelle-alla-puttanesca-pot-v1-150x150.jpg 150w, https:\/\/mutti-parma.com\/app\/uploads\/sites\/14\/2021\/01\/tagliatelle-alla-puttanesca-pot-v1-600x600.jpg 600w, https:\/\/mutti-parma.com\/app\/uploads\/sites\/14\/2021\/01\/tagliatelle-alla-puttanesca-pot-v1-50x50.jpg 50w\" loading=\"lazy\" \/>\n      <\/div>\n\n          <\/a>\n  \n  \n      <a class=\"is-style-cursive heading block text-primary leading-none\" href=\"https:\/\/mutti-parma.com\/se\/produkter\/pastasas-med-parmigiano-reggiano\/\">\n      Pastas\u00e5s med parmesan\n    <\/a>\n  \n  <a class=\"block my-4\" href=\"https:\/\/mutti-parma.com\/se\/tomatrecept\/tagliatelle-alla-puttanesca\/\">\n          <h3>Pasta puttanesca med tagliatelle<\/h3>\n      <\/a>\n\n      <a class=\"block hover:no-underline text-black\" href=\"https:\/\/mutti-parma.com\/se\/tomatrecept\/tagliatelle-alla-puttanesca\/\">\n      Missa inte v\u00e5rt pasta puttanesca-recept med tomats\u00e5s, oliver, kapris och sardeller. Denna r\u00e4tt tar till dig Italiens kust.\n    <\/a>\n  \n  <div class=\"flex items-center justify-center my-4\">\n    <div class=\"-ml-2 mr-2 pr-4 border-primary  pt-2\">\n    <p class=\"flex flex-wrap items-end font-heavy text-primary leading-none justify-center\">\n      <img decoding=\"async\" alt=\"Total time\" class=\"w-10 md:w-12 mx-3 mb-2\" src=\"https:\/\/mutti-parma.com\/app\/themes\/mutti\/dist\/images\/icons\/mutti-product-icons-reduced-cooking-time.svg?id=dc737ade6befaad1eaaf\" width=\"54\" height=\"26\" loading=\"lazy\">\n      <span class=\"mb-2\">\n        30&nbsp;min\n      <\/span>\n    <\/p>\n  <\/div>\n  <\/div>\n<\/div>\n        <\/div>\n          <\/slideshow>\n  \n  <hr class=\"alignwide wp-block-separator\">\n\n      <p class=\"text-center\">\n      <a class=\"h3 underline\" href=\"https:\/\/mutti-parma.com\/se\/tomatrecept\/\">se alla v\u00e5ra goda recept<\/a>\n    <\/p>\n  <\/div>\n\n\n<div class=\"acf-related-products mb-8 lg:mb-16 \" data-vue-wrapper>\n      <h3 class=\"text-center\">Andra liknande produkter<\/h3>\n  \n      <slideshow :slides-per-view=\"3\" :navigation=\"true\" class=\"mx-8 lg:-mx-12\" name=\"Related Products\">\n              <div class=\"swiper-slide\">\n          <div class=\"text-center hover:lift-img mx-auto max-w-28\">\n      <a href=\"https:\/\/mutti-parma.com\/se\/produkter\/pastasas-med-basilika\/\" class=\"block\">\n            <div class=\"responsive-embed is-contain\" style=\"padding-bottom: 188.23529411765%;\"><img decoding=\"async\" width=\"676\" height=\"1290\" src=\"https:\/\/mutti-parma.com\/app\/uploads\/sites\/14\/2020\/07\/scand-basil-render.png\" class=\"inline-block mt-2 wp-image-8275\" alt=\"Pastas\u00e5s med basilika\" sizes=\"auto, 126px\" data-spai-crop=\"false\" title=\"Pastas\u00e5s med basilika\" srcset=\"https:\/\/mutti-parma.com\/app\/uploads\/sites\/14\/2020\/07\/scand-basil-render.png 676w, https:\/\/mutti-parma.com\/app\/uploads\/sites\/14\/2020\/07\/scand-basil-render-262x500.png 262w, https:\/\/mutti-parma.com\/app\/uploads\/sites\/14\/2020\/07\/scand-basil-render-537x1024.png 537w, https:\/\/mutti-parma.com\/app\/uploads\/sites\/14\/2020\/07\/scand-basil-render-105x200.png 105w, https:\/\/mutti-parma.com\/app\/uploads\/sites\/14\/2020\/07\/scand-basil-render-150x286.png 150w, https:\/\/mutti-parma.com\/app\/uploads\/sites\/14\/2020\/07\/scand-basil-render-600x1145.png 600w\" loading=\"lazy\" \/><\/div>\n    <\/a>\n  \n  <a class=\"block underline mb-2 mt-2\" href=\"https:\/\/mutti-parma.com\/se\/produkter\/pastasas-med-basilika\/\">\n    <h3 class=\"h4\">Pastas\u00e5s med basilika<\/h3>\n  <\/a>\n\n      <a class=\"block hover:no-underline text-inherit\" href=\"https:\/\/mutti-parma.com\/se\/produkter\/pastasas-med-basilika\/\">\n      Pastas\u00e5ser\n    <\/a>\n  <\/div>\n        <\/div>\n              <div class=\"swiper-slide\">\n          <div class=\"text-center hover:lift-img mx-auto max-w-28\">\n      <a href=\"https:\/\/mutti-parma.com\/se\/produkter\/pastasas-med-chilipepper\/\" class=\"block\">\n            <div class=\"responsive-embed is-contain\" style=\"padding-bottom: 188.23529411765%;\"><img decoding=\"async\" width=\"676\" height=\"1290\" src=\"https:\/\/mutti-parma.com\/app\/uploads\/sites\/14\/2020\/07\/scand-arrabbiata-render.png\" class=\"inline-block mt-2 wp-image-8279\" alt=\"Pasta med chilis\u00e5s\" sizes=\"auto, 126px\" data-spai-crop=\"false\" title=\"Pasta med chilis\u00e5s\" srcset=\"https:\/\/mutti-parma.com\/app\/uploads\/sites\/14\/2020\/07\/scand-arrabbiata-render.png 676w, https:\/\/mutti-parma.com\/app\/uploads\/sites\/14\/2020\/07\/scand-arrabbiata-render-262x500.png 262w, https:\/\/mutti-parma.com\/app\/uploads\/sites\/14\/2020\/07\/scand-arrabbiata-render-537x1024.png 537w, https:\/\/mutti-parma.com\/app\/uploads\/sites\/14\/2020\/07\/scand-arrabbiata-render-105x200.png 105w, https:\/\/mutti-parma.com\/app\/uploads\/sites\/14\/2020\/07\/scand-arrabbiata-render-150x286.png 150w, https:\/\/mutti-parma.com\/app\/uploads\/sites\/14\/2020\/07\/scand-arrabbiata-render-600x1145.png 600w\" loading=\"lazy\" \/><\/div>\n    <\/a>\n  \n  <a class=\"block underline mb-2 mt-2\" href=\"https:\/\/mutti-parma.com\/se\/produkter\/pastasas-med-chilipepper\/\">\n    <h3 class=\"h4\">Pasta med chilis\u00e5s<\/h3>\n  <\/a>\n\n      <a class=\"block hover:no-underline text-inherit\" href=\"https:\/\/mutti-parma.com\/se\/produkter\/pastasas-med-chilipepper\/\">\n      Pastas\u00e5ser\n    <\/a>\n  <\/div>\n        <\/div>\n              <div class=\"swiper-slide\">\n          <div class=\"text-center hover:lift-img mx-auto max-w-28\">\n      <a href=\"https:\/\/mutti-parma.com\/se\/produkter\/pastasas-med-vitlok\/\" class=\"block\">\n            <div class=\"responsive-embed is-contain\" style=\"padding-bottom: 188.23529411765%;\"><img decoding=\"async\" width=\"1148\" height=\"2358\" src=\"https:\/\/mutti-parma.com\/app\/uploads\/sites\/14\/2025\/10\/00000-pasta-sauce-garlic-400g-nord-eu-10368-300.png\" class=\"inline-block mt-2 wp-image-8894\" alt=\"Pastas\u00e5s med vitl\u00f6k\" sizes=\"auto, 126px\" data-spai-crop=\"false\" title=\"Pastas\u00e5s med vitl\u00f6k\" srcset=\"https:\/\/mutti-parma.com\/app\/uploads\/sites\/14\/2025\/10\/00000-pasta-sauce-garlic-400g-nord-eu-10368-300.png 1148w, https:\/\/mutti-parma.com\/app\/uploads\/sites\/14\/2025\/10\/00000-pasta-sauce-garlic-400g-nord-eu-10368-300-243x500.png 243w, https:\/\/mutti-parma.com\/app\/uploads\/sites\/14\/2025\/10\/00000-pasta-sauce-garlic-400g-nord-eu-10368-300-499x1024.png 499w, https:\/\/mutti-parma.com\/app\/uploads\/sites\/14\/2025\/10\/00000-pasta-sauce-garlic-400g-nord-eu-10368-300-97x200.png 97w, https:\/\/mutti-parma.com\/app\/uploads\/sites\/14\/2025\/10\/00000-pasta-sauce-garlic-400g-nord-eu-10368-300-768x1577.png 768w, https:\/\/mutti-parma.com\/app\/uploads\/sites\/14\/2025\/10\/00000-pasta-sauce-garlic-400g-nord-eu-10368-300-150x308.png 150w, https:\/\/mutti-parma.com\/app\/uploads\/sites\/14\/2025\/10\/00000-pasta-sauce-garlic-400g-nord-eu-10368-300-600x1232.png 600w, https:\/\/mutti-parma.com\/app\/uploads\/sites\/14\/2025\/10\/00000-pasta-sauce-garlic-400g-nord-eu-10368-300-748x1536.png 748w, https:\/\/mutti-parma.com\/app\/uploads\/sites\/14\/2025\/10\/00000-pasta-sauce-garlic-400g-nord-eu-10368-300-997x2048.png 997w\" loading=\"lazy\" \/><\/div>\n    <\/a>\n  \n  <a class=\"block underline mb-2 mt-2\" href=\"https:\/\/mutti-parma.com\/se\/produkter\/pastasas-med-vitlok\/\">\n    <h3 class=\"h4\">Pastas\u00e5s med vitl\u00f6k<\/h3>\n  <\/a>\n\n      <a class=\"block hover:no-underline text-inherit\" href=\"https:\/\/mutti-parma.com\/se\/produkter\/pastasas-med-vitlok\/\">\n      Pastas\u00e5ser\n    <\/a>\n  <\/div>\n        <\/div>\n              <div class=\"swiper-slide\">\n          <div class=\"text-center hover:lift-img mx-auto max-w-28\">\n      <a href=\"https:\/\/mutti-parma.com\/se\/produkter\/pastasas-till-bolognese\/\" class=\"block\">\n            <div class=\"responsive-embed is-contain\" style=\"padding-bottom: 188.23529411765%;\"><img decoding=\"async\" width=\"1148\" height=\"2358\" src=\"https:\/\/mutti-parma.com\/app\/uploads\/sites\/14\/2025\/10\/00000-pasta-sauce-bolognese-400g-nord-eu-10369-300.png\" class=\"inline-block mt-2 wp-image-8895\" alt=\"Pastas\u00e5s till bolognese\" sizes=\"auto, 126px\" data-spai-crop=\"false\" title=\"Pastas\u00e5s till bolognese\" srcset=\"https:\/\/mutti-parma.com\/app\/uploads\/sites\/14\/2025\/10\/00000-pasta-sauce-bolognese-400g-nord-eu-10369-300.png 1148w, https:\/\/mutti-parma.com\/app\/uploads\/sites\/14\/2025\/10\/00000-pasta-sauce-bolognese-400g-nord-eu-10369-300-243x500.png 243w, https:\/\/mutti-parma.com\/app\/uploads\/sites\/14\/2025\/10\/00000-pasta-sauce-bolognese-400g-nord-eu-10369-300-499x1024.png 499w, https:\/\/mutti-parma.com\/app\/uploads\/sites\/14\/2025\/10\/00000-pasta-sauce-bolognese-400g-nord-eu-10369-300-97x200.png 97w, https:\/\/mutti-parma.com\/app\/uploads\/sites\/14\/2025\/10\/00000-pasta-sauce-bolognese-400g-nord-eu-10369-300-768x1577.png 768w, https:\/\/mutti-parma.com\/app\/uploads\/sites\/14\/2025\/10\/00000-pasta-sauce-bolognese-400g-nord-eu-10369-300-150x308.png 150w, https:\/\/mutti-parma.com\/app\/uploads\/sites\/14\/2025\/10\/00000-pasta-sauce-bolognese-400g-nord-eu-10369-300-600x1232.png 600w, https:\/\/mutti-parma.com\/app\/uploads\/sites\/14\/2025\/10\/00000-pasta-sauce-bolognese-400g-nord-eu-10369-300-748x1536.png 748w, https:\/\/mutti-parma.com\/app\/uploads\/sites\/14\/2025\/10\/00000-pasta-sauce-bolognese-400g-nord-eu-10369-300-997x2048.png 997w\" loading=\"lazy\" \/><\/div>\n    <\/a>\n  \n  <a class=\"block underline mb-2 mt-2\" href=\"https:\/\/mutti-parma.com\/se\/produkter\/pastasas-till-bolognese\/\">\n    <h3 class=\"h4\">Pastas\u00e5s till bolognese<\/h3>\n  <\/a>\n\n      <a class=\"block hover:no-underline text-inherit\" href=\"https:\/\/mutti-parma.com\/se\/produkter\/pastasas-till-bolognese\/\">\n      Pastas\u00e5ser\n    <\/a>\n  <\/div>\n        <\/div>\n              <div class=\"swiper-slide\">\n          <div class=\"text-center hover:lift-img mx-auto max-w-28\">\n      <a href=\"https:\/\/mutti-parma.com\/se\/produkter\/pastasas-med-datterini-tomater\/\" class=\"block\">\n            <div class=\"responsive-embed is-contain\" style=\"padding-bottom: 188.23529411765%;\"><img decoding=\"async\" width=\"720\" height=\"1260\" src=\"https:\/\/mutti-parma.com\/app\/uploads\/sites\/14\/2025\/10\/scand-datterini-render.png\" class=\"inline-block mt-2 wp-image-8934\" alt=\"Pastas\u00e5s med Datterini tomater\u00a0\" sizes=\"auto, 126px\" data-spai-crop=\"false\" title=\"Pastas\u00e5s med Datterini tomater\u00a0\" srcset=\"https:\/\/mutti-parma.com\/app\/uploads\/sites\/14\/2025\/10\/scand-datterini-render.png 720w, https:\/\/mutti-parma.com\/app\/uploads\/sites\/14\/2025\/10\/scand-datterini-render-286x500.png 286w, https:\/\/mutti-parma.com\/app\/uploads\/sites\/14\/2025\/10\/scand-datterini-render-585x1024.png 585w, https:\/\/mutti-parma.com\/app\/uploads\/sites\/14\/2025\/10\/scand-datterini-render-114x200.png 114w, https:\/\/mutti-parma.com\/app\/uploads\/sites\/14\/2025\/10\/scand-datterini-render-150x263.png 150w, https:\/\/mutti-parma.com\/app\/uploads\/sites\/14\/2025\/10\/scand-datterini-render-600x1050.png 600w\" loading=\"lazy\" \/><\/div>\n    <\/a>\n  \n  <a class=\"block underline mb-2 mt-2\" href=\"https:\/\/mutti-parma.com\/se\/produkter\/pastasas-med-datterini-tomater\/\">\n    <h3 class=\"h4\">Pastas\u00e5s med Datterini tomater\u00a0<\/h3>\n  <\/a>\n\n      <a class=\"block hover:no-underline text-inherit\" href=\"https:\/\/mutti-parma.com\/se\/produkter\/pastasas-med-datterini-tomater\/\">\n      Pastas\u00e5ser\n    <\/a>\n  <\/div>\n        <\/div>\n          <\/slideshow>\n  <\/div>\n\n\n\n<div class=\"wp-block-cover alignwide has-background-dim-20 has-background-dim\" style=\"background-image:url(https:\/\/mutti-parma.com\/app\/uploads\/sites\/3\/2020\/12\/table.jpg)\"><div class=\"wp-block-cover__inner-container is-layout-flow wp-block-cover-is-layout-flow\">\n<div class=\"wp-block-media-text alignwide is-stacked-on-mobile is-style-default\" style=\"grid-template-columns:32% auto\"><figure class=\"wp-block-media-text__media\"><img loading=\"lazy\" decoding=\"async\" src=\"https:\/\/mutti-parma.com\/app\/uploads\/sites\/3\/2020\/02\/products-essentials-e1582204403666.png\" alt=\"\" class=\"wp-image-300000352\" sizes=\"(max-width: 600px) 100vw, (min-width: 1440px) 461px,32vw\" data-spai-crop=\"false\" srcset=\"https:\/\/mutti-parma.com\/app\/uploads\/sites\/3\/2020\/02\/products-essentials-e1582204403666.png 565w, https:\/\/mutti-parma.com\/app\/uploads\/sites\/3\/2020\/02\/products-essentials-e1582204403666-200x173.png 200w, https:\/\/mutti-parma.com\/app\/uploads\/sites\/3\/2020\/02\/products-essentials-e1582204403666-500x432.png 500w, https:\/\/mutti-parma.com\/app\/uploads\/sites\/3\/2020\/02\/products-essentials-e1582204403666-150x130.png 150w\" \/><\/figure><div class=\"wp-block-media-text__content\">\n<h2 class=\"wp-block-heading\">Bekanta dig med v\u00e5ra klassiska produkter <\/h2>\n\n\n\n<p class=\"is-style-cursive\">Uppt\u00e4ck Polpa, Concentrato, Passata och Pelati.<\/p>\n\n\n\n<div class=\"wp-block-button\"><a class=\"wp-block-button__link\" href=\"https:\/\/mutti-parma.com\/se\/muttis-klassiker\/\">J\u00e4mf\u00f6r v\u00e5ra klassiska produkter<\/a><\/div>\n<\/div><\/div>\n<\/div><\/div>\n","protected":false},"excerpt":{"rendered":"","protected":false},"featured_media":8277,"comment_status":"open","ping_status":"closed","template":"","product_category":[65],"class_list":["post-2172","product","type-product","status-publish","has-post-thumbnail","hentry","product_category-product-category-138"],"acf":[],"_links":{"self":[{"href":"https:\/\/mutti-parma.com\/se\/wp-json\/wp\/v2\/product\/2172","targetHints":{"allow":["GET"]}}],"collection":[{"href":"https:\/\/mutti-parma.com\/se\/wp-json\/wp\/v2\/product"}],"about":[{"href":"https:\/\/mutti-parma.com\/se\/wp-json\/wp\/v2\/types\/product"}],"replies":[{"embeddable":true,"href":"https:\/\/mutti-parma.com\/se\/wp-json\/wp\/v2\/comments?post=2172"}],"version-history":[{"count":19,"href":"https:\/\/mutti-parma.com\/se\/wp-json\/wp\/v2\/product\/2172\/revisions"}],"predecessor-version":[{"id":8285,"href":"https:\/\/mutti-parma.com\/se\/wp-json\/wp\/v2\/product\/2172\/revisions\/8285"}],"wp:featuredmedia":[{"embeddable":true,"href":"https:\/\/mutti-parma.com\/se\/wp-json\/wp\/v2\/media\/8277"}],"wp:attachment":[{"href":"https:\/\/mutti-parma.com\/se\/wp-json\/wp\/v2\/media?parent=2172"}],"wp:term":[{"taxonomy":"product_category","embeddable":true,"href":"https:\/\/mutti-parma.com\/se\/wp-json\/wp\/v2\/product_category?post=2172"}],"curies":[{"name":"wp","href":"https:\/\/api.w.org\/{rel}","templated":true}]}}