{"id":118,"date":"2019-10-16T06:19:45","date_gmt":"2019-10-16T06:19:45","guid":{"rendered":"https:\/\/mutti-parma.com\/se\/?post_type=product_category&#038;p=118"},"modified":"2025-03-21T14:39:37","modified_gmt":"2025-03-21T14:39:37","slug":"passata","status":"publish","type":"product_category","link":"https:\/\/mutti-parma.com\/se\/produktkategori\/passata\/","title":{"rendered":"Passerade tomater"},"content":{"rendered":"\n<div style=\"--media-width: 50\" class=\"wp-block-media-text alignwide has-media-on-the-right is-stacked-on-mobile is-style-hero has-background-image\"><img loading=\"lazy\" decoding=\"async\" class=\"wp-block-media-text__background\" alt=\"\" data-spai-crop=\"true\" src=\"https:\/\/mutti-parma.com\/app\/uploads\/sites\/3\/2019\/09\/texture-banner-mutti-passata.jpg\" \/><div class=\"wp-block-media-text__content\"><div class=\"acf-breadcrumb my-4 md:my-8 text-center md:text-left\">\n  <nav>\n  <ol class=\"list-none text-md\">\n                  <li class=\"inline\">\n                      <a class=\"text-inherit\" href=\"https:\/\/mutti-parma.com\/se\/\">\n              Mutti Parma Sverige\n            <\/a>\n                            <\/li>\n            <\/ol>\n<\/nav>\n<\/div>\n\n\n\n<h2 class=\"wp-block-heading h1\">Passata<\/h2>\n\n\n\n<h1 class=\"wp-block-heading is-style-cursive\">Passerade tomater<\/h1>\n\n\n\n<p>S\u00f6t och sammetslen passata \u00e4r perfekt f\u00f6r snabb matlagning, som till exempel en snabb bolognese eller silkeslena soppor. Passata \u00e4r italienarnas favoritalternativ i matlagning, och r\u00e4tterna man lagar med den blir snabbt hela familjens favoriter.<\/p>\n\n\n<\/div><figure class=\"wp-block-media-text__media\"><img loading=\"lazy\" decoding=\"async\" width=\"410\" height=\"1024\" src=\"https:\/\/mutti-parma.com\/app\/uploads\/sites\/14\/2019\/10\/passata-scand-400g-hires-768x1916-1-410x1024.png\" alt=\"\" class=\"wp-image-101 size-full\" sizes=\"(min-width: 1440px) 528px,37vw\" data-spai-crop=\"false\" srcset=\"https:\/\/mutti-parma.com\/app\/uploads\/sites\/14\/2019\/10\/passata-scand-400g-hires-768x1916-1-410x1024.png 410w, https:\/\/mutti-parma.com\/app\/uploads\/sites\/14\/2019\/10\/passata-scand-400g-hires-768x1916-1-80x200.png 80w, https:\/\/mutti-parma.com\/app\/uploads\/sites\/14\/2019\/10\/passata-scand-400g-hires-768x1916-1-200x500.png 200w, https:\/\/mutti-parma.com\/app\/uploads\/sites\/14\/2019\/10\/passata-scand-400g-hires-768x1916-1.png 768w, https:\/\/mutti-parma.com\/app\/uploads\/sites\/14\/2019\/10\/passata-scand-400g-hires-768x1916-1-150x374.png 150w, https:\/\/mutti-parma.com\/app\/uploads\/sites\/14\/2019\/10\/passata-scand-400g-hires-768x1916-1-600x1497.png 600w\" \/><\/figure><\/div>\n\n\n<div class=\"acf-product-listing is-style-slideshow alignwide\" data-vue-wrapper>\n      <slideshow :slides-per-view=\"5\" :slides-per-view-lg=\"4\" :slides-per-view-sm=\"1\" :slides-per-view-md=\"3\" :navigation=\"true\" class=\"mx-8 lg:-mx-12\" name=\"Products\">\n              <div class=\"swiper-slide\">\n          <div class=\"text-center hover:lift-img mx-auto max-w-28\">\n      <a href=\"https:\/\/mutti-parma.com\/se\/produkter\/passata\/\" class=\"block\">\n            <div class=\"responsive-embed is-contain\" style=\"padding-bottom: 188.23529411765%;\"><img decoding=\"async\" width=\"1200\" height=\"1820\" src=\"https:\/\/mutti-parma.com\/app\/uploads\/sites\/14\/2019\/10\/product-update-wordpress-8.png\" class=\"inline-block mt-2 wp-image-7882\" alt=\"Passata\" sizes=\"auto, 126px\" data-spai-crop=\"false\" title=\"Passata\" srcset=\"https:\/\/mutti-parma.com\/app\/uploads\/sites\/14\/2019\/10\/product-update-wordpress-8.png 1200w, https:\/\/mutti-parma.com\/app\/uploads\/sites\/14\/2019\/10\/product-update-wordpress-8-330x500.png 330w, https:\/\/mutti-parma.com\/app\/uploads\/sites\/14\/2019\/10\/product-update-wordpress-8-675x1024.png 675w, https:\/\/mutti-parma.com\/app\/uploads\/sites\/14\/2019\/10\/product-update-wordpress-8-132x200.png 132w, https:\/\/mutti-parma.com\/app\/uploads\/sites\/14\/2019\/10\/product-update-wordpress-8-768x1165.png 768w, https:\/\/mutti-parma.com\/app\/uploads\/sites\/14\/2019\/10\/product-update-wordpress-8-150x228.png 150w, https:\/\/mutti-parma.com\/app\/uploads\/sites\/14\/2019\/10\/product-update-wordpress-8-600x910.png 600w, https:\/\/mutti-parma.com\/app\/uploads\/sites\/14\/2019\/10\/product-update-wordpress-8-1013x1536.png 1013w\" loading=\"lazy\" \/><\/div>\n    <\/a>\n  \n  <a class=\"block underline mb-2 mt-2\" href=\"https:\/\/mutti-parma.com\/se\/produkter\/passata\/\">\n    <h3 class=\"h4\">Passata<\/h3>\n  <\/a>\n\n      <a class=\"block hover:no-underline text-inherit\" href=\"https:\/\/mutti-parma.com\/se\/produkter\/passata\/\">\n      Passerade tomater\n    <\/a>\n  <\/div>\n        <\/div>\n              <div class=\"swiper-slide\">\n          <div class=\"text-center hover:lift-img mx-auto max-w-28\">\n      <a href=\"https:\/\/mutti-parma.com\/se\/produkter\/passerade-tomater-med-basilika\/\" class=\"block\">\n            <div class=\"responsive-embed is-contain\" style=\"padding-bottom: 188.23529411765%;\"><img decoding=\"async\" width=\"404\" height=\"766\" src=\"https:\/\/mutti-parma.com\/app\/uploads\/sites\/14\/2019\/10\/de-passata.png\" class=\"inline-block mt-2 wp-image-2145\" alt=\"Passerade tomater med basilika\" sizes=\"auto, 126px\" data-spai-crop=\"false\" title=\"Passerade tomater med basilika\" srcset=\"https:\/\/mutti-parma.com\/app\/uploads\/sites\/14\/2019\/10\/de-passata.png 404w, https:\/\/mutti-parma.com\/app\/uploads\/sites\/14\/2019\/10\/de-passata-105x200.png 105w, https:\/\/mutti-parma.com\/app\/uploads\/sites\/14\/2019\/10\/de-passata-264x500.png 264w, https:\/\/mutti-parma.com\/app\/uploads\/sites\/14\/2019\/10\/de-passata-150x284.png 150w\" loading=\"lazy\" \/><\/div>\n    <\/a>\n  \n  <a class=\"block underline mb-2 mt-2\" href=\"https:\/\/mutti-parma.com\/se\/produkter\/passerade-tomater-med-basilika\/\">\n    <h3 class=\"h4\">Passerade tomater med basilika<\/h3>\n  <\/a>\n\n      <a class=\"block hover:no-underline text-inherit\" href=\"https:\/\/mutti-parma.com\/se\/produkter\/passerade-tomater-med-basilika\/\">\n      Passerade tomater\n    <\/a>\n  <\/div>\n        <\/div>\n          <\/slideshow>\n  <\/div>\n\n\n\n\n\n\n<div\n  class=\"acf-how-is-it-made alignwide text-center \"\n  data-vue-wrapper\n  >\n      <h2>HUR TILLVERKAS PRODUKTEN?<\/h2>\n  \n  <slideshow :slides-per-view=\"3\" :slides-per-view-sm=\"1\" :slides-per-view-md=\"2\" name=\"How is it made\" class=\"mb-8\">\n          <div class=\"swiper-slide \">\n        <div class=\"max-w-64 mx-auto\">\n          <div class=\"max-w-48 mx-auto\">\n                          <div class=\"responsive-embed aspect-ratio-1-1\">\n\n<video\n  \n  \n  playsinline\n  muted\n  \n  loading=\"lazy\"\n  \n  \n  \n\n      muted\n    data-play-hover\n  \n      poster=\"https:\/\/mutti-parma.com\/app\/themes\/mutti\/dist\/videos\/howisitmade\/tomato_crushed_90.png?id=e0db27768e3c24ddbc4f\"\n  >\n            <source src=\"https:\/\/cdn.mutti-parma.com\/app\/themes\/mutti\/dist\/videos\/howisitmade\/tomato_crushed_90-vp9.webm?id=d37a482b4f25ce96a387\" type=\"video\/webm;codec=vp9\">\n                <source src=\"https:\/\/cdn.mutti-parma.com\/app\/themes\/mutti\/dist\/videos\/howisitmade\/tomato_crushed_90-vp8.webm?id=a74784e02fbe7f482879\" type=\"video\/webm;codec=vp8\">\n      <\/video>\n\n  <\/div>\n                      <\/div>\n          <p><strong>Fr\u00e5n f\u00e4rska tomater till Passata<\/strong> &#8211; De <strong>b\u00e4sta tomaterna<\/strong> v\u00e4ljs ut och behandlas i rumstemperatur med v\u00e5r egen <strong>patenterade<\/strong> <strong>teknik<\/strong> som delar upp <strong>tomaterna<\/strong> i sina huvudkomponenter. F\u00f6r <strong>Passata<\/strong> anv\u00e4nder vi <strong>saften<\/strong> f\u00f6r att f\u00e5 optimal intensitet.<\/p>\n<p><strong>Perfekt och silkeslen<\/strong> &#8211; Vi v\u00e4rmer upp saften vid en temperatur p\u00e5 \u00f6ver 90 grader. Sedan separerar vi tomatsaften fr\u00e5n skalen och k\u00e4rnorna via centrifugering.<\/p>\n\n        <\/div>\n      <\/div>\n          <div class=\"swiper-slide \">\n        <div class=\"max-w-64 mx-auto\">\n          <div class=\"max-w-48 mx-auto\">\n                          <div class=\"responsive-embed aspect-ratio-1-1\">\n\n<video\n  \n  \n  playsinline\n  muted\n  \n  loading=\"lazy\"\n  \n  \n  \n\n      muted\n    data-play-hover\n  \n      poster=\"https:\/\/mutti-parma.com\/app\/themes\/mutti\/dist\/videos\/howisitmade\/bottle_filled.png?id=328d4826f5a59bff0dc6\"\n  >\n            <source src=\"https:\/\/cdn.mutti-parma.com\/app\/themes\/mutti\/dist\/videos\/howisitmade\/bottle_filled-vp9.webm?id=1cd7dda7b934113ff6b6\" type=\"video\/webm;codec=vp9\">\n                <source src=\"https:\/\/cdn.mutti-parma.com\/app\/themes\/mutti\/dist\/videos\/howisitmade\/bottle_filled-vp8.webm?id=8dc2ef5520fbb66cbf2f\" type=\"video\/webm;codec=vp8\">\n      <\/video>\n\n  <\/div>\n                      <\/div>\n          <p><strong>Past\u00f6risering och fyllning &#8211; Tomatsaft<\/strong> koncentreras i 65 grader f\u00f6r att p\u00e5 b\u00e4sta s\u00e4tt bibeh\u00e5lla <strong>tomaternas smak och arom<\/strong>. D\u00e4refter f\u00f6ljer <strong>past\u00f6risering<\/strong> och slutligen fyllning. <strong>Passata<\/strong> \u00e4r klar.<\/p>\n\n        <\/div>\n      <\/div>\n          <div class=\"swiper-slide \">\n        <div class=\"max-w-64 mx-auto\">\n          <div class=\"max-w-48 mx-auto\">\n                          <div class=\"responsive-embed aspect-ratio-1-1\">\n\n<video\n  \n  \n  playsinline\n  muted\n  \n  loading=\"lazy\"\n  \n  \n  \n\n      muted\n    data-play-hover\n  \n      poster=\"https:\/\/mutti-parma.com\/app\/themes\/mutti\/dist\/videos\/howisitmade\/bottle_2kg_1kg.png?id=43eee93fbbd408a093a6\"\n  >\n            <source src=\"https:\/\/cdn.mutti-parma.com\/app\/themes\/mutti\/dist\/videos\/howisitmade\/bottle_2kg_1kg-vp9.webm?id=3bce878f10524173e933\" type=\"video\/webm;codec=vp9\">\n                <source src=\"https:\/\/cdn.mutti-parma.com\/app\/themes\/mutti\/dist\/videos\/howisitmade\/bottle_2kg_1kg-vp8.webm?id=de88482c4e2b4c3a154f\" type=\"video\/webm;codec=vp8\">\n      <\/video>\n\n  <\/div>\n                      <\/div>\n          <p><strong>Vi anv\u00e4nder 2 kilo tomater<\/strong> f\u00f6r att g\u00f6ra 1 kilo passerade tomater (passata), d\u00e4r vi utnyttjar deras intensiva juice och det fiberrika yttre skalet, eller exokarpen<\/p>\n\n        <\/div>\n      <\/div>\n      <\/slideshow>\n\n      <p class=\"is-style-cursive text-5xl\">F\u00f6r att l\u00e4ra dig mer om hur vi tillverkar v\u00e5ra produkter <\/p>\n  \n      <h3>\n      <a href=\"https:\/\/mutti-parma.com\/se\/aker-till-bord\/\" target=\"\">L\u00c4S MER OM F\u00d6R\u00c4DLINGSPROCESSEN<\/a>\n    <\/h3>\n  <\/div>\n\n\n\n<hr class=\"wp-block-separator has-css-opacity\"\/>\n\n\n\n\n\n<p class=\"has-text-align-center is-style-cursive has-xxl-font-size\">Nu vet du allt om v\u00e5ra produkter. Dags att laga mat! <\/p>\n\n\n\n<h2 class=\"wp-block-heading has-text-align-center\" id=\"howtouse\">Recept<\/h2>\n\n\n<div class=\"acf-related-recipes alignwide pb-8 \" data-vue-wrapper>\n      <slideshow :slides-per-view=\"3\" :navigation=\"true\" name=\"Related Recipes\">\n              <div class=\"swiper-slide\">\n          <div class=\"teaser--recipe text-center hover:zoom-img\">\n      <a href=\"https:\/\/mutti-parma.com\/se\/tomatrecept\/strozzapreti-med-svampragu-och-ortkryddat-strobrod\/\" class=\"relative block mb-4 max-w-96 mx-auto\" aria-hidden=\"true\" tabindex=\"-1\">\n      <div class=\"responsive-embed \" style=\"padding-bottom: 108.79765395894%;\">\n                <img decoding=\"async\" width=\"2560\" height=\"1707\" src=\"https:\/\/mutti-parma.com\/app\/uploads\/sites\/14\/2025\/11\/strozzapreti-with-mushroom-ragu-pack-scaled-1.jpg\" class=\"inline-block wp-image-8979\" alt=\"Strozzapreti med svampragu och \u00f6rtkryddat str\u00f6br\u00f6d\" sizes=\"auto, (max-width: 600px) 72vw, 431px\" data-spai-crop=\"true\" title=\"Strozzapreti med svampragu och \u00f6rtkryddat str\u00f6br\u00f6d\" srcset=\"https:\/\/mutti-parma.com\/app\/uploads\/sites\/14\/2025\/11\/strozzapreti-with-mushroom-ragu-pack-scaled-1.jpg 2560w, https:\/\/mutti-parma.com\/app\/uploads\/sites\/14\/2025\/11\/strozzapreti-with-mushroom-ragu-pack-scaled-1-500x333.jpg 500w, https:\/\/mutti-parma.com\/app\/uploads\/sites\/14\/2025\/11\/strozzapreti-with-mushroom-ragu-pack-scaled-1-1024x683.jpg 1024w, https:\/\/mutti-parma.com\/app\/uploads\/sites\/14\/2025\/11\/strozzapreti-with-mushroom-ragu-pack-scaled-1-200x133.jpg 200w, https:\/\/mutti-parma.com\/app\/uploads\/sites\/14\/2025\/11\/strozzapreti-with-mushroom-ragu-pack-scaled-1-768x512.jpg 768w, https:\/\/mutti-parma.com\/app\/uploads\/sites\/14\/2025\/11\/strozzapreti-with-mushroom-ragu-pack-scaled-1-150x100.jpg 150w, https:\/\/mutti-parma.com\/app\/uploads\/sites\/14\/2025\/11\/strozzapreti-with-mushroom-ragu-pack-scaled-1-600x400.jpg 600w, https:\/\/mutti-parma.com\/app\/uploads\/sites\/14\/2025\/11\/strozzapreti-with-mushroom-ragu-pack-scaled-1-1536x1024.jpg 1536w, https:\/\/mutti-parma.com\/app\/uploads\/sites\/14\/2025\/11\/strozzapreti-with-mushroom-ragu-pack-scaled-1-2048x1366.jpg 2048w\" loading=\"lazy\" \/>\n      <\/div>\n\n          <\/a>\n  \n  \n      <a class=\"is-style-cursive heading block text-primary leading-none\" href=\"https:\/\/mutti-parma.com\/se\/produkter\/passata\/\">\n      Passata\n    <\/a>\n  \n  <a class=\"block my-4\" href=\"https:\/\/mutti-parma.com\/se\/tomatrecept\/strozzapreti-med-svampragu-och-ortkryddat-strobrod\/\">\n          <h3>Strozzapreti med svampragu och \u00f6rtkryddat str\u00f6br\u00f6d<\/h3>\n      <\/a>\n\n      <a class=\"block hover:no-underline text-black\" href=\"https:\/\/mutti-parma.com\/se\/tomatrecept\/strozzapreti-med-svampragu-och-ortkryddat-strobrod\/\">\n      En uts\u00f6kt v\u00e4xtbaserad huvudr\u00e4tt som \u00e4r perfekt att dela med hela familjen under helgdagarna.\n    <\/a>\n  \n  <div class=\"flex items-center justify-center my-4\">\n    <div class=\"-ml-2 mr-2 pr-4 border-primary border-r-2 pt-2\">\n    <p class=\"flex flex-wrap items-end font-heavy text-primary leading-none justify-center\">\n      <img decoding=\"async\" alt=\"Total time\" class=\"w-10 md:w-12 mx-3 mb-2\" src=\"https:\/\/mutti-parma.com\/app\/themes\/mutti\/dist\/images\/icons\/mutti-product-icons-reduced-cooking-time.svg?id=dc737ade6befaad1eaaf\" width=\"54\" height=\"26\" loading=\"lazy\">\n      <span class=\"mb-2\">\n        1h 33&nbsp;min\n      <\/span>\n    <\/p>\n  <\/div>\n  <div class=\"pt-2\">\n    <p class=\"flex flex-wrap items-end font-heavy uppercase text-primary leading-none justify-center\">\n      <img decoding=\"async\" alt=\"Difficulty\" class=\"w-10 md:w-12 mx-3 mb-2\" src=\"https:\/\/mutti-parma.com\/app\/themes\/mutti\/dist\/images\/icons\/mutti-product-icons-stove-top.svg?id=5f4b0df898a96e10ac63\" width=\"54\" height=\"18\" loading=\"lazy\">\n      <span class=\"mb-2\">\n        Enkel\n      <\/span>\n    <\/p>\n  <\/div>\n  <\/div>\n<\/div>\n        <\/div>\n              <div class=\"swiper-slide\">\n          <div class=\"teaser--recipe text-center hover:zoom-img\">\n      <a href=\"https:\/\/mutti-parma.com\/se\/tomatrecept\/rostad-paprika-tomatsoppa\/\" class=\"relative block mb-4 max-w-96 mx-auto\" aria-hidden=\"true\" tabindex=\"-1\">\n      <div class=\"responsive-embed \" style=\"padding-bottom: 108.79765395894%;\">\n                <img decoding=\"async\" width=\"1922\" height=\"2560\" src=\"https:\/\/mutti-parma.com\/app\/uploads\/sites\/14\/2025\/05\/bell-pepper-tomato-soup-portraitl-fullres-scaled.jpg\" class=\"inline-block wp-image-8603\" alt=\"Rostad paprika \u2013 tomatsoppa\" sizes=\"auto, (max-width: 600px) 72vw, 431px\" data-spai-crop=\"true\" title=\"Rostad paprika \u2013 tomatsoppa\" srcset=\"https:\/\/mutti-parma.com\/app\/uploads\/sites\/14\/2025\/05\/bell-pepper-tomato-soup-portraitl-fullres-scaled.jpg 1922w, https:\/\/mutti-parma.com\/app\/uploads\/sites\/14\/2025\/05\/bell-pepper-tomato-soup-portraitl-fullres-375x500.jpg 375w, https:\/\/mutti-parma.com\/app\/uploads\/sites\/14\/2025\/05\/bell-pepper-tomato-soup-portraitl-fullres-769x1024.jpg 769w, https:\/\/mutti-parma.com\/app\/uploads\/sites\/14\/2025\/05\/bell-pepper-tomato-soup-portraitl-fullres-150x200.jpg 150w, https:\/\/mutti-parma.com\/app\/uploads\/sites\/14\/2025\/05\/bell-pepper-tomato-soup-portraitl-fullres-768x1023.jpg 768w, https:\/\/mutti-parma.com\/app\/uploads\/sites\/14\/2025\/05\/bell-pepper-tomato-soup-portraitl-fullres-600x799.jpg 600w, https:\/\/mutti-parma.com\/app\/uploads\/sites\/14\/2025\/05\/bell-pepper-tomato-soup-portraitl-fullres-1153x1536.jpg 1153w, https:\/\/mutti-parma.com\/app\/uploads\/sites\/14\/2025\/05\/bell-pepper-tomato-soup-portraitl-fullres-1537x2048.jpg 1537w\" loading=\"lazy\" \/>\n      <\/div>\n\n          <\/a>\n  \n  \n      <a class=\"is-style-cursive heading block text-primary leading-none\" href=\"https:\/\/mutti-parma.com\/se\/produkter\/passata\/\">\n      Passata\n    <\/a>\n  \n  <a class=\"block my-4\" href=\"https:\/\/mutti-parma.com\/se\/tomatrecept\/rostad-paprika-tomatsoppa\/\">\n          <h3>Rostad paprika \u2013 tomatsoppa<\/h3>\n      <\/a>\n\n  \n  <div class=\"flex items-center justify-center my-4\">\n    <div class=\"-ml-2 mr-2 pr-4 border-primary border-r-2 pt-2\">\n    <p class=\"flex flex-wrap items-end font-heavy text-primary leading-none justify-center\">\n      <img decoding=\"async\" alt=\"Total time\" class=\"w-10 md:w-12 mx-3 mb-2\" src=\"https:\/\/mutti-parma.com\/app\/themes\/mutti\/dist\/images\/icons\/mutti-product-icons-reduced-cooking-time.svg?id=dc737ade6befaad1eaaf\" width=\"54\" height=\"26\" loading=\"lazy\">\n      <span class=\"mb-2\">\n        45&nbsp;min\n      <\/span>\n    <\/p>\n  <\/div>\n  <div class=\"pt-2\">\n    <p class=\"flex flex-wrap items-end font-heavy uppercase text-primary leading-none justify-center\">\n      <img decoding=\"async\" alt=\"Difficulty\" class=\"w-10 md:w-12 mx-3 mb-2\" src=\"https:\/\/mutti-parma.com\/app\/themes\/mutti\/dist\/images\/icons\/mutti-product-icons-stove-top.svg?id=5f4b0df898a96e10ac63\" width=\"54\" height=\"18\" loading=\"lazy\">\n      <span class=\"mb-2\">\n        Enkel\n      <\/span>\n    <\/p>\n  <\/div>\n  <\/div>\n<\/div>\n        <\/div>\n              <div class=\"swiper-slide\">\n          <div class=\"teaser--recipe text-center hover:zoom-img\">\n      <a href=\"https:\/\/mutti-parma.com\/se\/tomatrecept\/chile-con-carne-pa-italienskt-vis\/\" class=\"relative block mb-4 max-w-96 mx-auto\" aria-hidden=\"true\" tabindex=\"-1\">\n      <div class=\"responsive-embed \" style=\"padding-bottom: 108.79765395894%;\">\n                <img decoding=\"async\" width=\"1707\" height=\"2560\" src=\"https:\/\/mutti-parma.com\/app\/uploads\/sites\/14\/2025\/05\/chili-con-carne-portrait-fullres-1-scaled.jpg\" class=\"inline-block wp-image-8595\" alt=\"Chile con carne p\u00e5 italienskt vis\" sizes=\"auto, (max-width: 600px) 72vw, 431px\" data-spai-crop=\"true\" title=\"Chile con carne p\u00e5 italienskt vis\" srcset=\"https:\/\/mutti-parma.com\/app\/uploads\/sites\/14\/2025\/05\/chili-con-carne-portrait-fullres-1-scaled.jpg 1707w, https:\/\/mutti-parma.com\/app\/uploads\/sites\/14\/2025\/05\/chili-con-carne-portrait-fullres-1-333x500.jpg 333w, https:\/\/mutti-parma.com\/app\/uploads\/sites\/14\/2025\/05\/chili-con-carne-portrait-fullres-1-683x1024.jpg 683w, https:\/\/mutti-parma.com\/app\/uploads\/sites\/14\/2025\/05\/chili-con-carne-portrait-fullres-1-133x200.jpg 133w, https:\/\/mutti-parma.com\/app\/uploads\/sites\/14\/2025\/05\/chili-con-carne-portrait-fullres-1-768x1152.jpg 768w, https:\/\/mutti-parma.com\/app\/uploads\/sites\/14\/2025\/05\/chili-con-carne-portrait-fullres-1-150x225.jpg 150w, https:\/\/mutti-parma.com\/app\/uploads\/sites\/14\/2025\/05\/chili-con-carne-portrait-fullres-1-600x900.jpg 600w, https:\/\/mutti-parma.com\/app\/uploads\/sites\/14\/2025\/05\/chili-con-carne-portrait-fullres-1-1024x1536.jpg 1024w, https:\/\/mutti-parma.com\/app\/uploads\/sites\/14\/2025\/05\/chili-con-carne-portrait-fullres-1-1365x2048.jpg 1365w\" loading=\"lazy\" \/>\n      <\/div>\n\n          <\/a>\n  \n  \n      <a class=\"is-style-cursive heading block text-primary leading-none\" href=\"https:\/\/mutti-parma.com\/se\/produkter\/passata\/\">\n      Passata\n    <\/a>\n  \n  <a class=\"block my-4\" href=\"https:\/\/mutti-parma.com\/se\/tomatrecept\/chile-con-carne-pa-italienskt-vis\/\">\n          <h3>Chile con carne p\u00e5 italienskt vis<\/h3>\n      <\/a>\n\n  \n  <div class=\"flex items-center justify-center my-4\">\n    <div class=\"-ml-2 mr-2 pr-4 border-primary border-r-2 pt-2\">\n    <p class=\"flex flex-wrap items-end font-heavy text-primary leading-none justify-center\">\n      <img decoding=\"async\" alt=\"Total time\" class=\"w-10 md:w-12 mx-3 mb-2\" src=\"https:\/\/mutti-parma.com\/app\/themes\/mutti\/dist\/images\/icons\/mutti-product-icons-reduced-cooking-time.svg?id=dc737ade6befaad1eaaf\" width=\"54\" height=\"26\" loading=\"lazy\">\n      <span class=\"mb-2\">\n        45&nbsp;min\n      <\/span>\n    <\/p>\n  <\/div>\n  <div class=\"pt-2\">\n    <p class=\"flex flex-wrap items-end font-heavy uppercase text-primary leading-none justify-center\">\n      <img decoding=\"async\" alt=\"Difficulty\" class=\"w-10 md:w-12 mx-3 mb-2\" src=\"https:\/\/mutti-parma.com\/app\/themes\/mutti\/dist\/images\/icons\/mutti-product-icons-stove-top.svg?id=5f4b0df898a96e10ac63\" width=\"54\" height=\"18\" loading=\"lazy\">\n      <span class=\"mb-2\">\n        Enkel\n      <\/span>\n    <\/p>\n  <\/div>\n  <\/div>\n<\/div>\n        <\/div>\n              <div class=\"swiper-slide\">\n          <div class=\"teaser--recipe text-center hover:zoom-img\">\n      <a href=\"https:\/\/mutti-parma.com\/se\/tomatrecept\/ragu-alla-bolognese\/\" class=\"relative block mb-4 max-w-96 mx-auto\" aria-hidden=\"true\" tabindex=\"-1\">\n      <div class=\"responsive-embed \" style=\"padding-bottom: 108.79765395894%;\">\n                <img decoding=\"async\" width=\"2560\" height=\"1922\" src=\"https:\/\/mutti-parma.com\/app\/uploads\/sites\/14\/2025\/05\/reel9-landscape-fullres-scaled.jpg\" class=\"inline-block wp-image-8525\" alt=\"Rag\u00f9 alla bolognese\" sizes=\"auto, (max-width: 600px) 72vw, 431px\" data-spai-crop=\"true\" title=\"Rag\u00f9 alla bolognese\" srcset=\"https:\/\/mutti-parma.com\/app\/uploads\/sites\/14\/2025\/05\/reel9-landscape-fullres-scaled.jpg 2560w, https:\/\/mutti-parma.com\/app\/uploads\/sites\/14\/2025\/05\/reel9-landscape-fullres-500x375.jpg 500w, https:\/\/mutti-parma.com\/app\/uploads\/sites\/14\/2025\/05\/reel9-landscape-fullres-1024x769.jpg 1024w, https:\/\/mutti-parma.com\/app\/uploads\/sites\/14\/2025\/05\/reel9-landscape-fullres-200x150.jpg 200w, https:\/\/mutti-parma.com\/app\/uploads\/sites\/14\/2025\/05\/reel9-landscape-fullres-768x576.jpg 768w, https:\/\/mutti-parma.com\/app\/uploads\/sites\/14\/2025\/05\/reel9-landscape-fullres-150x113.jpg 150w, https:\/\/mutti-parma.com\/app\/uploads\/sites\/14\/2025\/05\/reel9-landscape-fullres-600x450.jpg 600w, https:\/\/mutti-parma.com\/app\/uploads\/sites\/14\/2025\/05\/reel9-landscape-fullres-1536x1153.jpg 1536w, https:\/\/mutti-parma.com\/app\/uploads\/sites\/14\/2025\/05\/reel9-landscape-fullres-2048x1537.jpg 2048w, https:\/\/mutti-parma.com\/app\/uploads\/sites\/14\/2025\/05\/reel9-landscape-fullres-800x600.jpg 800w\" loading=\"lazy\" \/>\n      <\/div>\n\n          <\/a>\n  \n  \n      <a class=\"is-style-cursive heading block text-primary leading-none\" href=\"https:\/\/mutti-parma.com\/se\/produkter\/italiensk-sasbas-verdurine\/\">\n      Italiensk s\u00e5sbas Verdurine\n    <\/a>\n  \n  <a class=\"block my-4\" href=\"https:\/\/mutti-parma.com\/se\/tomatrecept\/ragu-alla-bolognese\/\">\n          <h3>Rag\u00f9 alla bolognese<\/h3>\n      <\/a>\n\n  \n  <div class=\"flex items-center justify-center my-4\">\n      <\/div>\n<\/div>\n        <\/div>\n              <div class=\"swiper-slide\">\n          <div class=\"teaser--recipe text-center hover:zoom-img\">\n      <a href=\"https:\/\/mutti-parma.com\/se\/tomatrecept\/tomatbladstrad-med-smordeg\/\" class=\"relative block mb-4 max-w-96 mx-auto\" aria-hidden=\"true\" tabindex=\"-1\">\n      <div class=\"responsive-embed \" style=\"padding-bottom: 108.79765395894%;\">\n                <img decoding=\"async\" width=\"2560\" height=\"1707\" src=\"https:\/\/mutti-parma.com\/app\/uploads\/sites\/14\/2024\/12\/alberelli-di-natale-di-pasta-sfoglia-4-scaled.jpg\" class=\"inline-block wp-image-8077\" alt=\"tomatjulgranar av Sm\u00f6rdeg\" sizes=\"auto, (max-width: 600px) 72vw, 431px\" data-spai-crop=\"true\" title=\"tomatjulgranar av Sm\u00f6rdeg\" srcset=\"https:\/\/mutti-parma.com\/app\/uploads\/sites\/14\/2024\/12\/alberelli-di-natale-di-pasta-sfoglia-4-scaled.jpg 2560w, https:\/\/mutti-parma.com\/app\/uploads\/sites\/14\/2024\/12\/alberelli-di-natale-di-pasta-sfoglia-4-500x333.jpg 500w, https:\/\/mutti-parma.com\/app\/uploads\/sites\/14\/2024\/12\/alberelli-di-natale-di-pasta-sfoglia-4-1024x683.jpg 1024w, https:\/\/mutti-parma.com\/app\/uploads\/sites\/14\/2024\/12\/alberelli-di-natale-di-pasta-sfoglia-4-200x133.jpg 200w, https:\/\/mutti-parma.com\/app\/uploads\/sites\/14\/2024\/12\/alberelli-di-natale-di-pasta-sfoglia-4-768x512.jpg 768w, https:\/\/mutti-parma.com\/app\/uploads\/sites\/14\/2024\/12\/alberelli-di-natale-di-pasta-sfoglia-4-150x100.jpg 150w, https:\/\/mutti-parma.com\/app\/uploads\/sites\/14\/2024\/12\/alberelli-di-natale-di-pasta-sfoglia-4-600x400.jpg 600w, https:\/\/mutti-parma.com\/app\/uploads\/sites\/14\/2024\/12\/alberelli-di-natale-di-pasta-sfoglia-4-1536x1024.jpg 1536w, https:\/\/mutti-parma.com\/app\/uploads\/sites\/14\/2024\/12\/alberelli-di-natale-di-pasta-sfoglia-4-2048x1365.jpg 2048w\" loading=\"lazy\" \/>\n      <\/div>\n\n          <\/a>\n  \n  \n      <a class=\"is-style-cursive heading block text-primary leading-none\" href=\"https:\/\/mutti-parma.com\/se\/produkter\/passata\/\">\n      Passata\n    <\/a>\n  \n  <a class=\"block my-4\" href=\"https:\/\/mutti-parma.com\/se\/tomatrecept\/tomatbladstrad-med-smordeg\/\">\n          <h3>tomatjulgranar av Sm\u00f6rdeg<\/h3>\n      <\/a>\n\n      <a class=\"block hover:no-underline text-black\" href=\"https:\/\/mutti-parma.com\/se\/tomatrecept\/tomatbladstrad-med-smordeg\/\">\n      Roliga och festliga sm\u00f6rdegs-tr\u00e4d fyllda med passerade tomater. Den perfekta f\u00f6rr\u00e4tten att dela med familjen under julen!\n    <\/a>\n  \n  <div class=\"flex items-center justify-center my-4\">\n    <div class=\"-ml-2 mr-2 pr-4 border-primary border-r-2 pt-2\">\n    <p class=\"flex flex-wrap items-end font-heavy text-primary leading-none justify-center\">\n      <img decoding=\"async\" alt=\"Total time\" class=\"w-10 md:w-12 mx-3 mb-2\" src=\"https:\/\/mutti-parma.com\/app\/themes\/mutti\/dist\/images\/icons\/mutti-product-icons-reduced-cooking-time.svg?id=dc737ade6befaad1eaaf\" width=\"54\" height=\"26\" loading=\"lazy\">\n      <span class=\"mb-2\">\n        30&nbsp;min\n      <\/span>\n    <\/p>\n  <\/div>\n  <div class=\"pt-2\">\n    <p class=\"flex flex-wrap items-end font-heavy uppercase text-primary leading-none justify-center\">\n      <img decoding=\"async\" alt=\"Difficulty\" class=\"w-10 md:w-12 mx-3 mb-2\" src=\"https:\/\/mutti-parma.com\/app\/themes\/mutti\/dist\/images\/icons\/mutti-product-icons-stove-top.svg?id=5f4b0df898a96e10ac63\" width=\"54\" height=\"18\" loading=\"lazy\">\n      <span class=\"mb-2\">\n        Enkel\n      <\/span>\n    <\/p>\n  <\/div>\n  <\/div>\n<\/div>\n        <\/div>\n              <div class=\"swiper-slide\">\n          <div class=\"teaser--recipe text-center hover:zoom-img\">\n      <a href=\"https:\/\/mutti-parma.com\/se\/tomatrecept\/parmigiana-di-melanzane-2\/\" class=\"relative block mb-4 max-w-96 mx-auto\" aria-hidden=\"true\" tabindex=\"-1\">\n      <div class=\"responsive-embed \" style=\"padding-bottom: 108.79765395894%;\">\n                <img decoding=\"async\" width=\"1500\" height=\"1050\" src=\"https:\/\/mutti-parma.com\/app\/uploads\/sites\/14\/2024\/10\/5-4.png\" class=\"inline-block wp-image-7772 wpsmartcrop-image wpsmartcrop-image\" alt=\"Parmigiana di Melanzane | Dantes Italien\" sizes=\"auto, (max-width: 600px) 72vw, 431px\" data-spai-crop=\"false\" title=\"Parmigiana di Melanzane | Dantes Italien\" srcset=\"https:\/\/mutti-parma.com\/app\/uploads\/sites\/14\/2024\/10\/5-4.png 1500w, https:\/\/mutti-parma.com\/app\/uploads\/sites\/14\/2024\/10\/5-4-500x350.png 500w, https:\/\/mutti-parma.com\/app\/uploads\/sites\/14\/2024\/10\/5-4-1024x717.png 1024w, https:\/\/mutti-parma.com\/app\/uploads\/sites\/14\/2024\/10\/5-4-200x140.png 200w, https:\/\/mutti-parma.com\/app\/uploads\/sites\/14\/2024\/10\/5-4-768x538.png 768w, https:\/\/mutti-parma.com\/app\/uploads\/sites\/14\/2024\/10\/5-4-150x105.png 150w, https:\/\/mutti-parma.com\/app\/uploads\/sites\/14\/2024\/10\/5-4-600x420.png 600w\" data-smartcrop-focus=\"[50,50]\" loading=\"lazy\" style=\"object-position: 50% 50%;\" \/>\n      <\/div>\n\n          <\/a>\n  \n  \n      <a class=\"is-style-cursive heading block text-primary leading-none\" href=\"https:\/\/mutti-parma.com\/se\/produkter\/passata\/\">\n      Passata\n    <\/a>\n  \n  <a class=\"block my-4\" href=\"https:\/\/mutti-parma.com\/se\/tomatrecept\/parmigiana-di-melanzane-2\/\">\n          <h3>Parmigiana di Melanzane | Dantes Italien<\/h3>\n      <\/a>\n\n  \n  <div class=\"flex items-center justify-center my-4\">\n    <div class=\"-ml-2 mr-2 pr-4 border-primary border-r-2 pt-2\">\n    <p class=\"flex flex-wrap items-end font-heavy text-primary leading-none justify-center\">\n      <img decoding=\"async\" alt=\"Total time\" class=\"w-10 md:w-12 mx-3 mb-2\" src=\"https:\/\/mutti-parma.com\/app\/themes\/mutti\/dist\/images\/icons\/mutti-product-icons-reduced-cooking-time.svg?id=dc737ade6befaad1eaaf\" width=\"54\" height=\"26\" loading=\"lazy\">\n      <span class=\"mb-2\">\n        45&nbsp;min\n      <\/span>\n    <\/p>\n  <\/div>\n  <div class=\"pt-2\">\n    <p class=\"flex flex-wrap items-end font-heavy uppercase text-primary leading-none justify-center\">\n      <img decoding=\"async\" alt=\"Difficulty\" class=\"w-10 md:w-12 mx-3 mb-2\" src=\"https:\/\/mutti-parma.com\/app\/themes\/mutti\/dist\/images\/icons\/mutti-product-icons-stove-top.svg?id=5f4b0df898a96e10ac63\" width=\"54\" height=\"18\" loading=\"lazy\">\n      <span class=\"mb-2\">\n        Medel\n      <\/span>\n    <\/p>\n  <\/div>\n  <\/div>\n<\/div>\n        <\/div>\n              <div class=\"swiper-slide\">\n          <div class=\"teaser--recipe text-center hover:zoom-img\">\n      <a href=\"https:\/\/mutti-parma.com\/se\/tomatrecept\/arancini-med-tomatdippsas-dantes-italien\/\" class=\"relative block mb-4 max-w-96 mx-auto\" aria-hidden=\"true\" tabindex=\"-1\">\n      <div class=\"responsive-embed \" style=\"padding-bottom: 108.79765395894%;\">\n                <img decoding=\"async\" width=\"1500\" height=\"1050\" src=\"https:\/\/mutti-parma.com\/app\/uploads\/sites\/14\/2024\/10\/2-2.png\" class=\"inline-block wp-image-7767 wpsmartcrop-image wpsmartcrop-image\" alt=\"Arancini med tomatdipps\u00e5s | Dantes Italien\" sizes=\"auto, (max-width: 600px) 72vw, 431px\" data-spai-crop=\"false\" title=\"Arancini med tomatdipps\u00e5s | Dantes Italien\" srcset=\"https:\/\/mutti-parma.com\/app\/uploads\/sites\/14\/2024\/10\/2-2.png 1500w, https:\/\/mutti-parma.com\/app\/uploads\/sites\/14\/2024\/10\/2-2-500x350.png 500w, https:\/\/mutti-parma.com\/app\/uploads\/sites\/14\/2024\/10\/2-2-1024x717.png 1024w, https:\/\/mutti-parma.com\/app\/uploads\/sites\/14\/2024\/10\/2-2-200x140.png 200w, https:\/\/mutti-parma.com\/app\/uploads\/sites\/14\/2024\/10\/2-2-768x538.png 768w, https:\/\/mutti-parma.com\/app\/uploads\/sites\/14\/2024\/10\/2-2-150x105.png 150w, https:\/\/mutti-parma.com\/app\/uploads\/sites\/14\/2024\/10\/2-2-600x420.png 600w\" data-smartcrop-focus=\"[50,50]\" loading=\"lazy\" style=\"object-position: 50% 50%;\" \/>\n      <\/div>\n\n          <\/a>\n  \n  \n      <a class=\"is-style-cursive heading block text-primary leading-none\" href=\"https:\/\/mutti-parma.com\/se\/produkter\/passata\/\">\n      Passata\n    <\/a>\n  \n  <a class=\"block my-4\" href=\"https:\/\/mutti-parma.com\/se\/tomatrecept\/arancini-med-tomatdippsas-dantes-italien\/\">\n          <h3>Arancini med tomatdipps\u00e5s | Dantes Italien<\/h3>\n      <\/a>\n\n  \n  <div class=\"flex items-center justify-center my-4\">\n    <div class=\"-ml-2 mr-2 pr-4 border-primary border-r-2 pt-2\">\n    <p class=\"flex flex-wrap items-end font-heavy text-primary leading-none justify-center\">\n      <img decoding=\"async\" alt=\"Total time\" class=\"w-10 md:w-12 mx-3 mb-2\" src=\"https:\/\/mutti-parma.com\/app\/themes\/mutti\/dist\/images\/icons\/mutti-product-icons-reduced-cooking-time.svg?id=dc737ade6befaad1eaaf\" width=\"54\" height=\"26\" loading=\"lazy\">\n      <span class=\"mb-2\">\n        30&nbsp;min\n      <\/span>\n    <\/p>\n  <\/div>\n  <div class=\"pt-2\">\n    <p class=\"flex flex-wrap items-end font-heavy uppercase text-primary leading-none justify-center\">\n      <img decoding=\"async\" alt=\"Difficulty\" class=\"w-10 md:w-12 mx-3 mb-2\" src=\"https:\/\/mutti-parma.com\/app\/themes\/mutti\/dist\/images\/icons\/mutti-product-icons-stove-top.svg?id=5f4b0df898a96e10ac63\" width=\"54\" height=\"18\" loading=\"lazy\">\n      <span class=\"mb-2\">\n        Medel\n      <\/span>\n    <\/p>\n  <\/div>\n  <\/div>\n<\/div>\n        <\/div>\n              <div class=\"swiper-slide\">\n          <div class=\"teaser--recipe text-center hover:zoom-img\">\n      <a href=\"https:\/\/mutti-parma.com\/se\/tomatrecept\/gnocchi-alla-sorrentina-dantes-italien\/\" class=\"relative block mb-4 max-w-96 mx-auto\" aria-hidden=\"true\" tabindex=\"-1\">\n      <div class=\"responsive-embed \" style=\"padding-bottom: 108.79765395894%;\">\n                <img decoding=\"async\" width=\"1500\" height=\"1050\" src=\"https:\/\/mutti-parma.com\/app\/uploads\/sites\/14\/2024\/10\/1-1.png\" class=\"inline-block wp-image-7779 wpsmartcrop-image wpsmartcrop-image\" alt=\"Gnocchi alla sorrentina | Dantes Italien\" sizes=\"auto, (max-width: 600px) 72vw, 431px\" data-spai-crop=\"false\" title=\"Gnocchi alla sorrentina | Dantes Italien\" srcset=\"https:\/\/mutti-parma.com\/app\/uploads\/sites\/14\/2024\/10\/1-1.png 1500w, https:\/\/mutti-parma.com\/app\/uploads\/sites\/14\/2024\/10\/1-1-500x350.png 500w, https:\/\/mutti-parma.com\/app\/uploads\/sites\/14\/2024\/10\/1-1-1024x717.png 1024w, https:\/\/mutti-parma.com\/app\/uploads\/sites\/14\/2024\/10\/1-1-200x140.png 200w, https:\/\/mutti-parma.com\/app\/uploads\/sites\/14\/2024\/10\/1-1-768x538.png 768w, https:\/\/mutti-parma.com\/app\/uploads\/sites\/14\/2024\/10\/1-1-150x105.png 150w, https:\/\/mutti-parma.com\/app\/uploads\/sites\/14\/2024\/10\/1-1-600x420.png 600w\" data-smartcrop-focus=\"[50,50]\" loading=\"lazy\" style=\"object-position: 50% 50%;\" \/>\n      <\/div>\n\n          <\/a>\n  \n  \n      <a class=\"is-style-cursive heading block text-primary leading-none\" href=\"https:\/\/mutti-parma.com\/se\/produkter\/italiensk-sasbas-verdurine\/\">\n      Italiensk s\u00e5sbas Verdurine\n    <\/a>\n  \n  <a class=\"block my-4\" href=\"https:\/\/mutti-parma.com\/se\/tomatrecept\/gnocchi-alla-sorrentina-dantes-italien\/\">\n          <h3>Gnocchi alla sorrentina | Dantes Italien<\/h3>\n      <\/a>\n\n  \n  <div class=\"flex items-center justify-center my-4\">\n    <div class=\"-ml-2 mr-2 pr-4 border-primary border-r-2 pt-2\">\n    <p class=\"flex flex-wrap items-end font-heavy text-primary leading-none justify-center\">\n      <img decoding=\"async\" alt=\"Total time\" class=\"w-10 md:w-12 mx-3 mb-2\" src=\"https:\/\/mutti-parma.com\/app\/themes\/mutti\/dist\/images\/icons\/mutti-product-icons-reduced-cooking-time.svg?id=dc737ade6befaad1eaaf\" width=\"54\" height=\"26\" loading=\"lazy\">\n      <span class=\"mb-2\">\n        1h\n      <\/span>\n    <\/p>\n  <\/div>\n  <div class=\"pt-2\">\n    <p class=\"flex flex-wrap items-end font-heavy uppercase text-primary leading-none justify-center\">\n      <img decoding=\"async\" alt=\"Difficulty\" class=\"w-10 md:w-12 mx-3 mb-2\" src=\"https:\/\/mutti-parma.com\/app\/themes\/mutti\/dist\/images\/icons\/mutti-product-icons-stove-top.svg?id=5f4b0df898a96e10ac63\" width=\"54\" height=\"18\" loading=\"lazy\">\n      <span class=\"mb-2\">\n        Medel\n      <\/span>\n    <\/p>\n  <\/div>\n  <\/div>\n<\/div>\n        <\/div>\n              <div class=\"swiper-slide\">\n          <div class=\"teaser--recipe text-center hover:zoom-img\">\n      <a href=\"https:\/\/mutti-parma.com\/se\/tomatrecept\/mozzarella-in-carozza\/\" class=\"relative block mb-4 max-w-96 mx-auto\" aria-hidden=\"true\" tabindex=\"-1\">\n      <div class=\"responsive-embed \" style=\"padding-bottom: 108.79765395894%;\">\n                <img decoding=\"async\" width=\"600\" height=\"420\" src=\"https:\/\/mutti-parma.com\/app\/uploads\/sites\/14\/2024\/10\/nimeton-malli.png\" class=\"inline-block wp-image-7912\" alt=\"Mozzarella in Carozza | Dantes Italien\" sizes=\"auto, (max-width: 600px) 72vw, 431px\" data-spai-crop=\"true\" title=\"Mozzarella in Carozza | Dantes Italien\" srcset=\"https:\/\/mutti-parma.com\/app\/uploads\/sites\/14\/2024\/10\/nimeton-malli.png 600w, https:\/\/mutti-parma.com\/app\/uploads\/sites\/14\/2024\/10\/nimeton-malli-500x350.png 500w, https:\/\/mutti-parma.com\/app\/uploads\/sites\/14\/2024\/10\/nimeton-malli-200x140.png 200w, https:\/\/mutti-parma.com\/app\/uploads\/sites\/14\/2024\/10\/nimeton-malli-150x105.png 150w\" loading=\"lazy\" \/>\n      <\/div>\n\n          <\/a>\n  \n  \n      <a class=\"is-style-cursive heading block text-primary leading-none\" href=\"https:\/\/mutti-parma.com\/se\/produkter\/passata\/\">\n      Passata\n    <\/a>\n  \n  <a class=\"block my-4\" href=\"https:\/\/mutti-parma.com\/se\/tomatrecept\/mozzarella-in-carozza\/\">\n          <h3>Mozzarella in Carozza | Dantes Italien<\/h3>\n      <\/a>\n\n  \n  <div class=\"flex items-center justify-center my-4\">\n    <div class=\"-ml-2 mr-2 pr-4 border-primary border-r-2 pt-2\">\n    <p class=\"flex flex-wrap items-end font-heavy text-primary leading-none justify-center\">\n      <img decoding=\"async\" alt=\"Total time\" class=\"w-10 md:w-12 mx-3 mb-2\" src=\"https:\/\/mutti-parma.com\/app\/themes\/mutti\/dist\/images\/icons\/mutti-product-icons-reduced-cooking-time.svg?id=dc737ade6befaad1eaaf\" width=\"54\" height=\"26\" loading=\"lazy\">\n      <span class=\"mb-2\">\n        30&nbsp;min\n      <\/span>\n    <\/p>\n  <\/div>\n  <div class=\"pt-2\">\n    <p class=\"flex flex-wrap items-end font-heavy uppercase text-primary leading-none justify-center\">\n      <img decoding=\"async\" alt=\"Difficulty\" class=\"w-10 md:w-12 mx-3 mb-2\" src=\"https:\/\/mutti-parma.com\/app\/themes\/mutti\/dist\/images\/icons\/mutti-product-icons-stove-top.svg?id=5f4b0df898a96e10ac63\" width=\"54\" height=\"18\" loading=\"lazy\">\n      <span class=\"mb-2\">\n        Enkel\n      <\/span>\n    <\/p>\n  <\/div>\n  <\/div>\n<\/div>\n        <\/div>\n              <div class=\"swiper-slide\">\n          <div class=\"teaser--recipe text-center hover:zoom-img\">\n      <a href=\"https:\/\/mutti-parma.com\/se\/tomatrecept\/vegansk-risotto-med-tomat\/\" class=\"relative block mb-4 max-w-96 mx-auto\" aria-hidden=\"true\" tabindex=\"-1\">\n      <div class=\"responsive-embed \" style=\"padding-bottom: 108.79765395894%;\">\n                <img decoding=\"async\" width=\"2560\" height=\"1707\" src=\"https:\/\/mutti-parma.com\/app\/uploads\/sites\/14\/2024\/10\/risotto-alla-pizzaiola-mutti-2-2-1-scaled.jpg\" class=\"inline-block wp-image-7788\" alt=\"Vegansk risotto med tomat\" sizes=\"auto, (max-width: 600px) 72vw, 431px\" data-spai-crop=\"true\" title=\"Vegansk risotto med tomat\" srcset=\"https:\/\/mutti-parma.com\/app\/uploads\/sites\/14\/2024\/10\/risotto-alla-pizzaiola-mutti-2-2-1-scaled.jpg 2560w, https:\/\/mutti-parma.com\/app\/uploads\/sites\/14\/2024\/10\/risotto-alla-pizzaiola-mutti-2-2-1-500x333.jpg 500w, https:\/\/mutti-parma.com\/app\/uploads\/sites\/14\/2024\/10\/risotto-alla-pizzaiola-mutti-2-2-1-1024x683.jpg 1024w, https:\/\/mutti-parma.com\/app\/uploads\/sites\/14\/2024\/10\/risotto-alla-pizzaiola-mutti-2-2-1-200x133.jpg 200w, https:\/\/mutti-parma.com\/app\/uploads\/sites\/14\/2024\/10\/risotto-alla-pizzaiola-mutti-2-2-1-768x512.jpg 768w, https:\/\/mutti-parma.com\/app\/uploads\/sites\/14\/2024\/10\/risotto-alla-pizzaiola-mutti-2-2-1-150x100.jpg 150w, https:\/\/mutti-parma.com\/app\/uploads\/sites\/14\/2024\/10\/risotto-alla-pizzaiola-mutti-2-2-1-600x400.jpg 600w, https:\/\/mutti-parma.com\/app\/uploads\/sites\/14\/2024\/10\/risotto-alla-pizzaiola-mutti-2-2-1-1536x1024.jpg 1536w, https:\/\/mutti-parma.com\/app\/uploads\/sites\/14\/2024\/10\/risotto-alla-pizzaiola-mutti-2-2-1-2048x1365.jpg 2048w\" loading=\"lazy\" \/>\n      <\/div>\n\n          <\/a>\n  \n  \n      <a class=\"is-style-cursive heading block text-primary leading-none\" href=\"https:\/\/mutti-parma.com\/se\/produkter\/passata\/\">\n      Passata\n    <\/a>\n  \n  <a class=\"block my-4\" href=\"https:\/\/mutti-parma.com\/se\/tomatrecept\/vegansk-risotto-med-tomat\/\">\n          <h3>Vegansk risotto med tomat<\/h3>\n      <\/a>\n\n      <a class=\"block hover:no-underline text-black\" href=\"https:\/\/mutti-parma.com\/se\/tomatrecept\/vegansk-risotto-med-tomat\/\">\n      Njut av den h\u00e4r kr\u00e4miga och smakrika veganska risotton, en r\u00e4tt som f\u00f6rvandlar enkla ingredienser till en smaksensation. Varje tugga \u00e4r en l\u00e4cker blandning av smakrika passerade tomater fr\u00e5n Mutti och aromatiska \u00f6rter som g\u00f6r den h\u00e4r risotton till en elegant mittpunkt p\u00e5 varje middagsbord. En perfekt r\u00e4tt f\u00f6r helgmiddagen eller speciella tillf\u00e4llen som garanterat kommer att imponera p\u00e5 middagsg\u00e4sterna!\n    <\/a>\n  \n  <div class=\"flex items-center justify-center my-4\">\n    <div class=\"-ml-2 mr-2 pr-4 border-primary border-r-2 pt-2\">\n    <p class=\"flex flex-wrap items-end font-heavy text-primary leading-none justify-center\">\n      <img decoding=\"async\" alt=\"Total time\" class=\"w-10 md:w-12 mx-3 mb-2\" src=\"https:\/\/mutti-parma.com\/app\/themes\/mutti\/dist\/images\/icons\/mutti-product-icons-reduced-cooking-time.svg?id=dc737ade6befaad1eaaf\" width=\"54\" height=\"26\" loading=\"lazy\">\n      <span class=\"mb-2\">\n        30&nbsp;min\n      <\/span>\n    <\/p>\n  <\/div>\n  <div class=\"pt-2\">\n    <p class=\"flex flex-wrap items-end font-heavy uppercase text-primary leading-none justify-center\">\n      <img decoding=\"async\" alt=\"Difficulty\" class=\"w-10 md:w-12 mx-3 mb-2\" src=\"https:\/\/mutti-parma.com\/app\/themes\/mutti\/dist\/images\/icons\/mutti-product-icons-stove-top.svg?id=5f4b0df898a96e10ac63\" width=\"54\" height=\"18\" loading=\"lazy\">\n      <span class=\"mb-2\">\n        Enkel\n      <\/span>\n    <\/p>\n  <\/div>\n  <\/div>\n<\/div>\n        <\/div>\n              <div class=\"swiper-slide\">\n          <div class=\"teaser--recipe text-center hover:zoom-img\">\n      <a href=\"https:\/\/mutti-parma.com\/se\/tomatrecept\/italienska-skinkrullar\/\" class=\"relative block mb-4 max-w-96 mx-auto\" aria-hidden=\"true\" tabindex=\"-1\">\n      <div class=\"responsive-embed \" style=\"padding-bottom: 108.79765395894%;\">\n                <img decoding=\"async\" width=\"2560\" height=\"1922\" src=\"https:\/\/mutti-parma.com\/app\/uploads\/sites\/14\/2024\/11\/italian-rolls-1-scaled.jpg\" class=\"inline-block wp-image-7986\" alt=\"Italienska skinkrullar\" sizes=\"auto, (max-width: 600px) 72vw, 431px\" data-spai-crop=\"true\" title=\"Italienska skinkrullar\" srcset=\"https:\/\/mutti-parma.com\/app\/uploads\/sites\/14\/2024\/11\/italian-rolls-1-scaled.jpg 2560w, https:\/\/mutti-parma.com\/app\/uploads\/sites\/14\/2024\/11\/italian-rolls-1-500x375.jpg 500w, https:\/\/mutti-parma.com\/app\/uploads\/sites\/14\/2024\/11\/italian-rolls-1-1024x769.jpg 1024w, https:\/\/mutti-parma.com\/app\/uploads\/sites\/14\/2024\/11\/italian-rolls-1-200x150.jpg 200w, https:\/\/mutti-parma.com\/app\/uploads\/sites\/14\/2024\/11\/italian-rolls-1-768x576.jpg 768w, https:\/\/mutti-parma.com\/app\/uploads\/sites\/14\/2024\/11\/italian-rolls-1-150x113.jpg 150w, https:\/\/mutti-parma.com\/app\/uploads\/sites\/14\/2024\/11\/italian-rolls-1-600x450.jpg 600w, https:\/\/mutti-parma.com\/app\/uploads\/sites\/14\/2024\/11\/italian-rolls-1-1536x1153.jpg 1536w, https:\/\/mutti-parma.com\/app\/uploads\/sites\/14\/2024\/11\/italian-rolls-1-2048x1537.jpg 2048w, https:\/\/mutti-parma.com\/app\/uploads\/sites\/14\/2024\/11\/italian-rolls-1-800x600.jpg 800w\" loading=\"lazy\" \/>\n      <\/div>\n\n          <\/a>\n  \n  \n      <a class=\"is-style-cursive heading block text-primary leading-none\" href=\"https:\/\/mutti-parma.com\/se\/produkter\/passata\/\">\n      Passata\n    <\/a>\n  \n  <a class=\"block my-4\" href=\"https:\/\/mutti-parma.com\/se\/tomatrecept\/italienska-skinkrullar\/\">\n          <h3>Italienska skinkrullar<\/h3>\n      <\/a>\n\n      <a class=\"block hover:no-underline text-black\" href=\"https:\/\/mutti-parma.com\/se\/tomatrecept\/italienska-skinkrullar\/\">\n      De h\u00e4r krispiga, smakrika skinkrullarna med spr\u00f6d sm\u00f6rdeg, Mutti passerade tomater, lufttorkad skinka och parmesanost g\u00e5r inte att f\u00e5 nog av. Enkla att tillaga och perfekta f\u00f6r alla tillf\u00e4llen \u2013 de h\u00e4r l\u00e4ckra munsbitarna \u00e4r ett s\u00e4kert kort p\u00e5 middagsbordet.\n    <\/a>\n  \n  <div class=\"flex items-center justify-center my-4\">\n    <div class=\"-ml-2 mr-2 pr-4 border-primary border-r-2 pt-2\">\n    <p class=\"flex flex-wrap items-end font-heavy text-primary leading-none justify-center\">\n      <img decoding=\"async\" alt=\"Total time\" class=\"w-10 md:w-12 mx-3 mb-2\" src=\"https:\/\/mutti-parma.com\/app\/themes\/mutti\/dist\/images\/icons\/mutti-product-icons-reduced-cooking-time.svg?id=dc737ade6befaad1eaaf\" width=\"54\" height=\"26\" loading=\"lazy\">\n      <span class=\"mb-2\">\n        20&nbsp;min\n      <\/span>\n    <\/p>\n  <\/div>\n  <div class=\"pt-2\">\n    <p class=\"flex flex-wrap items-end font-heavy uppercase text-primary leading-none justify-center\">\n      <img decoding=\"async\" alt=\"Difficulty\" class=\"w-10 md:w-12 mx-3 mb-2\" src=\"https:\/\/mutti-parma.com\/app\/themes\/mutti\/dist\/images\/icons\/mutti-product-icons-stove-top.svg?id=5f4b0df898a96e10ac63\" width=\"54\" height=\"18\" loading=\"lazy\">\n      <span class=\"mb-2\">\n        Enkel\n      <\/span>\n    <\/p>\n  <\/div>\n  <\/div>\n<\/div>\n        <\/div>\n              <div class=\"swiper-slide\">\n          <div class=\"teaser--recipe text-center hover:zoom-img\">\n      <a href=\"https:\/\/mutti-parma.com\/se\/tomatrecept\/pappardelle-alla-fiesolana\/\" class=\"relative block mb-4 max-w-96 mx-auto\" aria-hidden=\"true\" tabindex=\"-1\">\n      <div class=\"responsive-embed \" style=\"padding-bottom: 108.79765395894%;\">\n                <img decoding=\"async\" width=\"1707\" height=\"2560\" src=\"https:\/\/mutti-parma.com\/app\/uploads\/sites\/14\/2024\/10\/pappardelle-alla-fiesolana-1-scaled.jpg\" class=\"inline-block wp-image-7686\" alt=\"Pappardelle alla fiesolana\" sizes=\"auto, (max-width: 600px) 72vw, 431px\" data-spai-crop=\"true\" title=\"Pappardelle alla fiesolana\" srcset=\"https:\/\/mutti-parma.com\/app\/uploads\/sites\/14\/2024\/10\/pappardelle-alla-fiesolana-1-scaled.jpg 1707w, https:\/\/mutti-parma.com\/app\/uploads\/sites\/14\/2024\/10\/pappardelle-alla-fiesolana-1-333x500.jpg 333w, https:\/\/mutti-parma.com\/app\/uploads\/sites\/14\/2024\/10\/pappardelle-alla-fiesolana-1-683x1024.jpg 683w, https:\/\/mutti-parma.com\/app\/uploads\/sites\/14\/2024\/10\/pappardelle-alla-fiesolana-1-133x200.jpg 133w, https:\/\/mutti-parma.com\/app\/uploads\/sites\/14\/2024\/10\/pappardelle-alla-fiesolana-1-768x1152.jpg 768w, https:\/\/mutti-parma.com\/app\/uploads\/sites\/14\/2024\/10\/pappardelle-alla-fiesolana-1-150x225.jpg 150w, https:\/\/mutti-parma.com\/app\/uploads\/sites\/14\/2024\/10\/pappardelle-alla-fiesolana-1-600x900.jpg 600w, https:\/\/mutti-parma.com\/app\/uploads\/sites\/14\/2024\/10\/pappardelle-alla-fiesolana-1-1024x1536.jpg 1024w, https:\/\/mutti-parma.com\/app\/uploads\/sites\/14\/2024\/10\/pappardelle-alla-fiesolana-1-1365x2048.jpg 1365w\" loading=\"lazy\" \/>\n      <\/div>\n\n          <\/a>\n  \n  \n      <a class=\"is-style-cursive heading block text-primary leading-none\" href=\"https:\/\/mutti-parma.com\/se\/produkter\/passata\/\">\n      Passata\n    <\/a>\n  \n  <a class=\"block my-4\" href=\"https:\/\/mutti-parma.com\/se\/tomatrecept\/pappardelle-alla-fiesolana\/\">\n          <h3>Pappardelle alla fiesolana<\/h3>\n      <\/a>\n\n      <a class=\"block hover:no-underline text-black\" href=\"https:\/\/mutti-parma.com\/se\/tomatrecept\/pappardelle-alla-fiesolana\/\">\n      F\u00e5nga Toscanas rika, rustika smaker med Pappardelle alla Fiesolana. Den h\u00e4r fylliga pastar\u00e4tten med knaprig pancetta och Mutti passerade tomater \u00e4r en kr\u00e4mig och smakrik r\u00e4tt som \u00e4r lika god som den \u00e4r enkel att tillaga. G\u00f6r dig redo f\u00f6r en genuin italiensk smakupplevelse.\n    <\/a>\n  \n  <div class=\"flex items-center justify-center my-4\">\n    <div class=\"-ml-2 mr-2 pr-4 border-primary border-r-2 pt-2\">\n    <p class=\"flex flex-wrap items-end font-heavy text-primary leading-none justify-center\">\n      <img decoding=\"async\" alt=\"Total time\" class=\"w-10 md:w-12 mx-3 mb-2\" src=\"https:\/\/mutti-parma.com\/app\/themes\/mutti\/dist\/images\/icons\/mutti-product-icons-reduced-cooking-time.svg?id=dc737ade6befaad1eaaf\" width=\"54\" height=\"26\" loading=\"lazy\">\n      <span class=\"mb-2\">\n        30&nbsp;min\n      <\/span>\n    <\/p>\n  <\/div>\n  <div class=\"pt-2\">\n    <p class=\"flex flex-wrap items-end font-heavy uppercase text-primary leading-none justify-center\">\n      <img decoding=\"async\" alt=\"Difficulty\" class=\"w-10 md:w-12 mx-3 mb-2\" src=\"https:\/\/mutti-parma.com\/app\/themes\/mutti\/dist\/images\/icons\/mutti-product-icons-stove-top.svg?id=5f4b0df898a96e10ac63\" width=\"54\" height=\"18\" loading=\"lazy\">\n      <span class=\"mb-2\">\n        Enkel\n      <\/span>\n    <\/p>\n  <\/div>\n  <\/div>\n<\/div>\n        <\/div>\n              <div class=\"swiper-slide\">\n          <div class=\"teaser--recipe text-center hover:zoom-img\">\n      <a href=\"https:\/\/mutti-parma.com\/se\/tomatrecept\/napoletana-tomatsas\/\" class=\"relative block mb-4 max-w-96 mx-auto\" aria-hidden=\"true\" tabindex=\"-1\">\n      <div class=\"responsive-embed \" style=\"padding-bottom: 108.79765395894%;\">\n                <img decoding=\"async\" width=\"2560\" height=\"1922\" src=\"https:\/\/mutti-parma.com\/app\/uploads\/sites\/14\/2024\/10\/napoletana-tomato-sauce-scaled.jpg\" class=\"inline-block wp-image-7679\" alt=\"Napoletana tomats\u00e5s\" sizes=\"auto, (max-width: 600px) 72vw, 431px\" data-spai-crop=\"true\" title=\"Napoletana tomats\u00e5s\" srcset=\"https:\/\/mutti-parma.com\/app\/uploads\/sites\/14\/2024\/10\/napoletana-tomato-sauce-scaled.jpg 2560w, https:\/\/mutti-parma.com\/app\/uploads\/sites\/14\/2024\/10\/napoletana-tomato-sauce-500x375.jpg 500w, https:\/\/mutti-parma.com\/app\/uploads\/sites\/14\/2024\/10\/napoletana-tomato-sauce-1024x769.jpg 1024w, https:\/\/mutti-parma.com\/app\/uploads\/sites\/14\/2024\/10\/napoletana-tomato-sauce-200x150.jpg 200w, https:\/\/mutti-parma.com\/app\/uploads\/sites\/14\/2024\/10\/napoletana-tomato-sauce-768x576.jpg 768w, https:\/\/mutti-parma.com\/app\/uploads\/sites\/14\/2024\/10\/napoletana-tomato-sauce-150x113.jpg 150w, https:\/\/mutti-parma.com\/app\/uploads\/sites\/14\/2024\/10\/napoletana-tomato-sauce-600x450.jpg 600w, https:\/\/mutti-parma.com\/app\/uploads\/sites\/14\/2024\/10\/napoletana-tomato-sauce-1536x1153.jpg 1536w, https:\/\/mutti-parma.com\/app\/uploads\/sites\/14\/2024\/10\/napoletana-tomato-sauce-2048x1537.jpg 2048w, https:\/\/mutti-parma.com\/app\/uploads\/sites\/14\/2024\/10\/napoletana-tomato-sauce-800x600.jpg 800w\" loading=\"lazy\" \/>\n      <\/div>\n\n          <\/a>\n  \n  \n      <a class=\"is-style-cursive heading block text-primary leading-none\" href=\"https:\/\/mutti-parma.com\/se\/produkter\/passata\/\">\n      Passata\n    <\/a>\n  \n  <a class=\"block my-4\" href=\"https:\/\/mutti-parma.com\/se\/tomatrecept\/napoletana-tomatsas\/\">\n          <h3>Napoletana tomats\u00e5s<\/h3>\n      <\/a>\n\n      <a class=\"block hover:no-underline text-black\" href=\"https:\/\/mutti-parma.com\/se\/tomatrecept\/napoletana-tomatsas\/\">\n      Napoletana tomats\u00e5s bjuder p\u00e5 intensiva smaker som rymmer en bit av Italien i varje tugga. Med en handfull enkla ingredienser \u2013 Mutti passerade tomater, f\u00e4rsk basilika och vitl\u00f6k \u2013 kan du ta det genuina napolitanska k\u00f6ket till ditt bord. Oavsett om du ska laga pizza eller pasta kommer den h\u00e4r enkla s\u00e5sen att f\u00f6rvandla dina r\u00e4tter till n\u00e5got alldeles extra.\n    <\/a>\n  \n  <div class=\"flex items-center justify-center my-4\">\n    <div class=\"-ml-2 mr-2 pr-4 border-primary border-r-2 pt-2\">\n    <p class=\"flex flex-wrap items-end font-heavy text-primary leading-none justify-center\">\n      <img decoding=\"async\" alt=\"Total time\" class=\"w-10 md:w-12 mx-3 mb-2\" src=\"https:\/\/mutti-parma.com\/app\/themes\/mutti\/dist\/images\/icons\/mutti-product-icons-reduced-cooking-time.svg?id=dc737ade6befaad1eaaf\" width=\"54\" height=\"26\" loading=\"lazy\">\n      <span class=\"mb-2\">\n        15&nbsp;min\n      <\/span>\n    <\/p>\n  <\/div>\n  <div class=\"pt-2\">\n    <p class=\"flex flex-wrap items-end font-heavy uppercase text-primary leading-none justify-center\">\n      <img decoding=\"async\" alt=\"Difficulty\" class=\"w-10 md:w-12 mx-3 mb-2\" src=\"https:\/\/mutti-parma.com\/app\/themes\/mutti\/dist\/images\/icons\/mutti-product-icons-stove-top.svg?id=5f4b0df898a96e10ac63\" width=\"54\" height=\"18\" loading=\"lazy\">\n      <span class=\"mb-2\">\n        Enkel\n      <\/span>\n    <\/p>\n  <\/div>\n  <\/div>\n<\/div>\n        <\/div>\n              <div class=\"swiper-slide\">\n          <div class=\"teaser--recipe text-center hover:zoom-img\">\n      <a href=\"https:\/\/mutti-parma.com\/se\/tomatrecept\/korvstroganoff\/\" class=\"relative block mb-4 max-w-96 mx-auto\" aria-hidden=\"true\" tabindex=\"-1\">\n      <div class=\"responsive-embed \" style=\"padding-bottom: 108.79765395894%;\">\n                <img decoding=\"async\" width=\"1080\" height=\"1350\" src=\"https:\/\/mutti-parma.com\/app\/uploads\/sites\/14\/2023\/07\/makkarastroganoffweb-6402.jpg\" class=\"inline-block wp-image-6375\" alt=\"Korvstroganoff\" sizes=\"auto, (max-width: 600px) 72vw, 431px\" data-spai-crop=\"true\" title=\"Korvstroganoff\" srcset=\"https:\/\/mutti-parma.com\/app\/uploads\/sites\/14\/2023\/07\/makkarastroganoffweb-6402.jpg 1080w, https:\/\/mutti-parma.com\/app\/uploads\/sites\/14\/2023\/07\/makkarastroganoffweb-6402-400x500.jpg 400w, https:\/\/mutti-parma.com\/app\/uploads\/sites\/14\/2023\/07\/makkarastroganoffweb-6402-819x1024.jpg 819w, https:\/\/mutti-parma.com\/app\/uploads\/sites\/14\/2023\/07\/makkarastroganoffweb-6402-160x200.jpg 160w, https:\/\/mutti-parma.com\/app\/uploads\/sites\/14\/2023\/07\/makkarastroganoffweb-6402-768x960.jpg 768w, https:\/\/mutti-parma.com\/app\/uploads\/sites\/14\/2023\/07\/makkarastroganoffweb-6402-150x188.jpg 150w, https:\/\/mutti-parma.com\/app\/uploads\/sites\/14\/2023\/07\/makkarastroganoffweb-6402-600x750.jpg 600w\" loading=\"lazy\" \/>\n      <\/div>\n\n          <\/a>\n  \n  \n      <a class=\"is-style-cursive heading block text-primary leading-none\" href=\"https:\/\/mutti-parma.com\/se\/produkter\/passata\/\">\n      Passata\n    <\/a>\n  \n  <a class=\"block my-4\" href=\"https:\/\/mutti-parma.com\/se\/tomatrecept\/korvstroganoff\/\">\n          <h3>Korvstroganoff<\/h3>\n      <\/a>\n\n  \n  <div class=\"flex items-center justify-center my-4\">\n    <div class=\"-ml-2 mr-2 pr-4 border-primary border-r-2 pt-2\">\n    <p class=\"flex flex-wrap items-end font-heavy text-primary leading-none justify-center\">\n      <img decoding=\"async\" alt=\"Total time\" class=\"w-10 md:w-12 mx-3 mb-2\" src=\"https:\/\/mutti-parma.com\/app\/themes\/mutti\/dist\/images\/icons\/mutti-product-icons-reduced-cooking-time.svg?id=dc737ade6befaad1eaaf\" width=\"54\" height=\"26\" loading=\"lazy\">\n      <span class=\"mb-2\">\n        15&nbsp;min\n      <\/span>\n    <\/p>\n  <\/div>\n  <div class=\"pt-2\">\n    <p class=\"flex flex-wrap items-end font-heavy uppercase text-primary leading-none justify-center\">\n      <img decoding=\"async\" alt=\"Difficulty\" class=\"w-10 md:w-12 mx-3 mb-2\" src=\"https:\/\/mutti-parma.com\/app\/themes\/mutti\/dist\/images\/icons\/mutti-product-icons-stove-top.svg?id=5f4b0df898a96e10ac63\" width=\"54\" height=\"18\" loading=\"lazy\">\n      <span class=\"mb-2\">\n        Enkel\n      <\/span>\n    <\/p>\n  <\/div>\n  <\/div>\n<\/div>\n        <\/div>\n              <div class=\"swiper-slide\">\n          <div class=\"teaser--recipe text-center hover:zoom-img\">\n      <a href=\"https:\/\/mutti-parma.com\/se\/tomatrecept\/kycklinggryta\/\" class=\"relative block mb-4 max-w-96 mx-auto\" aria-hidden=\"true\" tabindex=\"-1\">\n      <div class=\"responsive-embed \" style=\"padding-bottom: 108.79765395894%;\">\n                <img decoding=\"async\" width=\"1080\" height=\"1350\" src=\"https:\/\/mutti-parma.com\/app\/uploads\/sites\/14\/2023\/07\/kanapataweb-6225.jpg\" class=\"inline-block wp-image-6378\" alt=\"Kycklinggryta\" sizes=\"auto, (max-width: 600px) 72vw, 431px\" data-spai-crop=\"true\" title=\"Kycklinggryta\" srcset=\"https:\/\/mutti-parma.com\/app\/uploads\/sites\/14\/2023\/07\/kanapataweb-6225.jpg 1080w, https:\/\/mutti-parma.com\/app\/uploads\/sites\/14\/2023\/07\/kanapataweb-6225-400x500.jpg 400w, https:\/\/mutti-parma.com\/app\/uploads\/sites\/14\/2023\/07\/kanapataweb-6225-819x1024.jpg 819w, https:\/\/mutti-parma.com\/app\/uploads\/sites\/14\/2023\/07\/kanapataweb-6225-160x200.jpg 160w, https:\/\/mutti-parma.com\/app\/uploads\/sites\/14\/2023\/07\/kanapataweb-6225-768x960.jpg 768w, https:\/\/mutti-parma.com\/app\/uploads\/sites\/14\/2023\/07\/kanapataweb-6225-150x188.jpg 150w, https:\/\/mutti-parma.com\/app\/uploads\/sites\/14\/2023\/07\/kanapataweb-6225-600x750.jpg 600w\" loading=\"lazy\" \/>\n      <\/div>\n\n          <\/a>\n  \n  \n      <a class=\"is-style-cursive heading block text-primary leading-none\" href=\"https:\/\/mutti-parma.com\/se\/produkter\/passata\/\">\n      Passata\n    <\/a>\n  \n  <a class=\"block my-4\" href=\"https:\/\/mutti-parma.com\/se\/tomatrecept\/kycklinggryta\/\">\n          <h3>Kycklinggryta<\/h3>\n      <\/a>\n\n  \n  <div class=\"flex items-center justify-center my-4\">\n    <div class=\"-ml-2 mr-2 pr-4 border-primary border-r-2 pt-2\">\n    <p class=\"flex flex-wrap items-end font-heavy text-primary leading-none justify-center\">\n      <img decoding=\"async\" alt=\"Total time\" class=\"w-10 md:w-12 mx-3 mb-2\" src=\"https:\/\/mutti-parma.com\/app\/themes\/mutti\/dist\/images\/icons\/mutti-product-icons-reduced-cooking-time.svg?id=dc737ade6befaad1eaaf\" width=\"54\" height=\"26\" loading=\"lazy\">\n      <span class=\"mb-2\">\n        30&nbsp;min\n      <\/span>\n    <\/p>\n  <\/div>\n  <div class=\"pt-2\">\n    <p class=\"flex flex-wrap items-end font-heavy uppercase text-primary leading-none justify-center\">\n      <img decoding=\"async\" alt=\"Difficulty\" class=\"w-10 md:w-12 mx-3 mb-2\" src=\"https:\/\/mutti-parma.com\/app\/themes\/mutti\/dist\/images\/icons\/mutti-product-icons-stove-top.svg?id=5f4b0df898a96e10ac63\" width=\"54\" height=\"18\" loading=\"lazy\">\n      <span class=\"mb-2\">\n        Medel\n      <\/span>\n    <\/p>\n  <\/div>\n  <\/div>\n<\/div>\n        <\/div>\n          <\/slideshow>\n  \n  <hr class=\"alignwide wp-block-separator\">\n\n      <p class=\"text-center\">\n      <a class=\"h3 underline\" href=\"https:\/\/mutti-parma.com\/se\/tomatrecept\/\">se alla v\u00e5ra goda recept<\/a>\n    <\/p>\n  <\/div>\n","protected":false},"excerpt":{"rendered":"<p>S\u00f6t och sammetslen Passata \u00e4r idealisk f\u00f6r mat med begr\u00e4nsad tillagningstid, s\u00e5 som \u00e4gg, vitt k\u00f6tt och pastas\u00e5ser. R\u00e4tter lagade med Passerade tomater faller hela familjen i smaken.<\/p>\n","protected":false},"featured_media":101,"template":"","class_list":["post-118","product_category","type-product_category","status-publish","has-post-thumbnail","hentry"],"acf":[],"_links":{"self":[{"href":"https:\/\/mutti-parma.com\/se\/wp-json\/wp\/v2\/product_category\/118"}],"collection":[{"href":"https:\/\/mutti-parma.com\/se\/wp-json\/wp\/v2\/product_category"}],"about":[{"href":"https:\/\/mutti-parma.com\/se\/wp-json\/wp\/v2\/types\/product_category"}],"version-history":[{"count":64,"href":"https:\/\/mutti-parma.com\/se\/wp-json\/wp\/v2\/product_category\/118\/revisions"}],"predecessor-version":[{"id":8331,"href":"https:\/\/mutti-parma.com\/se\/wp-json\/wp\/v2\/product_category\/118\/revisions\/8331"}],"wp:featuredmedia":[{"embeddable":true,"href":"https:\/\/mutti-parma.com\/se\/wp-json\/wp\/v2\/media\/101"}],"wp:attachment":[{"href":"https:\/\/mutti-parma.com\/se\/wp-json\/wp\/v2\/media?parent=118"}],"curies":[{"name":"wp","href":"https:\/\/api.w.org\/{rel}","templated":true}]}}